{"id":2676,"date":"2024-03-10T11:17:06","date_gmt":"2024-03-10T10:17:06","guid":{"rendered":"https:\/\/frenchwedding.hu\/references\/"},"modified":"2024-05-08T16:13:06","modified_gmt":"2024-05-08T14:13:06","slug":"references","status":"publish","type":"page","link":"https:\/\/frenchwedding.hu\/fr\/references\/","title":{"rendered":"R\u00e9f\u00e9rences"},"content":{"rendered":"\t\t<div data-elementor-type=\"wp-page\" data-elementor-id=\"2676\" class=\"elementor elementor-2676 elementor-204\" data-elementor-post-type=\"page\">\n\t\t\t\t\t\t<section class=\"elementor-section elementor-top-section elementor-element elementor-element-fac96cd elementor-section-height-min-height elementor-section-boxed elementor-section-height-default elementor-section-items-middle\" data-id=\"fac96cd\" data-element_type=\"section\" data-settings=\"{&quot;background_background&quot;:&quot;classic&quot;}\">\n\t\t\t\t\t\t\t<div class=\"elementor-background-overlay\"><\/div>\n\t\t\t\t\t\t\t<div class=\"elementor-container elementor-column-gap-default\">\n\t\t\t\t\t<div class=\"elementor-column elementor-col-100 elementor-top-column elementor-element elementor-element-7941d185\" data-id=\"7941d185\" data-element_type=\"column\">\n\t\t\t<div class=\"elementor-widget-wrap elementor-element-populated\">\n\t\t\t\t\t\t<div class=\"elementor-element elementor-element-35ef7239 elementor-headline--style-highlight elementor-invisible elementor-widget elementor-widget-animated-headline\" data-id=\"35ef7239\" data-element_type=\"widget\" data-settings=\"{&quot;marker&quot;:&quot;underline&quot;,&quot;highlighted_text&quot;:&quot;R\\u00e9f\\u00e9rences&quot;,&quot;_animation&quot;:&quot;fadeIn&quot;,&quot;headline_style&quot;:&quot;highlight&quot;,&quot;loop&quot;:&quot;yes&quot;,&quot;highlight_animation_duration&quot;:1200,&quot;highlight_iteration_delay&quot;:8000}\" data-widget_type=\"animated-headline.default\">\n\t\t\t\t<div class=\"elementor-widget-container\">\n\t\t\t<link rel=\"stylesheet\" href=\"https:\/\/frenchwedding.hu\/wp-content\/plugins\/elementor-pro\/assets\/css\/widget-animated-headline.min.css\">\t\t<h3 class=\"elementor-headline\">\n\t\t\t\t<span class=\"elementor-headline-dynamic-wrapper elementor-headline-text-wrapper\">\n\t\t\t\t\t<span class=\"elementor-headline-dynamic-text elementor-headline-text-active\">R\u00e9f\u00e9rences<\/span>\n\t\t\t\t<\/span>\n\t\t\t\t<\/h3>\n\t\t\t\t<\/div>\n\t\t\t\t<\/div>\n\t\t\t\t\t<\/div>\n\t\t<\/div>\n\t\t\t\t\t<\/div>\n\t\t<\/section>\n\t\t\t\t<section class=\"elementor-section elementor-top-section elementor-element elementor-element-19c08ab elementor-section-boxed elementor-section-height-default elementor-section-height-default\" data-id=\"19c08ab\" data-element_type=\"section\" id=\"folytatas\" data-settings=\"{&quot;background_background&quot;:&quot;classic&quot;}\">\n\t\t\t\t\t\t<div class=\"elementor-container elementor-column-gap-default\">\n\t\t\t\t\t<div class=\"elementor-column elementor-col-100 elementor-top-column elementor-element elementor-element-4b57604\" data-id=\"4b57604\" data-element_type=\"column\">\n\t\t\t<div class=\"elementor-widget-wrap elementor-element-populated\">\n\t\t\t\t\t\t<div class=\"elementor-element elementor-element-8d31f41 elementor-widget elementor-widget-text-editor\" data-id=\"8d31f41\" data-element_type=\"widget\" data-widget_type=\"text-editor.default\">\n\t\t\t\t<div class=\"elementor-widget-container\">\n\t\t\t<style>\/*! elementor - v3.21.0 - 08-05-2024 *\/\n.elementor-widget-text-editor.elementor-drop-cap-view-stacked .elementor-drop-cap{background-color:#69727d;color:#fff}.elementor-widget-text-editor.elementor-drop-cap-view-framed .elementor-drop-cap{color:#69727d;border:3px solid;background-color:transparent}.elementor-widget-text-editor:not(.elementor-drop-cap-view-default) .elementor-drop-cap{margin-top:8px}.elementor-widget-text-editor:not(.elementor-drop-cap-view-default) .elementor-drop-cap-letter{width:1em;height:1em}.elementor-widget-text-editor .elementor-drop-cap{float:left;text-align:center;line-height:1;font-size:50px}.elementor-widget-text-editor .elementor-drop-cap-letter{display:inline-block}<\/style>\t\t\t\t<p>Galeries de mariage et commentaires sur les lieux, les fournisseurs, etc&#8230;<\/p>\n\t\t\t\t\t\t<\/div>\n\t\t\t\t<\/div>\n\t\t\t\t\t<\/div>\n\t\t<\/div>\n\t\t\t\t\t<\/div>\n\t\t<\/section>\n\t\t\t\t<section class=\"elementor-section elementor-top-section elementor-element elementor-element-53c5cfa elementor-section-content-middle elementor-section-boxed elementor-section-height-default elementor-section-height-default\" data-id=\"53c5cfa\" data-element_type=\"section\">\n\t\t\t\t\t\t<div class=\"elementor-container elementor-column-gap-default\">\n\t\t\t\t\t<div class=\"elementor-column elementor-col-100 elementor-top-column elementor-element elementor-element-b1e2709\" data-id=\"b1e2709\" data-element_type=\"column\">\n\t\t\t<div class=\"elementor-widget-wrap elementor-element-populated\">\n\t\t\t\t\t\t<div class=\"elementor-element elementor-element-79c61c6 elementor-grid-3 elementor-grid-tablet-2 elementor-grid-mobile-1 elementor-posts--thumbnail-top elementor-posts--show-avatar elementor-card-shadow-yes elementor-posts__hover-gradient elementor-widget elementor-widget-posts\" data-id=\"79c61c6\" data-element_type=\"widget\" data-settings=\"{&quot;cards_masonry&quot;:&quot;yes&quot;,&quot;pagination_type&quot;:&quot;numbers_and_prev_next&quot;,&quot;cards_columns&quot;:&quot;3&quot;,&quot;cards_columns_tablet&quot;:&quot;2&quot;,&quot;cards_columns_mobile&quot;:&quot;1&quot;,&quot;cards_row_gap&quot;:{&quot;unit&quot;:&quot;px&quot;,&quot;size&quot;:35,&quot;sizes&quot;:[]},&quot;cards_row_gap_tablet&quot;:{&quot;unit&quot;:&quot;px&quot;,&quot;size&quot;:&quot;&quot;,&quot;sizes&quot;:[]},&quot;cards_row_gap_mobile&quot;:{&quot;unit&quot;:&quot;px&quot;,&quot;size&quot;:&quot;&quot;,&quot;sizes&quot;:[]}}\" data-widget_type=\"posts.cards\">\n\t\t\t\t<div class=\"elementor-widget-container\">\n\t\t\t<link rel=\"stylesheet\" href=\"https:\/\/frenchwedding.hu\/wp-content\/plugins\/elementor-pro\/assets\/css\/widget-posts.min.css\">\t\t<div class=\"elementor-posts-container elementor-posts elementor-posts--skin-cards elementor-grid\">\n\t\t\t\t<article class=\"elementor-post elementor-grid-item post-2656 page type-page status-publish has-post-thumbnail hentry\">\n\t\t\t<div class=\"elementor-post__card\">\n\t\t\t\t<a class=\"elementor-post__thumbnail__link\" href=\"https:\/\/frenchwedding.hu\/fr\/rita-et-sebastien-au-chateau-de-buda\/\" tabindex=\"-1\" ><div class=\"elementor-post__thumbnail\"><img fetchpriority=\"high\" decoding=\"async\" width=\"700\" height=\"466\" src=\"https:\/\/frenchwedding.hu\/wp-content\/uploads\/2024\/03\/Rita-Sebastien-french-wedding-2-700x466.jpg\" class=\"attachment-medium size-medium wp-image-2047\" alt=\"\" srcset=\"https:\/\/frenchwedding.hu\/wp-content\/uploads\/2024\/03\/Rita-Sebastien-french-wedding-2-700x466.jpg 700w, https:\/\/frenchwedding.hu\/wp-content\/uploads\/2024\/03\/Rita-Sebastien-french-wedding-2-1024x681.jpg 1024w, https:\/\/frenchwedding.hu\/wp-content\/uploads\/2024\/03\/Rita-Sebastien-french-wedding-2-768x511.jpg 768w, https:\/\/frenchwedding.hu\/wp-content\/uploads\/2024\/03\/Rita-Sebastien-french-wedding-2-1536x1021.jpg 1536w, https:\/\/frenchwedding.hu\/wp-content\/uploads\/2024\/03\/Rita-Sebastien-french-wedding-2.jpg 1600w\" sizes=\"(max-width: 700px) 100vw, 700px\" \/><\/div><\/a>\n\t\t\t\t<div class=\"elementor-post__avatar\">\n\t\t\t<img alt='Muss\u00f3 Zs\u00f3fi' src='https:\/\/secure.gravatar.com\/avatar\/7d7d08711f5e7e2dc3023857faf5cd364f5a0b64cb6d50ca717e806b3ee9b462?s=128&#038;d=mm&#038;r=g' srcset='https:\/\/secure.gravatar.com\/avatar\/7d7d08711f5e7e2dc3023857faf5cd364f5a0b64cb6d50ca717e806b3ee9b462?s=256&#038;d=mm&#038;r=g 2x' class='avatar avatar-128 photo' height='128' width='128' \/>\t\t<\/div>\n\t\t\t\t<div class=\"elementor-post__text\">\n\t\t\t\t<h3 class=\"elementor-post__title\">\n\t\t\t<a href=\"https:\/\/frenchwedding.hu\/fr\/rita-et-sebastien-au-chateau-de-buda\/\" >\n\t\t\t\tRita et S\u00e9bastien au ch\u00e2teau de Buda\t\t\t<\/a>\n\t\t<\/h3>\n\t\t\n\t\t<a class=\"elementor-post__read-more\" href=\"https:\/\/frenchwedding.hu\/fr\/rita-et-sebastien-au-chateau-de-buda\/\" aria-label=\"En savoir plus sur Rita et S\u00e9bastien au ch\u00e2teau de Buda\" tabindex=\"-1\" >\n\t\t\tLire la suite \u00bb\t\t<\/a>\n\n\t\t\t\t<\/div>\n\t\t\t\t\t<\/div>\n\t\t<\/article>\n\t\t\t\t<article class=\"elementor-post elementor-grid-item post-2658 page type-page status-publish has-post-thumbnail hentry\">\n\t\t\t<div class=\"elementor-post__card\">\n\t\t\t\t<a class=\"elementor-post__thumbnail__link\" href=\"https:\/\/frenchwedding.hu\/fr\/zorka-et-philippe-mariage-dans-les-alpes-suisses\/\" tabindex=\"-1\" ><div class=\"elementor-post__thumbnail\"><img decoding=\"async\" width=\"700\" height=\"467\" src=\"https:\/\/frenchwedding.hu\/wp-content\/uploads\/2024\/03\/Zorka-Philippe-french-wedding-19-700x467.jpg\" class=\"attachment-medium size-medium wp-image-1995\" alt=\"\" srcset=\"https:\/\/frenchwedding.hu\/wp-content\/uploads\/2024\/03\/Zorka-Philippe-french-wedding-19-700x467.jpg 700w, https:\/\/frenchwedding.hu\/wp-content\/uploads\/2024\/03\/Zorka-Philippe-french-wedding-19-1024x683.jpg 1024w, https:\/\/frenchwedding.hu\/wp-content\/uploads\/2024\/03\/Zorka-Philippe-french-wedding-19-768x512.jpg 768w, https:\/\/frenchwedding.hu\/wp-content\/uploads\/2024\/03\/Zorka-Philippe-french-wedding-19-1536x1024.jpg 1536w, https:\/\/frenchwedding.hu\/wp-content\/uploads\/2024\/03\/Zorka-Philippe-french-wedding-19.jpg 1600w\" sizes=\"(max-width: 700px) 100vw, 700px\" \/><\/div><\/a>\n\t\t\t\t<div class=\"elementor-post__avatar\">\n\t\t\t<img alt='Muss\u00f3 Zs\u00f3fi' src='https:\/\/secure.gravatar.com\/avatar\/7d7d08711f5e7e2dc3023857faf5cd364f5a0b64cb6d50ca717e806b3ee9b462?s=128&#038;d=mm&#038;r=g' srcset='https:\/\/secure.gravatar.com\/avatar\/7d7d08711f5e7e2dc3023857faf5cd364f5a0b64cb6d50ca717e806b3ee9b462?s=256&#038;d=mm&#038;r=g 2x' class='avatar avatar-128 photo' height='128' width='128' \/>\t\t<\/div>\n\t\t\t\t<div class=\"elementor-post__text\">\n\t\t\t\t<h3 class=\"elementor-post__title\">\n\t\t\t<a href=\"https:\/\/frenchwedding.hu\/fr\/zorka-et-philippe-mariage-dans-les-alpes-suisses\/\" >\n\t\t\t\tZorka et Philippe &#8211; mariage dans les Alpes suisses\t\t\t<\/a>\n\t\t<\/h3>\n\t\t\n\t\t<a class=\"elementor-post__read-more\" href=\"https:\/\/frenchwedding.hu\/fr\/zorka-et-philippe-mariage-dans-les-alpes-suisses\/\" aria-label=\"En savoir plus sur Zorka et Philippe &#8211; mariage dans les Alpes suisses\" tabindex=\"-1\" >\n\t\t\tLire la suite \u00bb\t\t<\/a>\n\n\t\t\t\t<\/div>\n\t\t\t\t\t<\/div>\n\t\t<\/article>\n\t\t\t\t<article class=\"elementor-post elementor-grid-item post-2678 page type-page status-publish has-post-thumbnail hentry\">\n\t\t\t<div class=\"elementor-post__card\">\n\t\t\t\t<a class=\"elementor-post__thumbnail__link\" href=\"https:\/\/frenchwedding.hu\/fr\/orsi-et-florian-mariage-elegant-et-blanc-comme-neige-dans-une-maison-de-campagne\/\" tabindex=\"-1\" ><div class=\"elementor-post__thumbnail\"><img decoding=\"async\" width=\"700\" height=\"466\" src=\"https:\/\/frenchwedding.hu\/wp-content\/uploads\/2024\/03\/Orsi-Flo-french-wedding-65-700x466.jpg\" class=\"attachment-medium size-medium wp-image-1933\" alt=\"\" srcset=\"https:\/\/frenchwedding.hu\/wp-content\/uploads\/2024\/03\/Orsi-Flo-french-wedding-65-700x466.jpg 700w, https:\/\/frenchwedding.hu\/wp-content\/uploads\/2024\/03\/Orsi-Flo-french-wedding-65-1024x682.jpg 1024w, https:\/\/frenchwedding.hu\/wp-content\/uploads\/2024\/03\/Orsi-Flo-french-wedding-65-768x511.jpg 768w, https:\/\/frenchwedding.hu\/wp-content\/uploads\/2024\/03\/Orsi-Flo-french-wedding-65-1536x1022.jpg 1536w, https:\/\/frenchwedding.hu\/wp-content\/uploads\/2024\/03\/Orsi-Flo-french-wedding-65.jpg 1600w\" sizes=\"(max-width: 700px) 100vw, 700px\" \/><\/div><\/a>\n\t\t\t\t<div class=\"elementor-post__avatar\">\n\t\t\t<img alt='Muss\u00f3 Zs\u00f3fi' src='https:\/\/secure.gravatar.com\/avatar\/7d7d08711f5e7e2dc3023857faf5cd364f5a0b64cb6d50ca717e806b3ee9b462?s=128&#038;d=mm&#038;r=g' srcset='https:\/\/secure.gravatar.com\/avatar\/7d7d08711f5e7e2dc3023857faf5cd364f5a0b64cb6d50ca717e806b3ee9b462?s=256&#038;d=mm&#038;r=g 2x' class='avatar avatar-128 photo' height='128' width='128' \/>\t\t<\/div>\n\t\t\t\t<div class=\"elementor-post__text\">\n\t\t\t\t<h3 class=\"elementor-post__title\">\n\t\t\t<a href=\"https:\/\/frenchwedding.hu\/fr\/orsi-et-florian-mariage-elegant-et-blanc-comme-neige-dans-une-maison-de-campagne\/\" >\n\t\t\t\tOrsi et Florian &#8211; mariage \u00e9l\u00e9gant et blanc comme neige dans une maison de campagne\t\t\t<\/a>\n\t\t<\/h3>\n\t\t\n\t\t<a class=\"elementor-post__read-more\" href=\"https:\/\/frenchwedding.hu\/fr\/orsi-et-florian-mariage-elegant-et-blanc-comme-neige-dans-une-maison-de-campagne\/\" aria-label=\"En savoir plus sur Orsi et Florian &#8211; mariage \u00e9l\u00e9gant et blanc comme neige dans une maison de campagne\" tabindex=\"-1\" >\n\t\t\tLire la suite \u00bb\t\t<\/a>\n\n\t\t\t\t<\/div>\n\t\t\t\t\t<\/div>\n\t\t<\/article>\n\t\t\t\t<article class=\"elementor-post elementor-grid-item post-2682 page type-page status-publish has-post-thumbnail hentry\">\n\t\t\t<div class=\"elementor-post__card\">\n\t\t\t\t<a class=\"elementor-post__thumbnail__link\" href=\"https:\/\/frenchwedding.hu\/fr\/lucie-et-andras-mariage-boheme-suisse-hongrois-dans-une-villa-rustique\/\" tabindex=\"-1\" ><div class=\"elementor-post__thumbnail\"><img loading=\"lazy\" decoding=\"async\" width=\"700\" height=\"467\" src=\"https:\/\/frenchwedding.hu\/wp-content\/uploads\/2024\/03\/Lucie-Andris-french-wedding-27-700x467.jpg\" class=\"attachment-medium size-medium wp-image-1773\" alt=\"\" srcset=\"https:\/\/frenchwedding.hu\/wp-content\/uploads\/2024\/03\/Lucie-Andris-french-wedding-27-700x467.jpg 700w, https:\/\/frenchwedding.hu\/wp-content\/uploads\/2024\/03\/Lucie-Andris-french-wedding-27-1024x683.jpg 1024w, https:\/\/frenchwedding.hu\/wp-content\/uploads\/2024\/03\/Lucie-Andris-french-wedding-27-768x512.jpg 768w, https:\/\/frenchwedding.hu\/wp-content\/uploads\/2024\/03\/Lucie-Andris-french-wedding-27-1536x1024.jpg 1536w, https:\/\/frenchwedding.hu\/wp-content\/uploads\/2024\/03\/Lucie-Andris-french-wedding-27.jpg 1600w\" sizes=\"(max-width: 700px) 100vw, 700px\" \/><\/div><\/a>\n\t\t\t\t<div class=\"elementor-post__avatar\">\n\t\t\t<img alt='Muss\u00f3 Zs\u00f3fi' src='https:\/\/secure.gravatar.com\/avatar\/7d7d08711f5e7e2dc3023857faf5cd364f5a0b64cb6d50ca717e806b3ee9b462?s=128&#038;d=mm&#038;r=g' srcset='https:\/\/secure.gravatar.com\/avatar\/7d7d08711f5e7e2dc3023857faf5cd364f5a0b64cb6d50ca717e806b3ee9b462?s=256&#038;d=mm&#038;r=g 2x' class='avatar avatar-128 photo' height='128' width='128' \/>\t\t<\/div>\n\t\t\t\t<div class=\"elementor-post__text\">\n\t\t\t\t<h3 class=\"elementor-post__title\">\n\t\t\t<a href=\"https:\/\/frenchwedding.hu\/fr\/lucie-et-andras-mariage-boheme-suisse-hongrois-dans-une-villa-rustique\/\" >\n\t\t\t\tLucie et Andr\u00e1s &#8211; Mariage boh\u00e8me, suisse-hongrois dans une villa rustique\t\t\t<\/a>\n\t\t<\/h3>\n\t\t\n\t\t<a class=\"elementor-post__read-more\" href=\"https:\/\/frenchwedding.hu\/fr\/lucie-et-andras-mariage-boheme-suisse-hongrois-dans-une-villa-rustique\/\" aria-label=\"En savoir plus sur Lucie et Andr\u00e1s &#8211; Mariage boh\u00e8me, suisse-hongrois dans une villa rustique\" tabindex=\"-1\" >\n\t\t\tLire la suite \u00bb\t\t<\/a>\n\n\t\t\t\t<\/div>\n\t\t\t\t\t<\/div>\n\t\t<\/article>\n\t\t\t\t<article class=\"elementor-post elementor-grid-item post-2696 page type-page status-publish has-post-thumbnail hentry\">\n\t\t\t<div class=\"elementor-post__card\">\n\t\t\t\t<a class=\"elementor-post__thumbnail__link\" href=\"https:\/\/frenchwedding.hu\/fr\/janka-et-mark-mariage-a-la-cravate-noire-dans-une-villa-privee-au-bord-du-lac-balaton\/\" tabindex=\"-1\" ><div class=\"elementor-post__thumbnail\"><img loading=\"lazy\" decoding=\"async\" width=\"700\" height=\"466\" src=\"https:\/\/frenchwedding.hu\/wp-content\/uploads\/2024\/03\/Janka-Mark-french-wedding-12-700x466.jpg\" class=\"attachment-medium size-medium wp-image-1663\" alt=\"\" srcset=\"https:\/\/frenchwedding.hu\/wp-content\/uploads\/2024\/03\/Janka-Mark-french-wedding-12-700x466.jpg 700w, https:\/\/frenchwedding.hu\/wp-content\/uploads\/2024\/03\/Janka-Mark-french-wedding-12-1024x681.jpg 1024w, https:\/\/frenchwedding.hu\/wp-content\/uploads\/2024\/03\/Janka-Mark-french-wedding-12-768x511.jpg 768w, https:\/\/frenchwedding.hu\/wp-content\/uploads\/2024\/03\/Janka-Mark-french-wedding-12-1536x1021.jpg 1536w, https:\/\/frenchwedding.hu\/wp-content\/uploads\/2024\/03\/Janka-Mark-french-wedding-12.jpg 1600w\" sizes=\"(max-width: 700px) 100vw, 700px\" \/><\/div><\/a>\n\t\t\t\t<div class=\"elementor-post__avatar\">\n\t\t\t<img alt='Muss\u00f3 Zs\u00f3fi' src='https:\/\/secure.gravatar.com\/avatar\/7d7d08711f5e7e2dc3023857faf5cd364f5a0b64cb6d50ca717e806b3ee9b462?s=128&#038;d=mm&#038;r=g' srcset='https:\/\/secure.gravatar.com\/avatar\/7d7d08711f5e7e2dc3023857faf5cd364f5a0b64cb6d50ca717e806b3ee9b462?s=256&#038;d=mm&#038;r=g 2x' class='avatar avatar-128 photo' height='128' width='128' \/>\t\t<\/div>\n\t\t\t\t<div class=\"elementor-post__text\">\n\t\t\t\t<h3 class=\"elementor-post__title\">\n\t\t\t<a href=\"https:\/\/frenchwedding.hu\/fr\/janka-et-mark-mariage-a-la-cravate-noire-dans-une-villa-privee-au-bord-du-lac-balaton\/\" >\n\t\t\t\tJanka et M\u00e1rk &#8211; mariage \u00e0 la cravate noire dans une villa priv\u00e9e au bord du lac Balaton\t\t\t<\/a>\n\t\t<\/h3>\n\t\t\n\t\t<a class=\"elementor-post__read-more\" href=\"https:\/\/frenchwedding.hu\/fr\/janka-et-mark-mariage-a-la-cravate-noire-dans-une-villa-privee-au-bord-du-lac-balaton\/\" aria-label=\"En savoir plus sur Janka et M\u00e1rk &#8211; mariage \u00e0 la cravate noire dans une villa priv\u00e9e au bord du lac Balaton\" tabindex=\"-1\" >\n\t\t\tLire la suite \u00bb\t\t<\/a>\n\n\t\t\t\t<\/div>\n\t\t\t\t\t<\/div>\n\t\t<\/article>\n\t\t\t\t<article class=\"elementor-post elementor-grid-item post-2706 page type-page status-publish has-post-thumbnail hentry\">\n\t\t\t<div class=\"elementor-post__card\">\n\t\t\t\t<a class=\"elementor-post__thumbnail__link\" href=\"https:\/\/frenchwedding.hu\/fr\/evi-et-pierre-un-mariage-au-chateau-dans-la-vallee-de-la-loire\/\" tabindex=\"-1\" ><div class=\"elementor-post__thumbnail\"><img loading=\"lazy\" decoding=\"async\" width=\"700\" height=\"467\" src=\"https:\/\/frenchwedding.hu\/wp-content\/uploads\/2024\/03\/Evi-Pierre-french-wedding-8-700x467.jpg\" class=\"attachment-medium size-medium wp-image-1605\" alt=\"\" srcset=\"https:\/\/frenchwedding.hu\/wp-content\/uploads\/2024\/03\/Evi-Pierre-french-wedding-8-700x467.jpg 700w, https:\/\/frenchwedding.hu\/wp-content\/uploads\/2024\/03\/Evi-Pierre-french-wedding-8-1024x683.jpg 1024w, https:\/\/frenchwedding.hu\/wp-content\/uploads\/2024\/03\/Evi-Pierre-french-wedding-8-768x512.jpg 768w, https:\/\/frenchwedding.hu\/wp-content\/uploads\/2024\/03\/Evi-Pierre-french-wedding-8-1536x1024.jpg 1536w, https:\/\/frenchwedding.hu\/wp-content\/uploads\/2024\/03\/Evi-Pierre-french-wedding-8.jpg 1600w\" sizes=\"(max-width: 700px) 100vw, 700px\" \/><\/div><\/a>\n\t\t\t\t<div class=\"elementor-post__avatar\">\n\t\t\t<img alt='Muss\u00f3 Zs\u00f3fi' src='https:\/\/secure.gravatar.com\/avatar\/7d7d08711f5e7e2dc3023857faf5cd364f5a0b64cb6d50ca717e806b3ee9b462?s=128&#038;d=mm&#038;r=g' srcset='https:\/\/secure.gravatar.com\/avatar\/7d7d08711f5e7e2dc3023857faf5cd364f5a0b64cb6d50ca717e806b3ee9b462?s=256&#038;d=mm&#038;r=g 2x' class='avatar avatar-128 photo' height='128' width='128' \/>\t\t<\/div>\n\t\t\t\t<div class=\"elementor-post__text\">\n\t\t\t\t<h3 class=\"elementor-post__title\">\n\t\t\t<a href=\"https:\/\/frenchwedding.hu\/fr\/evi-et-pierre-un-mariage-au-chateau-dans-la-vallee-de-la-loire\/\" >\n\t\t\t\t\u00c9vi et Pierre &#8211; un mariage au ch\u00e2teau dans la vall\u00e9e de la Loire\t\t\t<\/a>\n\t\t<\/h3>\n\t\t\n\t\t<a class=\"elementor-post__read-more\" href=\"https:\/\/frenchwedding.hu\/fr\/evi-et-pierre-un-mariage-au-chateau-dans-la-vallee-de-la-loire\/\" aria-label=\"En savoir plus sur \u00c9vi et Pierre &#8211; un mariage au ch\u00e2teau dans la vall\u00e9e de la Loire\" tabindex=\"-1\" >\n\t\t\tLire la suite \u00bb\t\t<\/a>\n\n\t\t\t\t<\/div>\n\t\t\t\t\t<\/div>\n\t\t<\/article>\n\t\t\t\t<article class=\"elementor-post elementor-grid-item post-2710 page type-page status-publish has-post-thumbnail hentry\">\n\t\t\t<div class=\"elementor-post__card\">\n\t\t\t\t<a class=\"elementor-post__thumbnail__link\" href=\"https:\/\/frenchwedding.hu\/fr\/esther-et-romain-mariage-royal-au-chateau-de-godollo\/\" tabindex=\"-1\" ><div class=\"elementor-post__thumbnail\"><img loading=\"lazy\" decoding=\"async\" width=\"700\" height=\"467\" src=\"https:\/\/frenchwedding.hu\/wp-content\/uploads\/2024\/03\/Eszter-Romain-JustStayNatural-french-wedding-2-700x467.jpg\" class=\"attachment-medium size-medium wp-image-1559\" alt=\"\" srcset=\"https:\/\/frenchwedding.hu\/wp-content\/uploads\/2024\/03\/Eszter-Romain-JustStayNatural-french-wedding-2-700x467.jpg 700w, https:\/\/frenchwedding.hu\/wp-content\/uploads\/2024\/03\/Eszter-Romain-JustStayNatural-french-wedding-2-1024x683.jpg 1024w, https:\/\/frenchwedding.hu\/wp-content\/uploads\/2024\/03\/Eszter-Romain-JustStayNatural-french-wedding-2-768x512.jpg 768w, https:\/\/frenchwedding.hu\/wp-content\/uploads\/2024\/03\/Eszter-Romain-JustStayNatural-french-wedding-2-1536x1024.jpg 1536w, https:\/\/frenchwedding.hu\/wp-content\/uploads\/2024\/03\/Eszter-Romain-JustStayNatural-french-wedding-2.jpg 1600w\" sizes=\"(max-width: 700px) 100vw, 700px\" \/><\/div><\/a>\n\t\t\t\t<div class=\"elementor-post__avatar\">\n\t\t\t<img alt='Muss\u00f3 Zs\u00f3fi' src='https:\/\/secure.gravatar.com\/avatar\/7d7d08711f5e7e2dc3023857faf5cd364f5a0b64cb6d50ca717e806b3ee9b462?s=128&#038;d=mm&#038;r=g' srcset='https:\/\/secure.gravatar.com\/avatar\/7d7d08711f5e7e2dc3023857faf5cd364f5a0b64cb6d50ca717e806b3ee9b462?s=256&#038;d=mm&#038;r=g 2x' class='avatar avatar-128 photo' height='128' width='128' \/>\t\t<\/div>\n\t\t\t\t<div class=\"elementor-post__text\">\n\t\t\t\t<h3 class=\"elementor-post__title\">\n\t\t\t<a href=\"https:\/\/frenchwedding.hu\/fr\/esther-et-romain-mariage-royal-au-chateau-de-godollo\/\" >\n\t\t\t\tEsther et Romain &#8211; mariage royal au ch\u00e2teau de G\u00f6d\u00f6ll\u0151\t\t\t<\/a>\n\t\t<\/h3>\n\t\t\n\t\t<a class=\"elementor-post__read-more\" href=\"https:\/\/frenchwedding.hu\/fr\/esther-et-romain-mariage-royal-au-chateau-de-godollo\/\" aria-label=\"En savoir plus sur Esther et Romain &#8211; mariage royal au ch\u00e2teau de G\u00f6d\u00f6ll\u0151\" tabindex=\"-1\" >\n\t\t\tLire la suite \u00bb\t\t<\/a>\n\n\t\t\t\t<\/div>\n\t\t\t\t\t<\/div>\n\t\t<\/article>\n\t\t\t\t<article class=\"elementor-post elementor-grid-item post-2674 page type-page status-publish has-post-thumbnail hentry\">\n\t\t\t<div class=\"elementor-post__card\">\n\t\t\t\t<a class=\"elementor-post__thumbnail__link\" href=\"https:\/\/frenchwedding.hu\/fr\/dia-et-matthieu-mariage-vintage-lavande-dans-une-maison-de-campagne\/\" tabindex=\"-1\" ><div class=\"elementor-post__thumbnail\"><img loading=\"lazy\" decoding=\"async\" width=\"700\" height=\"467\" src=\"https:\/\/frenchwedding.hu\/wp-content\/uploads\/2024\/03\/Dia-Matthieu-french-wedding-5-700x467.jpg\" class=\"attachment-medium size-medium wp-image-1531\" alt=\"\" srcset=\"https:\/\/frenchwedding.hu\/wp-content\/uploads\/2024\/03\/Dia-Matthieu-french-wedding-5-700x467.jpg 700w, https:\/\/frenchwedding.hu\/wp-content\/uploads\/2024\/03\/Dia-Matthieu-french-wedding-5-1024x683.jpg 1024w, https:\/\/frenchwedding.hu\/wp-content\/uploads\/2024\/03\/Dia-Matthieu-french-wedding-5-768x512.jpg 768w, https:\/\/frenchwedding.hu\/wp-content\/uploads\/2024\/03\/Dia-Matthieu-french-wedding-5-1536x1024.jpg 1536w, https:\/\/frenchwedding.hu\/wp-content\/uploads\/2024\/03\/Dia-Matthieu-french-wedding-5.jpg 1600w\" sizes=\"(max-width: 700px) 100vw, 700px\" \/><\/div><\/a>\n\t\t\t\t<div class=\"elementor-post__avatar\">\n\t\t\t<img alt='Muss\u00f3 Zs\u00f3fi' src='https:\/\/secure.gravatar.com\/avatar\/7d7d08711f5e7e2dc3023857faf5cd364f5a0b64cb6d50ca717e806b3ee9b462?s=128&#038;d=mm&#038;r=g' srcset='https:\/\/secure.gravatar.com\/avatar\/7d7d08711f5e7e2dc3023857faf5cd364f5a0b64cb6d50ca717e806b3ee9b462?s=256&#038;d=mm&#038;r=g 2x' class='avatar avatar-128 photo' height='128' width='128' \/>\t\t<\/div>\n\t\t\t\t<div class=\"elementor-post__text\">\n\t\t\t\t<h3 class=\"elementor-post__title\">\n\t\t\t<a href=\"https:\/\/frenchwedding.hu\/fr\/dia-et-matthieu-mariage-vintage-lavande-dans-une-maison-de-campagne\/\" >\n\t\t\t\tDia et Matthieu &#8211; mariage vintage lavande dans une maison de campagne\t\t\t<\/a>\n\t\t<\/h3>\n\t\t\n\t\t<a class=\"elementor-post__read-more\" href=\"https:\/\/frenchwedding.hu\/fr\/dia-et-matthieu-mariage-vintage-lavande-dans-une-maison-de-campagne\/\" aria-label=\"En savoir plus sur Dia et Matthieu &#8211; mariage vintage lavande dans une maison de campagne\" tabindex=\"-1\" >\n\t\t\tLire la suite \u00bb\t\t<\/a>\n\n\t\t\t\t<\/div>\n\t\t\t\t\t<\/div>\n\t\t<\/article>\n\t\t\t\t<article class=\"elementor-post elementor-grid-item post-2670 page type-page status-publish has-post-thumbnail hentry\">\n\t\t\t<div class=\"elementor-post__card\">\n\t\t\t\t<a class=\"elementor-post__thumbnail__link\" href=\"https:\/\/frenchwedding.hu\/fr\/anna-et-fabrizio-au-chateau-de-vajdahunyad\/\" tabindex=\"-1\" ><div class=\"elementor-post__thumbnail\"><img loading=\"lazy\" decoding=\"async\" width=\"700\" height=\"466\" src=\"https:\/\/frenchwedding.hu\/wp-content\/uploads\/2024\/03\/Anna-Fabrizio-french-wedding-27-700x466.jpg\" class=\"attachment-medium size-medium wp-image-1443\" alt=\"\" srcset=\"https:\/\/frenchwedding.hu\/wp-content\/uploads\/2024\/03\/Anna-Fabrizio-french-wedding-27-700x466.jpg 700w, https:\/\/frenchwedding.hu\/wp-content\/uploads\/2024\/03\/Anna-Fabrizio-french-wedding-27-1024x682.jpg 1024w, https:\/\/frenchwedding.hu\/wp-content\/uploads\/2024\/03\/Anna-Fabrizio-french-wedding-27-768x512.jpg 768w, https:\/\/frenchwedding.hu\/wp-content\/uploads\/2024\/03\/Anna-Fabrizio-french-wedding-27-1536x1023.jpg 1536w, https:\/\/frenchwedding.hu\/wp-content\/uploads\/2024\/03\/Anna-Fabrizio-french-wedding-27.jpg 1600w\" sizes=\"(max-width: 700px) 100vw, 700px\" \/><\/div><\/a>\n\t\t\t\t<div class=\"elementor-post__avatar\">\n\t\t\t<img alt='Muss\u00f3 Zs\u00f3fi' src='https:\/\/secure.gravatar.com\/avatar\/7d7d08711f5e7e2dc3023857faf5cd364f5a0b64cb6d50ca717e806b3ee9b462?s=128&#038;d=mm&#038;r=g' srcset='https:\/\/secure.gravatar.com\/avatar\/7d7d08711f5e7e2dc3023857faf5cd364f5a0b64cb6d50ca717e806b3ee9b462?s=256&#038;d=mm&#038;r=g 2x' class='avatar avatar-128 photo' height='128' width='128' \/>\t\t<\/div>\n\t\t\t\t<div class=\"elementor-post__text\">\n\t\t\t\t<h3 class=\"elementor-post__title\">\n\t\t\t<a href=\"https:\/\/frenchwedding.hu\/fr\/anna-et-fabrizio-au-chateau-de-vajdahunyad\/\" >\n\t\t\t\tAnna et Fabrizio au ch\u00e2teau de Vajdahunyad\t\t\t<\/a>\n\t\t<\/h3>\n\t\t\n\t\t<a class=\"elementor-post__read-more\" href=\"https:\/\/frenchwedding.hu\/fr\/anna-et-fabrizio-au-chateau-de-vajdahunyad\/\" aria-label=\"En savoir plus sur Anna et Fabrizio au ch\u00e2teau de Vajdahunyad\" tabindex=\"-1\" >\n\t\t\tLire la suite \u00bb\t\t<\/a>\n\n\t\t\t\t<\/div>\n\t\t\t\t\t<\/div>\n\t\t<\/article>\n\t\t\t\t<article class=\"elementor-post elementor-grid-item post-2668 page type-page status-publish has-post-thumbnail hentry\">\n\t\t\t<div class=\"elementor-post__card\">\n\t\t\t\t<a class=\"elementor-post__thumbnail__link\" href=\"https:\/\/frenchwedding.hu\/fr\/alexandra-et-florant-mariage-en-bretagne-au-bord-de-locean\/\" tabindex=\"-1\" ><div class=\"elementor-post__thumbnail\"><img loading=\"lazy\" decoding=\"async\" width=\"700\" height=\"467\" src=\"https:\/\/frenchwedding.hu\/wp-content\/uploads\/2024\/03\/ALAAE41-700x467.jpg\" class=\"attachment-medium size-medium wp-image-1479\" alt=\"\" srcset=\"https:\/\/frenchwedding.hu\/wp-content\/uploads\/2024\/03\/ALAAE41-700x467.jpg 700w, https:\/\/frenchwedding.hu\/wp-content\/uploads\/2024\/03\/ALAAE41-1024x683.jpg 1024w, https:\/\/frenchwedding.hu\/wp-content\/uploads\/2024\/03\/ALAAE41-768x512.jpg 768w, https:\/\/frenchwedding.hu\/wp-content\/uploads\/2024\/03\/ALAAE41-1536x1024.jpg 1536w, https:\/\/frenchwedding.hu\/wp-content\/uploads\/2024\/03\/ALAAE41.jpg 1600w\" sizes=\"(max-width: 700px) 100vw, 700px\" \/><\/div><\/a>\n\t\t\t\t<div class=\"elementor-post__avatar\">\n\t\t\t<img alt='Muss\u00f3 Zs\u00f3fi' src='https:\/\/secure.gravatar.com\/avatar\/7d7d08711f5e7e2dc3023857faf5cd364f5a0b64cb6d50ca717e806b3ee9b462?s=128&#038;d=mm&#038;r=g' srcset='https:\/\/secure.gravatar.com\/avatar\/7d7d08711f5e7e2dc3023857faf5cd364f5a0b64cb6d50ca717e806b3ee9b462?s=256&#038;d=mm&#038;r=g 2x' class='avatar avatar-128 photo' height='128' width='128' \/>\t\t<\/div>\n\t\t\t\t<div class=\"elementor-post__text\">\n\t\t\t\t<h3 class=\"elementor-post__title\">\n\t\t\t<a href=\"https:\/\/frenchwedding.hu\/fr\/alexandra-et-florant-mariage-en-bretagne-au-bord-de-locean\/\" >\n\t\t\t\tAlexandra et Florant &#8211; Mariage en Bretagne au bord de l&rsquo;oc\u00e9an\t\t\t<\/a>\n\t\t<\/h3>\n\t\t\n\t\t<a class=\"elementor-post__read-more\" href=\"https:\/\/frenchwedding.hu\/fr\/alexandra-et-florant-mariage-en-bretagne-au-bord-de-locean\/\" aria-label=\"En savoir plus sur Alexandra et Florant &#8211; Mariage en Bretagne au bord de l&rsquo;oc\u00e9an\" tabindex=\"-1\" >\n\t\t\tLire la suite \u00bb\t\t<\/a>\n\n\t\t\t\t<\/div>\n\t\t\t\t\t<\/div>\n\t\t<\/article>\n\t\t\t\t<\/div>\n\t\t\n\t\t\t\t<\/div>\n\t\t\t\t<\/div>\n\t\t\t\t\t<\/div>\n\t\t<\/div>\n\t\t\t\t\t<\/div>\n\t\t<\/section>\n\t\t\t\t<\/div>\n\t\t","protected":false},"excerpt":{"rendered":"<p>R\u00e9f\u00e9rences Galeries de mariage et commentaires sur les lieux, les fournisseurs, etc&#8230;<\/p>\n","protected":false},"author":2,"featured_media":2281,"parent":0,"menu_order":0,"comment_status":"closed","ping_status":"closed","template":"","meta":{"footnotes":""},"class_list":["post-2676","page","type-page","status-publish","has-post-thumbnail","hentry"],"yoast_head":"<!-- This site is optimized with the Yoast SEO plugin v22.7 - https:\/\/yoast.com\/wordpress\/plugins\/seo\/ -->\n<title>R\u00e9f\u00e9rences - French Wedding by Muss\u00f3 Zs\u00f3fi<\/title>\n<meta name=\"description\" content=\"R\u00e9f\u00e9rences A French Wedding \u2013 \u00e9lm\u00e9nyek, elegancia, esk\u00fcv\u0151i m\u0171v\u00e9szet a Te Nagy Napodra! Legyen t\u00f6k\u00e9letes \u00e1lomesk\u00fcv\u0151t\u00f6k, ak\u00e1r francia nyelven is!\" \/>\n<meta name=\"robots\" content=\"index, follow, max-snippet:-1, max-image-preview:large, max-video-preview:-1\" \/>\n<link rel=\"canonical\" href=\"https:\/\/frenchwedding.hu\/fr\/references\/\" \/>\n<meta property=\"og:locale\" content=\"fr_FR\" \/>\n<meta property=\"og:type\" content=\"article\" \/>\n<meta property=\"og:title\" content=\"R\u00e9f\u00e9rences - French Wedding by Muss\u00f3 Zs\u00f3fi\" \/>\n<meta property=\"og:description\" content=\"R\u00e9f\u00e9rences A French Wedding - exp\u00e9riences, \u00e9l\u00e9gance, art du mariage pour votre grand jour ! R\u00e9alisez le mariage de vos r\u00eaves, m\u00eame en fran\u00e7ais !\" \/>\n<meta property=\"og:url\" content=\"https:\/\/frenchwedding.hu\/fr\/references\/\" \/>\n<meta property=\"og:site_name\" content=\"French Wedding by Muss\u00f3 Zs\u00f3fi\" \/>\n<meta property=\"article:publisher\" content=\"https:\/\/www.facebook.com\/frenchweddingbymussozsofi\" \/>\n<meta property=\"article:modified_time\" content=\"2024-05-08T14:13:06+00:00\" \/>\n<meta property=\"og:image\" content=\"https:\/\/frenchwedding.hu\/wp-content\/uploads\/2024\/03\/Musso-Zsofi-french-wedding-ceremoniamester-9-700x466.jpg\" \/>\n<meta name=\"twitter:card\" content=\"summary_large_image\" \/>\n<script type=\"application\/ld+json\" class=\"yoast-schema-graph\">{\"@context\":\"https:\/\/schema.org\",\"@graph\":[{\"@type\":\"WebPage\",\"@id\":\"https:\/\/frenchwedding.hu\/fr\/references\/\",\"url\":\"https:\/\/frenchwedding.hu\/fr\/references\/\",\"name\":\"R\u00e9f\u00e9rences - French Wedding by Muss\u00f3 Zs\u00f3fi\",\"isPartOf\":{\"@id\":\"https:\/\/frenchwedding.hu\/fr\/#website\"},\"primaryImageOfPage\":{\"@id\":\"https:\/\/frenchwedding.hu\/fr\/references\/#primaryimage\"},\"image\":{\"@id\":\"https:\/\/frenchwedding.hu\/fr\/references\/#primaryimage\"},\"thumbnailUrl\":\"https:\/\/frenchwedding.hu\/wp-content\/uploads\/2024\/03\/Musso-Zsofi-french-wedding-ceremoniamester-9.jpg\",\"datePublished\":\"2024-03-10T10:17:06+00:00\",\"dateModified\":\"2024-05-08T14:13:06+00:00\",\"description\":\"R\u00e9f\u00e9rences A French Wedding \u2013 \u00e9lm\u00e9nyek, elegancia, esk\u00fcv\u0151i m\u0171v\u00e9szet a Te Nagy Napodra! Legyen t\u00f6k\u00e9letes \u00e1lomesk\u00fcv\u0151t\u00f6k, ak\u00e1r francia nyelven is!\",\"breadcrumb\":{\"@id\":\"https:\/\/frenchwedding.hu\/fr\/references\/#breadcrumb\"},\"inLanguage\":\"fr-FR\",\"potentialAction\":[{\"@type\":\"ReadAction\",\"target\":[\"https:\/\/frenchwedding.hu\/fr\/references\/\"]}]},{\"@type\":\"ImageObject\",\"inLanguage\":\"fr-FR\",\"@id\":\"https:\/\/frenchwedding.hu\/fr\/references\/#primaryimage\",\"url\":\"https:\/\/frenchwedding.hu\/wp-content\/uploads\/2024\/03\/Musso-Zsofi-french-wedding-ceremoniamester-9.jpg\",\"contentUrl\":\"https:\/\/frenchwedding.hu\/wp-content\/uploads\/2024\/03\/Musso-Zsofi-french-wedding-ceremoniamester-9.jpg\",\"width\":1600,\"height\":1064,\"caption\":\"Musso-Zsofi-french-wedding-ceremoniamester\"},{\"@type\":\"BreadcrumbList\",\"@id\":\"https:\/\/frenchwedding.hu\/fr\/references\/#breadcrumb\",\"itemListElement\":[{\"@type\":\"ListItem\",\"position\":1,\"name\":\"Kezd\u0151lap\",\"item\":\"https:\/\/frenchwedding.hu\/fr\/accueil\/\"},{\"@type\":\"ListItem\",\"position\":2,\"name\":\"R\u00e9f\u00e9rences\"}]},{\"@type\":\"WebSite\",\"@id\":\"https:\/\/frenchwedding.hu\/fr\/#website\",\"url\":\"https:\/\/frenchwedding.hu\/fr\/\",\"name\":\"French Wedding by Muss\u00f3 Zs\u00f3fi\",\"description\":\"Legyen t\u00f6k\u00e9letes \u00e1lomesk\u00fcv\u0151t\u00f6k, ak\u00e1r francia nyelven is!\",\"publisher\":{\"@id\":\"https:\/\/frenchwedding.hu\/fr\/#organization\"},\"potentialAction\":[{\"@type\":\"SearchAction\",\"target\":{\"@type\":\"EntryPoint\",\"urlTemplate\":\"https:\/\/frenchwedding.hu\/fr\/?s={search_term_string}\"},\"query-input\":\"required name=search_term_string\"}],\"inLanguage\":\"fr-FR\"},{\"@type\":\"Organization\",\"@id\":\"https:\/\/frenchwedding.hu\/fr\/#organization\",\"name\":\"French Wedding\",\"url\":\"https:\/\/frenchwedding.hu\/fr\/\",\"logo\":{\"@type\":\"ImageObject\",\"inLanguage\":\"fr-FR\",\"@id\":\"https:\/\/frenchwedding.hu\/fr\/#\/schema\/logo\/image\/\",\"url\":\"https:\/\/frenchwedding.hu\/wp-content\/uploads\/2024\/02\/french-wedding-logo.png\",\"contentUrl\":\"https:\/\/frenchwedding.hu\/wp-content\/uploads\/2024\/02\/french-wedding-logo.png\",\"width\":419,\"height\":408,\"caption\":\"French Wedding\"},\"image\":{\"@id\":\"https:\/\/frenchwedding.hu\/fr\/#\/schema\/logo\/image\/\"},\"sameAs\":[\"https:\/\/www.facebook.com\/frenchweddingbymussozsofi\"]}]}<\/script>\n<!-- \/ Yoast SEO plugin. -->","yoast_head_json":{"title":"R\u00e9f\u00e9rences - French Wedding by Muss\u00f3 Zs\u00f3fi","description":"R\u00e9f\u00e9rences A French Wedding \u2013 \u00e9lm\u00e9nyek, elegancia, esk\u00fcv\u0151i m\u0171v\u00e9szet a Te Nagy Napodra! Legyen t\u00f6k\u00e9letes \u00e1lomesk\u00fcv\u0151t\u00f6k, ak\u00e1r francia nyelven is!","robots":{"index":"index","follow":"follow","max-snippet":"max-snippet:-1","max-image-preview":"max-image-preview:large","max-video-preview":"max-video-preview:-1"},"canonical":"https:\/\/frenchwedding.hu\/fr\/references\/","og_locale":"fr_FR","og_type":"article","og_title":"R\u00e9f\u00e9rences - French Wedding by Muss\u00f3 Zs\u00f3fi","og_description":"R\u00e9f\u00e9rences A French Wedding - exp\u00e9riences, \u00e9l\u00e9gance, art du mariage pour votre grand jour ! R\u00e9alisez le mariage de vos r\u00eaves, m\u00eame en fran\u00e7ais !","og_url":"https:\/\/frenchwedding.hu\/fr\/references\/","og_site_name":"French Wedding by Muss\u00f3 Zs\u00f3fi","article_publisher":"https:\/\/www.facebook.com\/frenchweddingbymussozsofi","article_modified_time":"2024-05-08T14:13:06+00:00","og_image":[{"url":"https:\/\/frenchwedding.hu\/wp-content\/uploads\/2024\/03\/Musso-Zsofi-french-wedding-ceremoniamester-9-700x466.jpg"}],"twitter_card":"summary_large_image","schema":{"@context":"https:\/\/schema.org","@graph":[{"@type":"WebPage","@id":"https:\/\/frenchwedding.hu\/fr\/references\/","url":"https:\/\/frenchwedding.hu\/fr\/references\/","name":"R\u00e9f\u00e9rences - French Wedding by Muss\u00f3 Zs\u00f3fi","isPartOf":{"@id":"https:\/\/frenchwedding.hu\/fr\/#website"},"primaryImageOfPage":{"@id":"https:\/\/frenchwedding.hu\/fr\/references\/#primaryimage"},"image":{"@id":"https:\/\/frenchwedding.hu\/fr\/references\/#primaryimage"},"thumbnailUrl":"https:\/\/frenchwedding.hu\/wp-content\/uploads\/2024\/03\/Musso-Zsofi-french-wedding-ceremoniamester-9.jpg","datePublished":"2024-03-10T10:17:06+00:00","dateModified":"2024-05-08T14:13:06+00:00","description":"R\u00e9f\u00e9rences A French Wedding \u2013 \u00e9lm\u00e9nyek, elegancia, esk\u00fcv\u0151i m\u0171v\u00e9szet a Te Nagy Napodra! Legyen t\u00f6k\u00e9letes \u00e1lomesk\u00fcv\u0151t\u00f6k, ak\u00e1r francia nyelven is!","breadcrumb":{"@id":"https:\/\/frenchwedding.hu\/fr\/references\/#breadcrumb"},"inLanguage":"fr-FR","potentialAction":[{"@type":"ReadAction","target":["https:\/\/frenchwedding.hu\/fr\/references\/"]}]},{"@type":"ImageObject","inLanguage":"fr-FR","@id":"https:\/\/frenchwedding.hu\/fr\/references\/#primaryimage","url":"https:\/\/frenchwedding.hu\/wp-content\/uploads\/2024\/03\/Musso-Zsofi-french-wedding-ceremoniamester-9.jpg","contentUrl":"https:\/\/frenchwedding.hu\/wp-content\/uploads\/2024\/03\/Musso-Zsofi-french-wedding-ceremoniamester-9.jpg","width":1600,"height":1064,"caption":"Musso-Zsofi-french-wedding-ceremoniamester"},{"@type":"BreadcrumbList","@id":"https:\/\/frenchwedding.hu\/fr\/references\/#breadcrumb","itemListElement":[{"@type":"ListItem","position":1,"name":"Kezd\u0151lap","item":"https:\/\/frenchwedding.hu\/fr\/accueil\/"},{"@type":"ListItem","position":2,"name":"R\u00e9f\u00e9rences"}]},{"@type":"WebSite","@id":"https:\/\/frenchwedding.hu\/fr\/#website","url":"https:\/\/frenchwedding.hu\/fr\/","name":"French Wedding by Muss\u00f3 Zs\u00f3fi","description":"Legyen t\u00f6k\u00e9letes \u00e1lomesk\u00fcv\u0151t\u00f6k, ak\u00e1r francia nyelven is!","publisher":{"@id":"https:\/\/frenchwedding.hu\/fr\/#organization"},"potentialAction":[{"@type":"SearchAction","target":{"@type":"EntryPoint","urlTemplate":"https:\/\/frenchwedding.hu\/fr\/?s={search_term_string}"},"query-input":"required name=search_term_string"}],"inLanguage":"fr-FR"},{"@type":"Organization","@id":"https:\/\/frenchwedding.hu\/fr\/#organization","name":"French Wedding","url":"https:\/\/frenchwedding.hu\/fr\/","logo":{"@type":"ImageObject","inLanguage":"fr-FR","@id":"https:\/\/frenchwedding.hu\/fr\/#\/schema\/logo\/image\/","url":"https:\/\/frenchwedding.hu\/wp-content\/uploads\/2024\/02\/french-wedding-logo.png","contentUrl":"https:\/\/frenchwedding.hu\/wp-content\/uploads\/2024\/02\/french-wedding-logo.png","width":419,"height":408,"caption":"French Wedding"},"image":{"@id":"https:\/\/frenchwedding.hu\/fr\/#\/schema\/logo\/image\/"},"sameAs":["https:\/\/www.facebook.com\/frenchweddingbymussozsofi"]}]}},"_links":{"self":[{"href":"https:\/\/frenchwedding.hu\/fr\/wp-json\/wp\/v2\/pages\/2676","targetHints":{"allow":["GET"]}}],"collection":[{"href":"https:\/\/frenchwedding.hu\/fr\/wp-json\/wp\/v2\/pages"}],"about":[{"href":"https:\/\/frenchwedding.hu\/fr\/wp-json\/wp\/v2\/types\/page"}],"author":[{"embeddable":true,"href":"https:\/\/frenchwedding.hu\/fr\/wp-json\/wp\/v2\/users\/2"}],"replies":[{"embeddable":true,"href":"https:\/\/frenchwedding.hu\/fr\/wp-json\/wp\/v2\/comments?post=2676"}],"version-history":[{"count":1,"href":"https:\/\/frenchwedding.hu\/fr\/wp-json\/wp\/v2\/pages\/2676\/revisions"}],"predecessor-version":[{"id":2677,"href":"https:\/\/frenchwedding.hu\/fr\/wp-json\/wp\/v2\/pages\/2676\/revisions\/2677"}],"wp:featuredmedia":[{"embeddable":true,"href":"https:\/\/frenchwedding.hu\/fr\/wp-json\/wp\/v2\/media\/2281"}],"wp:attachment":[{"href":"https:\/\/frenchwedding.hu\/fr\/wp-json\/wp\/v2\/media?parent=2676"}],"curies":[{"name":"wp","href":"https:\/\/api.w.org\/{rel}","templated":true}]}}