{"id":2670,"date":"2024-03-10T11:59:59","date_gmt":"2024-03-10T10:59:59","guid":{"rendered":"https:\/\/frenchwedding.hu\/anna-et-fabrizio-au-chateau-de-vajdahunyad\/"},"modified":"2024-05-08T16:09:39","modified_gmt":"2024-05-08T14:09:39","slug":"anna-et-fabrizio-au-chateau-de-vajdahunyad","status":"publish","type":"page","link":"https:\/\/frenchwedding.hu\/fr\/anna-et-fabrizio-au-chateau-de-vajdahunyad\/","title":{"rendered":"Anna et Fabrizio au ch\u00e2teau de Vajdahunyad"},"content":{"rendered":"\t\t<div data-elementor-type=\"wp-page\" data-elementor-id=\"2670\" class=\"elementor elementor-2670 elementor-268\" data-elementor-post-type=\"page\">\n\t\t\t\t\t\t<section class=\"elementor-section elementor-top-section elementor-element elementor-element-fac96cd elementor-section-height-min-height elementor-section-boxed elementor-section-height-default elementor-section-items-middle\" data-id=\"fac96cd\" data-element_type=\"section\" data-settings=\"{&quot;background_background&quot;:&quot;classic&quot;}\">\n\t\t\t\t\t\t\t<div class=\"elementor-background-overlay\"><\/div>\n\t\t\t\t\t\t\t<div class=\"elementor-container elementor-column-gap-default\">\n\t\t\t\t\t<div class=\"elementor-column elementor-col-100 elementor-top-column elementor-element elementor-element-7941d185\" data-id=\"7941d185\" data-element_type=\"column\">\n\t\t\t<div class=\"elementor-widget-wrap elementor-element-populated\">\n\t\t\t\t\t\t<div class=\"elementor-element elementor-element-35ef7239 elementor-headline--style-highlight elementor-invisible elementor-widget elementor-widget-animated-headline\" data-id=\"35ef7239\" data-element_type=\"widget\" data-settings=\"{&quot;marker&quot;:&quot;underline&quot;,&quot;highlighted_text&quot;:&quot;Anna &amp; Fabrizio&quot;,&quot;_animation&quot;:&quot;fadeIn&quot;,&quot;headline_style&quot;:&quot;highlight&quot;,&quot;loop&quot;:&quot;yes&quot;,&quot;highlight_animation_duration&quot;:1200,&quot;highlight_iteration_delay&quot;:8000}\" data-widget_type=\"animated-headline.default\">\n\t\t\t\t<div class=\"elementor-widget-container\">\n\t\t\t<link rel=\"stylesheet\" href=\"https:\/\/frenchwedding.hu\/wp-content\/plugins\/elementor-pro\/assets\/css\/widget-animated-headline.min.css\">\t\t<h3 class=\"elementor-headline\">\n\t\t\t\t<span class=\"elementor-headline-dynamic-wrapper elementor-headline-text-wrapper\">\n\t\t\t\t\t<span class=\"elementor-headline-dynamic-text elementor-headline-text-active\">Anna &amp; Fabrizio<\/span>\n\t\t\t\t<\/span>\n\t\t\t\t<\/h3>\n\t\t\t\t<\/div>\n\t\t\t\t<\/div>\n\t\t\t\t<div class=\"elementor-element elementor-element-718c502 elementor-widget elementor-widget-text-editor\" data-id=\"718c502\" data-element_type=\"widget\" data-widget_type=\"text-editor.default\">\n\t\t\t\t<div class=\"elementor-widget-container\">\n\t\t\t<style>\/*! elementor - v3.21.0 - 08-05-2024 *\/\n.elementor-widget-text-editor.elementor-drop-cap-view-stacked .elementor-drop-cap{background-color:#69727d;color:#fff}.elementor-widget-text-editor.elementor-drop-cap-view-framed .elementor-drop-cap{color:#69727d;border:3px solid;background-color:transparent}.elementor-widget-text-editor:not(.elementor-drop-cap-view-default) .elementor-drop-cap{margin-top:8px}.elementor-widget-text-editor:not(.elementor-drop-cap-view-default) .elementor-drop-cap-letter{width:1em;height:1em}.elementor-widget-text-editor .elementor-drop-cap{float:left;text-align:center;line-height:1;font-size:50px}.elementor-widget-text-editor .elementor-drop-cap-letter{display:inline-block}<\/style>\t\t\t\t<p>Lors du mariage d&rsquo;Anna et Fabrizio, j&rsquo;ai interpr\u00e9t\u00e9 la c\u00e9r\u00e9monie civile officielle en plus de mes fonctions de ma\u00eetre de c\u00e9r\u00e9monie.<\/p>\n<p>Leur grand jour a \u00e9t\u00e9 un mariage tri-national hongro-belge-italien, en ce qui concerne les jeunes mari\u00e9s, car les invit\u00e9s venaient du monde entier. Les oui ont \u00e9t\u00e9 prononc\u00e9s dans les magnifiques clo\u00eetres du ch\u00e2teau de Vajdahunyad.<\/p>\n<p>Chaque mariage est sp\u00e9cial pour moi, je suis toujours un peu nerveuse, toujours pour une raison diff\u00e9rente. Dans leur cas, j&rsquo;\u00e9tais particuli\u00e8rement enthousiaste \u00e0 l&rsquo;id\u00e9e d&rsquo;\u00eatre confront\u00e9e \u00e0 des interpr\u00e8tes professionnels qui parlaient couramment quatre langues. Cela m&rsquo;a mis sous pression en ce qui concerne la qualit\u00e9 de la traduction.<\/p>\n\t\t\t\t\t\t<\/div>\n\t\t\t\t<\/div>\n\t\t\t\t\t<\/div>\n\t\t<\/div>\n\t\t\t\t\t<\/div>\n\t\t<\/section>\n\t\t\t\t<section class=\"elementor-section elementor-top-section elementor-element elementor-element-19c08ab elementor-section-full_width elementor-section-height-default elementor-section-height-default\" data-id=\"19c08ab\" data-element_type=\"section\" id=\"folytatas\" data-settings=\"{&quot;background_background&quot;:&quot;classic&quot;}\">\n\t\t\t\t\t\t<div class=\"elementor-container elementor-column-gap-default\">\n\t\t\t\t\t<div class=\"elementor-column elementor-col-100 elementor-top-column elementor-element elementor-element-4b57604\" data-id=\"4b57604\" data-element_type=\"column\">\n\t\t\t<div class=\"elementor-widget-wrap elementor-element-populated\">\n\t\t\t\t\t\t<div class=\"elementor-element elementor-element-fbde723 elementor-widget elementor-widget-text-editor\" data-id=\"fbde723\" data-element_type=\"widget\" data-widget_type=\"text-editor.default\">\n\t\t\t\t<div class=\"elementor-widget-container\">\n\t\t\t\t\t\t\t<p>Mais il y a aussi eu des moments de la c\u00e9r\u00e9monie civile que j&rsquo;\u00e9tais peut-\u00eatre le seul \u00e0 voir et \u00e0 comprendre ;<\/p>\n\t\t\t\t\t\t<\/div>\n\t\t\t\t<\/div>\n\t\t\t\t\t<\/div>\n\t\t<\/div>\n\t\t\t\t\t<\/div>\n\t\t<\/section>\n\t\t\t\t<section class=\"elementor-section elementor-top-section elementor-element elementor-element-349386d elementor-section-full_width elementor-section-height-default elementor-section-height-default\" data-id=\"349386d\" data-element_type=\"section\" data-settings=\"{&quot;background_background&quot;:&quot;classic&quot;}\">\n\t\t\t\t\t\t<div class=\"elementor-container elementor-column-gap-default\">\n\t\t\t\t\t<div class=\"elementor-column elementor-col-100 elementor-top-column elementor-element elementor-element-18e01a1\" data-id=\"18e01a1\" data-element_type=\"column\">\n\t\t\t<div class=\"elementor-widget-wrap elementor-element-populated\">\n\t\t\t\t\t\t<div class=\"elementor-element elementor-element-22b8c81 elementor-widget elementor-widget-text-editor\" data-id=\"22b8c81\" data-element_type=\"widget\" data-widget_type=\"text-editor.default\">\n\t\t\t\t<div class=\"elementor-widget-container\">\n\t\t\t\t\t\t\t<p>La mari\u00e9e elle-m\u00eame a \u00e9crit quelques pens\u00e9es personnelles pour le toast de l&rsquo;officier d&rsquo;\u00e9tat civil, et elle n&rsquo;a pas menti sur son style scientifique et philosophique, citant de grands penseurs sur le mariage, et elle a partag\u00e9 avec nous des pens\u00e9es non pas souriantes, mais tr\u00e8s s\u00e9rieuses par l&rsquo;interm\u00e9diaire du porte-parole de l&rsquo;officier d&rsquo;\u00e9tat civil. Le mari\u00e9 n&rsquo;avait aucune id\u00e9e du contenu du texte d&rsquo;accueil, et ne s&rsquo;est rendu compte que sa jeune \u00e9pouse avait une fois de plus apport\u00e9 son propre style que lorsque j&rsquo;ai commenc\u00e9 \u00e0 traduire les th\u00e8ses philosophiques. Je n&rsquo;oublierai jamais cette expression, ce clin d&rsquo;\u0153il, cette reconnaissance affectueuse, pleine de fiert\u00e9 pour l&rsquo;\u00e9ducation et la distinction de sa fianc\u00e9e, mais incapable de cacher son sourire \u00e9tonn\u00e9 face aux citations si inhabituelles lors des mariages.<\/p>\n\t\t\t\t\t\t<\/div>\n\t\t\t\t<\/div>\n\t\t\t\t\t<\/div>\n\t\t<\/div>\n\t\t\t\t\t<\/div>\n\t\t<\/section>\n\t\t<div class=\"elementor-element elementor-element-b80572f e-con-full e-flex e-con e-parent\" data-id=\"b80572f\" data-element_type=\"container\">\n\t\t\t\t<div class=\"elementor-element elementor-element-689dd19 uael-img-grid__column-4 uael-img-grid-tablet__column-3 uael-img-grid-mobile__column-2 uael-ins-normal elementor-widget elementor-widget-uael-image-gallery\" data-id=\"689dd19\" data-element_type=\"widget\" data-settings=\"{&quot;column_gap&quot;:{&quot;unit&quot;:&quot;px&quot;,&quot;size&quot;:10,&quot;sizes&quot;:[]},&quot;row_gap&quot;:{&quot;unit&quot;:&quot;px&quot;,&quot;size&quot;:10,&quot;sizes&quot;:[]},&quot;gallery_columns&quot;:&quot;4&quot;,&quot;gallery_columns_tablet&quot;:&quot;3&quot;,&quot;gallery_columns_mobile&quot;:&quot;2&quot;,&quot;column_gap_tablet&quot;:{&quot;unit&quot;:&quot;px&quot;,&quot;size&quot;:&quot;&quot;,&quot;sizes&quot;:[]},&quot;column_gap_mobile&quot;:{&quot;unit&quot;:&quot;px&quot;,&quot;size&quot;:&quot;&quot;,&quot;sizes&quot;:[]},&quot;row_gap_tablet&quot;:{&quot;unit&quot;:&quot;px&quot;,&quot;size&quot;:&quot;&quot;,&quot;sizes&quot;:[]},&quot;row_gap_mobile&quot;:{&quot;unit&quot;:&quot;px&quot;,&quot;size&quot;:&quot;&quot;,&quot;sizes&quot;:[]}}\" data-widget_type=\"uael-image-gallery.default\">\n\t\t\t\t<div class=\"elementor-widget-container\">\n\t\t\t<div class=\"uael-gallery-parent uael-caption- uael-gallery-unjustified\"><div class=\"uael-img-gallery-wrap uael-img-masonry-wrap uael-img-grid-masonry-wrap uael-masonry uael-image-lightbox-wrap\" data-filter-default=\"Tous\" data-lightbox_actions=\"[&quot;close&quot;]\" data-lightbox-gallery-loop=\"\"><div class=\"uael-grid-item  uael-img-gallery-item-1\"><div class=\"uael-grid-item-content\"><a class=\"uael-grid-img uael-grid-gallery-img uael-ins-hover elementor-clickable\" data-fancybox=\"uael-gallery\" href=\"https:\/\/frenchwedding.hu\/wp-content\/uploads\/2024\/03\/Anna-Fabrizio-french-wedding-27.jpg\" data-elementor-open-lightbox=\"no\"><div class=\"uael-grid-img-thumbnail uael-ins-target\"><img fetchpriority=\"high\" decoding=\"async\" width=\"800\" height=\"533\" src=\"https:\/\/frenchwedding.hu\/wp-content\/uploads\/2024\/03\/Anna-Fabrizio-french-wedding-27-1024x682.jpg\" class=\"attachment-large size-large wp-image-198\" alt=\"Anna &amp; Fabrizio French Wedding\" srcset=\"https:\/\/frenchwedding.hu\/wp-content\/uploads\/2024\/03\/Anna-Fabrizio-french-wedding-27-1024x682.jpg 1024w, https:\/\/frenchwedding.hu\/wp-content\/uploads\/2024\/03\/Anna-Fabrizio-french-wedding-27-700x466.jpg 700w, https:\/\/frenchwedding.hu\/wp-content\/uploads\/2024\/03\/Anna-Fabrizio-french-wedding-27-768x512.jpg 768w, https:\/\/frenchwedding.hu\/wp-content\/uploads\/2024\/03\/Anna-Fabrizio-french-wedding-27-1536x1023.jpg 1536w, https:\/\/frenchwedding.hu\/wp-content\/uploads\/2024\/03\/Anna-Fabrizio-french-wedding-27.jpg 1600w\" sizes=\"(max-width: 800px) 100vw, 800px\" \/><\/div><div class=\"uael-grid-img-overlay\"><\/div><\/a><\/div><\/div><div class=\"uael-grid-item  uael-img-gallery-item-2\"><div class=\"uael-grid-item-content\"><a class=\"uael-grid-img uael-grid-gallery-img uael-ins-hover elementor-clickable\" data-fancybox=\"uael-gallery\" href=\"https:\/\/frenchwedding.hu\/wp-content\/uploads\/2024\/03\/Anna-Fabrizio-french-wedding-1.jpg\" data-elementor-open-lightbox=\"no\"><div class=\"uael-grid-img-thumbnail uael-ins-target\"><img decoding=\"async\" width=\"800\" height=\"533\" src=\"https:\/\/frenchwedding.hu\/wp-content\/uploads\/2024\/03\/Anna-Fabrizio-french-wedding-1-1024x682.jpg\" class=\"attachment-large size-large wp-image-172\" alt=\"Anna &amp; Fabrizio French Wedding\" srcset=\"https:\/\/frenchwedding.hu\/wp-content\/uploads\/2024\/03\/Anna-Fabrizio-french-wedding-1-1024x682.jpg 1024w, https:\/\/frenchwedding.hu\/wp-content\/uploads\/2024\/03\/Anna-Fabrizio-french-wedding-1-700x466.jpg 700w, https:\/\/frenchwedding.hu\/wp-content\/uploads\/2024\/03\/Anna-Fabrizio-french-wedding-1-768x512.jpg 768w, https:\/\/frenchwedding.hu\/wp-content\/uploads\/2024\/03\/Anna-Fabrizio-french-wedding-1-1536x1023.jpg 1536w, https:\/\/frenchwedding.hu\/wp-content\/uploads\/2024\/03\/Anna-Fabrizio-french-wedding-1.jpg 1600w\" sizes=\"(max-width: 800px) 100vw, 800px\" \/><\/div><div class=\"uael-grid-img-overlay\"><\/div><\/a><\/div><\/div><div class=\"uael-grid-item  uael-img-gallery-item-3\"><div class=\"uael-grid-item-content\"><a class=\"uael-grid-img uael-grid-gallery-img uael-ins-hover elementor-clickable\" data-fancybox=\"uael-gallery\" href=\"https:\/\/frenchwedding.hu\/wp-content\/uploads\/2024\/03\/Anna-Fabrizio-french-wedding-26.jpg\" data-elementor-open-lightbox=\"no\"><div class=\"uael-grid-img-thumbnail uael-ins-target\"><img decoding=\"async\" width=\"800\" height=\"533\" src=\"https:\/\/frenchwedding.hu\/wp-content\/uploads\/2024\/03\/Anna-Fabrizio-french-wedding-26-1024x682.jpg\" class=\"attachment-large size-large wp-image-197\" alt=\"Anna &amp; Fabrizio French Wedding\" srcset=\"https:\/\/frenchwedding.hu\/wp-content\/uploads\/2024\/03\/Anna-Fabrizio-french-wedding-26-1024x682.jpg 1024w, https:\/\/frenchwedding.hu\/wp-content\/uploads\/2024\/03\/Anna-Fabrizio-french-wedding-26-700x466.jpg 700w, https:\/\/frenchwedding.hu\/wp-content\/uploads\/2024\/03\/Anna-Fabrizio-french-wedding-26-768x512.jpg 768w, https:\/\/frenchwedding.hu\/wp-content\/uploads\/2024\/03\/Anna-Fabrizio-french-wedding-26-1536x1023.jpg 1536w, https:\/\/frenchwedding.hu\/wp-content\/uploads\/2024\/03\/Anna-Fabrizio-french-wedding-26.jpg 1600w\" sizes=\"(max-width: 800px) 100vw, 800px\" \/><\/div><div class=\"uael-grid-img-overlay\"><\/div><\/a><\/div><\/div><div class=\"uael-grid-item  uael-img-gallery-item-4\"><div class=\"uael-grid-item-content\"><a class=\"uael-grid-img uael-grid-gallery-img uael-ins-hover elementor-clickable\" data-fancybox=\"uael-gallery\" href=\"https:\/\/frenchwedding.hu\/wp-content\/uploads\/2024\/03\/Anna-Fabrizio-french-wedding-25.jpg\" data-elementor-open-lightbox=\"no\"><div class=\"uael-grid-img-thumbnail uael-ins-target\"><img loading=\"lazy\" decoding=\"async\" width=\"800\" height=\"533\" src=\"https:\/\/frenchwedding.hu\/wp-content\/uploads\/2024\/03\/Anna-Fabrizio-french-wedding-25-1024x682.jpg\" class=\"attachment-large size-large wp-image-196\" alt=\"Anna &amp; Fabrizio French Wedding\" srcset=\"https:\/\/frenchwedding.hu\/wp-content\/uploads\/2024\/03\/Anna-Fabrizio-french-wedding-25-1024x682.jpg 1024w, https:\/\/frenchwedding.hu\/wp-content\/uploads\/2024\/03\/Anna-Fabrizio-french-wedding-25-700x466.jpg 700w, https:\/\/frenchwedding.hu\/wp-content\/uploads\/2024\/03\/Anna-Fabrizio-french-wedding-25-768x512.jpg 768w, https:\/\/frenchwedding.hu\/wp-content\/uploads\/2024\/03\/Anna-Fabrizio-french-wedding-25-1536x1023.jpg 1536w, https:\/\/frenchwedding.hu\/wp-content\/uploads\/2024\/03\/Anna-Fabrizio-french-wedding-25.jpg 1600w\" sizes=\"(max-width: 800px) 100vw, 800px\" \/><\/div><div class=\"uael-grid-img-overlay\"><\/div><\/a><\/div><\/div><div class=\"uael-grid-item  uael-img-gallery-item-5\"><div class=\"uael-grid-item-content\"><a class=\"uael-grid-img uael-grid-gallery-img uael-ins-hover elementor-clickable\" data-fancybox=\"uael-gallery\" href=\"https:\/\/frenchwedding.hu\/wp-content\/uploads\/2024\/03\/Anna-Fabrizio-french-wedding-24.jpg\" data-elementor-open-lightbox=\"no\"><div class=\"uael-grid-img-thumbnail uael-ins-target\"><img loading=\"lazy\" decoding=\"async\" width=\"683\" height=\"1024\" src=\"https:\/\/frenchwedding.hu\/wp-content\/uploads\/2024\/03\/Anna-Fabrizio-french-wedding-24-683x1024.jpg\" class=\"attachment-large size-large wp-image-195\" alt=\"Anna &amp; Fabrizio French Wedding\" srcset=\"https:\/\/frenchwedding.hu\/wp-content\/uploads\/2024\/03\/Anna-Fabrizio-french-wedding-24-683x1024.jpg 683w, https:\/\/frenchwedding.hu\/wp-content\/uploads\/2024\/03\/Anna-Fabrizio-french-wedding-24-467x700.jpg 467w, https:\/\/frenchwedding.hu\/wp-content\/uploads\/2024\/03\/Anna-Fabrizio-french-wedding-24-768x1152.jpg 768w, https:\/\/frenchwedding.hu\/wp-content\/uploads\/2024\/03\/Anna-Fabrizio-french-wedding-24-1024x1536.jpg 1024w, https:\/\/frenchwedding.hu\/wp-content\/uploads\/2024\/03\/Anna-Fabrizio-french-wedding-24.jpg 1067w\" sizes=\"(max-width: 683px) 100vw, 683px\" \/><\/div><div class=\"uael-grid-img-overlay\"><\/div><\/a><\/div><\/div><div class=\"uael-grid-item  uael-img-gallery-item-6\"><div class=\"uael-grid-item-content\"><a class=\"uael-grid-img uael-grid-gallery-img uael-ins-hover elementor-clickable\" data-fancybox=\"uael-gallery\" href=\"https:\/\/frenchwedding.hu\/wp-content\/uploads\/2024\/03\/Anna-Fabrizio-french-wedding-23.jpg\" data-elementor-open-lightbox=\"no\"><div class=\"uael-grid-img-thumbnail uael-ins-target\"><img loading=\"lazy\" decoding=\"async\" width=\"800\" height=\"533\" src=\"https:\/\/frenchwedding.hu\/wp-content\/uploads\/2024\/03\/Anna-Fabrizio-french-wedding-23-1024x682.jpg\" class=\"attachment-large size-large wp-image-194\" alt=\"Anna &amp; Fabrizio French Wedding\" srcset=\"https:\/\/frenchwedding.hu\/wp-content\/uploads\/2024\/03\/Anna-Fabrizio-french-wedding-23-1024x682.jpg 1024w, https:\/\/frenchwedding.hu\/wp-content\/uploads\/2024\/03\/Anna-Fabrizio-french-wedding-23-700x466.jpg 700w, https:\/\/frenchwedding.hu\/wp-content\/uploads\/2024\/03\/Anna-Fabrizio-french-wedding-23-768x512.jpg 768w, https:\/\/frenchwedding.hu\/wp-content\/uploads\/2024\/03\/Anna-Fabrizio-french-wedding-23-1536x1023.jpg 1536w, https:\/\/frenchwedding.hu\/wp-content\/uploads\/2024\/03\/Anna-Fabrizio-french-wedding-23.jpg 1600w\" sizes=\"(max-width: 800px) 100vw, 800px\" \/><\/div><div class=\"uael-grid-img-overlay\"><\/div><\/a><\/div><\/div><div class=\"uael-grid-item  uael-img-gallery-item-7\"><div class=\"uael-grid-item-content\"><a class=\"uael-grid-img uael-grid-gallery-img uael-ins-hover elementor-clickable\" data-fancybox=\"uael-gallery\" href=\"https:\/\/frenchwedding.hu\/wp-content\/uploads\/2024\/03\/Anna-Fabrizio-french-wedding-22.jpg\" data-elementor-open-lightbox=\"no\"><div class=\"uael-grid-img-thumbnail uael-ins-target\"><img loading=\"lazy\" decoding=\"async\" width=\"683\" height=\"1024\" src=\"https:\/\/frenchwedding.hu\/wp-content\/uploads\/2024\/03\/Anna-Fabrizio-french-wedding-22-683x1024.jpg\" class=\"attachment-large size-large wp-image-193\" alt=\"Anna &amp; Fabrizio French Wedding\" srcset=\"https:\/\/frenchwedding.hu\/wp-content\/uploads\/2024\/03\/Anna-Fabrizio-french-wedding-22-683x1024.jpg 683w, https:\/\/frenchwedding.hu\/wp-content\/uploads\/2024\/03\/Anna-Fabrizio-french-wedding-22-467x700.jpg 467w, https:\/\/frenchwedding.hu\/wp-content\/uploads\/2024\/03\/Anna-Fabrizio-french-wedding-22-768x1152.jpg 768w, https:\/\/frenchwedding.hu\/wp-content\/uploads\/2024\/03\/Anna-Fabrizio-french-wedding-22-1024x1536.jpg 1024w, https:\/\/frenchwedding.hu\/wp-content\/uploads\/2024\/03\/Anna-Fabrizio-french-wedding-22.jpg 1067w\" sizes=\"(max-width: 683px) 100vw, 683px\" \/><\/div><div class=\"uael-grid-img-overlay\"><\/div><\/a><\/div><\/div><div class=\"uael-grid-item  uael-img-gallery-item-8\"><div class=\"uael-grid-item-content\"><a class=\"uael-grid-img uael-grid-gallery-img uael-ins-hover elementor-clickable\" data-fancybox=\"uael-gallery\" href=\"https:\/\/frenchwedding.hu\/wp-content\/uploads\/2024\/03\/Anna-Fabrizio-french-wedding-21.jpg\" data-elementor-open-lightbox=\"no\"><div class=\"uael-grid-img-thumbnail uael-ins-target\"><img loading=\"lazy\" decoding=\"async\" width=\"800\" height=\"533\" src=\"https:\/\/frenchwedding.hu\/wp-content\/uploads\/2024\/03\/Anna-Fabrizio-french-wedding-21-1024x682.jpg\" class=\"attachment-large size-large wp-image-192\" alt=\"Anna &amp; Fabrizio French Wedding\" srcset=\"https:\/\/frenchwedding.hu\/wp-content\/uploads\/2024\/03\/Anna-Fabrizio-french-wedding-21-1024x682.jpg 1024w, https:\/\/frenchwedding.hu\/wp-content\/uploads\/2024\/03\/Anna-Fabrizio-french-wedding-21-700x466.jpg 700w, https:\/\/frenchwedding.hu\/wp-content\/uploads\/2024\/03\/Anna-Fabrizio-french-wedding-21-768x512.jpg 768w, https:\/\/frenchwedding.hu\/wp-content\/uploads\/2024\/03\/Anna-Fabrizio-french-wedding-21-1536x1023.jpg 1536w, https:\/\/frenchwedding.hu\/wp-content\/uploads\/2024\/03\/Anna-Fabrizio-french-wedding-21.jpg 1600w\" sizes=\"(max-width: 800px) 100vw, 800px\" \/><\/div><div class=\"uael-grid-img-overlay\"><\/div><\/a><\/div><\/div><div class=\"uael-grid-item  uael-img-gallery-item-9\"><div class=\"uael-grid-item-content\"><a class=\"uael-grid-img uael-grid-gallery-img uael-ins-hover elementor-clickable\" data-fancybox=\"uael-gallery\" href=\"https:\/\/frenchwedding.hu\/wp-content\/uploads\/2024\/03\/Anna-Fabrizio-french-wedding-20.jpg\" data-elementor-open-lightbox=\"no\"><div class=\"uael-grid-img-thumbnail uael-ins-target\"><img loading=\"lazy\" decoding=\"async\" width=\"800\" height=\"533\" src=\"https:\/\/frenchwedding.hu\/wp-content\/uploads\/2024\/03\/Anna-Fabrizio-french-wedding-20-1024x682.jpg\" class=\"attachment-large size-large wp-image-191\" alt=\"Anna &amp; Fabrizio French Wedding\" srcset=\"https:\/\/frenchwedding.hu\/wp-content\/uploads\/2024\/03\/Anna-Fabrizio-french-wedding-20-1024x682.jpg 1024w, https:\/\/frenchwedding.hu\/wp-content\/uploads\/2024\/03\/Anna-Fabrizio-french-wedding-20-700x466.jpg 700w, https:\/\/frenchwedding.hu\/wp-content\/uploads\/2024\/03\/Anna-Fabrizio-french-wedding-20-768x512.jpg 768w, https:\/\/frenchwedding.hu\/wp-content\/uploads\/2024\/03\/Anna-Fabrizio-french-wedding-20-1536x1023.jpg 1536w, https:\/\/frenchwedding.hu\/wp-content\/uploads\/2024\/03\/Anna-Fabrizio-french-wedding-20.jpg 1600w\" sizes=\"(max-width: 800px) 100vw, 800px\" \/><\/div><div class=\"uael-grid-img-overlay\"><\/div><\/a><\/div><\/div><div class=\"uael-grid-item  uael-img-gallery-item-10\"><div class=\"uael-grid-item-content\"><a class=\"uael-grid-img uael-grid-gallery-img uael-ins-hover elementor-clickable\" data-fancybox=\"uael-gallery\" href=\"https:\/\/frenchwedding.hu\/wp-content\/uploads\/2024\/03\/Anna-Fabrizio-french-wedding-19.jpg\" data-elementor-open-lightbox=\"no\"><div class=\"uael-grid-img-thumbnail uael-ins-target\"><img loading=\"lazy\" decoding=\"async\" width=\"683\" height=\"1024\" src=\"https:\/\/frenchwedding.hu\/wp-content\/uploads\/2024\/03\/Anna-Fabrizio-french-wedding-19-683x1024.jpg\" class=\"attachment-large size-large wp-image-190\" alt=\"Anna &amp; Fabrizio French Wedding\" srcset=\"https:\/\/frenchwedding.hu\/wp-content\/uploads\/2024\/03\/Anna-Fabrizio-french-wedding-19-683x1024.jpg 683w, https:\/\/frenchwedding.hu\/wp-content\/uploads\/2024\/03\/Anna-Fabrizio-french-wedding-19-467x700.jpg 467w, https:\/\/frenchwedding.hu\/wp-content\/uploads\/2024\/03\/Anna-Fabrizio-french-wedding-19-768x1152.jpg 768w, https:\/\/frenchwedding.hu\/wp-content\/uploads\/2024\/03\/Anna-Fabrizio-french-wedding-19-1024x1536.jpg 1024w, https:\/\/frenchwedding.hu\/wp-content\/uploads\/2024\/03\/Anna-Fabrizio-french-wedding-19.jpg 1067w\" sizes=\"(max-width: 683px) 100vw, 683px\" \/><\/div><div class=\"uael-grid-img-overlay\"><\/div><\/a><\/div><\/div><div class=\"uael-grid-item  uael-img-gallery-item-11\"><div class=\"uael-grid-item-content\"><a class=\"uael-grid-img uael-grid-gallery-img uael-ins-hover elementor-clickable\" data-fancybox=\"uael-gallery\" href=\"https:\/\/frenchwedding.hu\/wp-content\/uploads\/2024\/03\/Anna-Fabrizio-french-wedding-18.jpg\" data-elementor-open-lightbox=\"no\"><div class=\"uael-grid-img-thumbnail uael-ins-target\"><img loading=\"lazy\" decoding=\"async\" width=\"683\" height=\"1024\" src=\"https:\/\/frenchwedding.hu\/wp-content\/uploads\/2024\/03\/Anna-Fabrizio-french-wedding-18-683x1024.jpg\" class=\"attachment-large size-large wp-image-189\" alt=\"Anna &amp; Fabrizio French Wedding\" srcset=\"https:\/\/frenchwedding.hu\/wp-content\/uploads\/2024\/03\/Anna-Fabrizio-french-wedding-18-683x1024.jpg 683w, https:\/\/frenchwedding.hu\/wp-content\/uploads\/2024\/03\/Anna-Fabrizio-french-wedding-18-467x700.jpg 467w, https:\/\/frenchwedding.hu\/wp-content\/uploads\/2024\/03\/Anna-Fabrizio-french-wedding-18-768x1152.jpg 768w, https:\/\/frenchwedding.hu\/wp-content\/uploads\/2024\/03\/Anna-Fabrizio-french-wedding-18-1024x1536.jpg 1024w, https:\/\/frenchwedding.hu\/wp-content\/uploads\/2024\/03\/Anna-Fabrizio-french-wedding-18.jpg 1067w\" sizes=\"(max-width: 683px) 100vw, 683px\" \/><\/div><div class=\"uael-grid-img-overlay\"><\/div><\/a><\/div><\/div><div class=\"uael-grid-item  uael-img-gallery-item-12\"><div class=\"uael-grid-item-content\"><a class=\"uael-grid-img uael-grid-gallery-img uael-ins-hover elementor-clickable\" data-fancybox=\"uael-gallery\" href=\"https:\/\/frenchwedding.hu\/wp-content\/uploads\/2024\/03\/Anna-Fabrizio-french-wedding-17.jpg\" data-elementor-open-lightbox=\"no\"><div class=\"uael-grid-img-thumbnail uael-ins-target\"><img loading=\"lazy\" decoding=\"async\" width=\"683\" height=\"1024\" src=\"https:\/\/frenchwedding.hu\/wp-content\/uploads\/2024\/03\/Anna-Fabrizio-french-wedding-17-683x1024.jpg\" class=\"attachment-large size-large wp-image-188\" alt=\"Anna &amp; Fabrizio French Wedding\" srcset=\"https:\/\/frenchwedding.hu\/wp-content\/uploads\/2024\/03\/Anna-Fabrizio-french-wedding-17-683x1024.jpg 683w, https:\/\/frenchwedding.hu\/wp-content\/uploads\/2024\/03\/Anna-Fabrizio-french-wedding-17-467x700.jpg 467w, https:\/\/frenchwedding.hu\/wp-content\/uploads\/2024\/03\/Anna-Fabrizio-french-wedding-17-768x1152.jpg 768w, https:\/\/frenchwedding.hu\/wp-content\/uploads\/2024\/03\/Anna-Fabrizio-french-wedding-17-1024x1536.jpg 1024w, https:\/\/frenchwedding.hu\/wp-content\/uploads\/2024\/03\/Anna-Fabrizio-french-wedding-17.jpg 1067w\" sizes=\"(max-width: 683px) 100vw, 683px\" \/><\/div><div class=\"uael-grid-img-overlay\"><\/div><\/a><\/div><\/div><div class=\"uael-grid-item  uael-img-gallery-item-13\"><div class=\"uael-grid-item-content\"><a class=\"uael-grid-img uael-grid-gallery-img uael-ins-hover elementor-clickable\" data-fancybox=\"uael-gallery\" href=\"https:\/\/frenchwedding.hu\/wp-content\/uploads\/2024\/03\/Anna-Fabrizio-french-wedding-16.jpg\" data-elementor-open-lightbox=\"no\"><div class=\"uael-grid-img-thumbnail uael-ins-target\"><img loading=\"lazy\" decoding=\"async\" width=\"800\" height=\"533\" src=\"https:\/\/frenchwedding.hu\/wp-content\/uploads\/2024\/03\/Anna-Fabrizio-french-wedding-16-1024x682.jpg\" class=\"attachment-large size-large wp-image-187\" alt=\"Anna &amp; Fabrizio French Wedding\" srcset=\"https:\/\/frenchwedding.hu\/wp-content\/uploads\/2024\/03\/Anna-Fabrizio-french-wedding-16-1024x682.jpg 1024w, https:\/\/frenchwedding.hu\/wp-content\/uploads\/2024\/03\/Anna-Fabrizio-french-wedding-16-700x466.jpg 700w, https:\/\/frenchwedding.hu\/wp-content\/uploads\/2024\/03\/Anna-Fabrizio-french-wedding-16-768x512.jpg 768w, https:\/\/frenchwedding.hu\/wp-content\/uploads\/2024\/03\/Anna-Fabrizio-french-wedding-16-1536x1023.jpg 1536w, https:\/\/frenchwedding.hu\/wp-content\/uploads\/2024\/03\/Anna-Fabrizio-french-wedding-16.jpg 1600w\" sizes=\"(max-width: 800px) 100vw, 800px\" \/><\/div><div class=\"uael-grid-img-overlay\"><\/div><\/a><\/div><\/div><div class=\"uael-grid-item  uael-img-gallery-item-14\"><div class=\"uael-grid-item-content\"><a class=\"uael-grid-img uael-grid-gallery-img uael-ins-hover elementor-clickable\" data-fancybox=\"uael-gallery\" href=\"https:\/\/frenchwedding.hu\/wp-content\/uploads\/2024\/03\/Anna-Fabrizio-french-wedding-15.jpg\" data-elementor-open-lightbox=\"no\"><div class=\"uael-grid-img-thumbnail uael-ins-target\"><img loading=\"lazy\" decoding=\"async\" width=\"683\" height=\"1024\" src=\"https:\/\/frenchwedding.hu\/wp-content\/uploads\/2024\/03\/Anna-Fabrizio-french-wedding-15-683x1024.jpg\" class=\"attachment-large size-large wp-image-186\" alt=\"Anna &amp; Fabrizio French Wedding\" srcset=\"https:\/\/frenchwedding.hu\/wp-content\/uploads\/2024\/03\/Anna-Fabrizio-french-wedding-15-683x1024.jpg 683w, https:\/\/frenchwedding.hu\/wp-content\/uploads\/2024\/03\/Anna-Fabrizio-french-wedding-15-467x700.jpg 467w, https:\/\/frenchwedding.hu\/wp-content\/uploads\/2024\/03\/Anna-Fabrizio-french-wedding-15-768x1152.jpg 768w, https:\/\/frenchwedding.hu\/wp-content\/uploads\/2024\/03\/Anna-Fabrizio-french-wedding-15-1024x1536.jpg 1024w, https:\/\/frenchwedding.hu\/wp-content\/uploads\/2024\/03\/Anna-Fabrizio-french-wedding-15.jpg 1067w\" sizes=\"(max-width: 683px) 100vw, 683px\" \/><\/div><div class=\"uael-grid-img-overlay\"><\/div><\/a><\/div><\/div><div class=\"uael-grid-item  uael-img-gallery-item-15\"><div class=\"uael-grid-item-content\"><a class=\"uael-grid-img uael-grid-gallery-img uael-ins-hover elementor-clickable\" data-fancybox=\"uael-gallery\" href=\"https:\/\/frenchwedding.hu\/wp-content\/uploads\/2024\/03\/Anna-Fabrizio-french-wedding-14.jpg\" data-elementor-open-lightbox=\"no\"><div class=\"uael-grid-img-thumbnail uael-ins-target\"><img loading=\"lazy\" decoding=\"async\" width=\"683\" height=\"1024\" src=\"https:\/\/frenchwedding.hu\/wp-content\/uploads\/2024\/03\/Anna-Fabrizio-french-wedding-14-683x1024.jpg\" class=\"attachment-large size-large wp-image-185\" alt=\"Anna &amp; Fabrizio French Wedding\" srcset=\"https:\/\/frenchwedding.hu\/wp-content\/uploads\/2024\/03\/Anna-Fabrizio-french-wedding-14-683x1024.jpg 683w, https:\/\/frenchwedding.hu\/wp-content\/uploads\/2024\/03\/Anna-Fabrizio-french-wedding-14-467x700.jpg 467w, https:\/\/frenchwedding.hu\/wp-content\/uploads\/2024\/03\/Anna-Fabrizio-french-wedding-14-768x1152.jpg 768w, https:\/\/frenchwedding.hu\/wp-content\/uploads\/2024\/03\/Anna-Fabrizio-french-wedding-14-1024x1536.jpg 1024w, https:\/\/frenchwedding.hu\/wp-content\/uploads\/2024\/03\/Anna-Fabrizio-french-wedding-14.jpg 1067w\" sizes=\"(max-width: 683px) 100vw, 683px\" \/><\/div><div class=\"uael-grid-img-overlay\"><\/div><\/a><\/div><\/div><div class=\"uael-grid-item  uael-img-gallery-item-16\"><div class=\"uael-grid-item-content\"><a class=\"uael-grid-img uael-grid-gallery-img uael-ins-hover elementor-clickable\" data-fancybox=\"uael-gallery\" href=\"https:\/\/frenchwedding.hu\/wp-content\/uploads\/2024\/03\/Anna-Fabrizio-french-wedding-13.jpg\" data-elementor-open-lightbox=\"no\"><div class=\"uael-grid-img-thumbnail uael-ins-target\"><img loading=\"lazy\" decoding=\"async\" width=\"683\" height=\"1024\" src=\"https:\/\/frenchwedding.hu\/wp-content\/uploads\/2024\/03\/Anna-Fabrizio-french-wedding-13-683x1024.jpg\" class=\"attachment-large size-large wp-image-184\" alt=\"Anna &amp; Fabrizio French Wedding\" srcset=\"https:\/\/frenchwedding.hu\/wp-content\/uploads\/2024\/03\/Anna-Fabrizio-french-wedding-13-683x1024.jpg 683w, https:\/\/frenchwedding.hu\/wp-content\/uploads\/2024\/03\/Anna-Fabrizio-french-wedding-13-467x700.jpg 467w, https:\/\/frenchwedding.hu\/wp-content\/uploads\/2024\/03\/Anna-Fabrizio-french-wedding-13-768x1152.jpg 768w, https:\/\/frenchwedding.hu\/wp-content\/uploads\/2024\/03\/Anna-Fabrizio-french-wedding-13-1024x1536.jpg 1024w, https:\/\/frenchwedding.hu\/wp-content\/uploads\/2024\/03\/Anna-Fabrizio-french-wedding-13.jpg 1067w\" sizes=\"(max-width: 683px) 100vw, 683px\" \/><\/div><div class=\"uael-grid-img-overlay\"><\/div><\/a><\/div><\/div><div class=\"uael-grid-item  uael-img-gallery-item-17\"><div class=\"uael-grid-item-content\"><a class=\"uael-grid-img uael-grid-gallery-img uael-ins-hover elementor-clickable\" data-fancybox=\"uael-gallery\" href=\"https:\/\/frenchwedding.hu\/wp-content\/uploads\/2024\/03\/Anna-Fabrizio-french-wedding-12.jpg\" data-elementor-open-lightbox=\"no\"><div class=\"uael-grid-img-thumbnail uael-ins-target\"><img loading=\"lazy\" decoding=\"async\" width=\"800\" height=\"533\" src=\"https:\/\/frenchwedding.hu\/wp-content\/uploads\/2024\/03\/Anna-Fabrizio-french-wedding-12-1024x682.jpg\" class=\"attachment-large size-large wp-image-183\" alt=\"Anna &amp; Fabrizio French Wedding\" srcset=\"https:\/\/frenchwedding.hu\/wp-content\/uploads\/2024\/03\/Anna-Fabrizio-french-wedding-12-1024x682.jpg 1024w, https:\/\/frenchwedding.hu\/wp-content\/uploads\/2024\/03\/Anna-Fabrizio-french-wedding-12-700x466.jpg 700w, https:\/\/frenchwedding.hu\/wp-content\/uploads\/2024\/03\/Anna-Fabrizio-french-wedding-12-768x512.jpg 768w, https:\/\/frenchwedding.hu\/wp-content\/uploads\/2024\/03\/Anna-Fabrizio-french-wedding-12-1536x1023.jpg 1536w, https:\/\/frenchwedding.hu\/wp-content\/uploads\/2024\/03\/Anna-Fabrizio-french-wedding-12.jpg 1600w\" sizes=\"(max-width: 800px) 100vw, 800px\" \/><\/div><div class=\"uael-grid-img-overlay\"><\/div><\/a><\/div><\/div><div class=\"uael-grid-item  uael-img-gallery-item-18\"><div class=\"uael-grid-item-content\"><a class=\"uael-grid-img uael-grid-gallery-img uael-ins-hover elementor-clickable\" data-fancybox=\"uael-gallery\" href=\"https:\/\/frenchwedding.hu\/wp-content\/uploads\/2024\/03\/Anna-Fabrizio-french-wedding-11.jpg\" data-elementor-open-lightbox=\"no\"><div class=\"uael-grid-img-thumbnail uael-ins-target\"><img loading=\"lazy\" decoding=\"async\" width=\"800\" height=\"533\" src=\"https:\/\/frenchwedding.hu\/wp-content\/uploads\/2024\/03\/Anna-Fabrizio-french-wedding-11-1024x682.jpg\" class=\"attachment-large size-large wp-image-182\" alt=\"Anna &amp; Fabrizio French Wedding\" srcset=\"https:\/\/frenchwedding.hu\/wp-content\/uploads\/2024\/03\/Anna-Fabrizio-french-wedding-11-1024x682.jpg 1024w, https:\/\/frenchwedding.hu\/wp-content\/uploads\/2024\/03\/Anna-Fabrizio-french-wedding-11-700x466.jpg 700w, https:\/\/frenchwedding.hu\/wp-content\/uploads\/2024\/03\/Anna-Fabrizio-french-wedding-11-768x512.jpg 768w, https:\/\/frenchwedding.hu\/wp-content\/uploads\/2024\/03\/Anna-Fabrizio-french-wedding-11-1536x1023.jpg 1536w, https:\/\/frenchwedding.hu\/wp-content\/uploads\/2024\/03\/Anna-Fabrizio-french-wedding-11.jpg 1600w\" sizes=\"(max-width: 800px) 100vw, 800px\" \/><\/div><div class=\"uael-grid-img-overlay\"><\/div><\/a><\/div><\/div><div class=\"uael-grid-item  uael-img-gallery-item-19\"><div class=\"uael-grid-item-content\"><a class=\"uael-grid-img uael-grid-gallery-img uael-ins-hover elementor-clickable\" data-fancybox=\"uael-gallery\" href=\"https:\/\/frenchwedding.hu\/wp-content\/uploads\/2024\/03\/Anna-Fabrizio-french-wedding-10.jpg\" data-elementor-open-lightbox=\"no\"><div class=\"uael-grid-img-thumbnail uael-ins-target\"><img loading=\"lazy\" decoding=\"async\" width=\"800\" height=\"533\" src=\"https:\/\/frenchwedding.hu\/wp-content\/uploads\/2024\/03\/Anna-Fabrizio-french-wedding-10-1024x682.jpg\" class=\"attachment-large size-large wp-image-181\" alt=\"Anna &amp; Fabrizio French Wedding\" srcset=\"https:\/\/frenchwedding.hu\/wp-content\/uploads\/2024\/03\/Anna-Fabrizio-french-wedding-10-1024x682.jpg 1024w, https:\/\/frenchwedding.hu\/wp-content\/uploads\/2024\/03\/Anna-Fabrizio-french-wedding-10-700x466.jpg 700w, https:\/\/frenchwedding.hu\/wp-content\/uploads\/2024\/03\/Anna-Fabrizio-french-wedding-10-768x512.jpg 768w, https:\/\/frenchwedding.hu\/wp-content\/uploads\/2024\/03\/Anna-Fabrizio-french-wedding-10-1536x1023.jpg 1536w, https:\/\/frenchwedding.hu\/wp-content\/uploads\/2024\/03\/Anna-Fabrizio-french-wedding-10.jpg 1600w\" sizes=\"(max-width: 800px) 100vw, 800px\" \/><\/div><div class=\"uael-grid-img-overlay\"><\/div><\/a><\/div><\/div><div class=\"uael-grid-item  uael-img-gallery-item-20\"><div class=\"uael-grid-item-content\"><a class=\"uael-grid-img uael-grid-gallery-img uael-ins-hover elementor-clickable\" data-fancybox=\"uael-gallery\" href=\"https:\/\/frenchwedding.hu\/wp-content\/uploads\/2024\/03\/Anna-Fabrizio-french-wedding-9.jpg\" data-elementor-open-lightbox=\"no\"><div class=\"uael-grid-img-thumbnail uael-ins-target\"><img loading=\"lazy\" decoding=\"async\" width=\"683\" height=\"1024\" src=\"https:\/\/frenchwedding.hu\/wp-content\/uploads\/2024\/03\/Anna-Fabrizio-french-wedding-9-683x1024.jpg\" class=\"attachment-large size-large wp-image-180\" alt=\"Anna &amp; Fabrizio French Wedding\" srcset=\"https:\/\/frenchwedding.hu\/wp-content\/uploads\/2024\/03\/Anna-Fabrizio-french-wedding-9-683x1024.jpg 683w, https:\/\/frenchwedding.hu\/wp-content\/uploads\/2024\/03\/Anna-Fabrizio-french-wedding-9-467x700.jpg 467w, https:\/\/frenchwedding.hu\/wp-content\/uploads\/2024\/03\/Anna-Fabrizio-french-wedding-9-768x1152.jpg 768w, https:\/\/frenchwedding.hu\/wp-content\/uploads\/2024\/03\/Anna-Fabrizio-french-wedding-9-1024x1536.jpg 1024w, https:\/\/frenchwedding.hu\/wp-content\/uploads\/2024\/03\/Anna-Fabrizio-french-wedding-9.jpg 1067w\" sizes=\"(max-width: 683px) 100vw, 683px\" \/><\/div><div class=\"uael-grid-img-overlay\"><\/div><\/a><\/div><\/div><div class=\"uael-grid-item  uael-img-gallery-item-21\"><div class=\"uael-grid-item-content\"><a class=\"uael-grid-img uael-grid-gallery-img uael-ins-hover elementor-clickable\" data-fancybox=\"uael-gallery\" href=\"https:\/\/frenchwedding.hu\/wp-content\/uploads\/2024\/03\/Anna-Fabrizio-french-wedding-8.jpg\" data-elementor-open-lightbox=\"no\"><div class=\"uael-grid-img-thumbnail uael-ins-target\"><img loading=\"lazy\" decoding=\"async\" width=\"800\" height=\"533\" src=\"https:\/\/frenchwedding.hu\/wp-content\/uploads\/2024\/03\/Anna-Fabrizio-french-wedding-8-1024x682.jpg\" class=\"attachment-large size-large wp-image-179\" alt=\"Anna &amp; Fabrizio French Wedding\" srcset=\"https:\/\/frenchwedding.hu\/wp-content\/uploads\/2024\/03\/Anna-Fabrizio-french-wedding-8-1024x682.jpg 1024w, https:\/\/frenchwedding.hu\/wp-content\/uploads\/2024\/03\/Anna-Fabrizio-french-wedding-8-700x466.jpg 700w, https:\/\/frenchwedding.hu\/wp-content\/uploads\/2024\/03\/Anna-Fabrizio-french-wedding-8-768x512.jpg 768w, https:\/\/frenchwedding.hu\/wp-content\/uploads\/2024\/03\/Anna-Fabrizio-french-wedding-8-1536x1023.jpg 1536w, https:\/\/frenchwedding.hu\/wp-content\/uploads\/2024\/03\/Anna-Fabrizio-french-wedding-8.jpg 1600w\" sizes=\"(max-width: 800px) 100vw, 800px\" \/><\/div><div class=\"uael-grid-img-overlay\"><\/div><\/a><\/div><\/div><div class=\"uael-grid-item  uael-img-gallery-item-22\"><div class=\"uael-grid-item-content\"><a class=\"uael-grid-img uael-grid-gallery-img uael-ins-hover elementor-clickable\" data-fancybox=\"uael-gallery\" href=\"https:\/\/frenchwedding.hu\/wp-content\/uploads\/2024\/03\/Anna-Fabrizio-french-wedding-7.jpg\" data-elementor-open-lightbox=\"no\"><div class=\"uael-grid-img-thumbnail uael-ins-target\"><img loading=\"lazy\" decoding=\"async\" width=\"683\" height=\"1024\" src=\"https:\/\/frenchwedding.hu\/wp-content\/uploads\/2024\/03\/Anna-Fabrizio-french-wedding-7-683x1024.jpg\" class=\"attachment-large size-large wp-image-178\" alt=\"Anna &amp; Fabrizio French Wedding\" srcset=\"https:\/\/frenchwedding.hu\/wp-content\/uploads\/2024\/03\/Anna-Fabrizio-french-wedding-7-683x1024.jpg 683w, https:\/\/frenchwedding.hu\/wp-content\/uploads\/2024\/03\/Anna-Fabrizio-french-wedding-7-467x700.jpg 467w, https:\/\/frenchwedding.hu\/wp-content\/uploads\/2024\/03\/Anna-Fabrizio-french-wedding-7-768x1152.jpg 768w, https:\/\/frenchwedding.hu\/wp-content\/uploads\/2024\/03\/Anna-Fabrizio-french-wedding-7-1024x1536.jpg 1024w, https:\/\/frenchwedding.hu\/wp-content\/uploads\/2024\/03\/Anna-Fabrizio-french-wedding-7.jpg 1067w\" sizes=\"(max-width: 683px) 100vw, 683px\" \/><\/div><div class=\"uael-grid-img-overlay\"><\/div><\/a><\/div><\/div><div class=\"uael-grid-item  uael-img-gallery-item-23\"><div class=\"uael-grid-item-content\"><a class=\"uael-grid-img uael-grid-gallery-img uael-ins-hover elementor-clickable\" data-fancybox=\"uael-gallery\" href=\"https:\/\/frenchwedding.hu\/wp-content\/uploads\/2024\/03\/Anna-Fabrizio-french-wedding-6.jpg\" data-elementor-open-lightbox=\"no\"><div class=\"uael-grid-img-thumbnail uael-ins-target\"><img loading=\"lazy\" decoding=\"async\" width=\"683\" height=\"1024\" src=\"https:\/\/frenchwedding.hu\/wp-content\/uploads\/2024\/03\/Anna-Fabrizio-french-wedding-6-683x1024.jpg\" class=\"attachment-large size-large wp-image-177\" alt=\"Anna &amp; Fabrizio French Wedding\" srcset=\"https:\/\/frenchwedding.hu\/wp-content\/uploads\/2024\/03\/Anna-Fabrizio-french-wedding-6-683x1024.jpg 683w, https:\/\/frenchwedding.hu\/wp-content\/uploads\/2024\/03\/Anna-Fabrizio-french-wedding-6-467x700.jpg 467w, https:\/\/frenchwedding.hu\/wp-content\/uploads\/2024\/03\/Anna-Fabrizio-french-wedding-6-768x1152.jpg 768w, https:\/\/frenchwedding.hu\/wp-content\/uploads\/2024\/03\/Anna-Fabrizio-french-wedding-6-1024x1536.jpg 1024w, https:\/\/frenchwedding.hu\/wp-content\/uploads\/2024\/03\/Anna-Fabrizio-french-wedding-6.jpg 1067w\" sizes=\"(max-width: 683px) 100vw, 683px\" \/><\/div><div class=\"uael-grid-img-overlay\"><\/div><\/a><\/div><\/div><div class=\"uael-grid-item  uael-img-gallery-item-24\"><div class=\"uael-grid-item-content\"><a class=\"uael-grid-img uael-grid-gallery-img uael-ins-hover elementor-clickable\" data-fancybox=\"uael-gallery\" href=\"https:\/\/frenchwedding.hu\/wp-content\/uploads\/2024\/03\/Anna-Fabrizio-french-wedding-5.jpg\" data-elementor-open-lightbox=\"no\"><div class=\"uael-grid-img-thumbnail uael-ins-target\"><img loading=\"lazy\" decoding=\"async\" width=\"683\" height=\"1024\" src=\"https:\/\/frenchwedding.hu\/wp-content\/uploads\/2024\/03\/Anna-Fabrizio-french-wedding-5-683x1024.jpg\" class=\"attachment-large size-large wp-image-176\" alt=\"Anna &amp; Fabrizio French Wedding\" srcset=\"https:\/\/frenchwedding.hu\/wp-content\/uploads\/2024\/03\/Anna-Fabrizio-french-wedding-5-683x1024.jpg 683w, https:\/\/frenchwedding.hu\/wp-content\/uploads\/2024\/03\/Anna-Fabrizio-french-wedding-5-467x700.jpg 467w, https:\/\/frenchwedding.hu\/wp-content\/uploads\/2024\/03\/Anna-Fabrizio-french-wedding-5-768x1152.jpg 768w, https:\/\/frenchwedding.hu\/wp-content\/uploads\/2024\/03\/Anna-Fabrizio-french-wedding-5-1024x1536.jpg 1024w, https:\/\/frenchwedding.hu\/wp-content\/uploads\/2024\/03\/Anna-Fabrizio-french-wedding-5.jpg 1067w\" sizes=\"(max-width: 683px) 100vw, 683px\" \/><\/div><div class=\"uael-grid-img-overlay\"><\/div><\/a><\/div><\/div><div class=\"uael-grid-item  uael-img-gallery-item-25\"><div class=\"uael-grid-item-content\"><a class=\"uael-grid-img uael-grid-gallery-img uael-ins-hover elementor-clickable\" data-fancybox=\"uael-gallery\" href=\"https:\/\/frenchwedding.hu\/wp-content\/uploads\/2024\/03\/Anna-Fabrizio-french-wedding-4.jpg\" data-elementor-open-lightbox=\"no\"><div class=\"uael-grid-img-thumbnail uael-ins-target\"><img loading=\"lazy\" decoding=\"async\" width=\"683\" height=\"1024\" src=\"https:\/\/frenchwedding.hu\/wp-content\/uploads\/2024\/03\/Anna-Fabrizio-french-wedding-4-683x1024.jpg\" class=\"attachment-large size-large wp-image-175\" alt=\"Anna &amp; Fabrizio French Wedding\" srcset=\"https:\/\/frenchwedding.hu\/wp-content\/uploads\/2024\/03\/Anna-Fabrizio-french-wedding-4-683x1024.jpg 683w, https:\/\/frenchwedding.hu\/wp-content\/uploads\/2024\/03\/Anna-Fabrizio-french-wedding-4-467x700.jpg 467w, https:\/\/frenchwedding.hu\/wp-content\/uploads\/2024\/03\/Anna-Fabrizio-french-wedding-4-768x1152.jpg 768w, https:\/\/frenchwedding.hu\/wp-content\/uploads\/2024\/03\/Anna-Fabrizio-french-wedding-4-1024x1536.jpg 1024w, https:\/\/frenchwedding.hu\/wp-content\/uploads\/2024\/03\/Anna-Fabrizio-french-wedding-4.jpg 1067w\" sizes=\"(max-width: 683px) 100vw, 683px\" \/><\/div><div class=\"uael-grid-img-overlay\"><\/div><\/a><\/div><\/div><div class=\"uael-grid-item  uael-img-gallery-item-26\"><div class=\"uael-grid-item-content\"><a class=\"uael-grid-img uael-grid-gallery-img uael-ins-hover elementor-clickable\" data-fancybox=\"uael-gallery\" href=\"https:\/\/frenchwedding.hu\/wp-content\/uploads\/2024\/03\/Anna-Fabrizio-french-wedding-3.jpg\" data-elementor-open-lightbox=\"no\"><div class=\"uael-grid-img-thumbnail uael-ins-target\"><img loading=\"lazy\" decoding=\"async\" width=\"683\" height=\"1024\" src=\"https:\/\/frenchwedding.hu\/wp-content\/uploads\/2024\/03\/Anna-Fabrizio-french-wedding-3-683x1024.jpg\" class=\"attachment-large size-large wp-image-174\" alt=\"Anna &amp; Fabrizio French Wedding\" srcset=\"https:\/\/frenchwedding.hu\/wp-content\/uploads\/2024\/03\/Anna-Fabrizio-french-wedding-3-683x1024.jpg 683w, https:\/\/frenchwedding.hu\/wp-content\/uploads\/2024\/03\/Anna-Fabrizio-french-wedding-3-467x700.jpg 467w, https:\/\/frenchwedding.hu\/wp-content\/uploads\/2024\/03\/Anna-Fabrizio-french-wedding-3-768x1152.jpg 768w, https:\/\/frenchwedding.hu\/wp-content\/uploads\/2024\/03\/Anna-Fabrizio-french-wedding-3-1024x1536.jpg 1024w, https:\/\/frenchwedding.hu\/wp-content\/uploads\/2024\/03\/Anna-Fabrizio-french-wedding-3.jpg 1067w\" sizes=\"(max-width: 683px) 100vw, 683px\" \/><\/div><div class=\"uael-grid-img-overlay\"><\/div><\/a><\/div><\/div><div class=\"uael-grid-item  uael-img-gallery-item-27\"><div class=\"uael-grid-item-content\"><a class=\"uael-grid-img uael-grid-gallery-img uael-ins-hover elementor-clickable\" data-fancybox=\"uael-gallery\" href=\"https:\/\/frenchwedding.hu\/wp-content\/uploads\/2024\/03\/Anna-Fabrizio-french-wedding-2.jpg\" data-elementor-open-lightbox=\"no\"><div class=\"uael-grid-img-thumbnail uael-ins-target\"><img loading=\"lazy\" decoding=\"async\" width=\"800\" height=\"533\" src=\"https:\/\/frenchwedding.hu\/wp-content\/uploads\/2024\/03\/Anna-Fabrizio-french-wedding-2-1024x682.jpg\" class=\"attachment-large size-large wp-image-173\" alt=\"Anna &amp; Fabrizio French Wedding\" srcset=\"https:\/\/frenchwedding.hu\/wp-content\/uploads\/2024\/03\/Anna-Fabrizio-french-wedding-2-1024x682.jpg 1024w, https:\/\/frenchwedding.hu\/wp-content\/uploads\/2024\/03\/Anna-Fabrizio-french-wedding-2-700x466.jpg 700w, https:\/\/frenchwedding.hu\/wp-content\/uploads\/2024\/03\/Anna-Fabrizio-french-wedding-2-768x512.jpg 768w, https:\/\/frenchwedding.hu\/wp-content\/uploads\/2024\/03\/Anna-Fabrizio-french-wedding-2-1536x1023.jpg 1536w, https:\/\/frenchwedding.hu\/wp-content\/uploads\/2024\/03\/Anna-Fabrizio-french-wedding-2.jpg 1600w\" sizes=\"(max-width: 800px) 100vw, 800px\" \/><\/div><div class=\"uael-grid-img-overlay\"><\/div><\/a><\/div><\/div><\/div><\/div>\t\t<\/div>\n\t\t\t\t<\/div>\n\t\t\t\t<\/div>\n\t\t\t\t<section class=\"elementor-section elementor-top-section elementor-element elementor-element-04ce1f0 elementor-section-full_width elementor-section-height-default elementor-section-height-default\" data-id=\"04ce1f0\" data-element_type=\"section\" data-settings=\"{&quot;background_background&quot;:&quot;classic&quot;}\">\n\t\t\t\t\t\t<div class=\"elementor-container elementor-column-gap-default\">\n\t\t\t\t\t<div class=\"elementor-column elementor-col-100 elementor-top-column elementor-element elementor-element-e04b288\" data-id=\"e04b288\" data-element_type=\"column\">\n\t\t\t<div class=\"elementor-widget-wrap elementor-element-populated\">\n\t\t\t\t\t\t<div class=\"elementor-element elementor-element-0b52c9c elementor-widget elementor-widget-text-editor\" data-id=\"0b52c9c\" data-element_type=\"widget\" data-widget_type=\"text-editor.default\">\n\t\t\t\t<div class=\"elementor-widget-container\">\n\t\t\t\t\t\t\t<p>Wedding planner, master of ceremonies, ma\u00eetre de c\u00e9r\u00e9monie : French Wedding by Muss\u00f3 Zs\u00f3fi<\/p>\n<p>Lieu : Ch\u00e2teau de Vajdahunyad<\/p>\n<p>Restauration : Pearl Event and Wedding<\/p>\n<p>Photo : Misi Photo &#8211; Moln\u00e1r Mih\u00e1ly<\/p>\n\t\t\t\t\t\t<\/div>\n\t\t\t\t<\/div>\n\t\t\t\t\t<\/div>\n\t\t<\/div>\n\t\t\t\t\t<\/div>\n\t\t<\/section>\n\t\t\t\t<\/div>\n\t\t","protected":false},"excerpt":{"rendered":"<p>Anna &amp; Fabrizio Lors du mariage d&rsquo;Anna et Fabrizio, j&rsquo;ai interpr\u00e9t\u00e9 la c\u00e9r\u00e9monie civile officielle en plus de mes fonctions de ma\u00eetre de c\u00e9r\u00e9monie. Leur grand jour a \u00e9t\u00e9 un mariage tri-national hongro-belge-italien, en ce qui concerne les jeunes mari\u00e9s, car les invit\u00e9s venaient du monde entier. Les oui ont \u00e9t\u00e9 prononc\u00e9s dans les magnifiques [&hellip;]<\/p>\n","protected":false},"author":2,"featured_media":1443,"parent":0,"menu_order":0,"comment_status":"closed","ping_status":"closed","template":"","meta":{"footnotes":""},"class_list":["post-2670","page","type-page","status-publish","has-post-thumbnail","hentry"],"yoast_head":"<!-- This site is optimized with the Yoast SEO plugin v22.7 - https:\/\/yoast.com\/wordpress\/plugins\/seo\/ -->\n<title>Anna et Fabrizio au ch\u00e2teau de Vajdahunyad - French Wedding by Muss\u00f3 Zs\u00f3fi<\/title>\n<meta name=\"description\" content=\"Le mariage trinational d&#039;Anna et Fabrizio dans les clo\u00eetres du ch\u00e2teau de Vajdahunyad. ; Duo hongrois-belge-italien, avec des invit\u00e9s du monde entier. Avec des interpr\u00e8tes professionnels, j&#039;ai interpr\u00e9t\u00e9 la c\u00e9r\u00e9monie civile, o\u00f9 les r\u00e9flexions personnelles d&#039;Anna ont surpris tout le monde. Je lui ai parl\u00e9 des th\u00e8ses philosophiques qu&#039;il avait \u00e9crites, et le sourire fier et \u00e9mu de Fabrizio reste inoubliable.\" \/>\n<meta name=\"robots\" content=\"index, follow, max-snippet:-1, max-image-preview:large, max-video-preview:-1\" \/>\n<link rel=\"canonical\" href=\"https:\/\/frenchwedding.hu\/fr\/anna-et-fabrizio-au-chateau-de-vajdahunyad\/\" \/>\n<meta property=\"og:locale\" content=\"fr_FR\" \/>\n<meta property=\"og:type\" content=\"article\" \/>\n<meta property=\"og:title\" content=\"Anna et Fabrizio au ch\u00e2teau de Vajdahunyad - French Wedding by Muss\u00f3 Zs\u00f3fi\" \/>\n<meta property=\"og:description\" content=\"Le mariage trinational d&#039;Anna et Fabrizio dans les clo\u00eetres du ch\u00e2teau de Vajdahunyad. ; Duo hongrois-belge-italien, avec des invit\u00e9s du monde entier. Avec des interpr\u00e8tes professionnels, j&#039;ai interpr\u00e9t\u00e9 la c\u00e9r\u00e9monie civile, o\u00f9 les r\u00e9flexions personnelles d&#039;Anna ont surpris tout le monde. Je lui ai parl\u00e9 des th\u00e8ses philosophiques qu&#039;il avait \u00e9crites, et le sourire fier et \u00e9mu de Fabrizio reste inoubliable.\" \/>\n<meta property=\"og:url\" content=\"https:\/\/frenchwedding.hu\/fr\/anna-et-fabrizio-au-chateau-de-vajdahunyad\/\" \/>\n<meta property=\"og:site_name\" content=\"French Wedding by Muss\u00f3 Zs\u00f3fi\" \/>\n<meta property=\"article:publisher\" content=\"https:\/\/www.facebook.com\/frenchweddingbymussozsofi\" \/>\n<meta property=\"article:modified_time\" content=\"2024-05-08T14:09:39+00:00\" \/>\n<meta property=\"og:image\" content=\"https:\/\/frenchwedding.hu\/wp-content\/uploads\/2024\/03\/Anna-Fabrizio-french-wedding-27-700x466.jpg\" \/>\n<meta name=\"twitter:card\" content=\"summary_large_image\" \/>\n<meta name=\"twitter:label1\" content=\"Dur\u00e9e de lecture estim\u00e9e\" \/>\n\t<meta name=\"twitter:data1\" content=\"2 minutes\" \/>\n<script type=\"application\/ld+json\" class=\"yoast-schema-graph\">{\"@context\":\"https:\/\/schema.org\",\"@graph\":[{\"@type\":\"WebPage\",\"@id\":\"https:\/\/frenchwedding.hu\/fr\/anna-et-fabrizio-au-chateau-de-vajdahunyad\/\",\"url\":\"https:\/\/frenchwedding.hu\/fr\/anna-et-fabrizio-au-chateau-de-vajdahunyad\/\",\"name\":\"Anna et Fabrizio au ch\u00e2teau de Vajdahunyad - French Wedding by Muss\u00f3 Zs\u00f3fi\",\"isPartOf\":{\"@id\":\"https:\/\/frenchwedding.hu\/fr\/#website\"},\"primaryImageOfPage\":{\"@id\":\"https:\/\/frenchwedding.hu\/fr\/anna-et-fabrizio-au-chateau-de-vajdahunyad\/#primaryimage\"},\"image\":{\"@id\":\"https:\/\/frenchwedding.hu\/fr\/anna-et-fabrizio-au-chateau-de-vajdahunyad\/#primaryimage\"},\"thumbnailUrl\":\"https:\/\/frenchwedding.hu\/wp-content\/uploads\/2024\/03\/Anna-Fabrizio-french-wedding-27.jpg\",\"datePublished\":\"2024-03-10T10:59:59+00:00\",\"dateModified\":\"2024-05-08T14:09:39+00:00\",\"description\":\"Le mariage trinational d'Anna et Fabrizio dans les clo\u00eetres du ch\u00e2teau de Vajdahunyad. ; Duo hongrois-belge-italien, avec des invit\u00e9s du monde entier. Avec des interpr\u00e8tes professionnels, j'ai interpr\u00e9t\u00e9 la c\u00e9r\u00e9monie civile, o\u00f9 les r\u00e9flexions personnelles d'Anna ont surpris tout le monde. Je lui ai parl\u00e9 des th\u00e8ses philosophiques qu'il avait \u00e9crites, et le sourire fier et \u00e9mu de Fabrizio reste inoubliable.\",\"breadcrumb\":{\"@id\":\"https:\/\/frenchwedding.hu\/fr\/anna-et-fabrizio-au-chateau-de-vajdahunyad\/#breadcrumb\"},\"inLanguage\":\"fr-FR\",\"potentialAction\":[{\"@type\":\"ReadAction\",\"target\":[\"https:\/\/frenchwedding.hu\/fr\/anna-et-fabrizio-au-chateau-de-vajdahunyad\/\"]}]},{\"@type\":\"ImageObject\",\"inLanguage\":\"fr-FR\",\"@id\":\"https:\/\/frenchwedding.hu\/fr\/anna-et-fabrizio-au-chateau-de-vajdahunyad\/#primaryimage\",\"url\":\"https:\/\/frenchwedding.hu\/wp-content\/uploads\/2024\/03\/Anna-Fabrizio-french-wedding-27.jpg\",\"contentUrl\":\"https:\/\/frenchwedding.hu\/wp-content\/uploads\/2024\/03\/Anna-Fabrizio-french-wedding-27.jpg\",\"width\":1600,\"height\":1066,\"caption\":\"Anna & Fabrizio French Wedding\"},{\"@type\":\"BreadcrumbList\",\"@id\":\"https:\/\/frenchwedding.hu\/fr\/anna-et-fabrizio-au-chateau-de-vajdahunyad\/#breadcrumb\",\"itemListElement\":[{\"@type\":\"ListItem\",\"position\":1,\"name\":\"Kezd\u0151lap\",\"item\":\"https:\/\/frenchwedding.hu\/fr\/accueil\/\"},{\"@type\":\"ListItem\",\"position\":2,\"name\":\"Anna et Fabrizio au ch\u00e2teau de Vajdahunyad\"}]},{\"@type\":\"WebSite\",\"@id\":\"https:\/\/frenchwedding.hu\/fr\/#website\",\"url\":\"https:\/\/frenchwedding.hu\/fr\/\",\"name\":\"French Wedding by Muss\u00f3 Zs\u00f3fi\",\"description\":\"Legyen t\u00f6k\u00e9letes \u00e1lomesk\u00fcv\u0151t\u00f6k, ak\u00e1r francia nyelven is!\",\"publisher\":{\"@id\":\"https:\/\/frenchwedding.hu\/fr\/#organization\"},\"potentialAction\":[{\"@type\":\"SearchAction\",\"target\":{\"@type\":\"EntryPoint\",\"urlTemplate\":\"https:\/\/frenchwedding.hu\/fr\/?s={search_term_string}\"},\"query-input\":\"required name=search_term_string\"}],\"inLanguage\":\"fr-FR\"},{\"@type\":\"Organization\",\"@id\":\"https:\/\/frenchwedding.hu\/fr\/#organization\",\"name\":\"French Wedding\",\"url\":\"https:\/\/frenchwedding.hu\/fr\/\",\"logo\":{\"@type\":\"ImageObject\",\"inLanguage\":\"fr-FR\",\"@id\":\"https:\/\/frenchwedding.hu\/fr\/#\/schema\/logo\/image\/\",\"url\":\"https:\/\/frenchwedding.hu\/wp-content\/uploads\/2024\/02\/french-wedding-logo.png\",\"contentUrl\":\"https:\/\/frenchwedding.hu\/wp-content\/uploads\/2024\/02\/french-wedding-logo.png\",\"width\":419,\"height\":408,\"caption\":\"French Wedding\"},\"image\":{\"@id\":\"https:\/\/frenchwedding.hu\/fr\/#\/schema\/logo\/image\/\"},\"sameAs\":[\"https:\/\/www.facebook.com\/frenchweddingbymussozsofi\"]}]}<\/script>\n<!-- \/ Yoast SEO plugin. -->","yoast_head_json":{"title":"Anna et Fabrizio au ch\u00e2teau de Vajdahunyad - French Wedding by Muss\u00f3 Zs\u00f3fi","description":"Le mariage trinational d'Anna et Fabrizio dans les clo\u00eetres du ch\u00e2teau de Vajdahunyad. ; Duo hongrois-belge-italien, avec des invit\u00e9s du monde entier. Avec des interpr\u00e8tes professionnels, j'ai interpr\u00e9t\u00e9 la c\u00e9r\u00e9monie civile, o\u00f9 les r\u00e9flexions personnelles d'Anna ont surpris tout le monde. Je lui ai parl\u00e9 des th\u00e8ses philosophiques qu'il avait \u00e9crites, et le sourire fier et \u00e9mu de Fabrizio reste inoubliable.","robots":{"index":"index","follow":"follow","max-snippet":"max-snippet:-1","max-image-preview":"max-image-preview:large","max-video-preview":"max-video-preview:-1"},"canonical":"https:\/\/frenchwedding.hu\/fr\/anna-et-fabrizio-au-chateau-de-vajdahunyad\/","og_locale":"fr_FR","og_type":"article","og_title":"Anna et Fabrizio au ch\u00e2teau de Vajdahunyad - French Wedding by Muss\u00f3 Zs\u00f3fi","og_description":"Le mariage trinational d'Anna et Fabrizio dans les clo\u00eetres du ch\u00e2teau de Vajdahunyad. ; Duo hongrois-belge-italien, avec des invit\u00e9s du monde entier. Avec des interpr\u00e8tes professionnels, j'ai interpr\u00e9t\u00e9 la c\u00e9r\u00e9monie civile, o\u00f9 les r\u00e9flexions personnelles d'Anna ont surpris tout le monde. Je lui ai parl\u00e9 des th\u00e8ses philosophiques qu'il avait \u00e9crites, et le sourire fier et \u00e9mu de Fabrizio reste inoubliable.","og_url":"https:\/\/frenchwedding.hu\/fr\/anna-et-fabrizio-au-chateau-de-vajdahunyad\/","og_site_name":"French Wedding by Muss\u00f3 Zs\u00f3fi","article_publisher":"https:\/\/www.facebook.com\/frenchweddingbymussozsofi","article_modified_time":"2024-05-08T14:09:39+00:00","og_image":[{"url":"https:\/\/frenchwedding.hu\/wp-content\/uploads\/2024\/03\/Anna-Fabrizio-french-wedding-27-700x466.jpg"}],"twitter_card":"summary_large_image","twitter_misc":{"Dur\u00e9e de lecture estim\u00e9e":"2 minutes"},"schema":{"@context":"https:\/\/schema.org","@graph":[{"@type":"WebPage","@id":"https:\/\/frenchwedding.hu\/fr\/anna-et-fabrizio-au-chateau-de-vajdahunyad\/","url":"https:\/\/frenchwedding.hu\/fr\/anna-et-fabrizio-au-chateau-de-vajdahunyad\/","name":"Anna et Fabrizio au ch\u00e2teau de Vajdahunyad - French Wedding by Muss\u00f3 Zs\u00f3fi","isPartOf":{"@id":"https:\/\/frenchwedding.hu\/fr\/#website"},"primaryImageOfPage":{"@id":"https:\/\/frenchwedding.hu\/fr\/anna-et-fabrizio-au-chateau-de-vajdahunyad\/#primaryimage"},"image":{"@id":"https:\/\/frenchwedding.hu\/fr\/anna-et-fabrizio-au-chateau-de-vajdahunyad\/#primaryimage"},"thumbnailUrl":"https:\/\/frenchwedding.hu\/wp-content\/uploads\/2024\/03\/Anna-Fabrizio-french-wedding-27.jpg","datePublished":"2024-03-10T10:59:59+00:00","dateModified":"2024-05-08T14:09:39+00:00","description":"Le mariage trinational d'Anna et Fabrizio dans les clo\u00eetres du ch\u00e2teau de Vajdahunyad. ; Duo hongrois-belge-italien, avec des invit\u00e9s du monde entier. Avec des interpr\u00e8tes professionnels, j'ai interpr\u00e9t\u00e9 la c\u00e9r\u00e9monie civile, o\u00f9 les r\u00e9flexions personnelles d'Anna ont surpris tout le monde. Je lui ai parl\u00e9 des th\u00e8ses philosophiques qu'il avait \u00e9crites, et le sourire fier et \u00e9mu de Fabrizio reste inoubliable.","breadcrumb":{"@id":"https:\/\/frenchwedding.hu\/fr\/anna-et-fabrizio-au-chateau-de-vajdahunyad\/#breadcrumb"},"inLanguage":"fr-FR","potentialAction":[{"@type":"ReadAction","target":["https:\/\/frenchwedding.hu\/fr\/anna-et-fabrizio-au-chateau-de-vajdahunyad\/"]}]},{"@type":"ImageObject","inLanguage":"fr-FR","@id":"https:\/\/frenchwedding.hu\/fr\/anna-et-fabrizio-au-chateau-de-vajdahunyad\/#primaryimage","url":"https:\/\/frenchwedding.hu\/wp-content\/uploads\/2024\/03\/Anna-Fabrizio-french-wedding-27.jpg","contentUrl":"https:\/\/frenchwedding.hu\/wp-content\/uploads\/2024\/03\/Anna-Fabrizio-french-wedding-27.jpg","width":1600,"height":1066,"caption":"Anna & Fabrizio French Wedding"},{"@type":"BreadcrumbList","@id":"https:\/\/frenchwedding.hu\/fr\/anna-et-fabrizio-au-chateau-de-vajdahunyad\/#breadcrumb","itemListElement":[{"@type":"ListItem","position":1,"name":"Kezd\u0151lap","item":"https:\/\/frenchwedding.hu\/fr\/accueil\/"},{"@type":"ListItem","position":2,"name":"Anna et Fabrizio au ch\u00e2teau de Vajdahunyad"}]},{"@type":"WebSite","@id":"https:\/\/frenchwedding.hu\/fr\/#website","url":"https:\/\/frenchwedding.hu\/fr\/","name":"French Wedding by Muss\u00f3 Zs\u00f3fi","description":"Legyen t\u00f6k\u00e9letes \u00e1lomesk\u00fcv\u0151t\u00f6k, ak\u00e1r francia nyelven is!","publisher":{"@id":"https:\/\/frenchwedding.hu\/fr\/#organization"},"potentialAction":[{"@type":"SearchAction","target":{"@type":"EntryPoint","urlTemplate":"https:\/\/frenchwedding.hu\/fr\/?s={search_term_string}"},"query-input":"required name=search_term_string"}],"inLanguage":"fr-FR"},{"@type":"Organization","@id":"https:\/\/frenchwedding.hu\/fr\/#organization","name":"French Wedding","url":"https:\/\/frenchwedding.hu\/fr\/","logo":{"@type":"ImageObject","inLanguage":"fr-FR","@id":"https:\/\/frenchwedding.hu\/fr\/#\/schema\/logo\/image\/","url":"https:\/\/frenchwedding.hu\/wp-content\/uploads\/2024\/02\/french-wedding-logo.png","contentUrl":"https:\/\/frenchwedding.hu\/wp-content\/uploads\/2024\/02\/french-wedding-logo.png","width":419,"height":408,"caption":"French Wedding"},"image":{"@id":"https:\/\/frenchwedding.hu\/fr\/#\/schema\/logo\/image\/"},"sameAs":["https:\/\/www.facebook.com\/frenchweddingbymussozsofi"]}]}},"_links":{"self":[{"href":"https:\/\/frenchwedding.hu\/fr\/wp-json\/wp\/v2\/pages\/2670","targetHints":{"allow":["GET"]}}],"collection":[{"href":"https:\/\/frenchwedding.hu\/fr\/wp-json\/wp\/v2\/pages"}],"about":[{"href":"https:\/\/frenchwedding.hu\/fr\/wp-json\/wp\/v2\/types\/page"}],"author":[{"embeddable":true,"href":"https:\/\/frenchwedding.hu\/fr\/wp-json\/wp\/v2\/users\/2"}],"replies":[{"embeddable":true,"href":"https:\/\/frenchwedding.hu\/fr\/wp-json\/wp\/v2\/comments?post=2670"}],"version-history":[{"count":1,"href":"https:\/\/frenchwedding.hu\/fr\/wp-json\/wp\/v2\/pages\/2670\/revisions"}],"predecessor-version":[{"id":2671,"href":"https:\/\/frenchwedding.hu\/fr\/wp-json\/wp\/v2\/pages\/2670\/revisions\/2671"}],"wp:featuredmedia":[{"embeddable":true,"href":"https:\/\/frenchwedding.hu\/fr\/wp-json\/wp\/v2\/media\/1443"}],"wp:attachment":[{"href":"https:\/\/frenchwedding.hu\/fr\/wp-json\/wp\/v2\/media?parent=2670"}],"curies":[{"name":"wp","href":"https:\/\/api.w.org\/{rel}","templated":true}]}}