{"id":2656,"date":"2024-03-10T13:31:09","date_gmt":"2024-03-10T12:31:09","guid":{"rendered":"https:\/\/frenchwedding.hu\/rita-et-sebastien-au-chateau-de-buda\/"},"modified":"2024-06-13T16:17:20","modified_gmt":"2024-06-13T14:17:20","slug":"rita-et-sebastien-au-chateau-de-buda","status":"publish","type":"page","link":"https:\/\/frenchwedding.hu\/fr\/rita-et-sebastien-au-chateau-de-buda\/","title":{"rendered":"Rita et S\u00e9bastien au ch\u00e2teau de Buda"},"content":{"rendered":"\t\t<div data-elementor-type=\"wp-page\" data-elementor-id=\"2656\" class=\"elementor elementor-2656 elementor-619\" data-elementor-post-type=\"page\">\n\t\t\t\t\t\t<section class=\"elementor-section elementor-top-section elementor-element elementor-element-fac96cd elementor-section-height-min-height elementor-section-boxed elementor-section-height-default elementor-section-items-middle\" data-id=\"fac96cd\" data-element_type=\"section\" data-settings=\"{&quot;background_background&quot;:&quot;classic&quot;}\">\n\t\t\t\t\t\t\t<div class=\"elementor-background-overlay\"><\/div>\n\t\t\t\t\t\t\t<div class=\"elementor-container elementor-column-gap-default\">\n\t\t\t\t\t<div class=\"elementor-column elementor-col-100 elementor-top-column elementor-element elementor-element-7941d185\" data-id=\"7941d185\" data-element_type=\"column\">\n\t\t\t<div class=\"elementor-widget-wrap elementor-element-populated\">\n\t\t\t\t\t\t<div class=\"elementor-element elementor-element-35ef7239 elementor-headline--style-highlight elementor-invisible elementor-widget elementor-widget-animated-headline\" data-id=\"35ef7239\" data-element_type=\"widget\" data-settings=\"{&quot;marker&quot;:&quot;underline&quot;,&quot;highlighted_text&quot;:&quot;Rita &amp; Sebastien&quot;,&quot;_animation&quot;:&quot;fadeIn&quot;,&quot;headline_style&quot;:&quot;highlight&quot;,&quot;loop&quot;:&quot;yes&quot;,&quot;highlight_animation_duration&quot;:1200,&quot;highlight_iteration_delay&quot;:8000}\" data-widget_type=\"animated-headline.default\">\n\t\t\t\t<div class=\"elementor-widget-container\">\n\t\t\t<link rel=\"stylesheet\" href=\"https:\/\/frenchwedding.hu\/wp-content\/plugins\/elementor-pro\/assets\/css\/widget-animated-headline.min.css\">\t\t<h3 class=\"elementor-headline\">\n\t\t\t\t<span class=\"elementor-headline-dynamic-wrapper elementor-headline-text-wrapper\">\n\t\t\t\t\t<span class=\"elementor-headline-dynamic-text elementor-headline-text-active\">Rita &amp; Sebastien<\/span>\n\t\t\t\t<\/span>\n\t\t\t\t<\/h3>\n\t\t\t\t<\/div>\n\t\t\t\t<\/div>\n\t\t\t\t<div class=\"elementor-element elementor-element-718c502 elementor-widget elementor-widget-text-editor\" data-id=\"718c502\" data-element_type=\"widget\" data-widget_type=\"text-editor.default\">\n\t\t\t\t<div class=\"elementor-widget-container\">\n\t\t\t<style>\/*! elementor - v3.21.0 - 08-05-2024 *\/\n.elementor-widget-text-editor.elementor-drop-cap-view-stacked .elementor-drop-cap{background-color:#69727d;color:#fff}.elementor-widget-text-editor.elementor-drop-cap-view-framed .elementor-drop-cap{color:#69727d;border:3px solid;background-color:transparent}.elementor-widget-text-editor:not(.elementor-drop-cap-view-default) .elementor-drop-cap{margin-top:8px}.elementor-widget-text-editor:not(.elementor-drop-cap-view-default) .elementor-drop-cap-letter{width:1em;height:1em}.elementor-widget-text-editor .elementor-drop-cap{float:left;text-align:center;line-height:1;font-size:50px}.elementor-widget-text-editor .elementor-drop-cap-letter{display:inline-block}<\/style>\t\t\t\t<p>V\u00e9ritable couple du 21\u00e8me si\u00e8cle, ils se sont connus gr\u00e2ce \u00e0 Internet, leur premi\u00e8re rencontre a eu lieu au centre de Paris. Rita est d\u00e9concert\u00e9e lorsque le beau gosse, grand et muscl\u00e9, se r\u00e9v\u00e8le avoir une profession l\u00e9gendaire : pilote. D\u00e8s le premier instant, Seb a \u00e9t\u00e9 s\u00e9duit par la joie et le bonheur qui se d\u00e9gageaient de la belle&#8230; Une belle histoire d&rsquo;amour a commenc\u00e9, au cours de laquelle ils ont eu l&rsquo;occasion de s&rsquo;adonner \u00e0 leurs nombreux loisirs communs : sports, voyages, gastronomie. S\u00e9bastien a demand\u00e9 Rita en mariage dans la vall\u00e9e de la Loire, dans un ch\u00e2teau de r\u00eave pr\u00e8s de Blois. Pour leur mariage, ils ont choisi un lieu tout aussi impressionnant, le ch\u00e2teau de Buda.<\/p>\n\t\t\t\t\t\t<\/div>\n\t\t\t\t<\/div>\n\t\t\t\t\t<\/div>\n\t\t<\/div>\n\t\t\t\t\t<\/div>\n\t\t<\/section>\n\t\t\t\t<section class=\"elementor-section elementor-top-section elementor-element elementor-element-9b1fc6a elementor-section-full_width elementor-section-height-default elementor-section-height-default\" data-id=\"9b1fc6a\" data-element_type=\"section\" data-settings=\"{&quot;background_background&quot;:&quot;classic&quot;}\">\n\t\t\t\t\t\t<div class=\"elementor-container elementor-column-gap-default\">\n\t\t\t\t\t<div class=\"elementor-column elementor-col-100 elementor-top-column elementor-element elementor-element-da7122a\" data-id=\"da7122a\" data-element_type=\"column\">\n\t\t\t<div class=\"elementor-widget-wrap elementor-element-populated\">\n\t\t\t\t\t\t<div class=\"elementor-element elementor-element-7e95087 elementor-widget elementor-widget-text-editor\" data-id=\"7e95087\" data-element_type=\"widget\" data-widget_type=\"text-editor.default\">\n\t\t\t\t<div class=\"elementor-widget-container\">\n\t\t\t\t\t\t\t<p>La cour dominicaine de l&rsquo;h\u00f4tel Hilton est un lieu de c\u00e9r\u00e9monie fabuleux, avec une vue panoramique magnifique, o\u00f9 nous avons cr\u00e9\u00e9 une c\u00e9r\u00e9monie vraiment intime et unique pour souligner la journ\u00e9e, qui s&rsquo;est termin\u00e9e par une grande f\u00eate.<\/p>\n\t\t\t\t\t\t<\/div>\n\t\t\t\t<\/div>\n\t\t\t\t\t<\/div>\n\t\t<\/div>\n\t\t\t\t\t<\/div>\n\t\t<\/section>\n\t\t<div class=\"elementor-element elementor-element-b80572f e-con-full e-flex e-con e-parent\" data-id=\"b80572f\" data-element_type=\"container\">\n\t\t\t\t<div class=\"elementor-element elementor-element-689dd19 uael-img-grid__column-4 uael-img-grid-tablet__column-3 uael-img-grid-mobile__column-2 uael-ins-normal elementor-widget elementor-widget-uael-image-gallery\" data-id=\"689dd19\" data-element_type=\"widget\" data-settings=\"{&quot;column_gap&quot;:{&quot;unit&quot;:&quot;px&quot;,&quot;size&quot;:10,&quot;sizes&quot;:[]},&quot;row_gap&quot;:{&quot;unit&quot;:&quot;px&quot;,&quot;size&quot;:10,&quot;sizes&quot;:[]},&quot;gallery_columns&quot;:&quot;4&quot;,&quot;gallery_columns_tablet&quot;:&quot;3&quot;,&quot;gallery_columns_mobile&quot;:&quot;2&quot;,&quot;column_gap_tablet&quot;:{&quot;unit&quot;:&quot;px&quot;,&quot;size&quot;:&quot;&quot;,&quot;sizes&quot;:[]},&quot;column_gap_mobile&quot;:{&quot;unit&quot;:&quot;px&quot;,&quot;size&quot;:&quot;&quot;,&quot;sizes&quot;:[]},&quot;row_gap_tablet&quot;:{&quot;unit&quot;:&quot;px&quot;,&quot;size&quot;:&quot;&quot;,&quot;sizes&quot;:[]},&quot;row_gap_mobile&quot;:{&quot;unit&quot;:&quot;px&quot;,&quot;size&quot;:&quot;&quot;,&quot;sizes&quot;:[]}}\" data-widget_type=\"uael-image-gallery.default\">\n\t\t\t\t<div class=\"elementor-widget-container\">\n\t\t\t<div class=\"uael-gallery-parent uael-caption- uael-gallery-unjustified\"><div class=\"uael-img-gallery-wrap uael-img-masonry-wrap uael-img-grid-masonry-wrap uael-masonry uael-image-lightbox-wrap\" data-filter-default=\"Tous\" data-lightbox_actions=\"[&quot;close&quot;]\" data-lightbox-gallery-loop=\"\"><div class=\"uael-grid-item  uael-img-gallery-item-1\"><div class=\"uael-grid-item-content\"><a class=\"uael-grid-img uael-grid-gallery-img uael-ins-hover elementor-clickable\" data-fancybox=\"uael-gallery\" href=\"https:\/\/frenchwedding.hu\/wp-content\/uploads\/2024\/03\/Rita-Sebastien-french-wedding-80.jpg\" data-elementor-open-lightbox=\"no\"><div class=\"uael-grid-img-thumbnail uael-ins-target\"><img fetchpriority=\"high\" decoding=\"async\" width=\"800\" height=\"532\" src=\"https:\/\/frenchwedding.hu\/wp-content\/uploads\/2024\/03\/Rita-Sebastien-french-wedding-80-1024x681.jpg\" class=\"attachment-large size-large wp-image-699\" alt=\"Rita &amp; Sebastien - French Wedding\" srcset=\"https:\/\/frenchwedding.hu\/wp-content\/uploads\/2024\/03\/Rita-Sebastien-french-wedding-80-1024x681.jpg 1024w, https:\/\/frenchwedding.hu\/wp-content\/uploads\/2024\/03\/Rita-Sebastien-french-wedding-80-700x466.jpg 700w, https:\/\/frenchwedding.hu\/wp-content\/uploads\/2024\/03\/Rita-Sebastien-french-wedding-80-768x511.jpg 768w, https:\/\/frenchwedding.hu\/wp-content\/uploads\/2024\/03\/Rita-Sebastien-french-wedding-80-1536x1021.jpg 1536w, https:\/\/frenchwedding.hu\/wp-content\/uploads\/2024\/03\/Rita-Sebastien-french-wedding-80.jpg 1600w\" sizes=\"(max-width: 800px) 100vw, 800px\" \/><\/div><div class=\"uael-grid-img-overlay\"><\/div><\/a><\/div><\/div><div class=\"uael-grid-item  uael-img-gallery-item-2\"><div class=\"uael-grid-item-content\"><a class=\"uael-grid-img uael-grid-gallery-img uael-ins-hover elementor-clickable\" data-fancybox=\"uael-gallery\" href=\"https:\/\/frenchwedding.hu\/wp-content\/uploads\/2024\/03\/Rita-Sebastien-french-wedding-79.jpg\" data-elementor-open-lightbox=\"no\"><div class=\"uael-grid-img-thumbnail uael-ins-target\"><img decoding=\"async\" width=\"800\" height=\"533\" src=\"https:\/\/frenchwedding.hu\/wp-content\/uploads\/2024\/03\/Rita-Sebastien-french-wedding-79-1024x682.jpg\" class=\"attachment-large size-large wp-image-698\" alt=\"Rita &amp; Sebastien - French Wedding\" srcset=\"https:\/\/frenchwedding.hu\/wp-content\/uploads\/2024\/03\/Rita-Sebastien-french-wedding-79-1024x682.jpg 1024w, https:\/\/frenchwedding.hu\/wp-content\/uploads\/2024\/03\/Rita-Sebastien-french-wedding-79-700x466.jpg 700w, https:\/\/frenchwedding.hu\/wp-content\/uploads\/2024\/03\/Rita-Sebastien-french-wedding-79-768x511.jpg 768w, https:\/\/frenchwedding.hu\/wp-content\/uploads\/2024\/03\/Rita-Sebastien-french-wedding-79-1536x1022.jpg 1536w, https:\/\/frenchwedding.hu\/wp-content\/uploads\/2024\/03\/Rita-Sebastien-french-wedding-79.jpg 1600w\" sizes=\"(max-width: 800px) 100vw, 800px\" \/><\/div><div class=\"uael-grid-img-overlay\"><\/div><\/a><\/div><\/div><div class=\"uael-grid-item  uael-img-gallery-item-3\"><div class=\"uael-grid-item-content\"><a class=\"uael-grid-img uael-grid-gallery-img uael-ins-hover elementor-clickable\" data-fancybox=\"uael-gallery\" href=\"https:\/\/frenchwedding.hu\/wp-content\/uploads\/2024\/03\/Rita-Sebastien-french-wedding-78.jpg\" data-elementor-open-lightbox=\"no\"><div class=\"uael-grid-img-thumbnail uael-ins-target\"><img decoding=\"async\" width=\"800\" height=\"532\" src=\"https:\/\/frenchwedding.hu\/wp-content\/uploads\/2024\/03\/Rita-Sebastien-french-wedding-78-1024x681.jpg\" class=\"attachment-large size-large wp-image-697\" alt=\"Rita &amp; Sebastien - French Wedding\" srcset=\"https:\/\/frenchwedding.hu\/wp-content\/uploads\/2024\/03\/Rita-Sebastien-french-wedding-78-1024x681.jpg 1024w, https:\/\/frenchwedding.hu\/wp-content\/uploads\/2024\/03\/Rita-Sebastien-french-wedding-78-700x466.jpg 700w, https:\/\/frenchwedding.hu\/wp-content\/uploads\/2024\/03\/Rita-Sebastien-french-wedding-78-768x511.jpg 768w, https:\/\/frenchwedding.hu\/wp-content\/uploads\/2024\/03\/Rita-Sebastien-french-wedding-78-1536x1021.jpg 1536w, https:\/\/frenchwedding.hu\/wp-content\/uploads\/2024\/03\/Rita-Sebastien-french-wedding-78.jpg 1600w\" sizes=\"(max-width: 800px) 100vw, 800px\" \/><\/div><div class=\"uael-grid-img-overlay\"><\/div><\/a><\/div><\/div><div class=\"uael-grid-item  uael-img-gallery-item-4\"><div class=\"uael-grid-item-content\"><a class=\"uael-grid-img uael-grid-gallery-img uael-ins-hover elementor-clickable\" data-fancybox=\"uael-gallery\" href=\"https:\/\/frenchwedding.hu\/wp-content\/uploads\/2024\/03\/Rita-Sebastien-french-wedding-77.jpg\" data-elementor-open-lightbox=\"no\"><div class=\"uael-grid-img-thumbnail uael-ins-target\"><img loading=\"lazy\" decoding=\"async\" width=\"800\" height=\"532\" src=\"https:\/\/frenchwedding.hu\/wp-content\/uploads\/2024\/03\/Rita-Sebastien-french-wedding-77-1024x681.jpg\" class=\"attachment-large size-large wp-image-696\" alt=\"Rita &amp; Sebastien - French Wedding\" srcset=\"https:\/\/frenchwedding.hu\/wp-content\/uploads\/2024\/03\/Rita-Sebastien-french-wedding-77-1024x681.jpg 1024w, https:\/\/frenchwedding.hu\/wp-content\/uploads\/2024\/03\/Rita-Sebastien-french-wedding-77-700x466.jpg 700w, https:\/\/frenchwedding.hu\/wp-content\/uploads\/2024\/03\/Rita-Sebastien-french-wedding-77-768x511.jpg 768w, https:\/\/frenchwedding.hu\/wp-content\/uploads\/2024\/03\/Rita-Sebastien-french-wedding-77-1536x1021.jpg 1536w, https:\/\/frenchwedding.hu\/wp-content\/uploads\/2024\/03\/Rita-Sebastien-french-wedding-77.jpg 1600w\" sizes=\"(max-width: 800px) 100vw, 800px\" \/><\/div><div class=\"uael-grid-img-overlay\"><\/div><\/a><\/div><\/div><div class=\"uael-grid-item  uael-img-gallery-item-5\"><div class=\"uael-grid-item-content\"><a class=\"uael-grid-img uael-grid-gallery-img uael-ins-hover elementor-clickable\" data-fancybox=\"uael-gallery\" href=\"https:\/\/frenchwedding.hu\/wp-content\/uploads\/2024\/03\/Rita-Sebastien-french-wedding-76.jpg\" data-elementor-open-lightbox=\"no\"><div class=\"uael-grid-img-thumbnail uael-ins-target\"><img loading=\"lazy\" decoding=\"async\" width=\"800\" height=\"532\" src=\"https:\/\/frenchwedding.hu\/wp-content\/uploads\/2024\/03\/Rita-Sebastien-french-wedding-76-1024x681.jpg\" class=\"attachment-large size-large wp-image-695\" alt=\"Rita &amp; Sebastien - French Wedding\" srcset=\"https:\/\/frenchwedding.hu\/wp-content\/uploads\/2024\/03\/Rita-Sebastien-french-wedding-76-1024x681.jpg 1024w, https:\/\/frenchwedding.hu\/wp-content\/uploads\/2024\/03\/Rita-Sebastien-french-wedding-76-700x466.jpg 700w, https:\/\/frenchwedding.hu\/wp-content\/uploads\/2024\/03\/Rita-Sebastien-french-wedding-76-768x511.jpg 768w, https:\/\/frenchwedding.hu\/wp-content\/uploads\/2024\/03\/Rita-Sebastien-french-wedding-76-1536x1021.jpg 1536w, https:\/\/frenchwedding.hu\/wp-content\/uploads\/2024\/03\/Rita-Sebastien-french-wedding-76.jpg 1600w\" sizes=\"(max-width: 800px) 100vw, 800px\" \/><\/div><div class=\"uael-grid-img-overlay\"><\/div><\/a><\/div><\/div><div class=\"uael-grid-item  uael-img-gallery-item-6\"><div class=\"uael-grid-item-content\"><a class=\"uael-grid-img uael-grid-gallery-img uael-ins-hover elementor-clickable\" data-fancybox=\"uael-gallery\" href=\"https:\/\/frenchwedding.hu\/wp-content\/uploads\/2024\/03\/Rita-Sebastien-french-wedding-75.jpg\" data-elementor-open-lightbox=\"no\"><div class=\"uael-grid-img-thumbnail uael-ins-target\"><img loading=\"lazy\" decoding=\"async\" width=\"800\" height=\"532\" src=\"https:\/\/frenchwedding.hu\/wp-content\/uploads\/2024\/03\/Rita-Sebastien-french-wedding-75-1024x681.jpg\" class=\"attachment-large size-large wp-image-694\" alt=\"Rita &amp; Sebastien - French Wedding\" srcset=\"https:\/\/frenchwedding.hu\/wp-content\/uploads\/2024\/03\/Rita-Sebastien-french-wedding-75-1024x681.jpg 1024w, https:\/\/frenchwedding.hu\/wp-content\/uploads\/2024\/03\/Rita-Sebastien-french-wedding-75-700x466.jpg 700w, https:\/\/frenchwedding.hu\/wp-content\/uploads\/2024\/03\/Rita-Sebastien-french-wedding-75-768x511.jpg 768w, https:\/\/frenchwedding.hu\/wp-content\/uploads\/2024\/03\/Rita-Sebastien-french-wedding-75-1536x1021.jpg 1536w, https:\/\/frenchwedding.hu\/wp-content\/uploads\/2024\/03\/Rita-Sebastien-french-wedding-75.jpg 1600w\" sizes=\"(max-width: 800px) 100vw, 800px\" \/><\/div><div class=\"uael-grid-img-overlay\"><\/div><\/a><\/div><\/div><div class=\"uael-grid-item  uael-img-gallery-item-7\"><div class=\"uael-grid-item-content\"><a class=\"uael-grid-img uael-grid-gallery-img uael-ins-hover elementor-clickable\" data-fancybox=\"uael-gallery\" href=\"https:\/\/frenchwedding.hu\/wp-content\/uploads\/2024\/03\/Rita-Sebastien-french-wedding-74.jpg\" data-elementor-open-lightbox=\"no\"><div class=\"uael-grid-img-thumbnail uael-ins-target\"><img loading=\"lazy\" decoding=\"async\" width=\"682\" height=\"1024\" src=\"https:\/\/frenchwedding.hu\/wp-content\/uploads\/2024\/03\/Rita-Sebastien-french-wedding-74-682x1024.jpg\" class=\"attachment-large size-large wp-image-693\" alt=\"Rita &amp; Sebastien - French Wedding\" srcset=\"https:\/\/frenchwedding.hu\/wp-content\/uploads\/2024\/03\/Rita-Sebastien-french-wedding-74-682x1024.jpg 682w, https:\/\/frenchwedding.hu\/wp-content\/uploads\/2024\/03\/Rita-Sebastien-french-wedding-74-466x700.jpg 466w, https:\/\/frenchwedding.hu\/wp-content\/uploads\/2024\/03\/Rita-Sebastien-french-wedding-74-768x1154.jpg 768w, https:\/\/frenchwedding.hu\/wp-content\/uploads\/2024\/03\/Rita-Sebastien-french-wedding-74-1022x1536.jpg 1022w, https:\/\/frenchwedding.hu\/wp-content\/uploads\/2024\/03\/Rita-Sebastien-french-wedding-74.jpg 1065w\" sizes=\"(max-width: 682px) 100vw, 682px\" \/><\/div><div class=\"uael-grid-img-overlay\"><\/div><\/a><\/div><\/div><div class=\"uael-grid-item  uael-img-gallery-item-8\"><div class=\"uael-grid-item-content\"><a class=\"uael-grid-img uael-grid-gallery-img uael-ins-hover elementor-clickable\" data-fancybox=\"uael-gallery\" href=\"https:\/\/frenchwedding.hu\/wp-content\/uploads\/2024\/03\/Rita-Sebastien-french-wedding-73.jpg\" data-elementor-open-lightbox=\"no\"><div class=\"uael-grid-img-thumbnail uael-ins-target\"><img loading=\"lazy\" decoding=\"async\" width=\"800\" height=\"532\" src=\"https:\/\/frenchwedding.hu\/wp-content\/uploads\/2024\/03\/Rita-Sebastien-french-wedding-73-1024x681.jpg\" class=\"attachment-large size-large wp-image-692\" alt=\"Rita &amp; Sebastien - French Wedding\" srcset=\"https:\/\/frenchwedding.hu\/wp-content\/uploads\/2024\/03\/Rita-Sebastien-french-wedding-73-1024x681.jpg 1024w, https:\/\/frenchwedding.hu\/wp-content\/uploads\/2024\/03\/Rita-Sebastien-french-wedding-73-700x466.jpg 700w, https:\/\/frenchwedding.hu\/wp-content\/uploads\/2024\/03\/Rita-Sebastien-french-wedding-73-768x511.jpg 768w, https:\/\/frenchwedding.hu\/wp-content\/uploads\/2024\/03\/Rita-Sebastien-french-wedding-73-1536x1021.jpg 1536w, https:\/\/frenchwedding.hu\/wp-content\/uploads\/2024\/03\/Rita-Sebastien-french-wedding-73.jpg 1600w\" sizes=\"(max-width: 800px) 100vw, 800px\" \/><\/div><div class=\"uael-grid-img-overlay\"><\/div><\/a><\/div><\/div><div class=\"uael-grid-item  uael-img-gallery-item-9\"><div class=\"uael-grid-item-content\"><a class=\"uael-grid-img uael-grid-gallery-img uael-ins-hover elementor-clickable\" data-fancybox=\"uael-gallery\" href=\"https:\/\/frenchwedding.hu\/wp-content\/uploads\/2024\/03\/Rita-Sebastien-french-wedding-72.jpg\" data-elementor-open-lightbox=\"no\"><div class=\"uael-grid-img-thumbnail uael-ins-target\"><img loading=\"lazy\" decoding=\"async\" width=\"800\" height=\"532\" src=\"https:\/\/frenchwedding.hu\/wp-content\/uploads\/2024\/03\/Rita-Sebastien-french-wedding-72-1024x681.jpg\" class=\"attachment-large size-large wp-image-691\" alt=\"Rita &amp; Sebastien - French Wedding\" srcset=\"https:\/\/frenchwedding.hu\/wp-content\/uploads\/2024\/03\/Rita-Sebastien-french-wedding-72-1024x681.jpg 1024w, https:\/\/frenchwedding.hu\/wp-content\/uploads\/2024\/03\/Rita-Sebastien-french-wedding-72-700x466.jpg 700w, https:\/\/frenchwedding.hu\/wp-content\/uploads\/2024\/03\/Rita-Sebastien-french-wedding-72-768x511.jpg 768w, https:\/\/frenchwedding.hu\/wp-content\/uploads\/2024\/03\/Rita-Sebastien-french-wedding-72-1536x1021.jpg 1536w, https:\/\/frenchwedding.hu\/wp-content\/uploads\/2024\/03\/Rita-Sebastien-french-wedding-72.jpg 1600w\" sizes=\"(max-width: 800px) 100vw, 800px\" \/><\/div><div class=\"uael-grid-img-overlay\"><\/div><\/a><\/div><\/div><div class=\"uael-grid-item  uael-img-gallery-item-10\"><div class=\"uael-grid-item-content\"><a class=\"uael-grid-img uael-grid-gallery-img uael-ins-hover elementor-clickable\" data-fancybox=\"uael-gallery\" href=\"https:\/\/frenchwedding.hu\/wp-content\/uploads\/2024\/03\/Rita-Sebastien-french-wedding-71.jpg\" data-elementor-open-lightbox=\"no\"><div class=\"uael-grid-img-thumbnail uael-ins-target\"><img loading=\"lazy\" decoding=\"async\" width=\"682\" height=\"1024\" src=\"https:\/\/frenchwedding.hu\/wp-content\/uploads\/2024\/03\/Rita-Sebastien-french-wedding-71-682x1024.jpg\" class=\"attachment-large size-large wp-image-690\" alt=\"Rita &amp; Sebastien - French Wedding\" srcset=\"https:\/\/frenchwedding.hu\/wp-content\/uploads\/2024\/03\/Rita-Sebastien-french-wedding-71-682x1024.jpg 682w, https:\/\/frenchwedding.hu\/wp-content\/uploads\/2024\/03\/Rita-Sebastien-french-wedding-71-466x700.jpg 466w, https:\/\/frenchwedding.hu\/wp-content\/uploads\/2024\/03\/Rita-Sebastien-french-wedding-71-768x1154.jpg 768w, https:\/\/frenchwedding.hu\/wp-content\/uploads\/2024\/03\/Rita-Sebastien-french-wedding-71-1022x1536.jpg 1022w, https:\/\/frenchwedding.hu\/wp-content\/uploads\/2024\/03\/Rita-Sebastien-french-wedding-71.jpg 1065w\" sizes=\"(max-width: 682px) 100vw, 682px\" \/><\/div><div class=\"uael-grid-img-overlay\"><\/div><\/a><\/div><\/div><div class=\"uael-grid-item  uael-img-gallery-item-11\"><div class=\"uael-grid-item-content\"><a class=\"uael-grid-img uael-grid-gallery-img uael-ins-hover elementor-clickable\" data-fancybox=\"uael-gallery\" href=\"https:\/\/frenchwedding.hu\/wp-content\/uploads\/2024\/03\/Rita-Sebastien-french-wedding-70.jpg\" data-elementor-open-lightbox=\"no\"><div class=\"uael-grid-img-thumbnail uael-ins-target\"><img loading=\"lazy\" decoding=\"async\" width=\"800\" height=\"532\" src=\"https:\/\/frenchwedding.hu\/wp-content\/uploads\/2024\/03\/Rita-Sebastien-french-wedding-70-1024x681.jpg\" class=\"attachment-large size-large wp-image-689\" alt=\"Rita &amp; Sebastien - French Wedding\" srcset=\"https:\/\/frenchwedding.hu\/wp-content\/uploads\/2024\/03\/Rita-Sebastien-french-wedding-70-1024x681.jpg 1024w, https:\/\/frenchwedding.hu\/wp-content\/uploads\/2024\/03\/Rita-Sebastien-french-wedding-70-700x466.jpg 700w, https:\/\/frenchwedding.hu\/wp-content\/uploads\/2024\/03\/Rita-Sebastien-french-wedding-70-768x511.jpg 768w, https:\/\/frenchwedding.hu\/wp-content\/uploads\/2024\/03\/Rita-Sebastien-french-wedding-70-1536x1021.jpg 1536w, https:\/\/frenchwedding.hu\/wp-content\/uploads\/2024\/03\/Rita-Sebastien-french-wedding-70.jpg 1600w\" sizes=\"(max-width: 800px) 100vw, 800px\" \/><\/div><div class=\"uael-grid-img-overlay\"><\/div><\/a><\/div><\/div><div class=\"uael-grid-item  uael-img-gallery-item-12\"><div class=\"uael-grid-item-content\"><a class=\"uael-grid-img uael-grid-gallery-img uael-ins-hover elementor-clickable\" data-fancybox=\"uael-gallery\" href=\"https:\/\/frenchwedding.hu\/wp-content\/uploads\/2024\/03\/Rita-Sebastien-french-wedding-69.jpg\" data-elementor-open-lightbox=\"no\"><div class=\"uael-grid-img-thumbnail uael-ins-target\"><img loading=\"lazy\" decoding=\"async\" width=\"800\" height=\"532\" src=\"https:\/\/frenchwedding.hu\/wp-content\/uploads\/2024\/03\/Rita-Sebastien-french-wedding-69-1024x681.jpg\" class=\"attachment-large size-large wp-image-688\" alt=\"Rita &amp; Sebastien - French Wedding\" srcset=\"https:\/\/frenchwedding.hu\/wp-content\/uploads\/2024\/03\/Rita-Sebastien-french-wedding-69-1024x681.jpg 1024w, https:\/\/frenchwedding.hu\/wp-content\/uploads\/2024\/03\/Rita-Sebastien-french-wedding-69-700x466.jpg 700w, https:\/\/frenchwedding.hu\/wp-content\/uploads\/2024\/03\/Rita-Sebastien-french-wedding-69-768x511.jpg 768w, https:\/\/frenchwedding.hu\/wp-content\/uploads\/2024\/03\/Rita-Sebastien-french-wedding-69-1536x1021.jpg 1536w, https:\/\/frenchwedding.hu\/wp-content\/uploads\/2024\/03\/Rita-Sebastien-french-wedding-69.jpg 1600w\" sizes=\"(max-width: 800px) 100vw, 800px\" \/><\/div><div class=\"uael-grid-img-overlay\"><\/div><\/a><\/div><\/div><div class=\"uael-grid-item  uael-img-gallery-item-13\"><div class=\"uael-grid-item-content\"><a class=\"uael-grid-img uael-grid-gallery-img uael-ins-hover elementor-clickable\" data-fancybox=\"uael-gallery\" href=\"https:\/\/frenchwedding.hu\/wp-content\/uploads\/2024\/03\/Rita-Sebastien-french-wedding-68.jpg\" data-elementor-open-lightbox=\"no\"><div class=\"uael-grid-img-thumbnail uael-ins-target\"><img loading=\"lazy\" decoding=\"async\" width=\"800\" height=\"532\" src=\"https:\/\/frenchwedding.hu\/wp-content\/uploads\/2024\/03\/Rita-Sebastien-french-wedding-68-1024x681.jpg\" class=\"attachment-large size-large wp-image-687\" alt=\"Rita &amp; Sebastien - French Wedding\" srcset=\"https:\/\/frenchwedding.hu\/wp-content\/uploads\/2024\/03\/Rita-Sebastien-french-wedding-68-1024x681.jpg 1024w, https:\/\/frenchwedding.hu\/wp-content\/uploads\/2024\/03\/Rita-Sebastien-french-wedding-68-700x466.jpg 700w, https:\/\/frenchwedding.hu\/wp-content\/uploads\/2024\/03\/Rita-Sebastien-french-wedding-68-768x511.jpg 768w, https:\/\/frenchwedding.hu\/wp-content\/uploads\/2024\/03\/Rita-Sebastien-french-wedding-68-1536x1021.jpg 1536w, https:\/\/frenchwedding.hu\/wp-content\/uploads\/2024\/03\/Rita-Sebastien-french-wedding-68.jpg 1600w\" sizes=\"(max-width: 800px) 100vw, 800px\" \/><\/div><div class=\"uael-grid-img-overlay\"><\/div><\/a><\/div><\/div><div class=\"uael-grid-item  uael-img-gallery-item-14\"><div class=\"uael-grid-item-content\"><a class=\"uael-grid-img uael-grid-gallery-img uael-ins-hover elementor-clickable\" data-fancybox=\"uael-gallery\" href=\"https:\/\/frenchwedding.hu\/wp-content\/uploads\/2024\/03\/Rita-Sebastien-french-wedding-67.jpg\" data-elementor-open-lightbox=\"no\"><div class=\"uael-grid-img-thumbnail uael-ins-target\"><img loading=\"lazy\" decoding=\"async\" width=\"682\" height=\"1024\" src=\"https:\/\/frenchwedding.hu\/wp-content\/uploads\/2024\/03\/Rita-Sebastien-french-wedding-67-682x1024.jpg\" class=\"attachment-large size-large wp-image-686\" alt=\"Rita &amp; Sebastien - French Wedding\" srcset=\"https:\/\/frenchwedding.hu\/wp-content\/uploads\/2024\/03\/Rita-Sebastien-french-wedding-67-682x1024.jpg 682w, https:\/\/frenchwedding.hu\/wp-content\/uploads\/2024\/03\/Rita-Sebastien-french-wedding-67-466x700.jpg 466w, https:\/\/frenchwedding.hu\/wp-content\/uploads\/2024\/03\/Rita-Sebastien-french-wedding-67-768x1154.jpg 768w, https:\/\/frenchwedding.hu\/wp-content\/uploads\/2024\/03\/Rita-Sebastien-french-wedding-67-1022x1536.jpg 1022w, https:\/\/frenchwedding.hu\/wp-content\/uploads\/2024\/03\/Rita-Sebastien-french-wedding-67.jpg 1065w\" sizes=\"(max-width: 682px) 100vw, 682px\" \/><\/div><div class=\"uael-grid-img-overlay\"><\/div><\/a><\/div><\/div><div class=\"uael-grid-item  uael-img-gallery-item-15\"><div class=\"uael-grid-item-content\"><a class=\"uael-grid-img uael-grid-gallery-img uael-ins-hover elementor-clickable\" data-fancybox=\"uael-gallery\" href=\"https:\/\/frenchwedding.hu\/wp-content\/uploads\/2024\/03\/Rita-Sebastien-french-wedding-66.jpg\" data-elementor-open-lightbox=\"no\"><div class=\"uael-grid-img-thumbnail uael-ins-target\"><img loading=\"lazy\" decoding=\"async\" width=\"682\" height=\"1024\" src=\"https:\/\/frenchwedding.hu\/wp-content\/uploads\/2024\/03\/Rita-Sebastien-french-wedding-66-682x1024.jpg\" class=\"attachment-large size-large wp-image-685\" alt=\"Rita &amp; Sebastien - French Wedding\" srcset=\"https:\/\/frenchwedding.hu\/wp-content\/uploads\/2024\/03\/Rita-Sebastien-french-wedding-66-682x1024.jpg 682w, https:\/\/frenchwedding.hu\/wp-content\/uploads\/2024\/03\/Rita-Sebastien-french-wedding-66-466x700.jpg 466w, https:\/\/frenchwedding.hu\/wp-content\/uploads\/2024\/03\/Rita-Sebastien-french-wedding-66-768x1154.jpg 768w, https:\/\/frenchwedding.hu\/wp-content\/uploads\/2024\/03\/Rita-Sebastien-french-wedding-66-1022x1536.jpg 1022w, https:\/\/frenchwedding.hu\/wp-content\/uploads\/2024\/03\/Rita-Sebastien-french-wedding-66.jpg 1065w\" sizes=\"(max-width: 682px) 100vw, 682px\" \/><\/div><div class=\"uael-grid-img-overlay\"><\/div><\/a><\/div><\/div><div class=\"uael-grid-item  uael-img-gallery-item-16\"><div class=\"uael-grid-item-content\"><a class=\"uael-grid-img uael-grid-gallery-img uael-ins-hover elementor-clickable\" data-fancybox=\"uael-gallery\" href=\"https:\/\/frenchwedding.hu\/wp-content\/uploads\/2024\/03\/Rita-Sebastien-french-wedding-65.jpg\" data-elementor-open-lightbox=\"no\"><div class=\"uael-grid-img-thumbnail uael-ins-target\"><img loading=\"lazy\" decoding=\"async\" width=\"800\" height=\"532\" src=\"https:\/\/frenchwedding.hu\/wp-content\/uploads\/2024\/03\/Rita-Sebastien-french-wedding-65-1024x681.jpg\" class=\"attachment-large size-large wp-image-684\" alt=\"Rita &amp; Sebastien - French Wedding\" srcset=\"https:\/\/frenchwedding.hu\/wp-content\/uploads\/2024\/03\/Rita-Sebastien-french-wedding-65-1024x681.jpg 1024w, https:\/\/frenchwedding.hu\/wp-content\/uploads\/2024\/03\/Rita-Sebastien-french-wedding-65-700x466.jpg 700w, https:\/\/frenchwedding.hu\/wp-content\/uploads\/2024\/03\/Rita-Sebastien-french-wedding-65-768x511.jpg 768w, https:\/\/frenchwedding.hu\/wp-content\/uploads\/2024\/03\/Rita-Sebastien-french-wedding-65-1536x1021.jpg 1536w, https:\/\/frenchwedding.hu\/wp-content\/uploads\/2024\/03\/Rita-Sebastien-french-wedding-65.jpg 1600w\" sizes=\"(max-width: 800px) 100vw, 800px\" \/><\/div><div class=\"uael-grid-img-overlay\"><\/div><\/a><\/div><\/div><div class=\"uael-grid-item  uael-img-gallery-item-17\"><div class=\"uael-grid-item-content\"><a class=\"uael-grid-img uael-grid-gallery-img uael-ins-hover elementor-clickable\" data-fancybox=\"uael-gallery\" href=\"https:\/\/frenchwedding.hu\/wp-content\/uploads\/2024\/03\/Rita-Sebastien-french-wedding-64.jpg\" data-elementor-open-lightbox=\"no\"><div class=\"uael-grid-img-thumbnail uael-ins-target\"><img loading=\"lazy\" decoding=\"async\" width=\"800\" height=\"532\" src=\"https:\/\/frenchwedding.hu\/wp-content\/uploads\/2024\/03\/Rita-Sebastien-french-wedding-64-1024x681.jpg\" class=\"attachment-large size-large wp-image-683\" alt=\"Rita &amp; Sebastien - French Wedding\" srcset=\"https:\/\/frenchwedding.hu\/wp-content\/uploads\/2024\/03\/Rita-Sebastien-french-wedding-64-1024x681.jpg 1024w, https:\/\/frenchwedding.hu\/wp-content\/uploads\/2024\/03\/Rita-Sebastien-french-wedding-64-700x466.jpg 700w, https:\/\/frenchwedding.hu\/wp-content\/uploads\/2024\/03\/Rita-Sebastien-french-wedding-64-768x511.jpg 768w, https:\/\/frenchwedding.hu\/wp-content\/uploads\/2024\/03\/Rita-Sebastien-french-wedding-64-1536x1021.jpg 1536w, https:\/\/frenchwedding.hu\/wp-content\/uploads\/2024\/03\/Rita-Sebastien-french-wedding-64.jpg 1600w\" sizes=\"(max-width: 800px) 100vw, 800px\" \/><\/div><div class=\"uael-grid-img-overlay\"><\/div><\/a><\/div><\/div><div class=\"uael-grid-item  uael-img-gallery-item-18\"><div class=\"uael-grid-item-content\"><a class=\"uael-grid-img uael-grid-gallery-img uael-ins-hover elementor-clickable\" data-fancybox=\"uael-gallery\" href=\"https:\/\/frenchwedding.hu\/wp-content\/uploads\/2024\/03\/Rita-Sebastien-french-wedding-63.jpg\" data-elementor-open-lightbox=\"no\"><div class=\"uael-grid-img-thumbnail uael-ins-target\"><img loading=\"lazy\" decoding=\"async\" width=\"800\" height=\"532\" src=\"https:\/\/frenchwedding.hu\/wp-content\/uploads\/2024\/03\/Rita-Sebastien-french-wedding-63-1024x681.jpg\" class=\"attachment-large size-large wp-image-682\" alt=\"Rita &amp; Sebastien - French Wedding\" srcset=\"https:\/\/frenchwedding.hu\/wp-content\/uploads\/2024\/03\/Rita-Sebastien-french-wedding-63-1024x681.jpg 1024w, https:\/\/frenchwedding.hu\/wp-content\/uploads\/2024\/03\/Rita-Sebastien-french-wedding-63-700x466.jpg 700w, https:\/\/frenchwedding.hu\/wp-content\/uploads\/2024\/03\/Rita-Sebastien-french-wedding-63-768x511.jpg 768w, https:\/\/frenchwedding.hu\/wp-content\/uploads\/2024\/03\/Rita-Sebastien-french-wedding-63-1536x1021.jpg 1536w, https:\/\/frenchwedding.hu\/wp-content\/uploads\/2024\/03\/Rita-Sebastien-french-wedding-63.jpg 1600w\" sizes=\"(max-width: 800px) 100vw, 800px\" \/><\/div><div class=\"uael-grid-img-overlay\"><\/div><\/a><\/div><\/div><div class=\"uael-grid-item  uael-img-gallery-item-19\"><div class=\"uael-grid-item-content\"><a class=\"uael-grid-img uael-grid-gallery-img uael-ins-hover elementor-clickable\" data-fancybox=\"uael-gallery\" href=\"https:\/\/frenchwedding.hu\/wp-content\/uploads\/2024\/03\/Rita-Sebastien-french-wedding-62.jpg\" data-elementor-open-lightbox=\"no\"><div class=\"uael-grid-img-thumbnail uael-ins-target\"><img loading=\"lazy\" decoding=\"async\" width=\"800\" height=\"532\" src=\"https:\/\/frenchwedding.hu\/wp-content\/uploads\/2024\/03\/Rita-Sebastien-french-wedding-62-1024x681.jpg\" class=\"attachment-large size-large wp-image-681\" alt=\"Rita &amp; Sebastien - French Wedding\" srcset=\"https:\/\/frenchwedding.hu\/wp-content\/uploads\/2024\/03\/Rita-Sebastien-french-wedding-62-1024x681.jpg 1024w, https:\/\/frenchwedding.hu\/wp-content\/uploads\/2024\/03\/Rita-Sebastien-french-wedding-62-700x466.jpg 700w, https:\/\/frenchwedding.hu\/wp-content\/uploads\/2024\/03\/Rita-Sebastien-french-wedding-62-768x511.jpg 768w, https:\/\/frenchwedding.hu\/wp-content\/uploads\/2024\/03\/Rita-Sebastien-french-wedding-62-1536x1021.jpg 1536w, https:\/\/frenchwedding.hu\/wp-content\/uploads\/2024\/03\/Rita-Sebastien-french-wedding-62.jpg 1600w\" sizes=\"(max-width: 800px) 100vw, 800px\" \/><\/div><div class=\"uael-grid-img-overlay\"><\/div><\/a><\/div><\/div><div class=\"uael-grid-item  uael-img-gallery-item-20\"><div class=\"uael-grid-item-content\"><a class=\"uael-grid-img uael-grid-gallery-img uael-ins-hover elementor-clickable\" data-fancybox=\"uael-gallery\" href=\"https:\/\/frenchwedding.hu\/wp-content\/uploads\/2024\/03\/Rita-Sebastien-french-wedding-61.jpg\" data-elementor-open-lightbox=\"no\"><div class=\"uael-grid-img-thumbnail uael-ins-target\"><img loading=\"lazy\" decoding=\"async\" width=\"800\" height=\"532\" src=\"https:\/\/frenchwedding.hu\/wp-content\/uploads\/2024\/03\/Rita-Sebastien-french-wedding-61-1024x681.jpg\" class=\"attachment-large size-large wp-image-680\" alt=\"Rita &amp; Sebastien - French Wedding\" srcset=\"https:\/\/frenchwedding.hu\/wp-content\/uploads\/2024\/03\/Rita-Sebastien-french-wedding-61-1024x681.jpg 1024w, https:\/\/frenchwedding.hu\/wp-content\/uploads\/2024\/03\/Rita-Sebastien-french-wedding-61-700x466.jpg 700w, https:\/\/frenchwedding.hu\/wp-content\/uploads\/2024\/03\/Rita-Sebastien-french-wedding-61-768x511.jpg 768w, https:\/\/frenchwedding.hu\/wp-content\/uploads\/2024\/03\/Rita-Sebastien-french-wedding-61-1536x1021.jpg 1536w, https:\/\/frenchwedding.hu\/wp-content\/uploads\/2024\/03\/Rita-Sebastien-french-wedding-61.jpg 1600w\" sizes=\"(max-width: 800px) 100vw, 800px\" \/><\/div><div class=\"uael-grid-img-overlay\"><\/div><\/a><\/div><\/div><div class=\"uael-grid-item  uael-img-gallery-item-21\"><div class=\"uael-grid-item-content\"><a class=\"uael-grid-img uael-grid-gallery-img uael-ins-hover elementor-clickable\" data-fancybox=\"uael-gallery\" href=\"https:\/\/frenchwedding.hu\/wp-content\/uploads\/2024\/03\/Rita-Sebastien-french-wedding-60.jpg\" data-elementor-open-lightbox=\"no\"><div class=\"uael-grid-img-thumbnail uael-ins-target\"><img loading=\"lazy\" decoding=\"async\" width=\"800\" height=\"532\" src=\"https:\/\/frenchwedding.hu\/wp-content\/uploads\/2024\/03\/Rita-Sebastien-french-wedding-60-1024x681.jpg\" class=\"attachment-large size-large wp-image-679\" alt=\"Rita &amp; Sebastien - French Wedding\" srcset=\"https:\/\/frenchwedding.hu\/wp-content\/uploads\/2024\/03\/Rita-Sebastien-french-wedding-60-1024x681.jpg 1024w, https:\/\/frenchwedding.hu\/wp-content\/uploads\/2024\/03\/Rita-Sebastien-french-wedding-60-700x466.jpg 700w, https:\/\/frenchwedding.hu\/wp-content\/uploads\/2024\/03\/Rita-Sebastien-french-wedding-60-768x511.jpg 768w, https:\/\/frenchwedding.hu\/wp-content\/uploads\/2024\/03\/Rita-Sebastien-french-wedding-60-1536x1021.jpg 1536w, https:\/\/frenchwedding.hu\/wp-content\/uploads\/2024\/03\/Rita-Sebastien-french-wedding-60.jpg 1600w\" sizes=\"(max-width: 800px) 100vw, 800px\" \/><\/div><div class=\"uael-grid-img-overlay\"><\/div><\/a><\/div><\/div><div class=\"uael-grid-item  uael-img-gallery-item-22\"><div class=\"uael-grid-item-content\"><a class=\"uael-grid-img uael-grid-gallery-img uael-ins-hover elementor-clickable\" data-fancybox=\"uael-gallery\" href=\"https:\/\/frenchwedding.hu\/wp-content\/uploads\/2024\/03\/Rita-Sebastien-french-wedding-59.jpg\" data-elementor-open-lightbox=\"no\"><div class=\"uael-grid-img-thumbnail uael-ins-target\"><img loading=\"lazy\" decoding=\"async\" width=\"800\" height=\"532\" src=\"https:\/\/frenchwedding.hu\/wp-content\/uploads\/2024\/03\/Rita-Sebastien-french-wedding-59-1024x681.jpg\" class=\"attachment-large size-large wp-image-678\" alt=\"Rita &amp; Sebastien - French Wedding\" srcset=\"https:\/\/frenchwedding.hu\/wp-content\/uploads\/2024\/03\/Rita-Sebastien-french-wedding-59-1024x681.jpg 1024w, https:\/\/frenchwedding.hu\/wp-content\/uploads\/2024\/03\/Rita-Sebastien-french-wedding-59-700x466.jpg 700w, https:\/\/frenchwedding.hu\/wp-content\/uploads\/2024\/03\/Rita-Sebastien-french-wedding-59-768x511.jpg 768w, https:\/\/frenchwedding.hu\/wp-content\/uploads\/2024\/03\/Rita-Sebastien-french-wedding-59-1536x1021.jpg 1536w, https:\/\/frenchwedding.hu\/wp-content\/uploads\/2024\/03\/Rita-Sebastien-french-wedding-59.jpg 1600w\" sizes=\"(max-width: 800px) 100vw, 800px\" \/><\/div><div class=\"uael-grid-img-overlay\"><\/div><\/a><\/div><\/div><div class=\"uael-grid-item  uael-img-gallery-item-23\"><div class=\"uael-grid-item-content\"><a class=\"uael-grid-img uael-grid-gallery-img uael-ins-hover elementor-clickable\" data-fancybox=\"uael-gallery\" href=\"https:\/\/frenchwedding.hu\/wp-content\/uploads\/2024\/03\/Rita-Sebastien-french-wedding-58.jpg\" data-elementor-open-lightbox=\"no\"><div class=\"uael-grid-img-thumbnail uael-ins-target\"><img loading=\"lazy\" decoding=\"async\" width=\"800\" height=\"532\" src=\"https:\/\/frenchwedding.hu\/wp-content\/uploads\/2024\/03\/Rita-Sebastien-french-wedding-58-1024x681.jpg\" class=\"attachment-large size-large wp-image-677\" alt=\"Rita &amp; Sebastien - French Wedding\" srcset=\"https:\/\/frenchwedding.hu\/wp-content\/uploads\/2024\/03\/Rita-Sebastien-french-wedding-58-1024x681.jpg 1024w, https:\/\/frenchwedding.hu\/wp-content\/uploads\/2024\/03\/Rita-Sebastien-french-wedding-58-700x466.jpg 700w, https:\/\/frenchwedding.hu\/wp-content\/uploads\/2024\/03\/Rita-Sebastien-french-wedding-58-768x511.jpg 768w, https:\/\/frenchwedding.hu\/wp-content\/uploads\/2024\/03\/Rita-Sebastien-french-wedding-58-1536x1021.jpg 1536w, https:\/\/frenchwedding.hu\/wp-content\/uploads\/2024\/03\/Rita-Sebastien-french-wedding-58.jpg 1600w\" sizes=\"(max-width: 800px) 100vw, 800px\" \/><\/div><div class=\"uael-grid-img-overlay\"><\/div><\/a><\/div><\/div><div class=\"uael-grid-item  uael-img-gallery-item-24\"><div class=\"uael-grid-item-content\"><a class=\"uael-grid-img uael-grid-gallery-img uael-ins-hover elementor-clickable\" data-fancybox=\"uael-gallery\" href=\"https:\/\/frenchwedding.hu\/wp-content\/uploads\/2024\/03\/Rita-Sebastien-french-wedding-57.jpg\" data-elementor-open-lightbox=\"no\"><div class=\"uael-grid-img-thumbnail uael-ins-target\"><img loading=\"lazy\" decoding=\"async\" width=\"800\" height=\"532\" src=\"https:\/\/frenchwedding.hu\/wp-content\/uploads\/2024\/03\/Rita-Sebastien-french-wedding-57-1024x681.jpg\" class=\"attachment-large size-large wp-image-676\" alt=\"Rita &amp; Sebastien - French Wedding\" srcset=\"https:\/\/frenchwedding.hu\/wp-content\/uploads\/2024\/03\/Rita-Sebastien-french-wedding-57-1024x681.jpg 1024w, https:\/\/frenchwedding.hu\/wp-content\/uploads\/2024\/03\/Rita-Sebastien-french-wedding-57-700x466.jpg 700w, https:\/\/frenchwedding.hu\/wp-content\/uploads\/2024\/03\/Rita-Sebastien-french-wedding-57-768x511.jpg 768w, https:\/\/frenchwedding.hu\/wp-content\/uploads\/2024\/03\/Rita-Sebastien-french-wedding-57-1536x1021.jpg 1536w, https:\/\/frenchwedding.hu\/wp-content\/uploads\/2024\/03\/Rita-Sebastien-french-wedding-57.jpg 1600w\" sizes=\"(max-width: 800px) 100vw, 800px\" \/><\/div><div class=\"uael-grid-img-overlay\"><\/div><\/a><\/div><\/div><div class=\"uael-grid-item  uael-img-gallery-item-25\"><div class=\"uael-grid-item-content\"><a class=\"uael-grid-img uael-grid-gallery-img uael-ins-hover elementor-clickable\" data-fancybox=\"uael-gallery\" href=\"https:\/\/frenchwedding.hu\/wp-content\/uploads\/2024\/03\/Rita-Sebastien-french-wedding-56.jpg\" data-elementor-open-lightbox=\"no\"><div class=\"uael-grid-img-thumbnail uael-ins-target\"><img loading=\"lazy\" decoding=\"async\" width=\"682\" height=\"1024\" src=\"https:\/\/frenchwedding.hu\/wp-content\/uploads\/2024\/03\/Rita-Sebastien-french-wedding-56-682x1024.jpg\" class=\"attachment-large size-large wp-image-675\" alt=\"Rita &amp; Sebastien - French Wedding\" srcset=\"https:\/\/frenchwedding.hu\/wp-content\/uploads\/2024\/03\/Rita-Sebastien-french-wedding-56-682x1024.jpg 682w, https:\/\/frenchwedding.hu\/wp-content\/uploads\/2024\/03\/Rita-Sebastien-french-wedding-56-466x700.jpg 466w, https:\/\/frenchwedding.hu\/wp-content\/uploads\/2024\/03\/Rita-Sebastien-french-wedding-56-768x1154.jpg 768w, https:\/\/frenchwedding.hu\/wp-content\/uploads\/2024\/03\/Rita-Sebastien-french-wedding-56-1022x1536.jpg 1022w, https:\/\/frenchwedding.hu\/wp-content\/uploads\/2024\/03\/Rita-Sebastien-french-wedding-56.jpg 1065w\" sizes=\"(max-width: 682px) 100vw, 682px\" \/><\/div><div class=\"uael-grid-img-overlay\"><\/div><\/a><\/div><\/div><div class=\"uael-grid-item  uael-img-gallery-item-26\"><div class=\"uael-grid-item-content\"><a class=\"uael-grid-img uael-grid-gallery-img uael-ins-hover elementor-clickable\" data-fancybox=\"uael-gallery\" href=\"https:\/\/frenchwedding.hu\/wp-content\/uploads\/2024\/03\/Rita-Sebastien-french-wedding-55.jpg\" data-elementor-open-lightbox=\"no\"><div class=\"uael-grid-img-thumbnail uael-ins-target\"><img loading=\"lazy\" decoding=\"async\" width=\"800\" height=\"532\" src=\"https:\/\/frenchwedding.hu\/wp-content\/uploads\/2024\/03\/Rita-Sebastien-french-wedding-55-1024x681.jpg\" class=\"attachment-large size-large wp-image-674\" alt=\"Rita &amp; Sebastien - French Wedding\" srcset=\"https:\/\/frenchwedding.hu\/wp-content\/uploads\/2024\/03\/Rita-Sebastien-french-wedding-55-1024x681.jpg 1024w, https:\/\/frenchwedding.hu\/wp-content\/uploads\/2024\/03\/Rita-Sebastien-french-wedding-55-700x466.jpg 700w, https:\/\/frenchwedding.hu\/wp-content\/uploads\/2024\/03\/Rita-Sebastien-french-wedding-55-768x511.jpg 768w, https:\/\/frenchwedding.hu\/wp-content\/uploads\/2024\/03\/Rita-Sebastien-french-wedding-55-1536x1021.jpg 1536w, https:\/\/frenchwedding.hu\/wp-content\/uploads\/2024\/03\/Rita-Sebastien-french-wedding-55.jpg 1600w\" sizes=\"(max-width: 800px) 100vw, 800px\" \/><\/div><div class=\"uael-grid-img-overlay\"><\/div><\/a><\/div><\/div><div class=\"uael-grid-item  uael-img-gallery-item-27\"><div class=\"uael-grid-item-content\"><a class=\"uael-grid-img uael-grid-gallery-img uael-ins-hover elementor-clickable\" data-fancybox=\"uael-gallery\" href=\"https:\/\/frenchwedding.hu\/wp-content\/uploads\/2024\/03\/Rita-Sebastien-french-wedding-54.jpg\" data-elementor-open-lightbox=\"no\"><div class=\"uael-grid-img-thumbnail uael-ins-target\"><img loading=\"lazy\" decoding=\"async\" width=\"682\" height=\"1024\" src=\"https:\/\/frenchwedding.hu\/wp-content\/uploads\/2024\/03\/Rita-Sebastien-french-wedding-54-682x1024.jpg\" class=\"attachment-large size-large wp-image-673\" alt=\"Rita &amp; Sebastien - French Wedding\" srcset=\"https:\/\/frenchwedding.hu\/wp-content\/uploads\/2024\/03\/Rita-Sebastien-french-wedding-54-682x1024.jpg 682w, https:\/\/frenchwedding.hu\/wp-content\/uploads\/2024\/03\/Rita-Sebastien-french-wedding-54-466x700.jpg 466w, https:\/\/frenchwedding.hu\/wp-content\/uploads\/2024\/03\/Rita-Sebastien-french-wedding-54-768x1154.jpg 768w, https:\/\/frenchwedding.hu\/wp-content\/uploads\/2024\/03\/Rita-Sebastien-french-wedding-54-1022x1536.jpg 1022w, https:\/\/frenchwedding.hu\/wp-content\/uploads\/2024\/03\/Rita-Sebastien-french-wedding-54.jpg 1065w\" sizes=\"(max-width: 682px) 100vw, 682px\" \/><\/div><div class=\"uael-grid-img-overlay\"><\/div><\/a><\/div><\/div><div class=\"uael-grid-item  uael-img-gallery-item-28\"><div class=\"uael-grid-item-content\"><a class=\"uael-grid-img uael-grid-gallery-img uael-ins-hover elementor-clickable\" data-fancybox=\"uael-gallery\" href=\"https:\/\/frenchwedding.hu\/wp-content\/uploads\/2024\/03\/Rita-Sebastien-french-wedding-53.jpg\" data-elementor-open-lightbox=\"no\"><div class=\"uael-grid-img-thumbnail uael-ins-target\"><img loading=\"lazy\" decoding=\"async\" width=\"800\" height=\"532\" src=\"https:\/\/frenchwedding.hu\/wp-content\/uploads\/2024\/03\/Rita-Sebastien-french-wedding-53-1024x681.jpg\" class=\"attachment-large size-large wp-image-672\" alt=\"Rita &amp; Sebastien - French Wedding\" srcset=\"https:\/\/frenchwedding.hu\/wp-content\/uploads\/2024\/03\/Rita-Sebastien-french-wedding-53-1024x681.jpg 1024w, https:\/\/frenchwedding.hu\/wp-content\/uploads\/2024\/03\/Rita-Sebastien-french-wedding-53-700x466.jpg 700w, https:\/\/frenchwedding.hu\/wp-content\/uploads\/2024\/03\/Rita-Sebastien-french-wedding-53-768x511.jpg 768w, https:\/\/frenchwedding.hu\/wp-content\/uploads\/2024\/03\/Rita-Sebastien-french-wedding-53-1536x1021.jpg 1536w, https:\/\/frenchwedding.hu\/wp-content\/uploads\/2024\/03\/Rita-Sebastien-french-wedding-53.jpg 1600w\" sizes=\"(max-width: 800px) 100vw, 800px\" \/><\/div><div class=\"uael-grid-img-overlay\"><\/div><\/a><\/div><\/div><div class=\"uael-grid-item  uael-img-gallery-item-29\"><div class=\"uael-grid-item-content\"><a class=\"uael-grid-img uael-grid-gallery-img uael-ins-hover elementor-clickable\" data-fancybox=\"uael-gallery\" href=\"https:\/\/frenchwedding.hu\/wp-content\/uploads\/2024\/03\/Rita-Sebastien-french-wedding-52.jpg\" data-elementor-open-lightbox=\"no\"><div class=\"uael-grid-img-thumbnail uael-ins-target\"><img loading=\"lazy\" decoding=\"async\" width=\"682\" height=\"1024\" src=\"https:\/\/frenchwedding.hu\/wp-content\/uploads\/2024\/03\/Rita-Sebastien-french-wedding-52-682x1024.jpg\" class=\"attachment-large size-large wp-image-671\" alt=\"Rita &amp; Sebastien - French Wedding\" srcset=\"https:\/\/frenchwedding.hu\/wp-content\/uploads\/2024\/03\/Rita-Sebastien-french-wedding-52-682x1024.jpg 682w, https:\/\/frenchwedding.hu\/wp-content\/uploads\/2024\/03\/Rita-Sebastien-french-wedding-52-466x700.jpg 466w, https:\/\/frenchwedding.hu\/wp-content\/uploads\/2024\/03\/Rita-Sebastien-french-wedding-52-768x1154.jpg 768w, https:\/\/frenchwedding.hu\/wp-content\/uploads\/2024\/03\/Rita-Sebastien-french-wedding-52-1022x1536.jpg 1022w, https:\/\/frenchwedding.hu\/wp-content\/uploads\/2024\/03\/Rita-Sebastien-french-wedding-52.jpg 1065w\" sizes=\"(max-width: 682px) 100vw, 682px\" \/><\/div><div class=\"uael-grid-img-overlay\"><\/div><\/a><\/div><\/div><div class=\"uael-grid-item  uael-img-gallery-item-30\"><div class=\"uael-grid-item-content\"><a class=\"uael-grid-img uael-grid-gallery-img uael-ins-hover elementor-clickable\" data-fancybox=\"uael-gallery\" href=\"https:\/\/frenchwedding.hu\/wp-content\/uploads\/2024\/03\/Rita-Sebastien-french-wedding-51.jpg\" data-elementor-open-lightbox=\"no\"><div class=\"uael-grid-img-thumbnail uael-ins-target\"><img loading=\"lazy\" decoding=\"async\" width=\"800\" height=\"532\" src=\"https:\/\/frenchwedding.hu\/wp-content\/uploads\/2024\/03\/Rita-Sebastien-french-wedding-51-1024x681.jpg\" class=\"attachment-large size-large wp-image-670\" alt=\"Rita &amp; Sebastien - French Wedding\" srcset=\"https:\/\/frenchwedding.hu\/wp-content\/uploads\/2024\/03\/Rita-Sebastien-french-wedding-51-1024x681.jpg 1024w, https:\/\/frenchwedding.hu\/wp-content\/uploads\/2024\/03\/Rita-Sebastien-french-wedding-51-700x466.jpg 700w, https:\/\/frenchwedding.hu\/wp-content\/uploads\/2024\/03\/Rita-Sebastien-french-wedding-51-768x511.jpg 768w, https:\/\/frenchwedding.hu\/wp-content\/uploads\/2024\/03\/Rita-Sebastien-french-wedding-51-1536x1021.jpg 1536w, https:\/\/frenchwedding.hu\/wp-content\/uploads\/2024\/03\/Rita-Sebastien-french-wedding-51.jpg 1600w\" sizes=\"(max-width: 800px) 100vw, 800px\" \/><\/div><div class=\"uael-grid-img-overlay\"><\/div><\/a><\/div><\/div><div class=\"uael-grid-item  uael-img-gallery-item-31\"><div class=\"uael-grid-item-content\"><a class=\"uael-grid-img uael-grid-gallery-img uael-ins-hover elementor-clickable\" data-fancybox=\"uael-gallery\" href=\"https:\/\/frenchwedding.hu\/wp-content\/uploads\/2024\/03\/Rita-Sebastien-french-wedding-50.jpg\" data-elementor-open-lightbox=\"no\"><div class=\"uael-grid-img-thumbnail uael-ins-target\"><img loading=\"lazy\" decoding=\"async\" width=\"800\" height=\"532\" src=\"https:\/\/frenchwedding.hu\/wp-content\/uploads\/2024\/03\/Rita-Sebastien-french-wedding-50-1024x681.jpg\" class=\"attachment-large size-large wp-image-669\" alt=\"Rita &amp; Sebastien - French Wedding\" srcset=\"https:\/\/frenchwedding.hu\/wp-content\/uploads\/2024\/03\/Rita-Sebastien-french-wedding-50-1024x681.jpg 1024w, https:\/\/frenchwedding.hu\/wp-content\/uploads\/2024\/03\/Rita-Sebastien-french-wedding-50-700x466.jpg 700w, https:\/\/frenchwedding.hu\/wp-content\/uploads\/2024\/03\/Rita-Sebastien-french-wedding-50-768x511.jpg 768w, https:\/\/frenchwedding.hu\/wp-content\/uploads\/2024\/03\/Rita-Sebastien-french-wedding-50-1536x1021.jpg 1536w, https:\/\/frenchwedding.hu\/wp-content\/uploads\/2024\/03\/Rita-Sebastien-french-wedding-50.jpg 1600w\" sizes=\"(max-width: 800px) 100vw, 800px\" \/><\/div><div class=\"uael-grid-img-overlay\"><\/div><\/a><\/div><\/div><div class=\"uael-grid-item  uael-img-gallery-item-32\"><div class=\"uael-grid-item-content\"><a class=\"uael-grid-img uael-grid-gallery-img uael-ins-hover elementor-clickable\" data-fancybox=\"uael-gallery\" href=\"https:\/\/frenchwedding.hu\/wp-content\/uploads\/2024\/03\/Rita-Sebastien-french-wedding-49.jpg\" data-elementor-open-lightbox=\"no\"><div class=\"uael-grid-img-thumbnail uael-ins-target\"><img loading=\"lazy\" decoding=\"async\" width=\"800\" height=\"532\" src=\"https:\/\/frenchwedding.hu\/wp-content\/uploads\/2024\/03\/Rita-Sebastien-french-wedding-49-1024x681.jpg\" class=\"attachment-large size-large wp-image-668\" alt=\"Rita &amp; Sebastien - French Wedding\" srcset=\"https:\/\/frenchwedding.hu\/wp-content\/uploads\/2024\/03\/Rita-Sebastien-french-wedding-49-1024x681.jpg 1024w, https:\/\/frenchwedding.hu\/wp-content\/uploads\/2024\/03\/Rita-Sebastien-french-wedding-49-700x466.jpg 700w, https:\/\/frenchwedding.hu\/wp-content\/uploads\/2024\/03\/Rita-Sebastien-french-wedding-49-768x511.jpg 768w, https:\/\/frenchwedding.hu\/wp-content\/uploads\/2024\/03\/Rita-Sebastien-french-wedding-49-1536x1021.jpg 1536w, https:\/\/frenchwedding.hu\/wp-content\/uploads\/2024\/03\/Rita-Sebastien-french-wedding-49.jpg 1600w\" sizes=\"(max-width: 800px) 100vw, 800px\" \/><\/div><div class=\"uael-grid-img-overlay\"><\/div><\/a><\/div><\/div><div class=\"uael-grid-item  uael-img-gallery-item-33\"><div class=\"uael-grid-item-content\"><a class=\"uael-grid-img uael-grid-gallery-img uael-ins-hover elementor-clickable\" data-fancybox=\"uael-gallery\" href=\"https:\/\/frenchwedding.hu\/wp-content\/uploads\/2024\/03\/Rita-Sebastien-french-wedding-48.jpg\" data-elementor-open-lightbox=\"no\"><div class=\"uael-grid-img-thumbnail uael-ins-target\"><img loading=\"lazy\" decoding=\"async\" width=\"800\" height=\"532\" src=\"https:\/\/frenchwedding.hu\/wp-content\/uploads\/2024\/03\/Rita-Sebastien-french-wedding-48-1024x681.jpg\" class=\"attachment-large size-large wp-image-667\" alt=\"Rita &amp; Sebastien - French Wedding\" srcset=\"https:\/\/frenchwedding.hu\/wp-content\/uploads\/2024\/03\/Rita-Sebastien-french-wedding-48-1024x681.jpg 1024w, https:\/\/frenchwedding.hu\/wp-content\/uploads\/2024\/03\/Rita-Sebastien-french-wedding-48-700x466.jpg 700w, https:\/\/frenchwedding.hu\/wp-content\/uploads\/2024\/03\/Rita-Sebastien-french-wedding-48-768x511.jpg 768w, https:\/\/frenchwedding.hu\/wp-content\/uploads\/2024\/03\/Rita-Sebastien-french-wedding-48-1536x1021.jpg 1536w, https:\/\/frenchwedding.hu\/wp-content\/uploads\/2024\/03\/Rita-Sebastien-french-wedding-48.jpg 1600w\" sizes=\"(max-width: 800px) 100vw, 800px\" \/><\/div><div class=\"uael-grid-img-overlay\"><\/div><\/a><\/div><\/div><div class=\"uael-grid-item  uael-img-gallery-item-34\"><div class=\"uael-grid-item-content\"><a class=\"uael-grid-img uael-grid-gallery-img uael-ins-hover elementor-clickable\" data-fancybox=\"uael-gallery\" href=\"https:\/\/frenchwedding.hu\/wp-content\/uploads\/2024\/03\/Rita-Sebastien-french-wedding-47.jpg\" data-elementor-open-lightbox=\"no\"><div class=\"uael-grid-img-thumbnail uael-ins-target\"><img loading=\"lazy\" decoding=\"async\" width=\"800\" height=\"532\" src=\"https:\/\/frenchwedding.hu\/wp-content\/uploads\/2024\/03\/Rita-Sebastien-french-wedding-47-1024x681.jpg\" class=\"attachment-large size-large wp-image-666\" alt=\"Rita &amp; Sebastien - French Wedding\" srcset=\"https:\/\/frenchwedding.hu\/wp-content\/uploads\/2024\/03\/Rita-Sebastien-french-wedding-47-1024x681.jpg 1024w, https:\/\/frenchwedding.hu\/wp-content\/uploads\/2024\/03\/Rita-Sebastien-french-wedding-47-700x466.jpg 700w, https:\/\/frenchwedding.hu\/wp-content\/uploads\/2024\/03\/Rita-Sebastien-french-wedding-47-768x511.jpg 768w, https:\/\/frenchwedding.hu\/wp-content\/uploads\/2024\/03\/Rita-Sebastien-french-wedding-47-1536x1021.jpg 1536w, https:\/\/frenchwedding.hu\/wp-content\/uploads\/2024\/03\/Rita-Sebastien-french-wedding-47.jpg 1600w\" sizes=\"(max-width: 800px) 100vw, 800px\" \/><\/div><div class=\"uael-grid-img-overlay\"><\/div><\/a><\/div><\/div><div class=\"uael-grid-item  uael-img-gallery-item-35\"><div class=\"uael-grid-item-content\"><a class=\"uael-grid-img uael-grid-gallery-img uael-ins-hover elementor-clickable\" data-fancybox=\"uael-gallery\" href=\"https:\/\/frenchwedding.hu\/wp-content\/uploads\/2024\/03\/Rita-Sebastien-french-wedding-46.jpg\" data-elementor-open-lightbox=\"no\"><div class=\"uael-grid-img-thumbnail uael-ins-target\"><img loading=\"lazy\" decoding=\"async\" width=\"800\" height=\"532\" src=\"https:\/\/frenchwedding.hu\/wp-content\/uploads\/2024\/03\/Rita-Sebastien-french-wedding-46-1024x681.jpg\" class=\"attachment-large size-large wp-image-665\" alt=\"Rita &amp; Sebastien - French Wedding\" srcset=\"https:\/\/frenchwedding.hu\/wp-content\/uploads\/2024\/03\/Rita-Sebastien-french-wedding-46-1024x681.jpg 1024w, https:\/\/frenchwedding.hu\/wp-content\/uploads\/2024\/03\/Rita-Sebastien-french-wedding-46-700x466.jpg 700w, https:\/\/frenchwedding.hu\/wp-content\/uploads\/2024\/03\/Rita-Sebastien-french-wedding-46-768x511.jpg 768w, https:\/\/frenchwedding.hu\/wp-content\/uploads\/2024\/03\/Rita-Sebastien-french-wedding-46-1536x1021.jpg 1536w, https:\/\/frenchwedding.hu\/wp-content\/uploads\/2024\/03\/Rita-Sebastien-french-wedding-46.jpg 1600w\" sizes=\"(max-width: 800px) 100vw, 800px\" \/><\/div><div class=\"uael-grid-img-overlay\"><\/div><\/a><\/div><\/div><div class=\"uael-grid-item  uael-img-gallery-item-36\"><div class=\"uael-grid-item-content\"><a class=\"uael-grid-img uael-grid-gallery-img uael-ins-hover elementor-clickable\" data-fancybox=\"uael-gallery\" href=\"https:\/\/frenchwedding.hu\/wp-content\/uploads\/2024\/03\/Rita-Sebastien-french-wedding-45.jpg\" data-elementor-open-lightbox=\"no\"><div class=\"uael-grid-img-thumbnail uael-ins-target\"><img loading=\"lazy\" decoding=\"async\" width=\"682\" height=\"1024\" src=\"https:\/\/frenchwedding.hu\/wp-content\/uploads\/2024\/03\/Rita-Sebastien-french-wedding-45-682x1024.jpg\" class=\"attachment-large size-large wp-image-664\" alt=\"Rita &amp; Sebastien - French Wedding\" srcset=\"https:\/\/frenchwedding.hu\/wp-content\/uploads\/2024\/03\/Rita-Sebastien-french-wedding-45-682x1024.jpg 682w, https:\/\/frenchwedding.hu\/wp-content\/uploads\/2024\/03\/Rita-Sebastien-french-wedding-45-466x700.jpg 466w, https:\/\/frenchwedding.hu\/wp-content\/uploads\/2024\/03\/Rita-Sebastien-french-wedding-45-768x1154.jpg 768w, https:\/\/frenchwedding.hu\/wp-content\/uploads\/2024\/03\/Rita-Sebastien-french-wedding-45-1022x1536.jpg 1022w, https:\/\/frenchwedding.hu\/wp-content\/uploads\/2024\/03\/Rita-Sebastien-french-wedding-45.jpg 1065w\" sizes=\"(max-width: 682px) 100vw, 682px\" \/><\/div><div class=\"uael-grid-img-overlay\"><\/div><\/a><\/div><\/div><div class=\"uael-grid-item  uael-img-gallery-item-37\"><div class=\"uael-grid-item-content\"><a class=\"uael-grid-img uael-grid-gallery-img uael-ins-hover elementor-clickable\" data-fancybox=\"uael-gallery\" href=\"https:\/\/frenchwedding.hu\/wp-content\/uploads\/2024\/03\/Rita-Sebastien-french-wedding-44.jpg\" data-elementor-open-lightbox=\"no\"><div class=\"uael-grid-img-thumbnail uael-ins-target\"><img loading=\"lazy\" decoding=\"async\" width=\"800\" height=\"532\" src=\"https:\/\/frenchwedding.hu\/wp-content\/uploads\/2024\/03\/Rita-Sebastien-french-wedding-44-1024x681.jpg\" class=\"attachment-large size-large wp-image-663\" alt=\"Rita &amp; Sebastien - French Wedding\" srcset=\"https:\/\/frenchwedding.hu\/wp-content\/uploads\/2024\/03\/Rita-Sebastien-french-wedding-44-1024x681.jpg 1024w, https:\/\/frenchwedding.hu\/wp-content\/uploads\/2024\/03\/Rita-Sebastien-french-wedding-44-700x466.jpg 700w, https:\/\/frenchwedding.hu\/wp-content\/uploads\/2024\/03\/Rita-Sebastien-french-wedding-44-768x511.jpg 768w, https:\/\/frenchwedding.hu\/wp-content\/uploads\/2024\/03\/Rita-Sebastien-french-wedding-44-1536x1021.jpg 1536w, https:\/\/frenchwedding.hu\/wp-content\/uploads\/2024\/03\/Rita-Sebastien-french-wedding-44.jpg 1600w\" sizes=\"(max-width: 800px) 100vw, 800px\" \/><\/div><div class=\"uael-grid-img-overlay\"><\/div><\/a><\/div><\/div><div class=\"uael-grid-item  uael-img-gallery-item-38\"><div class=\"uael-grid-item-content\"><a class=\"uael-grid-img uael-grid-gallery-img uael-ins-hover elementor-clickable\" data-fancybox=\"uael-gallery\" href=\"https:\/\/frenchwedding.hu\/wp-content\/uploads\/2024\/03\/Rita-Sebastien-french-wedding-43.jpg\" data-elementor-open-lightbox=\"no\"><div class=\"uael-grid-img-thumbnail uael-ins-target\"><img loading=\"lazy\" decoding=\"async\" width=\"800\" height=\"532\" src=\"https:\/\/frenchwedding.hu\/wp-content\/uploads\/2024\/03\/Rita-Sebastien-french-wedding-43-1024x681.jpg\" class=\"attachment-large size-large wp-image-662\" alt=\"Rita &amp; Sebastien - French Wedding\" srcset=\"https:\/\/frenchwedding.hu\/wp-content\/uploads\/2024\/03\/Rita-Sebastien-french-wedding-43-1024x681.jpg 1024w, https:\/\/frenchwedding.hu\/wp-content\/uploads\/2024\/03\/Rita-Sebastien-french-wedding-43-700x466.jpg 700w, https:\/\/frenchwedding.hu\/wp-content\/uploads\/2024\/03\/Rita-Sebastien-french-wedding-43-768x511.jpg 768w, https:\/\/frenchwedding.hu\/wp-content\/uploads\/2024\/03\/Rita-Sebastien-french-wedding-43-1536x1021.jpg 1536w, https:\/\/frenchwedding.hu\/wp-content\/uploads\/2024\/03\/Rita-Sebastien-french-wedding-43.jpg 1600w\" sizes=\"(max-width: 800px) 100vw, 800px\" \/><\/div><div class=\"uael-grid-img-overlay\"><\/div><\/a><\/div><\/div><div class=\"uael-grid-item  uael-img-gallery-item-39\"><div class=\"uael-grid-item-content\"><a class=\"uael-grid-img uael-grid-gallery-img uael-ins-hover elementor-clickable\" data-fancybox=\"uael-gallery\" href=\"https:\/\/frenchwedding.hu\/wp-content\/uploads\/2024\/03\/Rita-Sebastien-french-wedding-42.jpg\" data-elementor-open-lightbox=\"no\"><div class=\"uael-grid-img-thumbnail uael-ins-target\"><img loading=\"lazy\" decoding=\"async\" width=\"800\" height=\"532\" src=\"https:\/\/frenchwedding.hu\/wp-content\/uploads\/2024\/03\/Rita-Sebastien-french-wedding-42-1024x681.jpg\" class=\"attachment-large size-large wp-image-661\" alt=\"Rita &amp; Sebastien - French Wedding\" srcset=\"https:\/\/frenchwedding.hu\/wp-content\/uploads\/2024\/03\/Rita-Sebastien-french-wedding-42-1024x681.jpg 1024w, https:\/\/frenchwedding.hu\/wp-content\/uploads\/2024\/03\/Rita-Sebastien-french-wedding-42-700x466.jpg 700w, https:\/\/frenchwedding.hu\/wp-content\/uploads\/2024\/03\/Rita-Sebastien-french-wedding-42-768x511.jpg 768w, https:\/\/frenchwedding.hu\/wp-content\/uploads\/2024\/03\/Rita-Sebastien-french-wedding-42-1536x1021.jpg 1536w, https:\/\/frenchwedding.hu\/wp-content\/uploads\/2024\/03\/Rita-Sebastien-french-wedding-42.jpg 1600w\" sizes=\"(max-width: 800px) 100vw, 800px\" \/><\/div><div class=\"uael-grid-img-overlay\"><\/div><\/a><\/div><\/div><div class=\"uael-grid-item  uael-img-gallery-item-40\"><div class=\"uael-grid-item-content\"><a class=\"uael-grid-img uael-grid-gallery-img uael-ins-hover elementor-clickable\" data-fancybox=\"uael-gallery\" href=\"https:\/\/frenchwedding.hu\/wp-content\/uploads\/2024\/03\/Rita-Sebastien-french-wedding-41.jpg\" data-elementor-open-lightbox=\"no\"><div class=\"uael-grid-img-thumbnail uael-ins-target\"><img loading=\"lazy\" decoding=\"async\" width=\"682\" height=\"1024\" src=\"https:\/\/frenchwedding.hu\/wp-content\/uploads\/2024\/03\/Rita-Sebastien-french-wedding-41-682x1024.jpg\" class=\"attachment-large size-large wp-image-660\" alt=\"Rita &amp; Sebastien - French Wedding\" srcset=\"https:\/\/frenchwedding.hu\/wp-content\/uploads\/2024\/03\/Rita-Sebastien-french-wedding-41-682x1024.jpg 682w, https:\/\/frenchwedding.hu\/wp-content\/uploads\/2024\/03\/Rita-Sebastien-french-wedding-41-466x700.jpg 466w, https:\/\/frenchwedding.hu\/wp-content\/uploads\/2024\/03\/Rita-Sebastien-french-wedding-41-768x1154.jpg 768w, https:\/\/frenchwedding.hu\/wp-content\/uploads\/2024\/03\/Rita-Sebastien-french-wedding-41-1022x1536.jpg 1022w, https:\/\/frenchwedding.hu\/wp-content\/uploads\/2024\/03\/Rita-Sebastien-french-wedding-41.jpg 1065w\" sizes=\"(max-width: 682px) 100vw, 682px\" \/><\/div><div class=\"uael-grid-img-overlay\"><\/div><\/a><\/div><\/div><div class=\"uael-grid-item  uael-img-gallery-item-41\"><div class=\"uael-grid-item-content\"><a class=\"uael-grid-img uael-grid-gallery-img uael-ins-hover elementor-clickable\" data-fancybox=\"uael-gallery\" href=\"https:\/\/frenchwedding.hu\/wp-content\/uploads\/2024\/03\/Rita-Sebastien-french-wedding-40.jpg\" data-elementor-open-lightbox=\"no\"><div class=\"uael-grid-img-thumbnail uael-ins-target\"><img loading=\"lazy\" decoding=\"async\" width=\"682\" height=\"1024\" src=\"https:\/\/frenchwedding.hu\/wp-content\/uploads\/2024\/03\/Rita-Sebastien-french-wedding-40-682x1024.jpg\" class=\"attachment-large size-large wp-image-659\" alt=\"Rita &amp; Sebastien - French Wedding\" srcset=\"https:\/\/frenchwedding.hu\/wp-content\/uploads\/2024\/03\/Rita-Sebastien-french-wedding-40-682x1024.jpg 682w, https:\/\/frenchwedding.hu\/wp-content\/uploads\/2024\/03\/Rita-Sebastien-french-wedding-40-466x700.jpg 466w, https:\/\/frenchwedding.hu\/wp-content\/uploads\/2024\/03\/Rita-Sebastien-french-wedding-40-768x1153.jpg 768w, https:\/\/frenchwedding.hu\/wp-content\/uploads\/2024\/03\/Rita-Sebastien-french-wedding-40-1023x1536.jpg 1023w, https:\/\/frenchwedding.hu\/wp-content\/uploads\/2024\/03\/Rita-Sebastien-french-wedding-40.jpg 1066w\" sizes=\"(max-width: 682px) 100vw, 682px\" \/><\/div><div class=\"uael-grid-img-overlay\"><\/div><\/a><\/div><\/div><div class=\"uael-grid-item  uael-img-gallery-item-42\"><div class=\"uael-grid-item-content\"><a class=\"uael-grid-img uael-grid-gallery-img uael-ins-hover elementor-clickable\" data-fancybox=\"uael-gallery\" href=\"https:\/\/frenchwedding.hu\/wp-content\/uploads\/2024\/03\/Rita-Sebastien-french-wedding-39.jpg\" data-elementor-open-lightbox=\"no\"><div class=\"uael-grid-img-thumbnail uael-ins-target\"><img loading=\"lazy\" decoding=\"async\" width=\"800\" height=\"532\" src=\"https:\/\/frenchwedding.hu\/wp-content\/uploads\/2024\/03\/Rita-Sebastien-french-wedding-39-1024x681.jpg\" class=\"attachment-large size-large wp-image-658\" alt=\"Rita &amp; Sebastien - French Wedding\" srcset=\"https:\/\/frenchwedding.hu\/wp-content\/uploads\/2024\/03\/Rita-Sebastien-french-wedding-39-1024x681.jpg 1024w, https:\/\/frenchwedding.hu\/wp-content\/uploads\/2024\/03\/Rita-Sebastien-french-wedding-39-700x466.jpg 700w, https:\/\/frenchwedding.hu\/wp-content\/uploads\/2024\/03\/Rita-Sebastien-french-wedding-39-768x511.jpg 768w, https:\/\/frenchwedding.hu\/wp-content\/uploads\/2024\/03\/Rita-Sebastien-french-wedding-39-1536x1021.jpg 1536w, https:\/\/frenchwedding.hu\/wp-content\/uploads\/2024\/03\/Rita-Sebastien-french-wedding-39.jpg 1600w\" sizes=\"(max-width: 800px) 100vw, 800px\" \/><\/div><div class=\"uael-grid-img-overlay\"><\/div><\/a><\/div><\/div><div class=\"uael-grid-item  uael-img-gallery-item-43\"><div class=\"uael-grid-item-content\"><a class=\"uael-grid-img uael-grid-gallery-img uael-ins-hover elementor-clickable\" data-fancybox=\"uael-gallery\" href=\"https:\/\/frenchwedding.hu\/wp-content\/uploads\/2024\/03\/Rita-Sebastien-french-wedding-38.jpg\" data-elementor-open-lightbox=\"no\"><div class=\"uael-grid-img-thumbnail uael-ins-target\"><img loading=\"lazy\" decoding=\"async\" width=\"800\" height=\"532\" src=\"https:\/\/frenchwedding.hu\/wp-content\/uploads\/2024\/03\/Rita-Sebastien-french-wedding-38-1024x681.jpg\" class=\"attachment-large size-large wp-image-657\" alt=\"Rita &amp; Sebastien - French Wedding\" srcset=\"https:\/\/frenchwedding.hu\/wp-content\/uploads\/2024\/03\/Rita-Sebastien-french-wedding-38-1024x681.jpg 1024w, https:\/\/frenchwedding.hu\/wp-content\/uploads\/2024\/03\/Rita-Sebastien-french-wedding-38-700x466.jpg 700w, https:\/\/frenchwedding.hu\/wp-content\/uploads\/2024\/03\/Rita-Sebastien-french-wedding-38-768x511.jpg 768w, https:\/\/frenchwedding.hu\/wp-content\/uploads\/2024\/03\/Rita-Sebastien-french-wedding-38-1536x1021.jpg 1536w, https:\/\/frenchwedding.hu\/wp-content\/uploads\/2024\/03\/Rita-Sebastien-french-wedding-38.jpg 1600w\" sizes=\"(max-width: 800px) 100vw, 800px\" \/><\/div><div class=\"uael-grid-img-overlay\"><\/div><\/a><\/div><\/div><div class=\"uael-grid-item  uael-img-gallery-item-44\"><div class=\"uael-grid-item-content\"><a class=\"uael-grid-img uael-grid-gallery-img uael-ins-hover elementor-clickable\" data-fancybox=\"uael-gallery\" href=\"https:\/\/frenchwedding.hu\/wp-content\/uploads\/2024\/03\/Rita-Sebastien-french-wedding-37.jpg\" data-elementor-open-lightbox=\"no\"><div class=\"uael-grid-img-thumbnail uael-ins-target\"><img loading=\"lazy\" decoding=\"async\" width=\"682\" height=\"1024\" src=\"https:\/\/frenchwedding.hu\/wp-content\/uploads\/2024\/03\/Rita-Sebastien-french-wedding-37-682x1024.jpg\" class=\"attachment-large size-large wp-image-656\" alt=\"Rita &amp; Sebastien - French Wedding\" srcset=\"https:\/\/frenchwedding.hu\/wp-content\/uploads\/2024\/03\/Rita-Sebastien-french-wedding-37-682x1024.jpg 682w, https:\/\/frenchwedding.hu\/wp-content\/uploads\/2024\/03\/Rita-Sebastien-french-wedding-37-466x700.jpg 466w, https:\/\/frenchwedding.hu\/wp-content\/uploads\/2024\/03\/Rita-Sebastien-french-wedding-37-768x1154.jpg 768w, https:\/\/frenchwedding.hu\/wp-content\/uploads\/2024\/03\/Rita-Sebastien-french-wedding-37-1022x1536.jpg 1022w, https:\/\/frenchwedding.hu\/wp-content\/uploads\/2024\/03\/Rita-Sebastien-french-wedding-37.jpg 1065w\" sizes=\"(max-width: 682px) 100vw, 682px\" \/><\/div><div class=\"uael-grid-img-overlay\"><\/div><\/a><\/div><\/div><div class=\"uael-grid-item  uael-img-gallery-item-45\"><div class=\"uael-grid-item-content\"><a class=\"uael-grid-img uael-grid-gallery-img uael-ins-hover elementor-clickable\" data-fancybox=\"uael-gallery\" href=\"https:\/\/frenchwedding.hu\/wp-content\/uploads\/2024\/03\/Rita-Sebastien-french-wedding-36.jpg\" data-elementor-open-lightbox=\"no\"><div class=\"uael-grid-img-thumbnail uael-ins-target\"><img loading=\"lazy\" decoding=\"async\" width=\"682\" height=\"1024\" src=\"https:\/\/frenchwedding.hu\/wp-content\/uploads\/2024\/03\/Rita-Sebastien-french-wedding-36-682x1024.jpg\" class=\"attachment-large size-large wp-image-655\" alt=\"Rita &amp; Sebastien - French Wedding\" srcset=\"https:\/\/frenchwedding.hu\/wp-content\/uploads\/2024\/03\/Rita-Sebastien-french-wedding-36-682x1024.jpg 682w, https:\/\/frenchwedding.hu\/wp-content\/uploads\/2024\/03\/Rita-Sebastien-french-wedding-36-466x700.jpg 466w, https:\/\/frenchwedding.hu\/wp-content\/uploads\/2024\/03\/Rita-Sebastien-french-wedding-36-768x1154.jpg 768w, https:\/\/frenchwedding.hu\/wp-content\/uploads\/2024\/03\/Rita-Sebastien-french-wedding-36-1022x1536.jpg 1022w, https:\/\/frenchwedding.hu\/wp-content\/uploads\/2024\/03\/Rita-Sebastien-french-wedding-36.jpg 1065w\" sizes=\"(max-width: 682px) 100vw, 682px\" \/><\/div><div class=\"uael-grid-img-overlay\"><\/div><\/a><\/div><\/div><div class=\"uael-grid-item  uael-img-gallery-item-46\"><div class=\"uael-grid-item-content\"><a class=\"uael-grid-img uael-grid-gallery-img uael-ins-hover elementor-clickable\" data-fancybox=\"uael-gallery\" href=\"https:\/\/frenchwedding.hu\/wp-content\/uploads\/2024\/03\/Rita-Sebastien-french-wedding-35.jpg\" data-elementor-open-lightbox=\"no\"><div class=\"uael-grid-img-thumbnail uael-ins-target\"><img loading=\"lazy\" decoding=\"async\" width=\"682\" height=\"1024\" src=\"https:\/\/frenchwedding.hu\/wp-content\/uploads\/2024\/03\/Rita-Sebastien-french-wedding-35-682x1024.jpg\" class=\"attachment-large size-large wp-image-654\" alt=\"Rita &amp; Sebastien - French Wedding\" srcset=\"https:\/\/frenchwedding.hu\/wp-content\/uploads\/2024\/03\/Rita-Sebastien-french-wedding-35-682x1024.jpg 682w, https:\/\/frenchwedding.hu\/wp-content\/uploads\/2024\/03\/Rita-Sebastien-french-wedding-35-466x700.jpg 466w, https:\/\/frenchwedding.hu\/wp-content\/uploads\/2024\/03\/Rita-Sebastien-french-wedding-35-768x1154.jpg 768w, https:\/\/frenchwedding.hu\/wp-content\/uploads\/2024\/03\/Rita-Sebastien-french-wedding-35-1022x1536.jpg 1022w, https:\/\/frenchwedding.hu\/wp-content\/uploads\/2024\/03\/Rita-Sebastien-french-wedding-35.jpg 1065w\" sizes=\"(max-width: 682px) 100vw, 682px\" \/><\/div><div class=\"uael-grid-img-overlay\"><\/div><\/a><\/div><\/div><div class=\"uael-grid-item  uael-img-gallery-item-47\"><div class=\"uael-grid-item-content\"><a class=\"uael-grid-img uael-grid-gallery-img uael-ins-hover elementor-clickable\" data-fancybox=\"uael-gallery\" href=\"https:\/\/frenchwedding.hu\/wp-content\/uploads\/2024\/03\/Rita-Sebastien-french-wedding-34.jpg\" data-elementor-open-lightbox=\"no\"><div class=\"uael-grid-img-thumbnail uael-ins-target\"><img loading=\"lazy\" decoding=\"async\" width=\"682\" height=\"1024\" src=\"https:\/\/frenchwedding.hu\/wp-content\/uploads\/2024\/03\/Rita-Sebastien-french-wedding-34-682x1024.jpg\" class=\"attachment-large size-large wp-image-653\" alt=\"Rita &amp; Sebastien - French Wedding\" srcset=\"https:\/\/frenchwedding.hu\/wp-content\/uploads\/2024\/03\/Rita-Sebastien-french-wedding-34-682x1024.jpg 682w, https:\/\/frenchwedding.hu\/wp-content\/uploads\/2024\/03\/Rita-Sebastien-french-wedding-34-466x700.jpg 466w, https:\/\/frenchwedding.hu\/wp-content\/uploads\/2024\/03\/Rita-Sebastien-french-wedding-34-768x1153.jpg 768w, https:\/\/frenchwedding.hu\/wp-content\/uploads\/2024\/03\/Rita-Sebastien-french-wedding-34-1023x1536.jpg 1023w, https:\/\/frenchwedding.hu\/wp-content\/uploads\/2024\/03\/Rita-Sebastien-french-wedding-34.jpg 1066w\" sizes=\"(max-width: 682px) 100vw, 682px\" \/><\/div><div class=\"uael-grid-img-overlay\"><\/div><\/a><\/div><\/div><div class=\"uael-grid-item  uael-img-gallery-item-48\"><div class=\"uael-grid-item-content\"><a class=\"uael-grid-img uael-grid-gallery-img uael-ins-hover elementor-clickable\" data-fancybox=\"uael-gallery\" href=\"https:\/\/frenchwedding.hu\/wp-content\/uploads\/2024\/03\/Rita-Sebastien-french-wedding-33.jpg\" data-elementor-open-lightbox=\"no\"><div class=\"uael-grid-img-thumbnail uael-ins-target\"><img loading=\"lazy\" decoding=\"async\" width=\"682\" height=\"1024\" src=\"https:\/\/frenchwedding.hu\/wp-content\/uploads\/2024\/03\/Rita-Sebastien-french-wedding-33-682x1024.jpg\" class=\"attachment-large size-large wp-image-652\" alt=\"Rita &amp; Sebastien - French Wedding\" srcset=\"https:\/\/frenchwedding.hu\/wp-content\/uploads\/2024\/03\/Rita-Sebastien-french-wedding-33-682x1024.jpg 682w, https:\/\/frenchwedding.hu\/wp-content\/uploads\/2024\/03\/Rita-Sebastien-french-wedding-33-466x700.jpg 466w, https:\/\/frenchwedding.hu\/wp-content\/uploads\/2024\/03\/Rita-Sebastien-french-wedding-33-768x1154.jpg 768w, https:\/\/frenchwedding.hu\/wp-content\/uploads\/2024\/03\/Rita-Sebastien-french-wedding-33-1022x1536.jpg 1022w, https:\/\/frenchwedding.hu\/wp-content\/uploads\/2024\/03\/Rita-Sebastien-french-wedding-33.jpg 1065w\" sizes=\"(max-width: 682px) 100vw, 682px\" \/><\/div><div class=\"uael-grid-img-overlay\"><\/div><\/a><\/div><\/div><div class=\"uael-grid-item  uael-img-gallery-item-49\"><div class=\"uael-grid-item-content\"><a class=\"uael-grid-img uael-grid-gallery-img uael-ins-hover elementor-clickable\" data-fancybox=\"uael-gallery\" href=\"https:\/\/frenchwedding.hu\/wp-content\/uploads\/2024\/03\/Rita-Sebastien-french-wedding-32.jpg\" data-elementor-open-lightbox=\"no\"><div class=\"uael-grid-img-thumbnail uael-ins-target\"><img loading=\"lazy\" decoding=\"async\" width=\"682\" height=\"1024\" src=\"https:\/\/frenchwedding.hu\/wp-content\/uploads\/2024\/03\/Rita-Sebastien-french-wedding-32-682x1024.jpg\" class=\"attachment-large size-large wp-image-651\" alt=\"Rita &amp; Sebastien - French Wedding\" srcset=\"https:\/\/frenchwedding.hu\/wp-content\/uploads\/2024\/03\/Rita-Sebastien-french-wedding-32-682x1024.jpg 682w, https:\/\/frenchwedding.hu\/wp-content\/uploads\/2024\/03\/Rita-Sebastien-french-wedding-32-466x700.jpg 466w, https:\/\/frenchwedding.hu\/wp-content\/uploads\/2024\/03\/Rita-Sebastien-french-wedding-32-768x1154.jpg 768w, https:\/\/frenchwedding.hu\/wp-content\/uploads\/2024\/03\/Rita-Sebastien-french-wedding-32-1022x1536.jpg 1022w, https:\/\/frenchwedding.hu\/wp-content\/uploads\/2024\/03\/Rita-Sebastien-french-wedding-32.jpg 1065w\" sizes=\"(max-width: 682px) 100vw, 682px\" \/><\/div><div class=\"uael-grid-img-overlay\"><\/div><\/a><\/div><\/div><div class=\"uael-grid-item  uael-img-gallery-item-50\"><div class=\"uael-grid-item-content\"><a class=\"uael-grid-img uael-grid-gallery-img uael-ins-hover elementor-clickable\" data-fancybox=\"uael-gallery\" href=\"https:\/\/frenchwedding.hu\/wp-content\/uploads\/2024\/03\/Rita-Sebastien-french-wedding-31.jpg\" data-elementor-open-lightbox=\"no\"><div class=\"uael-grid-img-thumbnail uael-ins-target\"><img loading=\"lazy\" decoding=\"async\" width=\"682\" height=\"1024\" src=\"https:\/\/frenchwedding.hu\/wp-content\/uploads\/2024\/03\/Rita-Sebastien-french-wedding-31-682x1024.jpg\" class=\"attachment-large size-large wp-image-650\" alt=\"Rita &amp; Sebastien - French Wedding\" srcset=\"https:\/\/frenchwedding.hu\/wp-content\/uploads\/2024\/03\/Rita-Sebastien-french-wedding-31-682x1024.jpg 682w, https:\/\/frenchwedding.hu\/wp-content\/uploads\/2024\/03\/Rita-Sebastien-french-wedding-31-466x700.jpg 466w, https:\/\/frenchwedding.hu\/wp-content\/uploads\/2024\/03\/Rita-Sebastien-french-wedding-31-768x1154.jpg 768w, https:\/\/frenchwedding.hu\/wp-content\/uploads\/2024\/03\/Rita-Sebastien-french-wedding-31-1022x1536.jpg 1022w, https:\/\/frenchwedding.hu\/wp-content\/uploads\/2024\/03\/Rita-Sebastien-french-wedding-31.jpg 1065w\" sizes=\"(max-width: 682px) 100vw, 682px\" \/><\/div><div class=\"uael-grid-img-overlay\"><\/div><\/a><\/div><\/div><div class=\"uael-grid-item  uael-img-gallery-item-51\"><div class=\"uael-grid-item-content\"><a class=\"uael-grid-img uael-grid-gallery-img uael-ins-hover elementor-clickable\" data-fancybox=\"uael-gallery\" href=\"https:\/\/frenchwedding.hu\/wp-content\/uploads\/2024\/03\/Rita-Sebastien-french-wedding-30.jpg\" data-elementor-open-lightbox=\"no\"><div class=\"uael-grid-img-thumbnail uael-ins-target\"><img loading=\"lazy\" decoding=\"async\" width=\"800\" height=\"531\" src=\"https:\/\/frenchwedding.hu\/wp-content\/uploads\/2024\/03\/Rita-Sebastien-french-wedding-30-1024x680.jpg\" class=\"attachment-large size-large wp-image-649\" alt=\"Rita &amp; Sebastien - French Wedding\" srcset=\"https:\/\/frenchwedding.hu\/wp-content\/uploads\/2024\/03\/Rita-Sebastien-french-wedding-30-1024x680.jpg 1024w, https:\/\/frenchwedding.hu\/wp-content\/uploads\/2024\/03\/Rita-Sebastien-french-wedding-30-700x465.jpg 700w, https:\/\/frenchwedding.hu\/wp-content\/uploads\/2024\/03\/Rita-Sebastien-french-wedding-30-768x510.jpg 768w, https:\/\/frenchwedding.hu\/wp-content\/uploads\/2024\/03\/Rita-Sebastien-french-wedding-30-1536x1020.jpg 1536w, https:\/\/frenchwedding.hu\/wp-content\/uploads\/2024\/03\/Rita-Sebastien-french-wedding-30.jpg 1600w\" sizes=\"(max-width: 800px) 100vw, 800px\" \/><\/div><div class=\"uael-grid-img-overlay\"><\/div><\/a><\/div><\/div><div class=\"uael-grid-item  uael-img-gallery-item-52\"><div class=\"uael-grid-item-content\"><a class=\"uael-grid-img uael-grid-gallery-img uael-ins-hover elementor-clickable\" data-fancybox=\"uael-gallery\" href=\"https:\/\/frenchwedding.hu\/wp-content\/uploads\/2024\/03\/Rita-Sebastien-french-wedding-29.jpg\" data-elementor-open-lightbox=\"no\"><div class=\"uael-grid-img-thumbnail uael-ins-target\"><img loading=\"lazy\" decoding=\"async\" width=\"800\" height=\"532\" src=\"https:\/\/frenchwedding.hu\/wp-content\/uploads\/2024\/03\/Rita-Sebastien-french-wedding-29-1024x681.jpg\" class=\"attachment-large size-large wp-image-648\" alt=\"Rita &amp; Sebastien - French Wedding\" srcset=\"https:\/\/frenchwedding.hu\/wp-content\/uploads\/2024\/03\/Rita-Sebastien-french-wedding-29-1024x681.jpg 1024w, https:\/\/frenchwedding.hu\/wp-content\/uploads\/2024\/03\/Rita-Sebastien-french-wedding-29-700x466.jpg 700w, https:\/\/frenchwedding.hu\/wp-content\/uploads\/2024\/03\/Rita-Sebastien-french-wedding-29-768x511.jpg 768w, https:\/\/frenchwedding.hu\/wp-content\/uploads\/2024\/03\/Rita-Sebastien-french-wedding-29-1536x1021.jpg 1536w, https:\/\/frenchwedding.hu\/wp-content\/uploads\/2024\/03\/Rita-Sebastien-french-wedding-29.jpg 1600w\" sizes=\"(max-width: 800px) 100vw, 800px\" \/><\/div><div class=\"uael-grid-img-overlay\"><\/div><\/a><\/div><\/div><div class=\"uael-grid-item  uael-img-gallery-item-53\"><div class=\"uael-grid-item-content\"><a class=\"uael-grid-img uael-grid-gallery-img uael-ins-hover elementor-clickable\" data-fancybox=\"uael-gallery\" href=\"https:\/\/frenchwedding.hu\/wp-content\/uploads\/2024\/03\/Rita-Sebastien-french-wedding-28.jpg\" data-elementor-open-lightbox=\"no\"><div class=\"uael-grid-img-thumbnail uael-ins-target\"><img loading=\"lazy\" decoding=\"async\" width=\"800\" height=\"532\" src=\"https:\/\/frenchwedding.hu\/wp-content\/uploads\/2024\/03\/Rita-Sebastien-french-wedding-28-1024x681.jpg\" class=\"attachment-large size-large wp-image-647\" alt=\"Rita &amp; Sebastien - French Wedding\" srcset=\"https:\/\/frenchwedding.hu\/wp-content\/uploads\/2024\/03\/Rita-Sebastien-french-wedding-28-1024x681.jpg 1024w, https:\/\/frenchwedding.hu\/wp-content\/uploads\/2024\/03\/Rita-Sebastien-french-wedding-28-700x466.jpg 700w, https:\/\/frenchwedding.hu\/wp-content\/uploads\/2024\/03\/Rita-Sebastien-french-wedding-28-768x511.jpg 768w, https:\/\/frenchwedding.hu\/wp-content\/uploads\/2024\/03\/Rita-Sebastien-french-wedding-28-1536x1021.jpg 1536w, https:\/\/frenchwedding.hu\/wp-content\/uploads\/2024\/03\/Rita-Sebastien-french-wedding-28.jpg 1600w\" sizes=\"(max-width: 800px) 100vw, 800px\" \/><\/div><div class=\"uael-grid-img-overlay\"><\/div><\/a><\/div><\/div><div class=\"uael-grid-item  uael-img-gallery-item-54\"><div class=\"uael-grid-item-content\"><a class=\"uael-grid-img uael-grid-gallery-img uael-ins-hover elementor-clickable\" data-fancybox=\"uael-gallery\" href=\"https:\/\/frenchwedding.hu\/wp-content\/uploads\/2024\/03\/Rita-Sebastien-french-wedding-27.jpg\" data-elementor-open-lightbox=\"no\"><div class=\"uael-grid-img-thumbnail uael-ins-target\"><img loading=\"lazy\" decoding=\"async\" width=\"800\" height=\"532\" src=\"https:\/\/frenchwedding.hu\/wp-content\/uploads\/2024\/03\/Rita-Sebastien-french-wedding-27-1024x681.jpg\" class=\"attachment-large size-large wp-image-646\" alt=\"Rita &amp; Sebastien - French Wedding\" srcset=\"https:\/\/frenchwedding.hu\/wp-content\/uploads\/2024\/03\/Rita-Sebastien-french-wedding-27-1024x681.jpg 1024w, https:\/\/frenchwedding.hu\/wp-content\/uploads\/2024\/03\/Rita-Sebastien-french-wedding-27-700x466.jpg 700w, https:\/\/frenchwedding.hu\/wp-content\/uploads\/2024\/03\/Rita-Sebastien-french-wedding-27-768x511.jpg 768w, https:\/\/frenchwedding.hu\/wp-content\/uploads\/2024\/03\/Rita-Sebastien-french-wedding-27-1536x1021.jpg 1536w, https:\/\/frenchwedding.hu\/wp-content\/uploads\/2024\/03\/Rita-Sebastien-french-wedding-27.jpg 1600w\" sizes=\"(max-width: 800px) 100vw, 800px\" \/><\/div><div class=\"uael-grid-img-overlay\"><\/div><\/a><\/div><\/div><div class=\"uael-grid-item  uael-img-gallery-item-55\"><div class=\"uael-grid-item-content\"><a class=\"uael-grid-img uael-grid-gallery-img uael-ins-hover elementor-clickable\" data-fancybox=\"uael-gallery\" href=\"https:\/\/frenchwedding.hu\/wp-content\/uploads\/2024\/03\/Rita-Sebastien-french-wedding-26.jpg\" data-elementor-open-lightbox=\"no\"><div class=\"uael-grid-img-thumbnail uael-ins-target\"><img loading=\"lazy\" decoding=\"async\" width=\"800\" height=\"532\" src=\"https:\/\/frenchwedding.hu\/wp-content\/uploads\/2024\/03\/Rita-Sebastien-french-wedding-26-1024x681.jpg\" class=\"attachment-large size-large wp-image-645\" alt=\"Rita &amp; Sebastien - French Wedding\" srcset=\"https:\/\/frenchwedding.hu\/wp-content\/uploads\/2024\/03\/Rita-Sebastien-french-wedding-26-1024x681.jpg 1024w, https:\/\/frenchwedding.hu\/wp-content\/uploads\/2024\/03\/Rita-Sebastien-french-wedding-26-700x466.jpg 700w, https:\/\/frenchwedding.hu\/wp-content\/uploads\/2024\/03\/Rita-Sebastien-french-wedding-26-768x511.jpg 768w, https:\/\/frenchwedding.hu\/wp-content\/uploads\/2024\/03\/Rita-Sebastien-french-wedding-26-1536x1021.jpg 1536w, https:\/\/frenchwedding.hu\/wp-content\/uploads\/2024\/03\/Rita-Sebastien-french-wedding-26.jpg 1600w\" sizes=\"(max-width: 800px) 100vw, 800px\" \/><\/div><div class=\"uael-grid-img-overlay\"><\/div><\/a><\/div><\/div><div class=\"uael-grid-item  uael-img-gallery-item-56\"><div class=\"uael-grid-item-content\"><a class=\"uael-grid-img uael-grid-gallery-img uael-ins-hover elementor-clickable\" data-fancybox=\"uael-gallery\" href=\"https:\/\/frenchwedding.hu\/wp-content\/uploads\/2024\/03\/Rita-Sebastien-french-wedding-25.jpg\" data-elementor-open-lightbox=\"no\"><div class=\"uael-grid-img-thumbnail uael-ins-target\"><img loading=\"lazy\" decoding=\"async\" width=\"800\" height=\"532\" src=\"https:\/\/frenchwedding.hu\/wp-content\/uploads\/2024\/03\/Rita-Sebastien-french-wedding-25-1024x681.jpg\" class=\"attachment-large size-large wp-image-644\" alt=\"Rita &amp; Sebastien - French Wedding\" srcset=\"https:\/\/frenchwedding.hu\/wp-content\/uploads\/2024\/03\/Rita-Sebastien-french-wedding-25-1024x681.jpg 1024w, https:\/\/frenchwedding.hu\/wp-content\/uploads\/2024\/03\/Rita-Sebastien-french-wedding-25-700x466.jpg 700w, https:\/\/frenchwedding.hu\/wp-content\/uploads\/2024\/03\/Rita-Sebastien-french-wedding-25-768x511.jpg 768w, https:\/\/frenchwedding.hu\/wp-content\/uploads\/2024\/03\/Rita-Sebastien-french-wedding-25-1536x1021.jpg 1536w, https:\/\/frenchwedding.hu\/wp-content\/uploads\/2024\/03\/Rita-Sebastien-french-wedding-25.jpg 1600w\" sizes=\"(max-width: 800px) 100vw, 800px\" \/><\/div><div class=\"uael-grid-img-overlay\"><\/div><\/a><\/div><\/div><div class=\"uael-grid-item  uael-img-gallery-item-57\"><div class=\"uael-grid-item-content\"><a class=\"uael-grid-img uael-grid-gallery-img uael-ins-hover elementor-clickable\" data-fancybox=\"uael-gallery\" href=\"https:\/\/frenchwedding.hu\/wp-content\/uploads\/2024\/03\/Rita-Sebastien-french-wedding-24.jpg\" data-elementor-open-lightbox=\"no\"><div class=\"uael-grid-img-thumbnail uael-ins-target\"><img loading=\"lazy\" decoding=\"async\" width=\"800\" height=\"532\" src=\"https:\/\/frenchwedding.hu\/wp-content\/uploads\/2024\/03\/Rita-Sebastien-french-wedding-24-1024x681.jpg\" class=\"attachment-large size-large wp-image-643\" alt=\"Rita &amp; Sebastien - French Wedding\" srcset=\"https:\/\/frenchwedding.hu\/wp-content\/uploads\/2024\/03\/Rita-Sebastien-french-wedding-24-1024x681.jpg 1024w, https:\/\/frenchwedding.hu\/wp-content\/uploads\/2024\/03\/Rita-Sebastien-french-wedding-24-700x466.jpg 700w, https:\/\/frenchwedding.hu\/wp-content\/uploads\/2024\/03\/Rita-Sebastien-french-wedding-24-768x511.jpg 768w, https:\/\/frenchwedding.hu\/wp-content\/uploads\/2024\/03\/Rita-Sebastien-french-wedding-24-1536x1021.jpg 1536w, https:\/\/frenchwedding.hu\/wp-content\/uploads\/2024\/03\/Rita-Sebastien-french-wedding-24.jpg 1600w\" sizes=\"(max-width: 800px) 100vw, 800px\" \/><\/div><div class=\"uael-grid-img-overlay\"><\/div><\/a><\/div><\/div><div class=\"uael-grid-item  uael-img-gallery-item-58\"><div class=\"uael-grid-item-content\"><a class=\"uael-grid-img uael-grid-gallery-img uael-ins-hover elementor-clickable\" data-fancybox=\"uael-gallery\" href=\"https:\/\/frenchwedding.hu\/wp-content\/uploads\/2024\/03\/Rita-Sebastien-french-wedding-23.jpg\" data-elementor-open-lightbox=\"no\"><div class=\"uael-grid-img-thumbnail uael-ins-target\"><img loading=\"lazy\" decoding=\"async\" width=\"800\" height=\"532\" src=\"https:\/\/frenchwedding.hu\/wp-content\/uploads\/2024\/03\/Rita-Sebastien-french-wedding-23-1024x681.jpg\" class=\"attachment-large size-large wp-image-642\" alt=\"Rita &amp; Sebastien - French Wedding\" srcset=\"https:\/\/frenchwedding.hu\/wp-content\/uploads\/2024\/03\/Rita-Sebastien-french-wedding-23-1024x681.jpg 1024w, https:\/\/frenchwedding.hu\/wp-content\/uploads\/2024\/03\/Rita-Sebastien-french-wedding-23-700x466.jpg 700w, https:\/\/frenchwedding.hu\/wp-content\/uploads\/2024\/03\/Rita-Sebastien-french-wedding-23-768x511.jpg 768w, https:\/\/frenchwedding.hu\/wp-content\/uploads\/2024\/03\/Rita-Sebastien-french-wedding-23-1536x1021.jpg 1536w, https:\/\/frenchwedding.hu\/wp-content\/uploads\/2024\/03\/Rita-Sebastien-french-wedding-23.jpg 1600w\" sizes=\"(max-width: 800px) 100vw, 800px\" \/><\/div><div class=\"uael-grid-img-overlay\"><\/div><\/a><\/div><\/div><div class=\"uael-grid-item  uael-img-gallery-item-59\"><div class=\"uael-grid-item-content\"><a class=\"uael-grid-img uael-grid-gallery-img uael-ins-hover elementor-clickable\" data-fancybox=\"uael-gallery\" href=\"https:\/\/frenchwedding.hu\/wp-content\/uploads\/2024\/03\/Rita-Sebastien-french-wedding-22.jpg\" data-elementor-open-lightbox=\"no\"><div class=\"uael-grid-img-thumbnail uael-ins-target\"><img loading=\"lazy\" decoding=\"async\" width=\"800\" height=\"531\" src=\"https:\/\/frenchwedding.hu\/wp-content\/uploads\/2024\/03\/Rita-Sebastien-french-wedding-22-1024x680.jpg\" class=\"attachment-large size-large wp-image-641\" alt=\"Rita &amp; Sebastien - French Wedding\" srcset=\"https:\/\/frenchwedding.hu\/wp-content\/uploads\/2024\/03\/Rita-Sebastien-french-wedding-22-1024x680.jpg 1024w, https:\/\/frenchwedding.hu\/wp-content\/uploads\/2024\/03\/Rita-Sebastien-french-wedding-22-700x465.jpg 700w, https:\/\/frenchwedding.hu\/wp-content\/uploads\/2024\/03\/Rita-Sebastien-french-wedding-22-768x510.jpg 768w, https:\/\/frenchwedding.hu\/wp-content\/uploads\/2024\/03\/Rita-Sebastien-french-wedding-22-1536x1020.jpg 1536w, https:\/\/frenchwedding.hu\/wp-content\/uploads\/2024\/03\/Rita-Sebastien-french-wedding-22.jpg 1600w\" sizes=\"(max-width: 800px) 100vw, 800px\" \/><\/div><div class=\"uael-grid-img-overlay\"><\/div><\/a><\/div><\/div><div class=\"uael-grid-item  uael-img-gallery-item-60\"><div class=\"uael-grid-item-content\"><a class=\"uael-grid-img uael-grid-gallery-img uael-ins-hover elementor-clickable\" data-fancybox=\"uael-gallery\" href=\"https:\/\/frenchwedding.hu\/wp-content\/uploads\/2024\/03\/Rita-Sebastien-french-wedding-21.jpg\" data-elementor-open-lightbox=\"no\"><div class=\"uael-grid-img-thumbnail uael-ins-target\"><img loading=\"lazy\" decoding=\"async\" width=\"682\" height=\"1024\" src=\"https:\/\/frenchwedding.hu\/wp-content\/uploads\/2024\/03\/Rita-Sebastien-french-wedding-21-682x1024.jpg\" class=\"attachment-large size-large wp-image-640\" alt=\"Rita &amp; Sebastien - French Wedding\" srcset=\"https:\/\/frenchwedding.hu\/wp-content\/uploads\/2024\/03\/Rita-Sebastien-french-wedding-21-682x1024.jpg 682w, https:\/\/frenchwedding.hu\/wp-content\/uploads\/2024\/03\/Rita-Sebastien-french-wedding-21-466x700.jpg 466w, https:\/\/frenchwedding.hu\/wp-content\/uploads\/2024\/03\/Rita-Sebastien-french-wedding-21-768x1154.jpg 768w, https:\/\/frenchwedding.hu\/wp-content\/uploads\/2024\/03\/Rita-Sebastien-french-wedding-21-1022x1536.jpg 1022w, https:\/\/frenchwedding.hu\/wp-content\/uploads\/2024\/03\/Rita-Sebastien-french-wedding-21.jpg 1065w\" sizes=\"(max-width: 682px) 100vw, 682px\" \/><\/div><div class=\"uael-grid-img-overlay\"><\/div><\/a><\/div><\/div><div class=\"uael-grid-item  uael-img-gallery-item-61\"><div class=\"uael-grid-item-content\"><a class=\"uael-grid-img uael-grid-gallery-img uael-ins-hover elementor-clickable\" data-fancybox=\"uael-gallery\" href=\"https:\/\/frenchwedding.hu\/wp-content\/uploads\/2024\/03\/Rita-Sebastien-french-wedding-20.jpg\" data-elementor-open-lightbox=\"no\"><div class=\"uael-grid-img-thumbnail uael-ins-target\"><img loading=\"lazy\" decoding=\"async\" width=\"682\" height=\"1024\" src=\"https:\/\/frenchwedding.hu\/wp-content\/uploads\/2024\/03\/Rita-Sebastien-french-wedding-20-682x1024.jpg\" class=\"attachment-large size-large wp-image-639\" alt=\"Rita &amp; Sebastien - French Wedding\" srcset=\"https:\/\/frenchwedding.hu\/wp-content\/uploads\/2024\/03\/Rita-Sebastien-french-wedding-20-682x1024.jpg 682w, https:\/\/frenchwedding.hu\/wp-content\/uploads\/2024\/03\/Rita-Sebastien-french-wedding-20-466x700.jpg 466w, https:\/\/frenchwedding.hu\/wp-content\/uploads\/2024\/03\/Rita-Sebastien-french-wedding-20-768x1154.jpg 768w, https:\/\/frenchwedding.hu\/wp-content\/uploads\/2024\/03\/Rita-Sebastien-french-wedding-20-1022x1536.jpg 1022w, https:\/\/frenchwedding.hu\/wp-content\/uploads\/2024\/03\/Rita-Sebastien-french-wedding-20.jpg 1065w\" sizes=\"(max-width: 682px) 100vw, 682px\" \/><\/div><div class=\"uael-grid-img-overlay\"><\/div><\/a><\/div><\/div><div class=\"uael-grid-item  uael-img-gallery-item-62\"><div class=\"uael-grid-item-content\"><a class=\"uael-grid-img uael-grid-gallery-img uael-ins-hover elementor-clickable\" data-fancybox=\"uael-gallery\" href=\"https:\/\/frenchwedding.hu\/wp-content\/uploads\/2024\/03\/Rita-Sebastien-french-wedding-19.jpg\" data-elementor-open-lightbox=\"no\"><div class=\"uael-grid-img-thumbnail uael-ins-target\"><img loading=\"lazy\" decoding=\"async\" width=\"682\" height=\"1024\" src=\"https:\/\/frenchwedding.hu\/wp-content\/uploads\/2024\/03\/Rita-Sebastien-french-wedding-19-682x1024.jpg\" class=\"attachment-large size-large wp-image-638\" alt=\"Rita &amp; Sebastien - French Wedding\" srcset=\"https:\/\/frenchwedding.hu\/wp-content\/uploads\/2024\/03\/Rita-Sebastien-french-wedding-19-682x1024.jpg 682w, https:\/\/frenchwedding.hu\/wp-content\/uploads\/2024\/03\/Rita-Sebastien-french-wedding-19-466x700.jpg 466w, https:\/\/frenchwedding.hu\/wp-content\/uploads\/2024\/03\/Rita-Sebastien-french-wedding-19-768x1154.jpg 768w, https:\/\/frenchwedding.hu\/wp-content\/uploads\/2024\/03\/Rita-Sebastien-french-wedding-19-1022x1536.jpg 1022w, https:\/\/frenchwedding.hu\/wp-content\/uploads\/2024\/03\/Rita-Sebastien-french-wedding-19.jpg 1065w\" sizes=\"(max-width: 682px) 100vw, 682px\" \/><\/div><div class=\"uael-grid-img-overlay\"><\/div><\/a><\/div><\/div><div class=\"uael-grid-item  uael-img-gallery-item-63\"><div class=\"uael-grid-item-content\"><a class=\"uael-grid-img uael-grid-gallery-img uael-ins-hover elementor-clickable\" data-fancybox=\"uael-gallery\" href=\"https:\/\/frenchwedding.hu\/wp-content\/uploads\/2024\/03\/Rita-Sebastien-french-wedding-18.jpg\" data-elementor-open-lightbox=\"no\"><div class=\"uael-grid-img-thumbnail uael-ins-target\"><img loading=\"lazy\" decoding=\"async\" width=\"800\" height=\"532\" src=\"https:\/\/frenchwedding.hu\/wp-content\/uploads\/2024\/03\/Rita-Sebastien-french-wedding-18-1024x681.jpg\" class=\"attachment-large size-large wp-image-637\" alt=\"Rita &amp; Sebastien - French Wedding\" srcset=\"https:\/\/frenchwedding.hu\/wp-content\/uploads\/2024\/03\/Rita-Sebastien-french-wedding-18-1024x681.jpg 1024w, https:\/\/frenchwedding.hu\/wp-content\/uploads\/2024\/03\/Rita-Sebastien-french-wedding-18-700x466.jpg 700w, https:\/\/frenchwedding.hu\/wp-content\/uploads\/2024\/03\/Rita-Sebastien-french-wedding-18-768x511.jpg 768w, https:\/\/frenchwedding.hu\/wp-content\/uploads\/2024\/03\/Rita-Sebastien-french-wedding-18-1536x1021.jpg 1536w, https:\/\/frenchwedding.hu\/wp-content\/uploads\/2024\/03\/Rita-Sebastien-french-wedding-18.jpg 1600w\" sizes=\"(max-width: 800px) 100vw, 800px\" \/><\/div><div class=\"uael-grid-img-overlay\"><\/div><\/a><\/div><\/div><div class=\"uael-grid-item  uael-img-gallery-item-64\"><div class=\"uael-grid-item-content\"><a class=\"uael-grid-img uael-grid-gallery-img uael-ins-hover elementor-clickable\" data-fancybox=\"uael-gallery\" href=\"https:\/\/frenchwedding.hu\/wp-content\/uploads\/2024\/03\/Rita-Sebastien-french-wedding-17.jpg\" data-elementor-open-lightbox=\"no\"><div class=\"uael-grid-img-thumbnail uael-ins-target\"><img loading=\"lazy\" decoding=\"async\" width=\"800\" height=\"532\" src=\"https:\/\/frenchwedding.hu\/wp-content\/uploads\/2024\/03\/Rita-Sebastien-french-wedding-17-1024x681.jpg\" class=\"attachment-large size-large wp-image-636\" alt=\"Rita &amp; Sebastien - French Wedding\" srcset=\"https:\/\/frenchwedding.hu\/wp-content\/uploads\/2024\/03\/Rita-Sebastien-french-wedding-17-1024x681.jpg 1024w, https:\/\/frenchwedding.hu\/wp-content\/uploads\/2024\/03\/Rita-Sebastien-french-wedding-17-700x466.jpg 700w, https:\/\/frenchwedding.hu\/wp-content\/uploads\/2024\/03\/Rita-Sebastien-french-wedding-17-768x511.jpg 768w, https:\/\/frenchwedding.hu\/wp-content\/uploads\/2024\/03\/Rita-Sebastien-french-wedding-17-1536x1021.jpg 1536w, https:\/\/frenchwedding.hu\/wp-content\/uploads\/2024\/03\/Rita-Sebastien-french-wedding-17.jpg 1600w\" sizes=\"(max-width: 800px) 100vw, 800px\" \/><\/div><div class=\"uael-grid-img-overlay\"><\/div><\/a><\/div><\/div><div class=\"uael-grid-item  uael-img-gallery-item-65\"><div class=\"uael-grid-item-content\"><a class=\"uael-grid-img uael-grid-gallery-img uael-ins-hover elementor-clickable\" data-fancybox=\"uael-gallery\" href=\"https:\/\/frenchwedding.hu\/wp-content\/uploads\/2024\/03\/Rita-Sebastien-french-wedding-16.jpg\" data-elementor-open-lightbox=\"no\"><div class=\"uael-grid-img-thumbnail uael-ins-target\"><img loading=\"lazy\" decoding=\"async\" width=\"682\" height=\"1024\" src=\"https:\/\/frenchwedding.hu\/wp-content\/uploads\/2024\/03\/Rita-Sebastien-french-wedding-16-682x1024.jpg\" class=\"attachment-large size-large wp-image-635\" alt=\"Rita &amp; Sebastien - French Wedding\" srcset=\"https:\/\/frenchwedding.hu\/wp-content\/uploads\/2024\/03\/Rita-Sebastien-french-wedding-16-682x1024.jpg 682w, https:\/\/frenchwedding.hu\/wp-content\/uploads\/2024\/03\/Rita-Sebastien-french-wedding-16-466x700.jpg 466w, https:\/\/frenchwedding.hu\/wp-content\/uploads\/2024\/03\/Rita-Sebastien-french-wedding-16-768x1154.jpg 768w, https:\/\/frenchwedding.hu\/wp-content\/uploads\/2024\/03\/Rita-Sebastien-french-wedding-16-1022x1536.jpg 1022w, https:\/\/frenchwedding.hu\/wp-content\/uploads\/2024\/03\/Rita-Sebastien-french-wedding-16.jpg 1065w\" sizes=\"(max-width: 682px) 100vw, 682px\" \/><\/div><div class=\"uael-grid-img-overlay\"><\/div><\/a><\/div><\/div><div class=\"uael-grid-item  uael-img-gallery-item-66\"><div class=\"uael-grid-item-content\"><a class=\"uael-grid-img uael-grid-gallery-img uael-ins-hover elementor-clickable\" data-fancybox=\"uael-gallery\" href=\"https:\/\/frenchwedding.hu\/wp-content\/uploads\/2024\/03\/Rita-Sebastien-french-wedding-15.jpg\" data-elementor-open-lightbox=\"no\"><div class=\"uael-grid-img-thumbnail uael-ins-target\"><img loading=\"lazy\" decoding=\"async\" width=\"800\" height=\"532\" src=\"https:\/\/frenchwedding.hu\/wp-content\/uploads\/2024\/03\/Rita-Sebastien-french-wedding-15-1024x681.jpg\" class=\"attachment-large size-large wp-image-634\" alt=\"Rita &amp; Sebastien - French Wedding\" srcset=\"https:\/\/frenchwedding.hu\/wp-content\/uploads\/2024\/03\/Rita-Sebastien-french-wedding-15-1024x681.jpg 1024w, https:\/\/frenchwedding.hu\/wp-content\/uploads\/2024\/03\/Rita-Sebastien-french-wedding-15-700x466.jpg 700w, https:\/\/frenchwedding.hu\/wp-content\/uploads\/2024\/03\/Rita-Sebastien-french-wedding-15-768x511.jpg 768w, https:\/\/frenchwedding.hu\/wp-content\/uploads\/2024\/03\/Rita-Sebastien-french-wedding-15-1536x1021.jpg 1536w, https:\/\/frenchwedding.hu\/wp-content\/uploads\/2024\/03\/Rita-Sebastien-french-wedding-15.jpg 1600w\" sizes=\"(max-width: 800px) 100vw, 800px\" \/><\/div><div class=\"uael-grid-img-overlay\"><\/div><\/a><\/div><\/div><div class=\"uael-grid-item  uael-img-gallery-item-67\"><div class=\"uael-grid-item-content\"><a class=\"uael-grid-img uael-grid-gallery-img uael-ins-hover elementor-clickable\" data-fancybox=\"uael-gallery\" href=\"https:\/\/frenchwedding.hu\/wp-content\/uploads\/2024\/03\/Rita-Sebastien-french-wedding-14.jpg\" data-elementor-open-lightbox=\"no\"><div class=\"uael-grid-img-thumbnail uael-ins-target\"><img loading=\"lazy\" decoding=\"async\" width=\"682\" height=\"1024\" src=\"https:\/\/frenchwedding.hu\/wp-content\/uploads\/2024\/03\/Rita-Sebastien-french-wedding-14-682x1024.jpg\" class=\"attachment-large size-large wp-image-633\" alt=\"Rita &amp; Sebastien - French Wedding\" srcset=\"https:\/\/frenchwedding.hu\/wp-content\/uploads\/2024\/03\/Rita-Sebastien-french-wedding-14-682x1024.jpg 682w, https:\/\/frenchwedding.hu\/wp-content\/uploads\/2024\/03\/Rita-Sebastien-french-wedding-14-466x700.jpg 466w, https:\/\/frenchwedding.hu\/wp-content\/uploads\/2024\/03\/Rita-Sebastien-french-wedding-14-768x1154.jpg 768w, https:\/\/frenchwedding.hu\/wp-content\/uploads\/2024\/03\/Rita-Sebastien-french-wedding-14-1022x1536.jpg 1022w, https:\/\/frenchwedding.hu\/wp-content\/uploads\/2024\/03\/Rita-Sebastien-french-wedding-14.jpg 1065w\" sizes=\"(max-width: 682px) 100vw, 682px\" \/><\/div><div class=\"uael-grid-img-overlay\"><\/div><\/a><\/div><\/div><div class=\"uael-grid-item  uael-img-gallery-item-68\"><div class=\"uael-grid-item-content\"><a class=\"uael-grid-img uael-grid-gallery-img uael-ins-hover elementor-clickable\" data-fancybox=\"uael-gallery\" href=\"https:\/\/frenchwedding.hu\/wp-content\/uploads\/2024\/03\/Rita-Sebastien-french-wedding-13.jpg\" data-elementor-open-lightbox=\"no\"><div class=\"uael-grid-img-thumbnail uael-ins-target\"><img loading=\"lazy\" decoding=\"async\" width=\"682\" height=\"1024\" src=\"https:\/\/frenchwedding.hu\/wp-content\/uploads\/2024\/03\/Rita-Sebastien-french-wedding-13-682x1024.jpg\" class=\"attachment-large size-large wp-image-632\" alt=\"Rita &amp; Sebastien - French Wedding\" srcset=\"https:\/\/frenchwedding.hu\/wp-content\/uploads\/2024\/03\/Rita-Sebastien-french-wedding-13-682x1024.jpg 682w, https:\/\/frenchwedding.hu\/wp-content\/uploads\/2024\/03\/Rita-Sebastien-french-wedding-13-466x700.jpg 466w, https:\/\/frenchwedding.hu\/wp-content\/uploads\/2024\/03\/Rita-Sebastien-french-wedding-13-768x1154.jpg 768w, https:\/\/frenchwedding.hu\/wp-content\/uploads\/2024\/03\/Rita-Sebastien-french-wedding-13-1022x1536.jpg 1022w, https:\/\/frenchwedding.hu\/wp-content\/uploads\/2024\/03\/Rita-Sebastien-french-wedding-13.jpg 1065w\" sizes=\"(max-width: 682px) 100vw, 682px\" \/><\/div><div class=\"uael-grid-img-overlay\"><\/div><\/a><\/div><\/div><div class=\"uael-grid-item  uael-img-gallery-item-69\"><div class=\"uael-grid-item-content\"><a class=\"uael-grid-img uael-grid-gallery-img uael-ins-hover elementor-clickable\" data-fancybox=\"uael-gallery\" href=\"https:\/\/frenchwedding.hu\/wp-content\/uploads\/2024\/03\/Rita-Sebastien-french-wedding-12.jpg\" data-elementor-open-lightbox=\"no\"><div class=\"uael-grid-img-thumbnail uael-ins-target\"><img loading=\"lazy\" decoding=\"async\" width=\"682\" height=\"1024\" src=\"https:\/\/frenchwedding.hu\/wp-content\/uploads\/2024\/03\/Rita-Sebastien-french-wedding-12-682x1024.jpg\" class=\"attachment-large size-large wp-image-631\" alt=\"Rita &amp; Sebastien - French Wedding\" srcset=\"https:\/\/frenchwedding.hu\/wp-content\/uploads\/2024\/03\/Rita-Sebastien-french-wedding-12-682x1024.jpg 682w, https:\/\/frenchwedding.hu\/wp-content\/uploads\/2024\/03\/Rita-Sebastien-french-wedding-12-466x700.jpg 466w, https:\/\/frenchwedding.hu\/wp-content\/uploads\/2024\/03\/Rita-Sebastien-french-wedding-12-768x1153.jpg 768w, https:\/\/frenchwedding.hu\/wp-content\/uploads\/2024\/03\/Rita-Sebastien-french-wedding-12-1023x1536.jpg 1023w, https:\/\/frenchwedding.hu\/wp-content\/uploads\/2024\/03\/Rita-Sebastien-french-wedding-12.jpg 1066w\" sizes=\"(max-width: 682px) 100vw, 682px\" \/><\/div><div class=\"uael-grid-img-overlay\"><\/div><\/a><\/div><\/div><div class=\"uael-grid-item  uael-img-gallery-item-70\"><div class=\"uael-grid-item-content\"><a class=\"uael-grid-img uael-grid-gallery-img uael-ins-hover elementor-clickable\" data-fancybox=\"uael-gallery\" href=\"https:\/\/frenchwedding.hu\/wp-content\/uploads\/2024\/03\/Rita-Sebastien-french-wedding-11.jpg\" data-elementor-open-lightbox=\"no\"><div class=\"uael-grid-img-thumbnail uael-ins-target\"><img loading=\"lazy\" decoding=\"async\" width=\"682\" height=\"1024\" src=\"https:\/\/frenchwedding.hu\/wp-content\/uploads\/2024\/03\/Rita-Sebastien-french-wedding-11-682x1024.jpg\" class=\"attachment-large size-large wp-image-630\" alt=\"Rita &amp; Sebastien - French Wedding\" srcset=\"https:\/\/frenchwedding.hu\/wp-content\/uploads\/2024\/03\/Rita-Sebastien-french-wedding-11-682x1024.jpg 682w, https:\/\/frenchwedding.hu\/wp-content\/uploads\/2024\/03\/Rita-Sebastien-french-wedding-11-466x700.jpg 466w, https:\/\/frenchwedding.hu\/wp-content\/uploads\/2024\/03\/Rita-Sebastien-french-wedding-11-768x1154.jpg 768w, https:\/\/frenchwedding.hu\/wp-content\/uploads\/2024\/03\/Rita-Sebastien-french-wedding-11-1022x1536.jpg 1022w, https:\/\/frenchwedding.hu\/wp-content\/uploads\/2024\/03\/Rita-Sebastien-french-wedding-11.jpg 1065w\" sizes=\"(max-width: 682px) 100vw, 682px\" \/><\/div><div class=\"uael-grid-img-overlay\"><\/div><\/a><\/div><\/div><div class=\"uael-grid-item  uael-img-gallery-item-71\"><div class=\"uael-grid-item-content\"><a class=\"uael-grid-img uael-grid-gallery-img uael-ins-hover elementor-clickable\" data-fancybox=\"uael-gallery\" href=\"https:\/\/frenchwedding.hu\/wp-content\/uploads\/2024\/03\/Rita-Sebastien-french-wedding-10.jpg\" data-elementor-open-lightbox=\"no\"><div class=\"uael-grid-img-thumbnail uael-ins-target\"><img loading=\"lazy\" decoding=\"async\" width=\"682\" height=\"1024\" src=\"https:\/\/frenchwedding.hu\/wp-content\/uploads\/2024\/03\/Rita-Sebastien-french-wedding-10-682x1024.jpg\" class=\"attachment-large size-large wp-image-629\" alt=\"Rita &amp; Sebastien - French Wedding\" srcset=\"https:\/\/frenchwedding.hu\/wp-content\/uploads\/2024\/03\/Rita-Sebastien-french-wedding-10-682x1024.jpg 682w, https:\/\/frenchwedding.hu\/wp-content\/uploads\/2024\/03\/Rita-Sebastien-french-wedding-10-466x700.jpg 466w, https:\/\/frenchwedding.hu\/wp-content\/uploads\/2024\/03\/Rita-Sebastien-french-wedding-10-768x1154.jpg 768w, https:\/\/frenchwedding.hu\/wp-content\/uploads\/2024\/03\/Rita-Sebastien-french-wedding-10-1022x1536.jpg 1022w, https:\/\/frenchwedding.hu\/wp-content\/uploads\/2024\/03\/Rita-Sebastien-french-wedding-10.jpg 1065w\" sizes=\"(max-width: 682px) 100vw, 682px\" \/><\/div><div class=\"uael-grid-img-overlay\"><\/div><\/a><\/div><\/div><div class=\"uael-grid-item  uael-img-gallery-item-72\"><div class=\"uael-grid-item-content\"><a class=\"uael-grid-img uael-grid-gallery-img uael-ins-hover elementor-clickable\" data-fancybox=\"uael-gallery\" href=\"https:\/\/frenchwedding.hu\/wp-content\/uploads\/2024\/03\/Rita-Sebastien-french-wedding-9.jpg\" data-elementor-open-lightbox=\"no\"><div class=\"uael-grid-img-thumbnail uael-ins-target\"><img loading=\"lazy\" decoding=\"async\" width=\"682\" height=\"1024\" src=\"https:\/\/frenchwedding.hu\/wp-content\/uploads\/2024\/03\/Rita-Sebastien-french-wedding-9-682x1024.jpg\" class=\"attachment-large size-large wp-image-628\" alt=\"Rita &amp; Sebastien - French Wedding\" srcset=\"https:\/\/frenchwedding.hu\/wp-content\/uploads\/2024\/03\/Rita-Sebastien-french-wedding-9-682x1024.jpg 682w, https:\/\/frenchwedding.hu\/wp-content\/uploads\/2024\/03\/Rita-Sebastien-french-wedding-9-466x700.jpg 466w, https:\/\/frenchwedding.hu\/wp-content\/uploads\/2024\/03\/Rita-Sebastien-french-wedding-9-768x1154.jpg 768w, https:\/\/frenchwedding.hu\/wp-content\/uploads\/2024\/03\/Rita-Sebastien-french-wedding-9-1022x1536.jpg 1022w, https:\/\/frenchwedding.hu\/wp-content\/uploads\/2024\/03\/Rita-Sebastien-french-wedding-9.jpg 1065w\" sizes=\"(max-width: 682px) 100vw, 682px\" \/><\/div><div class=\"uael-grid-img-overlay\"><\/div><\/a><\/div><\/div><div class=\"uael-grid-item  uael-img-gallery-item-73\"><div class=\"uael-grid-item-content\"><a class=\"uael-grid-img uael-grid-gallery-img uael-ins-hover elementor-clickable\" data-fancybox=\"uael-gallery\" href=\"https:\/\/frenchwedding.hu\/wp-content\/uploads\/2024\/03\/Rita-Sebastien-french-wedding-8.jpg\" data-elementor-open-lightbox=\"no\"><div class=\"uael-grid-img-thumbnail uael-ins-target\"><img loading=\"lazy\" decoding=\"async\" width=\"682\" height=\"1024\" src=\"https:\/\/frenchwedding.hu\/wp-content\/uploads\/2024\/03\/Rita-Sebastien-french-wedding-8-682x1024.jpg\" class=\"attachment-large size-large wp-image-627\" alt=\"Rita &amp; Sebastien - French Wedding\" srcset=\"https:\/\/frenchwedding.hu\/wp-content\/uploads\/2024\/03\/Rita-Sebastien-french-wedding-8-682x1024.jpg 682w, https:\/\/frenchwedding.hu\/wp-content\/uploads\/2024\/03\/Rita-Sebastien-french-wedding-8-466x700.jpg 466w, https:\/\/frenchwedding.hu\/wp-content\/uploads\/2024\/03\/Rita-Sebastien-french-wedding-8-768x1154.jpg 768w, https:\/\/frenchwedding.hu\/wp-content\/uploads\/2024\/03\/Rita-Sebastien-french-wedding-8-1022x1536.jpg 1022w, https:\/\/frenchwedding.hu\/wp-content\/uploads\/2024\/03\/Rita-Sebastien-french-wedding-8.jpg 1065w\" sizes=\"(max-width: 682px) 100vw, 682px\" \/><\/div><div class=\"uael-grid-img-overlay\"><\/div><\/a><\/div><\/div><div class=\"uael-grid-item  uael-img-gallery-item-74\"><div class=\"uael-grid-item-content\"><a class=\"uael-grid-img uael-grid-gallery-img uael-ins-hover elementor-clickable\" data-fancybox=\"uael-gallery\" href=\"https:\/\/frenchwedding.hu\/wp-content\/uploads\/2024\/03\/Rita-Sebastien-french-wedding-7.jpg\" data-elementor-open-lightbox=\"no\"><div class=\"uael-grid-img-thumbnail uael-ins-target\"><img loading=\"lazy\" decoding=\"async\" width=\"682\" height=\"1024\" src=\"https:\/\/frenchwedding.hu\/wp-content\/uploads\/2024\/03\/Rita-Sebastien-french-wedding-7-682x1024.jpg\" class=\"attachment-large size-large wp-image-626\" alt=\"Rita &amp; Sebastien - French Wedding\" srcset=\"https:\/\/frenchwedding.hu\/wp-content\/uploads\/2024\/03\/Rita-Sebastien-french-wedding-7-682x1024.jpg 682w, https:\/\/frenchwedding.hu\/wp-content\/uploads\/2024\/03\/Rita-Sebastien-french-wedding-7-466x700.jpg 466w, https:\/\/frenchwedding.hu\/wp-content\/uploads\/2024\/03\/Rita-Sebastien-french-wedding-7-768x1154.jpg 768w, https:\/\/frenchwedding.hu\/wp-content\/uploads\/2024\/03\/Rita-Sebastien-french-wedding-7-1022x1536.jpg 1022w, https:\/\/frenchwedding.hu\/wp-content\/uploads\/2024\/03\/Rita-Sebastien-french-wedding-7.jpg 1065w\" sizes=\"(max-width: 682px) 100vw, 682px\" \/><\/div><div class=\"uael-grid-img-overlay\"><\/div><\/a><\/div><\/div><div class=\"uael-grid-item  uael-img-gallery-item-75\"><div class=\"uael-grid-item-content\"><a class=\"uael-grid-img uael-grid-gallery-img uael-ins-hover elementor-clickable\" data-fancybox=\"uael-gallery\" href=\"https:\/\/frenchwedding.hu\/wp-content\/uploads\/2024\/03\/Rita-Sebastien-french-wedding-6.jpg\" data-elementor-open-lightbox=\"no\"><div class=\"uael-grid-img-thumbnail uael-ins-target\"><img loading=\"lazy\" decoding=\"async\" width=\"800\" height=\"532\" src=\"https:\/\/frenchwedding.hu\/wp-content\/uploads\/2024\/03\/Rita-Sebastien-french-wedding-6-1024x681.jpg\" class=\"attachment-large size-large wp-image-625\" alt=\"Rita &amp; Sebastien - French Wedding\" srcset=\"https:\/\/frenchwedding.hu\/wp-content\/uploads\/2024\/03\/Rita-Sebastien-french-wedding-6-1024x681.jpg 1024w, https:\/\/frenchwedding.hu\/wp-content\/uploads\/2024\/03\/Rita-Sebastien-french-wedding-6-700x466.jpg 700w, https:\/\/frenchwedding.hu\/wp-content\/uploads\/2024\/03\/Rita-Sebastien-french-wedding-6-768x511.jpg 768w, https:\/\/frenchwedding.hu\/wp-content\/uploads\/2024\/03\/Rita-Sebastien-french-wedding-6-1536x1021.jpg 1536w, https:\/\/frenchwedding.hu\/wp-content\/uploads\/2024\/03\/Rita-Sebastien-french-wedding-6.jpg 1600w\" sizes=\"(max-width: 800px) 100vw, 800px\" \/><\/div><div class=\"uael-grid-img-overlay\"><\/div><\/a><\/div><\/div><div class=\"uael-grid-item  uael-img-gallery-item-76\"><div class=\"uael-grid-item-content\"><a class=\"uael-grid-img uael-grid-gallery-img uael-ins-hover elementor-clickable\" data-fancybox=\"uael-gallery\" href=\"https:\/\/frenchwedding.hu\/wp-content\/uploads\/2024\/03\/Rita-Sebastien-french-wedding-5.jpg\" data-elementor-open-lightbox=\"no\"><div class=\"uael-grid-img-thumbnail uael-ins-target\"><img loading=\"lazy\" decoding=\"async\" width=\"800\" height=\"532\" src=\"https:\/\/frenchwedding.hu\/wp-content\/uploads\/2024\/03\/Rita-Sebastien-french-wedding-5-1024x681.jpg\" class=\"attachment-large size-large wp-image-624\" alt=\"Rita &amp; Sebastien - French Wedding\" srcset=\"https:\/\/frenchwedding.hu\/wp-content\/uploads\/2024\/03\/Rita-Sebastien-french-wedding-5-1024x681.jpg 1024w, https:\/\/frenchwedding.hu\/wp-content\/uploads\/2024\/03\/Rita-Sebastien-french-wedding-5-700x466.jpg 700w, https:\/\/frenchwedding.hu\/wp-content\/uploads\/2024\/03\/Rita-Sebastien-french-wedding-5-768x511.jpg 768w, https:\/\/frenchwedding.hu\/wp-content\/uploads\/2024\/03\/Rita-Sebastien-french-wedding-5-1536x1021.jpg 1536w, https:\/\/frenchwedding.hu\/wp-content\/uploads\/2024\/03\/Rita-Sebastien-french-wedding-5.jpg 1600w\" sizes=\"(max-width: 800px) 100vw, 800px\" \/><\/div><div class=\"uael-grid-img-overlay\"><\/div><\/a><\/div><\/div><div class=\"uael-grid-item  uael-img-gallery-item-77\"><div class=\"uael-grid-item-content\"><a class=\"uael-grid-img uael-grid-gallery-img uael-ins-hover elementor-clickable\" data-fancybox=\"uael-gallery\" href=\"https:\/\/frenchwedding.hu\/wp-content\/uploads\/2024\/03\/Rita-Sebastien-french-wedding-4.jpg\" data-elementor-open-lightbox=\"no\"><div class=\"uael-grid-img-thumbnail uael-ins-target\"><img loading=\"lazy\" decoding=\"async\" width=\"800\" height=\"532\" src=\"https:\/\/frenchwedding.hu\/wp-content\/uploads\/2024\/03\/Rita-Sebastien-french-wedding-4-1024x681.jpg\" class=\"attachment-large size-large wp-image-623\" alt=\"Rita &amp; Sebastien - French Wedding\" srcset=\"https:\/\/frenchwedding.hu\/wp-content\/uploads\/2024\/03\/Rita-Sebastien-french-wedding-4-1024x681.jpg 1024w, https:\/\/frenchwedding.hu\/wp-content\/uploads\/2024\/03\/Rita-Sebastien-french-wedding-4-700x466.jpg 700w, https:\/\/frenchwedding.hu\/wp-content\/uploads\/2024\/03\/Rita-Sebastien-french-wedding-4-768x511.jpg 768w, https:\/\/frenchwedding.hu\/wp-content\/uploads\/2024\/03\/Rita-Sebastien-french-wedding-4-1536x1021.jpg 1536w, https:\/\/frenchwedding.hu\/wp-content\/uploads\/2024\/03\/Rita-Sebastien-french-wedding-4.jpg 1600w\" sizes=\"(max-width: 800px) 100vw, 800px\" \/><\/div><div class=\"uael-grid-img-overlay\"><\/div><\/a><\/div><\/div><div class=\"uael-grid-item  uael-img-gallery-item-78\"><div class=\"uael-grid-item-content\"><a class=\"uael-grid-img uael-grid-gallery-img uael-ins-hover elementor-clickable\" data-fancybox=\"uael-gallery\" href=\"https:\/\/frenchwedding.hu\/wp-content\/uploads\/2024\/03\/Rita-Sebastien-french-wedding-3.jpg\" data-elementor-open-lightbox=\"no\"><div class=\"uael-grid-img-thumbnail uael-ins-target\"><img loading=\"lazy\" decoding=\"async\" width=\"682\" height=\"1024\" src=\"https:\/\/frenchwedding.hu\/wp-content\/uploads\/2024\/03\/Rita-Sebastien-french-wedding-3-682x1024.jpg\" class=\"attachment-large size-large wp-image-622\" alt=\"Rita &amp; Sebastien - French Wedding\" srcset=\"https:\/\/frenchwedding.hu\/wp-content\/uploads\/2024\/03\/Rita-Sebastien-french-wedding-3-682x1024.jpg 682w, https:\/\/frenchwedding.hu\/wp-content\/uploads\/2024\/03\/Rita-Sebastien-french-wedding-3-466x700.jpg 466w, https:\/\/frenchwedding.hu\/wp-content\/uploads\/2024\/03\/Rita-Sebastien-french-wedding-3-768x1154.jpg 768w, https:\/\/frenchwedding.hu\/wp-content\/uploads\/2024\/03\/Rita-Sebastien-french-wedding-3-1022x1536.jpg 1022w, https:\/\/frenchwedding.hu\/wp-content\/uploads\/2024\/03\/Rita-Sebastien-french-wedding-3.jpg 1065w\" sizes=\"(max-width: 682px) 100vw, 682px\" \/><\/div><div class=\"uael-grid-img-overlay\"><\/div><\/a><\/div><\/div><div class=\"uael-grid-item  uael-img-gallery-item-79\"><div class=\"uael-grid-item-content\"><a class=\"uael-grid-img uael-grid-gallery-img uael-ins-hover elementor-clickable\" data-fancybox=\"uael-gallery\" href=\"https:\/\/frenchwedding.hu\/wp-content\/uploads\/2024\/03\/Rita-Sebastien-french-wedding-2.jpg\" data-elementor-open-lightbox=\"no\"><div class=\"uael-grid-img-thumbnail uael-ins-target\"><img loading=\"lazy\" decoding=\"async\" width=\"800\" height=\"532\" src=\"https:\/\/frenchwedding.hu\/wp-content\/uploads\/2024\/03\/Rita-Sebastien-french-wedding-2-1024x681.jpg\" class=\"attachment-large size-large wp-image-621\" alt=\"Rita &amp; Sebastien - French Wedding\" srcset=\"https:\/\/frenchwedding.hu\/wp-content\/uploads\/2024\/03\/Rita-Sebastien-french-wedding-2-1024x681.jpg 1024w, https:\/\/frenchwedding.hu\/wp-content\/uploads\/2024\/03\/Rita-Sebastien-french-wedding-2-700x466.jpg 700w, https:\/\/frenchwedding.hu\/wp-content\/uploads\/2024\/03\/Rita-Sebastien-french-wedding-2-768x511.jpg 768w, https:\/\/frenchwedding.hu\/wp-content\/uploads\/2024\/03\/Rita-Sebastien-french-wedding-2-1536x1021.jpg 1536w, https:\/\/frenchwedding.hu\/wp-content\/uploads\/2024\/03\/Rita-Sebastien-french-wedding-2.jpg 1600w\" sizes=\"(max-width: 800px) 100vw, 800px\" \/><\/div><div class=\"uael-grid-img-overlay\"><\/div><\/a><\/div><\/div><\/div><\/div>\t\t<\/div>\n\t\t\t\t<\/div>\n\t\t\t\t<\/div>\n\t\t\t\t<section class=\"elementor-section elementor-top-section elementor-element elementor-element-04ce1f0 elementor-section-full_width elementor-section-height-default elementor-section-height-default\" data-id=\"04ce1f0\" data-element_type=\"section\" data-settings=\"{&quot;background_background&quot;:&quot;classic&quot;}\">\n\t\t\t\t\t\t<div class=\"elementor-container elementor-column-gap-default\">\n\t\t\t\t\t<div class=\"elementor-column elementor-col-100 elementor-top-column elementor-element elementor-element-e04b288\" data-id=\"e04b288\" data-element_type=\"column\">\n\t\t\t<div class=\"elementor-widget-wrap elementor-element-populated\">\n\t\t\t\t\t\t<div class=\"elementor-element elementor-element-0b52c9c elementor-widget elementor-widget-text-editor\" data-id=\"0b52c9c\" data-element_type=\"widget\" data-widget_type=\"text-editor.default\">\n\t\t\t\t<div class=\"elementor-widget-container\">\n\t\t\t\t\t\t\t<p>Wedding planner, master of ceremonies, ma\u00eetre de c\u00e9r\u00e9monie : French Wedding by Muss\u00f3 Zs\u00f3fi<\/p>\n<p>Lieu : H\u00f4tel Hilton Budapest<\/p>\n<p>Fot\u00f3 : Acyd Photography<\/p>\n<p>D\u00e9cor, fleur : D\u00e9cor de mariage blanc<\/p>\n<p>Robe : par La Mari\u00e9e Budapest<\/p>\n\t\t\t\t\t\t<\/div>\n\t\t\t\t<\/div>\n\t\t\t\t\t<\/div>\n\t\t<\/div>\n\t\t\t\t\t<\/div>\n\t\t<\/section>\n\t\t\t\t<\/div>\n\t\t","protected":false},"excerpt":{"rendered":"<p>Rita &amp; Sebastien V\u00e9ritable couple du 21\u00e8me si\u00e8cle, ils se sont connus gr\u00e2ce \u00e0 Internet, leur premi\u00e8re rencontre a eu lieu au centre de Paris. Rita est d\u00e9concert\u00e9e lorsque le beau gosse, grand et muscl\u00e9, se r\u00e9v\u00e8le avoir une profession l\u00e9gendaire : pilote. D\u00e8s le premier instant, Seb a \u00e9t\u00e9 s\u00e9duit par la joie et [&hellip;]<\/p>\n","protected":false},"author":2,"featured_media":2047,"parent":0,"menu_order":0,"comment_status":"closed","ping_status":"closed","template":"","meta":{"footnotes":""},"class_list":["post-2656","page","type-page","status-publish","has-post-thumbnail","hentry"],"yoast_head":"<!-- This site is optimized with the Yoast SEO plugin v22.7 - https:\/\/yoast.com\/wordpress\/plugins\/seo\/ -->\n<title>Rita et S\u00e9bastien au ch\u00e2teau de Buda - French Wedding by Muss\u00f3 Zs\u00f3fi<\/title>\n<meta name=\"description\" content=\"Le mariage fran\u00e7ais de Rita et S\u00e9bastien dans le cadre grandiose du ch\u00e2teau de Buda. Une c\u00e9r\u00e9monie sp\u00e9ciale dans la cour dominicaine de l&#039;h\u00f4tel Hilton, avec des vues panoramiques in\u00e9gal\u00e9es et une f\u00eate inoubliable.\" \/>\n<meta name=\"robots\" content=\"index, follow, max-snippet:-1, max-image-preview:large, max-video-preview:-1\" \/>\n<link rel=\"canonical\" href=\"https:\/\/frenchwedding.hu\/fr\/rita-et-sebastien-au-chateau-de-buda\/\" \/>\n<meta property=\"og:locale\" content=\"fr_FR\" \/>\n<meta property=\"og:type\" content=\"article\" \/>\n<meta property=\"og:title\" content=\"Rita et S\u00e9bastien au ch\u00e2teau de Buda - French Wedding by Muss\u00f3 Zs\u00f3fi\" \/>\n<meta property=\"og:description\" content=\"Le mariage fran\u00e7ais de Rita et S\u00e9bastien dans le cadre grandiose du ch\u00e2teau de Buda. Une c\u00e9r\u00e9monie sp\u00e9ciale dans la cour dominicaine de l&#039;h\u00f4tel Hilton, avec des vues panoramiques in\u00e9gal\u00e9es et une f\u00eate inoubliable.\" \/>\n<meta property=\"og:url\" content=\"https:\/\/frenchwedding.hu\/fr\/rita-et-sebastien-au-chateau-de-buda\/\" \/>\n<meta property=\"og:site_name\" content=\"French Wedding by Muss\u00f3 Zs\u00f3fi\" \/>\n<meta property=\"article:publisher\" content=\"https:\/\/www.facebook.com\/frenchweddingbymussozsofi\" \/>\n<meta property=\"article:modified_time\" content=\"2024-06-13T14:17:20+00:00\" \/>\n<meta property=\"og:image\" content=\"https:\/\/frenchwedding.hu\/wp-content\/uploads\/2024\/03\/Rita-Sebastien-french-wedding-4-700x466.jpg\" \/>\n<meta name=\"twitter:card\" content=\"summary_large_image\" \/>\n<meta name=\"twitter:label1\" content=\"Dur\u00e9e de lecture estim\u00e9e\" \/>\n\t<meta name=\"twitter:data1\" content=\"1 minute\" \/>\n<script type=\"application\/ld+json\" class=\"yoast-schema-graph\">{\"@context\":\"https:\/\/schema.org\",\"@graph\":[{\"@type\":\"WebPage\",\"@id\":\"https:\/\/frenchwedding.hu\/fr\/rita-et-sebastien-au-chateau-de-buda\/\",\"url\":\"https:\/\/frenchwedding.hu\/fr\/rita-et-sebastien-au-chateau-de-buda\/\",\"name\":\"Rita et S\u00e9bastien au ch\u00e2teau de Buda - French Wedding by Muss\u00f3 Zs\u00f3fi\",\"isPartOf\":{\"@id\":\"https:\/\/frenchwedding.hu\/fr\/#website\"},\"primaryImageOfPage\":{\"@id\":\"https:\/\/frenchwedding.hu\/fr\/rita-et-sebastien-au-chateau-de-buda\/#primaryimage\"},\"image\":{\"@id\":\"https:\/\/frenchwedding.hu\/fr\/rita-et-sebastien-au-chateau-de-buda\/#primaryimage\"},\"thumbnailUrl\":\"https:\/\/frenchwedding.hu\/wp-content\/uploads\/2024\/03\/Rita-Sebastien-french-wedding-2.jpg\",\"datePublished\":\"2024-03-10T12:31:09+00:00\",\"dateModified\":\"2024-06-13T14:17:20+00:00\",\"description\":\"Le mariage fran\u00e7ais de Rita et S\u00e9bastien dans le cadre grandiose du ch\u00e2teau de Buda. Une c\u00e9r\u00e9monie sp\u00e9ciale dans la cour dominicaine de l'h\u00f4tel Hilton, avec des vues panoramiques in\u00e9gal\u00e9es et une f\u00eate inoubliable.\",\"breadcrumb\":{\"@id\":\"https:\/\/frenchwedding.hu\/fr\/rita-et-sebastien-au-chateau-de-buda\/#breadcrumb\"},\"inLanguage\":\"fr-FR\",\"potentialAction\":[{\"@type\":\"ReadAction\",\"target\":[\"https:\/\/frenchwedding.hu\/fr\/rita-et-sebastien-au-chateau-de-buda\/\"]}]},{\"@type\":\"ImageObject\",\"inLanguage\":\"fr-FR\",\"@id\":\"https:\/\/frenchwedding.hu\/fr\/rita-et-sebastien-au-chateau-de-buda\/#primaryimage\",\"url\":\"https:\/\/frenchwedding.hu\/wp-content\/uploads\/2024\/03\/Rita-Sebastien-french-wedding-2.jpg\",\"contentUrl\":\"https:\/\/frenchwedding.hu\/wp-content\/uploads\/2024\/03\/Rita-Sebastien-french-wedding-2.jpg\",\"width\":1600,\"height\":1064,\"caption\":\"Rita & Sebastien - French Wedding\"},{\"@type\":\"BreadcrumbList\",\"@id\":\"https:\/\/frenchwedding.hu\/fr\/rita-et-sebastien-au-chateau-de-buda\/#breadcrumb\",\"itemListElement\":[{\"@type\":\"ListItem\",\"position\":1,\"name\":\"Kezd\u0151lap\",\"item\":\"https:\/\/frenchwedding.hu\/fr\/accueil\/\"},{\"@type\":\"ListItem\",\"position\":2,\"name\":\"Rita et S\u00e9bastien au ch\u00e2teau de Buda\"}]},{\"@type\":\"WebSite\",\"@id\":\"https:\/\/frenchwedding.hu\/fr\/#website\",\"url\":\"https:\/\/frenchwedding.hu\/fr\/\",\"name\":\"French Wedding by Muss\u00f3 Zs\u00f3fi\",\"description\":\"Legyen t\u00f6k\u00e9letes \u00e1lomesk\u00fcv\u0151t\u00f6k, ak\u00e1r francia nyelven is!\",\"publisher\":{\"@id\":\"https:\/\/frenchwedding.hu\/fr\/#organization\"},\"potentialAction\":[{\"@type\":\"SearchAction\",\"target\":{\"@type\":\"EntryPoint\",\"urlTemplate\":\"https:\/\/frenchwedding.hu\/fr\/?s={search_term_string}\"},\"query-input\":\"required name=search_term_string\"}],\"inLanguage\":\"fr-FR\"},{\"@type\":\"Organization\",\"@id\":\"https:\/\/frenchwedding.hu\/fr\/#organization\",\"name\":\"French Wedding\",\"url\":\"https:\/\/frenchwedding.hu\/fr\/\",\"logo\":{\"@type\":\"ImageObject\",\"inLanguage\":\"fr-FR\",\"@id\":\"https:\/\/frenchwedding.hu\/fr\/#\/schema\/logo\/image\/\",\"url\":\"https:\/\/frenchwedding.hu\/wp-content\/uploads\/2024\/02\/french-wedding-logo.png\",\"contentUrl\":\"https:\/\/frenchwedding.hu\/wp-content\/uploads\/2024\/02\/french-wedding-logo.png\",\"width\":419,\"height\":408,\"caption\":\"French Wedding\"},\"image\":{\"@id\":\"https:\/\/frenchwedding.hu\/fr\/#\/schema\/logo\/image\/\"},\"sameAs\":[\"https:\/\/www.facebook.com\/frenchweddingbymussozsofi\"]}]}<\/script>\n<!-- \/ Yoast SEO plugin. -->","yoast_head_json":{"title":"Rita et S\u00e9bastien au ch\u00e2teau de Buda - French Wedding by Muss\u00f3 Zs\u00f3fi","description":"Le mariage fran\u00e7ais de Rita et S\u00e9bastien dans le cadre grandiose du ch\u00e2teau de Buda. Une c\u00e9r\u00e9monie sp\u00e9ciale dans la cour dominicaine de l'h\u00f4tel Hilton, avec des vues panoramiques in\u00e9gal\u00e9es et une f\u00eate inoubliable.","robots":{"index":"index","follow":"follow","max-snippet":"max-snippet:-1","max-image-preview":"max-image-preview:large","max-video-preview":"max-video-preview:-1"},"canonical":"https:\/\/frenchwedding.hu\/fr\/rita-et-sebastien-au-chateau-de-buda\/","og_locale":"fr_FR","og_type":"article","og_title":"Rita et S\u00e9bastien au ch\u00e2teau de Buda - French Wedding by Muss\u00f3 Zs\u00f3fi","og_description":"Le mariage fran\u00e7ais de Rita et S\u00e9bastien dans le cadre grandiose du ch\u00e2teau de Buda. Une c\u00e9r\u00e9monie sp\u00e9ciale dans la cour dominicaine de l'h\u00f4tel Hilton, avec des vues panoramiques in\u00e9gal\u00e9es et une f\u00eate inoubliable.","og_url":"https:\/\/frenchwedding.hu\/fr\/rita-et-sebastien-au-chateau-de-buda\/","og_site_name":"French Wedding by Muss\u00f3 Zs\u00f3fi","article_publisher":"https:\/\/www.facebook.com\/frenchweddingbymussozsofi","article_modified_time":"2024-06-13T14:17:20+00:00","og_image":[{"url":"https:\/\/frenchwedding.hu\/wp-content\/uploads\/2024\/03\/Rita-Sebastien-french-wedding-4-700x466.jpg"}],"twitter_card":"summary_large_image","twitter_misc":{"Dur\u00e9e de lecture estim\u00e9e":"1 minute"},"schema":{"@context":"https:\/\/schema.org","@graph":[{"@type":"WebPage","@id":"https:\/\/frenchwedding.hu\/fr\/rita-et-sebastien-au-chateau-de-buda\/","url":"https:\/\/frenchwedding.hu\/fr\/rita-et-sebastien-au-chateau-de-buda\/","name":"Rita et S\u00e9bastien au ch\u00e2teau de Buda - French Wedding by Muss\u00f3 Zs\u00f3fi","isPartOf":{"@id":"https:\/\/frenchwedding.hu\/fr\/#website"},"primaryImageOfPage":{"@id":"https:\/\/frenchwedding.hu\/fr\/rita-et-sebastien-au-chateau-de-buda\/#primaryimage"},"image":{"@id":"https:\/\/frenchwedding.hu\/fr\/rita-et-sebastien-au-chateau-de-buda\/#primaryimage"},"thumbnailUrl":"https:\/\/frenchwedding.hu\/wp-content\/uploads\/2024\/03\/Rita-Sebastien-french-wedding-2.jpg","datePublished":"2024-03-10T12:31:09+00:00","dateModified":"2024-06-13T14:17:20+00:00","description":"Le mariage fran\u00e7ais de Rita et S\u00e9bastien dans le cadre grandiose du ch\u00e2teau de Buda. Une c\u00e9r\u00e9monie sp\u00e9ciale dans la cour dominicaine de l'h\u00f4tel Hilton, avec des vues panoramiques in\u00e9gal\u00e9es et une f\u00eate inoubliable.","breadcrumb":{"@id":"https:\/\/frenchwedding.hu\/fr\/rita-et-sebastien-au-chateau-de-buda\/#breadcrumb"},"inLanguage":"fr-FR","potentialAction":[{"@type":"ReadAction","target":["https:\/\/frenchwedding.hu\/fr\/rita-et-sebastien-au-chateau-de-buda\/"]}]},{"@type":"ImageObject","inLanguage":"fr-FR","@id":"https:\/\/frenchwedding.hu\/fr\/rita-et-sebastien-au-chateau-de-buda\/#primaryimage","url":"https:\/\/frenchwedding.hu\/wp-content\/uploads\/2024\/03\/Rita-Sebastien-french-wedding-2.jpg","contentUrl":"https:\/\/frenchwedding.hu\/wp-content\/uploads\/2024\/03\/Rita-Sebastien-french-wedding-2.jpg","width":1600,"height":1064,"caption":"Rita & Sebastien - French Wedding"},{"@type":"BreadcrumbList","@id":"https:\/\/frenchwedding.hu\/fr\/rita-et-sebastien-au-chateau-de-buda\/#breadcrumb","itemListElement":[{"@type":"ListItem","position":1,"name":"Kezd\u0151lap","item":"https:\/\/frenchwedding.hu\/fr\/accueil\/"},{"@type":"ListItem","position":2,"name":"Rita et S\u00e9bastien au ch\u00e2teau de Buda"}]},{"@type":"WebSite","@id":"https:\/\/frenchwedding.hu\/fr\/#website","url":"https:\/\/frenchwedding.hu\/fr\/","name":"French Wedding by Muss\u00f3 Zs\u00f3fi","description":"Legyen t\u00f6k\u00e9letes \u00e1lomesk\u00fcv\u0151t\u00f6k, ak\u00e1r francia nyelven is!","publisher":{"@id":"https:\/\/frenchwedding.hu\/fr\/#organization"},"potentialAction":[{"@type":"SearchAction","target":{"@type":"EntryPoint","urlTemplate":"https:\/\/frenchwedding.hu\/fr\/?s={search_term_string}"},"query-input":"required name=search_term_string"}],"inLanguage":"fr-FR"},{"@type":"Organization","@id":"https:\/\/frenchwedding.hu\/fr\/#organization","name":"French Wedding","url":"https:\/\/frenchwedding.hu\/fr\/","logo":{"@type":"ImageObject","inLanguage":"fr-FR","@id":"https:\/\/frenchwedding.hu\/fr\/#\/schema\/logo\/image\/","url":"https:\/\/frenchwedding.hu\/wp-content\/uploads\/2024\/02\/french-wedding-logo.png","contentUrl":"https:\/\/frenchwedding.hu\/wp-content\/uploads\/2024\/02\/french-wedding-logo.png","width":419,"height":408,"caption":"French Wedding"},"image":{"@id":"https:\/\/frenchwedding.hu\/fr\/#\/schema\/logo\/image\/"},"sameAs":["https:\/\/www.facebook.com\/frenchweddingbymussozsofi"]}]}},"_links":{"self":[{"href":"https:\/\/frenchwedding.hu\/fr\/wp-json\/wp\/v2\/pages\/2656","targetHints":{"allow":["GET"]}}],"collection":[{"href":"https:\/\/frenchwedding.hu\/fr\/wp-json\/wp\/v2\/pages"}],"about":[{"href":"https:\/\/frenchwedding.hu\/fr\/wp-json\/wp\/v2\/types\/page"}],"author":[{"embeddable":true,"href":"https:\/\/frenchwedding.hu\/fr\/wp-json\/wp\/v2\/users\/2"}],"replies":[{"embeddable":true,"href":"https:\/\/frenchwedding.hu\/fr\/wp-json\/wp\/v2\/comments?post=2656"}],"version-history":[{"count":7,"href":"https:\/\/frenchwedding.hu\/fr\/wp-json\/wp\/v2\/pages\/2656\/revisions"}],"predecessor-version":[{"id":2889,"href":"https:\/\/frenchwedding.hu\/fr\/wp-json\/wp\/v2\/pages\/2656\/revisions\/2889"}],"wp:featuredmedia":[{"embeddable":true,"href":"https:\/\/frenchwedding.hu\/fr\/wp-json\/wp\/v2\/media\/2047"}],"wp:attachment":[{"href":"https:\/\/frenchwedding.hu\/fr\/wp-json\/wp\/v2\/media?parent=2656"}],"curies":[{"name":"wp","href":"https:\/\/api.w.org\/{rel}","templated":true}]}}