{"version":"1.0","provider_name":"French Wedding by Muss\u00f3 Zs\u00f3fi","provider_url":"https:\/\/frenchwedding.hu\/fr\/","author_name":"Muss\u00f3 Zs\u00f3fi","author_url":"https:\/\/frenchwedding.hu\/fr\/author\/frenchwedding\/","title":"Anna et Fabrizio au ch\u00e2teau de Vajdahunyad - French Wedding by Muss\u00f3 Zs\u00f3fi","type":"rich","width":600,"height":338,"html":"<blockquote class=\"wp-embedded-content\" data-secret=\"lt2bPHlSYg\"><a href=\"https:\/\/frenchwedding.hu\/fr\/anna-et-fabrizio-au-chateau-de-vajdahunyad\/\">Anna et Fabrizio au ch\u00e2teau de Vajdahunyad<\/a><\/blockquote><iframe sandbox=\"allow-scripts\" security=\"restricted\" src=\"https:\/\/frenchwedding.hu\/fr\/anna-et-fabrizio-au-chateau-de-vajdahunyad\/embed\/#?secret=lt2bPHlSYg\" width=\"600\" height=\"338\" title=\"\u00ab\u00a0Anna et Fabrizio au ch\u00e2teau de Vajdahunyad\u00a0\u00bb &#8212; French Wedding by Muss\u00f3 Zs\u00f3fi\" data-secret=\"lt2bPHlSYg\" frameborder=\"0\" marginwidth=\"0\" marginheight=\"0\" scrolling=\"no\" class=\"wp-embedded-content\"><\/iframe><script>\n\/*! This file is auto-generated *\/\n!function(d,l){\"use strict\";l.querySelector&&d.addEventListener&&\"undefined\"!=typeof URL&&(d.wp=d.wp||{},d.wp.receiveEmbedMessage||(d.wp.receiveEmbedMessage=function(e){var t=e.data;if((t||t.secret||t.message||t.value)&&!\/[^a-zA-Z0-9]\/.test(t.secret)){for(var s,r,n,a=l.querySelectorAll('iframe[data-secret=\"'+t.secret+'\"]'),o=l.querySelectorAll('blockquote[data-secret=\"'+t.secret+'\"]'),c=new RegExp(\"^https?:$\",\"i\"),i=0;i<o.length;i++)o[i].style.display=\"none\";for(i=0;i<a.length;i++)s=a[i],e.source===s.contentWindow&&(s.removeAttribute(\"style\"),\"height\"===t.message?(1e3<(r=parseInt(t.value,10))?r=1e3:~~r<200&&(r=200),s.height=r):\"link\"===t.message&&(r=new URL(s.getAttribute(\"src\")),n=new URL(t.value),c.test(n.protocol))&&n.host===r.host&&l.activeElement===s&&(d.top.location.href=t.value))}},d.addEventListener(\"message\",d.wp.receiveEmbedMessage,!1),l.addEventListener(\"DOMContentLoaded\",function(){for(var e,t,s=l.querySelectorAll(\"iframe.wp-embedded-content\"),r=0;r<s.length;r++)(t=(e=s[r]).getAttribute(\"data-secret\"))||(t=Math.random().toString(36).substring(2,12),e.src+=\"#?secret=\"+t,e.setAttribute(\"data-secret\",t)),e.contentWindow.postMessage({message:\"ready\",secret:t},\"*\")},!1)))}(window,document);\n\/\/# sourceURL=https:\/\/frenchwedding.hu\/wp-includes\/js\/wp-embed.min.js\n<\/script>\n","thumbnail_url":"https:\/\/frenchwedding.hu\/wp-content\/uploads\/2024\/03\/Anna-Fabrizio-french-wedding-27-700x466.jpg","thumbnail_width":600,"thumbnail_height":399,"description":"Le mariage trinational d'Anna et Fabrizio dans les clo\u00eetres du ch\u00e2teau de Vajdahunyad. ; Duo hongrois-belge-italien, avec des invit\u00e9s du monde entier. Avec des interpr\u00e8tes professionnels, j'ai interpr\u00e9t\u00e9 la c\u00e9r\u00e9monie civile, o\u00f9 les r\u00e9flexions personnelles d'Anna ont surpris tout le monde. Je lui ai parl\u00e9 des th\u00e8ses philosophiques qu'il avait \u00e9crites, et le sourire fier et \u00e9mu de Fabrizio reste inoubliable."}