{"id":2593,"date":"2024-03-10T11:59:59","date_gmt":"2024-03-10T10:59:59","guid":{"rendered":"https:\/\/frenchwedding.hu\/anna-and-fabrizio-in-vajdahunyad-castle\/"},"modified":"2024-05-07T20:04:53","modified_gmt":"2024-05-07T18:04:53","slug":"anna-and-fabrizio-in-vajdahunyad-castle","status":"publish","type":"page","link":"https:\/\/frenchwedding.hu\/en\/anna-and-fabrizio-in-vajdahunyad-castle\/","title":{"rendered":"Anna and Fabrizio in Vajdahunyad Castle"},"content":{"rendered":"\t\t<div data-elementor-type=\"wp-page\" data-elementor-id=\"2593\" class=\"elementor elementor-2593 elementor-268\" data-elementor-post-type=\"page\">\n\t\t\t\t\t\t<section class=\"elementor-section elementor-top-section elementor-element elementor-element-fac96cd elementor-section-height-min-height elementor-section-boxed elementor-section-height-default elementor-section-items-middle\" data-id=\"fac96cd\" data-element_type=\"section\" data-settings=\"{&quot;background_background&quot;:&quot;classic&quot;}\">\n\t\t\t\t\t\t\t<div class=\"elementor-background-overlay\"><\/div>\n\t\t\t\t\t\t\t<div class=\"elementor-container elementor-column-gap-default\">\n\t\t\t\t\t<div class=\"elementor-column elementor-col-100 elementor-top-column elementor-element elementor-element-7941d185\" data-id=\"7941d185\" data-element_type=\"column\">\n\t\t\t<div class=\"elementor-widget-wrap elementor-element-populated\">\n\t\t\t\t\t\t<div class=\"elementor-element elementor-element-35ef7239 elementor-headline--style-highlight elementor-invisible elementor-widget elementor-widget-animated-headline\" data-id=\"35ef7239\" data-element_type=\"widget\" data-settings=\"{&quot;marker&quot;:&quot;underline&quot;,&quot;highlighted_text&quot;:&quot;Anna &amp; Fabrizio&quot;,&quot;_animation&quot;:&quot;fadeIn&quot;,&quot;headline_style&quot;:&quot;highlight&quot;,&quot;loop&quot;:&quot;yes&quot;,&quot;highlight_animation_duration&quot;:1200,&quot;highlight_iteration_delay&quot;:8000}\" data-widget_type=\"animated-headline.default\">\n\t\t\t\t<div class=\"elementor-widget-container\">\n\t\t\t<link rel=\"stylesheet\" href=\"https:\/\/frenchwedding.hu\/wp-content\/plugins\/elementor-pro\/assets\/css\/widget-animated-headline.min.css\">\t\t<h3 class=\"elementor-headline\">\n\t\t\t\t<span class=\"elementor-headline-dynamic-wrapper elementor-headline-text-wrapper\">\n\t\t\t\t\t<span class=\"elementor-headline-dynamic-text elementor-headline-text-active\">Anna &amp; Fabrizio<\/span>\n\t\t\t\t<\/span>\n\t\t\t\t<\/h3>\n\t\t\t\t<\/div>\n\t\t\t\t<\/div>\n\t\t\t\t<div class=\"elementor-element elementor-element-718c502 elementor-widget elementor-widget-text-editor\" data-id=\"718c502\" data-element_type=\"widget\" data-widget_type=\"text-editor.default\">\n\t\t\t\t<div class=\"elementor-widget-container\">\n\t\t\t<style>\/*! elementor - v3.21.0 - 08-05-2024 *\/\n.elementor-widget-text-editor.elementor-drop-cap-view-stacked .elementor-drop-cap{background-color:#69727d;color:#fff}.elementor-widget-text-editor.elementor-drop-cap-view-framed .elementor-drop-cap{color:#69727d;border:3px solid;background-color:transparent}.elementor-widget-text-editor:not(.elementor-drop-cap-view-default) .elementor-drop-cap{margin-top:8px}.elementor-widget-text-editor:not(.elementor-drop-cap-view-default) .elementor-drop-cap-letter{width:1em;height:1em}.elementor-widget-text-editor .elementor-drop-cap{float:left;text-align:center;line-height:1;font-size:50px}.elementor-widget-text-editor .elementor-drop-cap-letter{display:inline-block}<\/style>\t\t\t\t<p>At Anna &amp; Fabrizio&#8217;s wedding, I interpreted the official civil ceremony in addition to my duties as master of ceremonies.<\/p>\n<p>Their big day was a Hungarian-Belgian-Italian tri-national wedding, as far as the newlyweds were concerned, as the guests came from all over the world. The yeses were said in the magnificent Cloisters of Vajdahunyad Castle.<\/p>\n<p>Every wedding is special for me, I&#8217;m always a little bit nervous, always for a different reason. In their case, I was particularly excited to be faced with professional interpreters who were fluent in 4 languages. This has put me under particular pressure in terms of quality translation.<\/p>\n\t\t\t\t\t\t<\/div>\n\t\t\t\t<\/div>\n\t\t\t\t\t<\/div>\n\t\t<\/div>\n\t\t\t\t\t<\/div>\n\t\t<\/section>\n\t\t\t\t<section class=\"elementor-section elementor-top-section elementor-element elementor-element-19c08ab elementor-section-full_width elementor-section-height-default elementor-section-height-default\" data-id=\"19c08ab\" data-element_type=\"section\" id=\"folytatas\" data-settings=\"{&quot;background_background&quot;:&quot;classic&quot;}\">\n\t\t\t\t\t\t<div class=\"elementor-container elementor-column-gap-default\">\n\t\t\t\t\t<div class=\"elementor-column elementor-col-100 elementor-top-column elementor-element elementor-element-4b57604\" data-id=\"4b57604\" data-element_type=\"column\">\n\t\t\t<div class=\"elementor-widget-wrap elementor-element-populated\">\n\t\t\t\t\t\t<div class=\"elementor-element elementor-element-fbde723 elementor-widget elementor-widget-text-editor\" data-id=\"fbde723\" data-element_type=\"widget\" data-widget_type=\"text-editor.default\">\n\t\t\t\t<div class=\"elementor-widget-container\">\n\t\t\t\t\t\t\t<p>But there were also moments in the civil ceremony that perhaps I alone could see and understand.<\/p>\n\t\t\t\t\t\t<\/div>\n\t\t\t\t<\/div>\n\t\t\t\t\t<\/div>\n\t\t<\/div>\n\t\t\t\t\t<\/div>\n\t\t<\/section>\n\t\t\t\t<section class=\"elementor-section elementor-top-section elementor-element elementor-element-349386d elementor-section-full_width elementor-section-height-default elementor-section-height-default\" data-id=\"349386d\" data-element_type=\"section\" data-settings=\"{&quot;background_background&quot;:&quot;classic&quot;}\">\n\t\t\t\t\t\t<div class=\"elementor-container elementor-column-gap-default\">\n\t\t\t\t\t<div class=\"elementor-column elementor-col-100 elementor-top-column elementor-element elementor-element-18e01a1\" data-id=\"18e01a1\" data-element_type=\"column\">\n\t\t\t<div class=\"elementor-widget-wrap elementor-element-populated\">\n\t\t\t\t\t\t<div class=\"elementor-element elementor-element-22b8c81 elementor-widget elementor-widget-text-editor\" data-id=\"22b8c81\" data-element_type=\"widget\" data-widget_type=\"text-editor.default\">\n\t\t\t\t<div class=\"elementor-widget-container\">\n\t\t\t\t\t\t\t<p>The bride herself wrote some personal thoughts for the registrar&#8217;s toast, and she did not lie about her scientific, philosophical style, quoting great thinkers on marriage, and she shared with us not one smiling, but very serious thought through the registrar&#8217;s mouthpiece. The bridegroom had no idea of the content of the greeting text, only realising that his young wife had once again brought her own style when I began to translate the philosophical theses. I will never forget that expression, that wink, that loving recognition, full of pride in his bride&#8217;s education and distinction, yet unable to hide his stunned smile at the quotations so unusual at weddings.<\/p>\n\t\t\t\t\t\t<\/div>\n\t\t\t\t<\/div>\n\t\t\t\t\t<\/div>\n\t\t<\/div>\n\t\t\t\t\t<\/div>\n\t\t<\/section>\n\t\t<div class=\"elementor-element elementor-element-b80572f e-con-full e-flex e-con e-parent\" data-id=\"b80572f\" data-element_type=\"container\">\n\t\t\t\t<div class=\"elementor-element elementor-element-689dd19 uael-img-grid__column-4 uael-img-grid-tablet__column-3 uael-img-grid-mobile__column-2 uael-ins-normal elementor-widget elementor-widget-uael-image-gallery\" data-id=\"689dd19\" data-element_type=\"widget\" data-settings=\"{&quot;column_gap&quot;:{&quot;unit&quot;:&quot;px&quot;,&quot;size&quot;:10,&quot;sizes&quot;:[]},&quot;row_gap&quot;:{&quot;unit&quot;:&quot;px&quot;,&quot;size&quot;:10,&quot;sizes&quot;:[]},&quot;gallery_columns&quot;:&quot;4&quot;,&quot;gallery_columns_tablet&quot;:&quot;3&quot;,&quot;gallery_columns_mobile&quot;:&quot;2&quot;,&quot;column_gap_tablet&quot;:{&quot;unit&quot;:&quot;px&quot;,&quot;size&quot;:&quot;&quot;,&quot;sizes&quot;:[]},&quot;column_gap_mobile&quot;:{&quot;unit&quot;:&quot;px&quot;,&quot;size&quot;:&quot;&quot;,&quot;sizes&quot;:[]},&quot;row_gap_tablet&quot;:{&quot;unit&quot;:&quot;px&quot;,&quot;size&quot;:&quot;&quot;,&quot;sizes&quot;:[]},&quot;row_gap_mobile&quot;:{&quot;unit&quot;:&quot;px&quot;,&quot;size&quot;:&quot;&quot;,&quot;sizes&quot;:[]}}\" data-widget_type=\"uael-image-gallery.default\">\n\t\t\t\t<div class=\"elementor-widget-container\">\n\t\t\t<div class=\"uael-gallery-parent uael-caption- uael-gallery-unjustified\"><div class=\"uael-img-gallery-wrap uael-img-masonry-wrap uael-img-grid-masonry-wrap uael-masonry uael-image-lightbox-wrap\" data-filter-default=\"All\" data-lightbox_actions=\"[&quot;close&quot;]\" data-lightbox-gallery-loop=\"\"><div class=\"uael-grid-item  uael-img-gallery-item-1\"><div class=\"uael-grid-item-content\"><a class=\"uael-grid-img uael-grid-gallery-img uael-ins-hover elementor-clickable\" data-fancybox=\"uael-gallery\" href=\"https:\/\/frenchwedding.hu\/wp-content\/uploads\/2024\/03\/Anna-Fabrizio-french-wedding-27.jpg\" data-elementor-open-lightbox=\"no\"><div class=\"uael-grid-img-thumbnail uael-ins-target\"><img fetchpriority=\"high\" decoding=\"async\" width=\"800\" height=\"533\" src=\"https:\/\/frenchwedding.hu\/wp-content\/uploads\/2024\/03\/Anna-Fabrizio-french-wedding-27-1024x682.jpg\" class=\"attachment-large size-large wp-image-198\" alt=\"Anna &amp; Fabrizio French Wedding\" srcset=\"https:\/\/frenchwedding.hu\/wp-content\/uploads\/2024\/03\/Anna-Fabrizio-french-wedding-27-1024x682.jpg 1024w, https:\/\/frenchwedding.hu\/wp-content\/uploads\/2024\/03\/Anna-Fabrizio-french-wedding-27-700x466.jpg 700w, https:\/\/frenchwedding.hu\/wp-content\/uploads\/2024\/03\/Anna-Fabrizio-french-wedding-27-768x512.jpg 768w, https:\/\/frenchwedding.hu\/wp-content\/uploads\/2024\/03\/Anna-Fabrizio-french-wedding-27-1536x1023.jpg 1536w, https:\/\/frenchwedding.hu\/wp-content\/uploads\/2024\/03\/Anna-Fabrizio-french-wedding-27.jpg 1600w\" sizes=\"(max-width: 800px) 100vw, 800px\" \/><\/div><div class=\"uael-grid-img-overlay\"><\/div><\/a><\/div><\/div><div class=\"uael-grid-item  uael-img-gallery-item-2\"><div class=\"uael-grid-item-content\"><a class=\"uael-grid-img uael-grid-gallery-img uael-ins-hover elementor-clickable\" data-fancybox=\"uael-gallery\" href=\"https:\/\/frenchwedding.hu\/wp-content\/uploads\/2024\/03\/Anna-Fabrizio-french-wedding-1.jpg\" data-elementor-open-lightbox=\"no\"><div class=\"uael-grid-img-thumbnail uael-ins-target\"><img decoding=\"async\" width=\"800\" height=\"533\" src=\"https:\/\/frenchwedding.hu\/wp-content\/uploads\/2024\/03\/Anna-Fabrizio-french-wedding-1-1024x682.jpg\" class=\"attachment-large size-large wp-image-172\" alt=\"Anna &amp; Fabrizio French Wedding\" srcset=\"https:\/\/frenchwedding.hu\/wp-content\/uploads\/2024\/03\/Anna-Fabrizio-french-wedding-1-1024x682.jpg 1024w, https:\/\/frenchwedding.hu\/wp-content\/uploads\/2024\/03\/Anna-Fabrizio-french-wedding-1-700x466.jpg 700w, https:\/\/frenchwedding.hu\/wp-content\/uploads\/2024\/03\/Anna-Fabrizio-french-wedding-1-768x512.jpg 768w, https:\/\/frenchwedding.hu\/wp-content\/uploads\/2024\/03\/Anna-Fabrizio-french-wedding-1-1536x1023.jpg 1536w, https:\/\/frenchwedding.hu\/wp-content\/uploads\/2024\/03\/Anna-Fabrizio-french-wedding-1.jpg 1600w\" sizes=\"(max-width: 800px) 100vw, 800px\" \/><\/div><div class=\"uael-grid-img-overlay\"><\/div><\/a><\/div><\/div><div class=\"uael-grid-item  uael-img-gallery-item-3\"><div class=\"uael-grid-item-content\"><a class=\"uael-grid-img uael-grid-gallery-img uael-ins-hover elementor-clickable\" data-fancybox=\"uael-gallery\" href=\"https:\/\/frenchwedding.hu\/wp-content\/uploads\/2024\/03\/Anna-Fabrizio-french-wedding-26.jpg\" data-elementor-open-lightbox=\"no\"><div class=\"uael-grid-img-thumbnail uael-ins-target\"><img decoding=\"async\" width=\"800\" height=\"533\" src=\"https:\/\/frenchwedding.hu\/wp-content\/uploads\/2024\/03\/Anna-Fabrizio-french-wedding-26-1024x682.jpg\" class=\"attachment-large size-large wp-image-197\" alt=\"Anna &amp; Fabrizio French Wedding\" srcset=\"https:\/\/frenchwedding.hu\/wp-content\/uploads\/2024\/03\/Anna-Fabrizio-french-wedding-26-1024x682.jpg 1024w, https:\/\/frenchwedding.hu\/wp-content\/uploads\/2024\/03\/Anna-Fabrizio-french-wedding-26-700x466.jpg 700w, https:\/\/frenchwedding.hu\/wp-content\/uploads\/2024\/03\/Anna-Fabrizio-french-wedding-26-768x512.jpg 768w, https:\/\/frenchwedding.hu\/wp-content\/uploads\/2024\/03\/Anna-Fabrizio-french-wedding-26-1536x1023.jpg 1536w, https:\/\/frenchwedding.hu\/wp-content\/uploads\/2024\/03\/Anna-Fabrizio-french-wedding-26.jpg 1600w\" sizes=\"(max-width: 800px) 100vw, 800px\" \/><\/div><div class=\"uael-grid-img-overlay\"><\/div><\/a><\/div><\/div><div class=\"uael-grid-item  uael-img-gallery-item-4\"><div class=\"uael-grid-item-content\"><a class=\"uael-grid-img uael-grid-gallery-img uael-ins-hover elementor-clickable\" data-fancybox=\"uael-gallery\" href=\"https:\/\/frenchwedding.hu\/wp-content\/uploads\/2024\/03\/Anna-Fabrizio-french-wedding-25.jpg\" data-elementor-open-lightbox=\"no\"><div class=\"uael-grid-img-thumbnail uael-ins-target\"><img loading=\"lazy\" decoding=\"async\" width=\"800\" height=\"533\" src=\"https:\/\/frenchwedding.hu\/wp-content\/uploads\/2024\/03\/Anna-Fabrizio-french-wedding-25-1024x682.jpg\" class=\"attachment-large size-large wp-image-196\" alt=\"Anna &amp; Fabrizio French Wedding\" srcset=\"https:\/\/frenchwedding.hu\/wp-content\/uploads\/2024\/03\/Anna-Fabrizio-french-wedding-25-1024x682.jpg 1024w, https:\/\/frenchwedding.hu\/wp-content\/uploads\/2024\/03\/Anna-Fabrizio-french-wedding-25-700x466.jpg 700w, https:\/\/frenchwedding.hu\/wp-content\/uploads\/2024\/03\/Anna-Fabrizio-french-wedding-25-768x512.jpg 768w, https:\/\/frenchwedding.hu\/wp-content\/uploads\/2024\/03\/Anna-Fabrizio-french-wedding-25-1536x1023.jpg 1536w, https:\/\/frenchwedding.hu\/wp-content\/uploads\/2024\/03\/Anna-Fabrizio-french-wedding-25.jpg 1600w\" sizes=\"(max-width: 800px) 100vw, 800px\" \/><\/div><div class=\"uael-grid-img-overlay\"><\/div><\/a><\/div><\/div><div class=\"uael-grid-item  uael-img-gallery-item-5\"><div class=\"uael-grid-item-content\"><a class=\"uael-grid-img uael-grid-gallery-img uael-ins-hover elementor-clickable\" data-fancybox=\"uael-gallery\" href=\"https:\/\/frenchwedding.hu\/wp-content\/uploads\/2024\/03\/Anna-Fabrizio-french-wedding-24.jpg\" data-elementor-open-lightbox=\"no\"><div class=\"uael-grid-img-thumbnail uael-ins-target\"><img loading=\"lazy\" decoding=\"async\" width=\"683\" height=\"1024\" src=\"https:\/\/frenchwedding.hu\/wp-content\/uploads\/2024\/03\/Anna-Fabrizio-french-wedding-24-683x1024.jpg\" class=\"attachment-large size-large wp-image-195\" alt=\"Anna &amp; Fabrizio French Wedding\" srcset=\"https:\/\/frenchwedding.hu\/wp-content\/uploads\/2024\/03\/Anna-Fabrizio-french-wedding-24-683x1024.jpg 683w, https:\/\/frenchwedding.hu\/wp-content\/uploads\/2024\/03\/Anna-Fabrizio-french-wedding-24-467x700.jpg 467w, https:\/\/frenchwedding.hu\/wp-content\/uploads\/2024\/03\/Anna-Fabrizio-french-wedding-24-768x1152.jpg 768w, https:\/\/frenchwedding.hu\/wp-content\/uploads\/2024\/03\/Anna-Fabrizio-french-wedding-24-1024x1536.jpg 1024w, https:\/\/frenchwedding.hu\/wp-content\/uploads\/2024\/03\/Anna-Fabrizio-french-wedding-24.jpg 1067w\" sizes=\"(max-width: 683px) 100vw, 683px\" \/><\/div><div class=\"uael-grid-img-overlay\"><\/div><\/a><\/div><\/div><div class=\"uael-grid-item  uael-img-gallery-item-6\"><div class=\"uael-grid-item-content\"><a class=\"uael-grid-img uael-grid-gallery-img uael-ins-hover elementor-clickable\" data-fancybox=\"uael-gallery\" href=\"https:\/\/frenchwedding.hu\/wp-content\/uploads\/2024\/03\/Anna-Fabrizio-french-wedding-23.jpg\" data-elementor-open-lightbox=\"no\"><div class=\"uael-grid-img-thumbnail uael-ins-target\"><img loading=\"lazy\" decoding=\"async\" width=\"800\" height=\"533\" src=\"https:\/\/frenchwedding.hu\/wp-content\/uploads\/2024\/03\/Anna-Fabrizio-french-wedding-23-1024x682.jpg\" class=\"attachment-large size-large wp-image-194\" alt=\"Anna &amp; Fabrizio French Wedding\" srcset=\"https:\/\/frenchwedding.hu\/wp-content\/uploads\/2024\/03\/Anna-Fabrizio-french-wedding-23-1024x682.jpg 1024w, https:\/\/frenchwedding.hu\/wp-content\/uploads\/2024\/03\/Anna-Fabrizio-french-wedding-23-700x466.jpg 700w, https:\/\/frenchwedding.hu\/wp-content\/uploads\/2024\/03\/Anna-Fabrizio-french-wedding-23-768x512.jpg 768w, https:\/\/frenchwedding.hu\/wp-content\/uploads\/2024\/03\/Anna-Fabrizio-french-wedding-23-1536x1023.jpg 1536w, https:\/\/frenchwedding.hu\/wp-content\/uploads\/2024\/03\/Anna-Fabrizio-french-wedding-23.jpg 1600w\" sizes=\"(max-width: 800px) 100vw, 800px\" \/><\/div><div class=\"uael-grid-img-overlay\"><\/div><\/a><\/div><\/div><div class=\"uael-grid-item  uael-img-gallery-item-7\"><div class=\"uael-grid-item-content\"><a class=\"uael-grid-img uael-grid-gallery-img uael-ins-hover elementor-clickable\" data-fancybox=\"uael-gallery\" href=\"https:\/\/frenchwedding.hu\/wp-content\/uploads\/2024\/03\/Anna-Fabrizio-french-wedding-22.jpg\" data-elementor-open-lightbox=\"no\"><div class=\"uael-grid-img-thumbnail uael-ins-target\"><img loading=\"lazy\" decoding=\"async\" width=\"683\" height=\"1024\" src=\"https:\/\/frenchwedding.hu\/wp-content\/uploads\/2024\/03\/Anna-Fabrizio-french-wedding-22-683x1024.jpg\" class=\"attachment-large size-large wp-image-193\" alt=\"Anna &amp; Fabrizio French Wedding\" srcset=\"https:\/\/frenchwedding.hu\/wp-content\/uploads\/2024\/03\/Anna-Fabrizio-french-wedding-22-683x1024.jpg 683w, https:\/\/frenchwedding.hu\/wp-content\/uploads\/2024\/03\/Anna-Fabrizio-french-wedding-22-467x700.jpg 467w, https:\/\/frenchwedding.hu\/wp-content\/uploads\/2024\/03\/Anna-Fabrizio-french-wedding-22-768x1152.jpg 768w, https:\/\/frenchwedding.hu\/wp-content\/uploads\/2024\/03\/Anna-Fabrizio-french-wedding-22-1024x1536.jpg 1024w, https:\/\/frenchwedding.hu\/wp-content\/uploads\/2024\/03\/Anna-Fabrizio-french-wedding-22.jpg 1067w\" sizes=\"(max-width: 683px) 100vw, 683px\" \/><\/div><div class=\"uael-grid-img-overlay\"><\/div><\/a><\/div><\/div><div class=\"uael-grid-item  uael-img-gallery-item-8\"><div class=\"uael-grid-item-content\"><a class=\"uael-grid-img uael-grid-gallery-img uael-ins-hover elementor-clickable\" data-fancybox=\"uael-gallery\" href=\"https:\/\/frenchwedding.hu\/wp-content\/uploads\/2024\/03\/Anna-Fabrizio-french-wedding-21.jpg\" data-elementor-open-lightbox=\"no\"><div class=\"uael-grid-img-thumbnail uael-ins-target\"><img loading=\"lazy\" decoding=\"async\" width=\"800\" height=\"533\" src=\"https:\/\/frenchwedding.hu\/wp-content\/uploads\/2024\/03\/Anna-Fabrizio-french-wedding-21-1024x682.jpg\" class=\"attachment-large size-large wp-image-192\" alt=\"Anna &amp; Fabrizio French Wedding\" srcset=\"https:\/\/frenchwedding.hu\/wp-content\/uploads\/2024\/03\/Anna-Fabrizio-french-wedding-21-1024x682.jpg 1024w, https:\/\/frenchwedding.hu\/wp-content\/uploads\/2024\/03\/Anna-Fabrizio-french-wedding-21-700x466.jpg 700w, https:\/\/frenchwedding.hu\/wp-content\/uploads\/2024\/03\/Anna-Fabrizio-french-wedding-21-768x512.jpg 768w, https:\/\/frenchwedding.hu\/wp-content\/uploads\/2024\/03\/Anna-Fabrizio-french-wedding-21-1536x1023.jpg 1536w, https:\/\/frenchwedding.hu\/wp-content\/uploads\/2024\/03\/Anna-Fabrizio-french-wedding-21.jpg 1600w\" sizes=\"(max-width: 800px) 100vw, 800px\" \/><\/div><div class=\"uael-grid-img-overlay\"><\/div><\/a><\/div><\/div><div class=\"uael-grid-item  uael-img-gallery-item-9\"><div class=\"uael-grid-item-content\"><a class=\"uael-grid-img uael-grid-gallery-img uael-ins-hover elementor-clickable\" data-fancybox=\"uael-gallery\" href=\"https:\/\/frenchwedding.hu\/wp-content\/uploads\/2024\/03\/Anna-Fabrizio-french-wedding-20.jpg\" data-elementor-open-lightbox=\"no\"><div class=\"uael-grid-img-thumbnail uael-ins-target\"><img loading=\"lazy\" decoding=\"async\" width=\"800\" height=\"533\" src=\"https:\/\/frenchwedding.hu\/wp-content\/uploads\/2024\/03\/Anna-Fabrizio-french-wedding-20-1024x682.jpg\" class=\"attachment-large size-large wp-image-191\" alt=\"Anna &amp; Fabrizio French Wedding\" srcset=\"https:\/\/frenchwedding.hu\/wp-content\/uploads\/2024\/03\/Anna-Fabrizio-french-wedding-20-1024x682.jpg 1024w, https:\/\/frenchwedding.hu\/wp-content\/uploads\/2024\/03\/Anna-Fabrizio-french-wedding-20-700x466.jpg 700w, https:\/\/frenchwedding.hu\/wp-content\/uploads\/2024\/03\/Anna-Fabrizio-french-wedding-20-768x512.jpg 768w, https:\/\/frenchwedding.hu\/wp-content\/uploads\/2024\/03\/Anna-Fabrizio-french-wedding-20-1536x1023.jpg 1536w, https:\/\/frenchwedding.hu\/wp-content\/uploads\/2024\/03\/Anna-Fabrizio-french-wedding-20.jpg 1600w\" sizes=\"(max-width: 800px) 100vw, 800px\" \/><\/div><div class=\"uael-grid-img-overlay\"><\/div><\/a><\/div><\/div><div class=\"uael-grid-item  uael-img-gallery-item-10\"><div class=\"uael-grid-item-content\"><a class=\"uael-grid-img uael-grid-gallery-img uael-ins-hover elementor-clickable\" data-fancybox=\"uael-gallery\" href=\"https:\/\/frenchwedding.hu\/wp-content\/uploads\/2024\/03\/Anna-Fabrizio-french-wedding-19.jpg\" data-elementor-open-lightbox=\"no\"><div class=\"uael-grid-img-thumbnail uael-ins-target\"><img loading=\"lazy\" decoding=\"async\" width=\"683\" height=\"1024\" src=\"https:\/\/frenchwedding.hu\/wp-content\/uploads\/2024\/03\/Anna-Fabrizio-french-wedding-19-683x1024.jpg\" class=\"attachment-large size-large wp-image-190\" alt=\"Anna &amp; Fabrizio French Wedding\" srcset=\"https:\/\/frenchwedding.hu\/wp-content\/uploads\/2024\/03\/Anna-Fabrizio-french-wedding-19-683x1024.jpg 683w, https:\/\/frenchwedding.hu\/wp-content\/uploads\/2024\/03\/Anna-Fabrizio-french-wedding-19-467x700.jpg 467w, https:\/\/frenchwedding.hu\/wp-content\/uploads\/2024\/03\/Anna-Fabrizio-french-wedding-19-768x1152.jpg 768w, https:\/\/frenchwedding.hu\/wp-content\/uploads\/2024\/03\/Anna-Fabrizio-french-wedding-19-1024x1536.jpg 1024w, https:\/\/frenchwedding.hu\/wp-content\/uploads\/2024\/03\/Anna-Fabrizio-french-wedding-19.jpg 1067w\" sizes=\"(max-width: 683px) 100vw, 683px\" \/><\/div><div class=\"uael-grid-img-overlay\"><\/div><\/a><\/div><\/div><div class=\"uael-grid-item  uael-img-gallery-item-11\"><div class=\"uael-grid-item-content\"><a class=\"uael-grid-img uael-grid-gallery-img uael-ins-hover elementor-clickable\" data-fancybox=\"uael-gallery\" href=\"https:\/\/frenchwedding.hu\/wp-content\/uploads\/2024\/03\/Anna-Fabrizio-french-wedding-18.jpg\" data-elementor-open-lightbox=\"no\"><div class=\"uael-grid-img-thumbnail uael-ins-target\"><img loading=\"lazy\" decoding=\"async\" width=\"683\" height=\"1024\" src=\"https:\/\/frenchwedding.hu\/wp-content\/uploads\/2024\/03\/Anna-Fabrizio-french-wedding-18-683x1024.jpg\" class=\"attachment-large size-large wp-image-189\" alt=\"Anna &amp; Fabrizio French Wedding\" srcset=\"https:\/\/frenchwedding.hu\/wp-content\/uploads\/2024\/03\/Anna-Fabrizio-french-wedding-18-683x1024.jpg 683w, https:\/\/frenchwedding.hu\/wp-content\/uploads\/2024\/03\/Anna-Fabrizio-french-wedding-18-467x700.jpg 467w, https:\/\/frenchwedding.hu\/wp-content\/uploads\/2024\/03\/Anna-Fabrizio-french-wedding-18-768x1152.jpg 768w, https:\/\/frenchwedding.hu\/wp-content\/uploads\/2024\/03\/Anna-Fabrizio-french-wedding-18-1024x1536.jpg 1024w, https:\/\/frenchwedding.hu\/wp-content\/uploads\/2024\/03\/Anna-Fabrizio-french-wedding-18.jpg 1067w\" sizes=\"(max-width: 683px) 100vw, 683px\" \/><\/div><div class=\"uael-grid-img-overlay\"><\/div><\/a><\/div><\/div><div class=\"uael-grid-item  uael-img-gallery-item-12\"><div class=\"uael-grid-item-content\"><a class=\"uael-grid-img uael-grid-gallery-img uael-ins-hover elementor-clickable\" data-fancybox=\"uael-gallery\" href=\"https:\/\/frenchwedding.hu\/wp-content\/uploads\/2024\/03\/Anna-Fabrizio-french-wedding-17.jpg\" data-elementor-open-lightbox=\"no\"><div class=\"uael-grid-img-thumbnail uael-ins-target\"><img loading=\"lazy\" decoding=\"async\" width=\"683\" height=\"1024\" src=\"https:\/\/frenchwedding.hu\/wp-content\/uploads\/2024\/03\/Anna-Fabrizio-french-wedding-17-683x1024.jpg\" class=\"attachment-large size-large wp-image-188\" alt=\"Anna &amp; Fabrizio French Wedding\" srcset=\"https:\/\/frenchwedding.hu\/wp-content\/uploads\/2024\/03\/Anna-Fabrizio-french-wedding-17-683x1024.jpg 683w, https:\/\/frenchwedding.hu\/wp-content\/uploads\/2024\/03\/Anna-Fabrizio-french-wedding-17-467x700.jpg 467w, https:\/\/frenchwedding.hu\/wp-content\/uploads\/2024\/03\/Anna-Fabrizio-french-wedding-17-768x1152.jpg 768w, https:\/\/frenchwedding.hu\/wp-content\/uploads\/2024\/03\/Anna-Fabrizio-french-wedding-17-1024x1536.jpg 1024w, https:\/\/frenchwedding.hu\/wp-content\/uploads\/2024\/03\/Anna-Fabrizio-french-wedding-17.jpg 1067w\" sizes=\"(max-width: 683px) 100vw, 683px\" \/><\/div><div class=\"uael-grid-img-overlay\"><\/div><\/a><\/div><\/div><div class=\"uael-grid-item  uael-img-gallery-item-13\"><div class=\"uael-grid-item-content\"><a class=\"uael-grid-img uael-grid-gallery-img uael-ins-hover elementor-clickable\" data-fancybox=\"uael-gallery\" href=\"https:\/\/frenchwedding.hu\/wp-content\/uploads\/2024\/03\/Anna-Fabrizio-french-wedding-16.jpg\" data-elementor-open-lightbox=\"no\"><div class=\"uael-grid-img-thumbnail uael-ins-target\"><img loading=\"lazy\" decoding=\"async\" width=\"800\" height=\"533\" src=\"https:\/\/frenchwedding.hu\/wp-content\/uploads\/2024\/03\/Anna-Fabrizio-french-wedding-16-1024x682.jpg\" class=\"attachment-large size-large wp-image-187\" alt=\"Anna &amp; Fabrizio French Wedding\" srcset=\"https:\/\/frenchwedding.hu\/wp-content\/uploads\/2024\/03\/Anna-Fabrizio-french-wedding-16-1024x682.jpg 1024w, https:\/\/frenchwedding.hu\/wp-content\/uploads\/2024\/03\/Anna-Fabrizio-french-wedding-16-700x466.jpg 700w, https:\/\/frenchwedding.hu\/wp-content\/uploads\/2024\/03\/Anna-Fabrizio-french-wedding-16-768x512.jpg 768w, https:\/\/frenchwedding.hu\/wp-content\/uploads\/2024\/03\/Anna-Fabrizio-french-wedding-16-1536x1023.jpg 1536w, https:\/\/frenchwedding.hu\/wp-content\/uploads\/2024\/03\/Anna-Fabrizio-french-wedding-16.jpg 1600w\" sizes=\"(max-width: 800px) 100vw, 800px\" \/><\/div><div class=\"uael-grid-img-overlay\"><\/div><\/a><\/div><\/div><div class=\"uael-grid-item  uael-img-gallery-item-14\"><div class=\"uael-grid-item-content\"><a class=\"uael-grid-img uael-grid-gallery-img uael-ins-hover elementor-clickable\" data-fancybox=\"uael-gallery\" href=\"https:\/\/frenchwedding.hu\/wp-content\/uploads\/2024\/03\/Anna-Fabrizio-french-wedding-15.jpg\" data-elementor-open-lightbox=\"no\"><div class=\"uael-grid-img-thumbnail uael-ins-target\"><img loading=\"lazy\" decoding=\"async\" width=\"683\" height=\"1024\" src=\"https:\/\/frenchwedding.hu\/wp-content\/uploads\/2024\/03\/Anna-Fabrizio-french-wedding-15-683x1024.jpg\" class=\"attachment-large size-large wp-image-186\" alt=\"Anna &amp; Fabrizio French Wedding\" srcset=\"https:\/\/frenchwedding.hu\/wp-content\/uploads\/2024\/03\/Anna-Fabrizio-french-wedding-15-683x1024.jpg 683w, https:\/\/frenchwedding.hu\/wp-content\/uploads\/2024\/03\/Anna-Fabrizio-french-wedding-15-467x700.jpg 467w, https:\/\/frenchwedding.hu\/wp-content\/uploads\/2024\/03\/Anna-Fabrizio-french-wedding-15-768x1152.jpg 768w, https:\/\/frenchwedding.hu\/wp-content\/uploads\/2024\/03\/Anna-Fabrizio-french-wedding-15-1024x1536.jpg 1024w, https:\/\/frenchwedding.hu\/wp-content\/uploads\/2024\/03\/Anna-Fabrizio-french-wedding-15.jpg 1067w\" sizes=\"(max-width: 683px) 100vw, 683px\" \/><\/div><div class=\"uael-grid-img-overlay\"><\/div><\/a><\/div><\/div><div class=\"uael-grid-item  uael-img-gallery-item-15\"><div class=\"uael-grid-item-content\"><a class=\"uael-grid-img uael-grid-gallery-img uael-ins-hover elementor-clickable\" data-fancybox=\"uael-gallery\" href=\"https:\/\/frenchwedding.hu\/wp-content\/uploads\/2024\/03\/Anna-Fabrizio-french-wedding-14.jpg\" data-elementor-open-lightbox=\"no\"><div class=\"uael-grid-img-thumbnail uael-ins-target\"><img loading=\"lazy\" decoding=\"async\" width=\"683\" height=\"1024\" src=\"https:\/\/frenchwedding.hu\/wp-content\/uploads\/2024\/03\/Anna-Fabrizio-french-wedding-14-683x1024.jpg\" class=\"attachment-large size-large wp-image-185\" alt=\"Anna &amp; Fabrizio French Wedding\" srcset=\"https:\/\/frenchwedding.hu\/wp-content\/uploads\/2024\/03\/Anna-Fabrizio-french-wedding-14-683x1024.jpg 683w, https:\/\/frenchwedding.hu\/wp-content\/uploads\/2024\/03\/Anna-Fabrizio-french-wedding-14-467x700.jpg 467w, https:\/\/frenchwedding.hu\/wp-content\/uploads\/2024\/03\/Anna-Fabrizio-french-wedding-14-768x1152.jpg 768w, https:\/\/frenchwedding.hu\/wp-content\/uploads\/2024\/03\/Anna-Fabrizio-french-wedding-14-1024x1536.jpg 1024w, https:\/\/frenchwedding.hu\/wp-content\/uploads\/2024\/03\/Anna-Fabrizio-french-wedding-14.jpg 1067w\" sizes=\"(max-width: 683px) 100vw, 683px\" \/><\/div><div class=\"uael-grid-img-overlay\"><\/div><\/a><\/div><\/div><div class=\"uael-grid-item  uael-img-gallery-item-16\"><div class=\"uael-grid-item-content\"><a class=\"uael-grid-img uael-grid-gallery-img uael-ins-hover elementor-clickable\" data-fancybox=\"uael-gallery\" href=\"https:\/\/frenchwedding.hu\/wp-content\/uploads\/2024\/03\/Anna-Fabrizio-french-wedding-13.jpg\" data-elementor-open-lightbox=\"no\"><div class=\"uael-grid-img-thumbnail uael-ins-target\"><img loading=\"lazy\" decoding=\"async\" width=\"683\" height=\"1024\" src=\"https:\/\/frenchwedding.hu\/wp-content\/uploads\/2024\/03\/Anna-Fabrizio-french-wedding-13-683x1024.jpg\" class=\"attachment-large size-large wp-image-184\" alt=\"Anna &amp; Fabrizio French Wedding\" srcset=\"https:\/\/frenchwedding.hu\/wp-content\/uploads\/2024\/03\/Anna-Fabrizio-french-wedding-13-683x1024.jpg 683w, https:\/\/frenchwedding.hu\/wp-content\/uploads\/2024\/03\/Anna-Fabrizio-french-wedding-13-467x700.jpg 467w, https:\/\/frenchwedding.hu\/wp-content\/uploads\/2024\/03\/Anna-Fabrizio-french-wedding-13-768x1152.jpg 768w, https:\/\/frenchwedding.hu\/wp-content\/uploads\/2024\/03\/Anna-Fabrizio-french-wedding-13-1024x1536.jpg 1024w, https:\/\/frenchwedding.hu\/wp-content\/uploads\/2024\/03\/Anna-Fabrizio-french-wedding-13.jpg 1067w\" sizes=\"(max-width: 683px) 100vw, 683px\" \/><\/div><div class=\"uael-grid-img-overlay\"><\/div><\/a><\/div><\/div><div class=\"uael-grid-item  uael-img-gallery-item-17\"><div class=\"uael-grid-item-content\"><a class=\"uael-grid-img uael-grid-gallery-img uael-ins-hover elementor-clickable\" data-fancybox=\"uael-gallery\" href=\"https:\/\/frenchwedding.hu\/wp-content\/uploads\/2024\/03\/Anna-Fabrizio-french-wedding-12.jpg\" data-elementor-open-lightbox=\"no\"><div class=\"uael-grid-img-thumbnail uael-ins-target\"><img loading=\"lazy\" decoding=\"async\" width=\"800\" height=\"533\" src=\"https:\/\/frenchwedding.hu\/wp-content\/uploads\/2024\/03\/Anna-Fabrizio-french-wedding-12-1024x682.jpg\" class=\"attachment-large size-large wp-image-183\" alt=\"Anna &amp; Fabrizio French Wedding\" srcset=\"https:\/\/frenchwedding.hu\/wp-content\/uploads\/2024\/03\/Anna-Fabrizio-french-wedding-12-1024x682.jpg 1024w, https:\/\/frenchwedding.hu\/wp-content\/uploads\/2024\/03\/Anna-Fabrizio-french-wedding-12-700x466.jpg 700w, https:\/\/frenchwedding.hu\/wp-content\/uploads\/2024\/03\/Anna-Fabrizio-french-wedding-12-768x512.jpg 768w, https:\/\/frenchwedding.hu\/wp-content\/uploads\/2024\/03\/Anna-Fabrizio-french-wedding-12-1536x1023.jpg 1536w, https:\/\/frenchwedding.hu\/wp-content\/uploads\/2024\/03\/Anna-Fabrizio-french-wedding-12.jpg 1600w\" sizes=\"(max-width: 800px) 100vw, 800px\" \/><\/div><div class=\"uael-grid-img-overlay\"><\/div><\/a><\/div><\/div><div class=\"uael-grid-item  uael-img-gallery-item-18\"><div class=\"uael-grid-item-content\"><a class=\"uael-grid-img uael-grid-gallery-img uael-ins-hover elementor-clickable\" data-fancybox=\"uael-gallery\" href=\"https:\/\/frenchwedding.hu\/wp-content\/uploads\/2024\/03\/Anna-Fabrizio-french-wedding-11.jpg\" data-elementor-open-lightbox=\"no\"><div class=\"uael-grid-img-thumbnail uael-ins-target\"><img loading=\"lazy\" decoding=\"async\" width=\"800\" height=\"533\" src=\"https:\/\/frenchwedding.hu\/wp-content\/uploads\/2024\/03\/Anna-Fabrizio-french-wedding-11-1024x682.jpg\" class=\"attachment-large size-large wp-image-182\" alt=\"Anna &amp; Fabrizio French Wedding\" srcset=\"https:\/\/frenchwedding.hu\/wp-content\/uploads\/2024\/03\/Anna-Fabrizio-french-wedding-11-1024x682.jpg 1024w, https:\/\/frenchwedding.hu\/wp-content\/uploads\/2024\/03\/Anna-Fabrizio-french-wedding-11-700x466.jpg 700w, https:\/\/frenchwedding.hu\/wp-content\/uploads\/2024\/03\/Anna-Fabrizio-french-wedding-11-768x512.jpg 768w, https:\/\/frenchwedding.hu\/wp-content\/uploads\/2024\/03\/Anna-Fabrizio-french-wedding-11-1536x1023.jpg 1536w, https:\/\/frenchwedding.hu\/wp-content\/uploads\/2024\/03\/Anna-Fabrizio-french-wedding-11.jpg 1600w\" sizes=\"(max-width: 800px) 100vw, 800px\" \/><\/div><div class=\"uael-grid-img-overlay\"><\/div><\/a><\/div><\/div><div class=\"uael-grid-item  uael-img-gallery-item-19\"><div class=\"uael-grid-item-content\"><a class=\"uael-grid-img uael-grid-gallery-img uael-ins-hover elementor-clickable\" data-fancybox=\"uael-gallery\" href=\"https:\/\/frenchwedding.hu\/wp-content\/uploads\/2024\/03\/Anna-Fabrizio-french-wedding-10.jpg\" data-elementor-open-lightbox=\"no\"><div class=\"uael-grid-img-thumbnail uael-ins-target\"><img loading=\"lazy\" decoding=\"async\" width=\"800\" height=\"533\" src=\"https:\/\/frenchwedding.hu\/wp-content\/uploads\/2024\/03\/Anna-Fabrizio-french-wedding-10-1024x682.jpg\" class=\"attachment-large size-large wp-image-181\" alt=\"Anna &amp; Fabrizio French Wedding\" srcset=\"https:\/\/frenchwedding.hu\/wp-content\/uploads\/2024\/03\/Anna-Fabrizio-french-wedding-10-1024x682.jpg 1024w, https:\/\/frenchwedding.hu\/wp-content\/uploads\/2024\/03\/Anna-Fabrizio-french-wedding-10-700x466.jpg 700w, https:\/\/frenchwedding.hu\/wp-content\/uploads\/2024\/03\/Anna-Fabrizio-french-wedding-10-768x512.jpg 768w, https:\/\/frenchwedding.hu\/wp-content\/uploads\/2024\/03\/Anna-Fabrizio-french-wedding-10-1536x1023.jpg 1536w, https:\/\/frenchwedding.hu\/wp-content\/uploads\/2024\/03\/Anna-Fabrizio-french-wedding-10.jpg 1600w\" sizes=\"(max-width: 800px) 100vw, 800px\" \/><\/div><div class=\"uael-grid-img-overlay\"><\/div><\/a><\/div><\/div><div class=\"uael-grid-item  uael-img-gallery-item-20\"><div class=\"uael-grid-item-content\"><a class=\"uael-grid-img uael-grid-gallery-img uael-ins-hover elementor-clickable\" data-fancybox=\"uael-gallery\" href=\"https:\/\/frenchwedding.hu\/wp-content\/uploads\/2024\/03\/Anna-Fabrizio-french-wedding-9.jpg\" data-elementor-open-lightbox=\"no\"><div class=\"uael-grid-img-thumbnail uael-ins-target\"><img loading=\"lazy\" decoding=\"async\" width=\"683\" height=\"1024\" src=\"https:\/\/frenchwedding.hu\/wp-content\/uploads\/2024\/03\/Anna-Fabrizio-french-wedding-9-683x1024.jpg\" class=\"attachment-large size-large wp-image-180\" alt=\"Anna &amp; Fabrizio French Wedding\" srcset=\"https:\/\/frenchwedding.hu\/wp-content\/uploads\/2024\/03\/Anna-Fabrizio-french-wedding-9-683x1024.jpg 683w, https:\/\/frenchwedding.hu\/wp-content\/uploads\/2024\/03\/Anna-Fabrizio-french-wedding-9-467x700.jpg 467w, https:\/\/frenchwedding.hu\/wp-content\/uploads\/2024\/03\/Anna-Fabrizio-french-wedding-9-768x1152.jpg 768w, https:\/\/frenchwedding.hu\/wp-content\/uploads\/2024\/03\/Anna-Fabrizio-french-wedding-9-1024x1536.jpg 1024w, https:\/\/frenchwedding.hu\/wp-content\/uploads\/2024\/03\/Anna-Fabrizio-french-wedding-9.jpg 1067w\" sizes=\"(max-width: 683px) 100vw, 683px\" \/><\/div><div class=\"uael-grid-img-overlay\"><\/div><\/a><\/div><\/div><div class=\"uael-grid-item  uael-img-gallery-item-21\"><div class=\"uael-grid-item-content\"><a class=\"uael-grid-img uael-grid-gallery-img uael-ins-hover elementor-clickable\" data-fancybox=\"uael-gallery\" href=\"https:\/\/frenchwedding.hu\/wp-content\/uploads\/2024\/03\/Anna-Fabrizio-french-wedding-8.jpg\" data-elementor-open-lightbox=\"no\"><div class=\"uael-grid-img-thumbnail uael-ins-target\"><img loading=\"lazy\" decoding=\"async\" width=\"800\" height=\"533\" src=\"https:\/\/frenchwedding.hu\/wp-content\/uploads\/2024\/03\/Anna-Fabrizio-french-wedding-8-1024x682.jpg\" class=\"attachment-large size-large wp-image-179\" alt=\"Anna &amp; Fabrizio French Wedding\" srcset=\"https:\/\/frenchwedding.hu\/wp-content\/uploads\/2024\/03\/Anna-Fabrizio-french-wedding-8-1024x682.jpg 1024w, https:\/\/frenchwedding.hu\/wp-content\/uploads\/2024\/03\/Anna-Fabrizio-french-wedding-8-700x466.jpg 700w, https:\/\/frenchwedding.hu\/wp-content\/uploads\/2024\/03\/Anna-Fabrizio-french-wedding-8-768x512.jpg 768w, https:\/\/frenchwedding.hu\/wp-content\/uploads\/2024\/03\/Anna-Fabrizio-french-wedding-8-1536x1023.jpg 1536w, https:\/\/frenchwedding.hu\/wp-content\/uploads\/2024\/03\/Anna-Fabrizio-french-wedding-8.jpg 1600w\" sizes=\"(max-width: 800px) 100vw, 800px\" \/><\/div><div class=\"uael-grid-img-overlay\"><\/div><\/a><\/div><\/div><div class=\"uael-grid-item  uael-img-gallery-item-22\"><div class=\"uael-grid-item-content\"><a class=\"uael-grid-img uael-grid-gallery-img uael-ins-hover elementor-clickable\" data-fancybox=\"uael-gallery\" href=\"https:\/\/frenchwedding.hu\/wp-content\/uploads\/2024\/03\/Anna-Fabrizio-french-wedding-7.jpg\" data-elementor-open-lightbox=\"no\"><div class=\"uael-grid-img-thumbnail uael-ins-target\"><img loading=\"lazy\" decoding=\"async\" width=\"683\" height=\"1024\" src=\"https:\/\/frenchwedding.hu\/wp-content\/uploads\/2024\/03\/Anna-Fabrizio-french-wedding-7-683x1024.jpg\" class=\"attachment-large size-large wp-image-178\" alt=\"Anna &amp; Fabrizio French Wedding\" srcset=\"https:\/\/frenchwedding.hu\/wp-content\/uploads\/2024\/03\/Anna-Fabrizio-french-wedding-7-683x1024.jpg 683w, https:\/\/frenchwedding.hu\/wp-content\/uploads\/2024\/03\/Anna-Fabrizio-french-wedding-7-467x700.jpg 467w, https:\/\/frenchwedding.hu\/wp-content\/uploads\/2024\/03\/Anna-Fabrizio-french-wedding-7-768x1152.jpg 768w, https:\/\/frenchwedding.hu\/wp-content\/uploads\/2024\/03\/Anna-Fabrizio-french-wedding-7-1024x1536.jpg 1024w, https:\/\/frenchwedding.hu\/wp-content\/uploads\/2024\/03\/Anna-Fabrizio-french-wedding-7.jpg 1067w\" sizes=\"(max-width: 683px) 100vw, 683px\" \/><\/div><div class=\"uael-grid-img-overlay\"><\/div><\/a><\/div><\/div><div class=\"uael-grid-item  uael-img-gallery-item-23\"><div class=\"uael-grid-item-content\"><a class=\"uael-grid-img uael-grid-gallery-img uael-ins-hover elementor-clickable\" data-fancybox=\"uael-gallery\" href=\"https:\/\/frenchwedding.hu\/wp-content\/uploads\/2024\/03\/Anna-Fabrizio-french-wedding-6.jpg\" data-elementor-open-lightbox=\"no\"><div class=\"uael-grid-img-thumbnail uael-ins-target\"><img loading=\"lazy\" decoding=\"async\" width=\"683\" height=\"1024\" src=\"https:\/\/frenchwedding.hu\/wp-content\/uploads\/2024\/03\/Anna-Fabrizio-french-wedding-6-683x1024.jpg\" class=\"attachment-large size-large wp-image-177\" alt=\"Anna &amp; Fabrizio French Wedding\" srcset=\"https:\/\/frenchwedding.hu\/wp-content\/uploads\/2024\/03\/Anna-Fabrizio-french-wedding-6-683x1024.jpg 683w, https:\/\/frenchwedding.hu\/wp-content\/uploads\/2024\/03\/Anna-Fabrizio-french-wedding-6-467x700.jpg 467w, https:\/\/frenchwedding.hu\/wp-content\/uploads\/2024\/03\/Anna-Fabrizio-french-wedding-6-768x1152.jpg 768w, https:\/\/frenchwedding.hu\/wp-content\/uploads\/2024\/03\/Anna-Fabrizio-french-wedding-6-1024x1536.jpg 1024w, https:\/\/frenchwedding.hu\/wp-content\/uploads\/2024\/03\/Anna-Fabrizio-french-wedding-6.jpg 1067w\" sizes=\"(max-width: 683px) 100vw, 683px\" \/><\/div><div class=\"uael-grid-img-overlay\"><\/div><\/a><\/div><\/div><div class=\"uael-grid-item  uael-img-gallery-item-24\"><div class=\"uael-grid-item-content\"><a class=\"uael-grid-img uael-grid-gallery-img uael-ins-hover elementor-clickable\" data-fancybox=\"uael-gallery\" href=\"https:\/\/frenchwedding.hu\/wp-content\/uploads\/2024\/03\/Anna-Fabrizio-french-wedding-5.jpg\" data-elementor-open-lightbox=\"no\"><div class=\"uael-grid-img-thumbnail uael-ins-target\"><img loading=\"lazy\" decoding=\"async\" width=\"683\" height=\"1024\" src=\"https:\/\/frenchwedding.hu\/wp-content\/uploads\/2024\/03\/Anna-Fabrizio-french-wedding-5-683x1024.jpg\" class=\"attachment-large size-large wp-image-176\" alt=\"Anna &amp; Fabrizio French Wedding\" srcset=\"https:\/\/frenchwedding.hu\/wp-content\/uploads\/2024\/03\/Anna-Fabrizio-french-wedding-5-683x1024.jpg 683w, https:\/\/frenchwedding.hu\/wp-content\/uploads\/2024\/03\/Anna-Fabrizio-french-wedding-5-467x700.jpg 467w, https:\/\/frenchwedding.hu\/wp-content\/uploads\/2024\/03\/Anna-Fabrizio-french-wedding-5-768x1152.jpg 768w, https:\/\/frenchwedding.hu\/wp-content\/uploads\/2024\/03\/Anna-Fabrizio-french-wedding-5-1024x1536.jpg 1024w, https:\/\/frenchwedding.hu\/wp-content\/uploads\/2024\/03\/Anna-Fabrizio-french-wedding-5.jpg 1067w\" sizes=\"(max-width: 683px) 100vw, 683px\" \/><\/div><div class=\"uael-grid-img-overlay\"><\/div><\/a><\/div><\/div><div class=\"uael-grid-item  uael-img-gallery-item-25\"><div class=\"uael-grid-item-content\"><a class=\"uael-grid-img uael-grid-gallery-img uael-ins-hover elementor-clickable\" data-fancybox=\"uael-gallery\" href=\"https:\/\/frenchwedding.hu\/wp-content\/uploads\/2024\/03\/Anna-Fabrizio-french-wedding-4.jpg\" data-elementor-open-lightbox=\"no\"><div class=\"uael-grid-img-thumbnail uael-ins-target\"><img loading=\"lazy\" decoding=\"async\" width=\"683\" height=\"1024\" src=\"https:\/\/frenchwedding.hu\/wp-content\/uploads\/2024\/03\/Anna-Fabrizio-french-wedding-4-683x1024.jpg\" class=\"attachment-large size-large wp-image-175\" alt=\"Anna &amp; Fabrizio French Wedding\" srcset=\"https:\/\/frenchwedding.hu\/wp-content\/uploads\/2024\/03\/Anna-Fabrizio-french-wedding-4-683x1024.jpg 683w, https:\/\/frenchwedding.hu\/wp-content\/uploads\/2024\/03\/Anna-Fabrizio-french-wedding-4-467x700.jpg 467w, https:\/\/frenchwedding.hu\/wp-content\/uploads\/2024\/03\/Anna-Fabrizio-french-wedding-4-768x1152.jpg 768w, https:\/\/frenchwedding.hu\/wp-content\/uploads\/2024\/03\/Anna-Fabrizio-french-wedding-4-1024x1536.jpg 1024w, https:\/\/frenchwedding.hu\/wp-content\/uploads\/2024\/03\/Anna-Fabrizio-french-wedding-4.jpg 1067w\" sizes=\"(max-width: 683px) 100vw, 683px\" \/><\/div><div class=\"uael-grid-img-overlay\"><\/div><\/a><\/div><\/div><div class=\"uael-grid-item  uael-img-gallery-item-26\"><div class=\"uael-grid-item-content\"><a class=\"uael-grid-img uael-grid-gallery-img uael-ins-hover elementor-clickable\" data-fancybox=\"uael-gallery\" href=\"https:\/\/frenchwedding.hu\/wp-content\/uploads\/2024\/03\/Anna-Fabrizio-french-wedding-3.jpg\" data-elementor-open-lightbox=\"no\"><div class=\"uael-grid-img-thumbnail uael-ins-target\"><img loading=\"lazy\" decoding=\"async\" width=\"683\" height=\"1024\" src=\"https:\/\/frenchwedding.hu\/wp-content\/uploads\/2024\/03\/Anna-Fabrizio-french-wedding-3-683x1024.jpg\" class=\"attachment-large size-large wp-image-174\" alt=\"Anna &amp; Fabrizio French Wedding\" srcset=\"https:\/\/frenchwedding.hu\/wp-content\/uploads\/2024\/03\/Anna-Fabrizio-french-wedding-3-683x1024.jpg 683w, https:\/\/frenchwedding.hu\/wp-content\/uploads\/2024\/03\/Anna-Fabrizio-french-wedding-3-467x700.jpg 467w, https:\/\/frenchwedding.hu\/wp-content\/uploads\/2024\/03\/Anna-Fabrizio-french-wedding-3-768x1152.jpg 768w, https:\/\/frenchwedding.hu\/wp-content\/uploads\/2024\/03\/Anna-Fabrizio-french-wedding-3-1024x1536.jpg 1024w, https:\/\/frenchwedding.hu\/wp-content\/uploads\/2024\/03\/Anna-Fabrizio-french-wedding-3.jpg 1067w\" sizes=\"(max-width: 683px) 100vw, 683px\" \/><\/div><div class=\"uael-grid-img-overlay\"><\/div><\/a><\/div><\/div><div class=\"uael-grid-item  uael-img-gallery-item-27\"><div class=\"uael-grid-item-content\"><a class=\"uael-grid-img uael-grid-gallery-img uael-ins-hover elementor-clickable\" data-fancybox=\"uael-gallery\" href=\"https:\/\/frenchwedding.hu\/wp-content\/uploads\/2024\/03\/Anna-Fabrizio-french-wedding-2.jpg\" data-elementor-open-lightbox=\"no\"><div class=\"uael-grid-img-thumbnail uael-ins-target\"><img loading=\"lazy\" decoding=\"async\" width=\"800\" height=\"533\" src=\"https:\/\/frenchwedding.hu\/wp-content\/uploads\/2024\/03\/Anna-Fabrizio-french-wedding-2-1024x682.jpg\" class=\"attachment-large size-large wp-image-173\" alt=\"Anna &amp; Fabrizio French Wedding\" srcset=\"https:\/\/frenchwedding.hu\/wp-content\/uploads\/2024\/03\/Anna-Fabrizio-french-wedding-2-1024x682.jpg 1024w, https:\/\/frenchwedding.hu\/wp-content\/uploads\/2024\/03\/Anna-Fabrizio-french-wedding-2-700x466.jpg 700w, https:\/\/frenchwedding.hu\/wp-content\/uploads\/2024\/03\/Anna-Fabrizio-french-wedding-2-768x512.jpg 768w, https:\/\/frenchwedding.hu\/wp-content\/uploads\/2024\/03\/Anna-Fabrizio-french-wedding-2-1536x1023.jpg 1536w, https:\/\/frenchwedding.hu\/wp-content\/uploads\/2024\/03\/Anna-Fabrizio-french-wedding-2.jpg 1600w\" sizes=\"(max-width: 800px) 100vw, 800px\" \/><\/div><div class=\"uael-grid-img-overlay\"><\/div><\/a><\/div><\/div><\/div><\/div>\t\t<\/div>\n\t\t\t\t<\/div>\n\t\t\t\t<\/div>\n\t\t\t\t<section class=\"elementor-section elementor-top-section elementor-element elementor-element-04ce1f0 elementor-section-full_width elementor-section-height-default elementor-section-height-default\" data-id=\"04ce1f0\" data-element_type=\"section\" data-settings=\"{&quot;background_background&quot;:&quot;classic&quot;}\">\n\t\t\t\t\t\t<div class=\"elementor-container elementor-column-gap-default\">\n\t\t\t\t\t<div class=\"elementor-column elementor-col-100 elementor-top-column elementor-element elementor-element-e04b288\" data-id=\"e04b288\" data-element_type=\"column\">\n\t\t\t<div class=\"elementor-widget-wrap elementor-element-populated\">\n\t\t\t\t\t\t<div class=\"elementor-element elementor-element-0b52c9c elementor-widget elementor-widget-text-editor\" data-id=\"0b52c9c\" data-element_type=\"widget\" data-widget_type=\"text-editor.default\">\n\t\t\t\t<div class=\"elementor-widget-container\">\n\t\t\t\t\t\t\t<p>Wedding planner, master of ceremonies, master of ceremonies: French Wedding by Muss\u00f3 Zs\u00f3fi<\/p>\n<p>Location: the Castle of Vajdahunyad<\/p>\n<p>Catering: Pearl Event and Wedding<\/p>\n<p>Photo : Misi Photo &#8211; Moln\u00e1r Mih\u00e1ly<\/p>\n\t\t\t\t\t\t<\/div>\n\t\t\t\t<\/div>\n\t\t\t\t\t<\/div>\n\t\t<\/div>\n\t\t\t\t\t<\/div>\n\t\t<\/section>\n\t\t\t\t<\/div>\n\t\t","protected":false},"excerpt":{"rendered":"<p>Anna &amp; Fabrizio At Anna &amp; Fabrizio&#8217;s wedding, I interpreted the official civil ceremony in addition to my duties as master of ceremonies. Their big day was a Hungarian-Belgian-Italian tri-national wedding, as far as the newlyweds were concerned, as the guests came from all over the world. The yeses were said in the magnificent Cloisters [&hellip;]<\/p>\n","protected":false},"author":2,"featured_media":1442,"parent":0,"menu_order":0,"comment_status":"closed","ping_status":"closed","template":"","meta":{"footnotes":""},"class_list":["post-2593","page","type-page","status-publish","has-post-thumbnail","hentry"],"yoast_head":"<!-- This site is optimized with the Yoast SEO plugin v22.7 - https:\/\/yoast.com\/wordpress\/plugins\/seo\/ -->\n<title>Anna and Fabrizio in Vajdahunyad Castle - French Wedding by Muss\u00f3 Zs\u00f3fi<\/title>\n<meta name=\"description\" content=\"The tri-national wedding of Anna &amp; Fabrizio in the Cloisters of Vajdahunyad Castle. Hungarian-Belgian-Italian duo, with guests from all over the world. With professional interpreters, I interpreted the civil ceremony, where Anna&#039;s personal reflections took everyone by surprise. I told him about the philosophical theses he had written, and Fabrizio&#039;s proud and touched smile remains unforgettable.\" \/>\n<meta name=\"robots\" content=\"index, follow, max-snippet:-1, max-image-preview:large, max-video-preview:-1\" \/>\n<link rel=\"canonical\" href=\"https:\/\/frenchwedding.hu\/en\/anna-and-fabrizio-in-vajdahunyad-castle\/\" \/>\n<meta property=\"og:locale\" content=\"en_US\" \/>\n<meta property=\"og:type\" content=\"article\" \/>\n<meta property=\"og:title\" content=\"Anna and Fabrizio in Vajdahunyad Castle - French Wedding by Muss\u00f3 Zs\u00f3fi\" \/>\n<meta property=\"og:description\" content=\"The tri-national wedding of Anna &amp; Fabrizio in the Cloisters of Vajdahunyad Castle. Hungarian-Belgian-Italian duo, with guests from all over the world. With professional interpreters, I interpreted the civil ceremony, where Anna&#039;s personal reflections took everyone by surprise. I told him about the philosophical theses he had written, and Fabrizio&#039;s proud and touched smile remains unforgettable.\" \/>\n<meta property=\"og:url\" content=\"https:\/\/frenchwedding.hu\/en\/anna-and-fabrizio-in-vajdahunyad-castle\/\" \/>\n<meta property=\"og:site_name\" content=\"French Wedding by Muss\u00f3 Zs\u00f3fi\" \/>\n<meta property=\"article:publisher\" content=\"https:\/\/www.facebook.com\/frenchweddingbymussozsofi\" \/>\n<meta property=\"article:modified_time\" content=\"2024-05-07T18:04:53+00:00\" \/>\n<meta property=\"og:image\" content=\"https:\/\/frenchwedding.hu\/wp-content\/uploads\/2024\/03\/Anna-Fabrizio-french-wedding-27-700x466.jpg\" \/>\n<meta name=\"twitter:card\" content=\"summary_large_image\" \/>\n<meta name=\"twitter:label1\" content=\"Est. reading time\" \/>\n\t<meta name=\"twitter:data1\" content=\"1 minute\" \/>\n<script type=\"application\/ld+json\" class=\"yoast-schema-graph\">{\"@context\":\"https:\/\/schema.org\",\"@graph\":[{\"@type\":\"WebPage\",\"@id\":\"https:\/\/frenchwedding.hu\/en\/anna-and-fabrizio-in-vajdahunyad-castle\/\",\"url\":\"https:\/\/frenchwedding.hu\/en\/anna-and-fabrizio-in-vajdahunyad-castle\/\",\"name\":\"Anna and Fabrizio in Vajdahunyad Castle - French Wedding by Muss\u00f3 Zs\u00f3fi\",\"isPartOf\":{\"@id\":\"https:\/\/frenchwedding.hu\/en\/#website\"},\"primaryImageOfPage\":{\"@id\":\"https:\/\/frenchwedding.hu\/en\/anna-and-fabrizio-in-vajdahunyad-castle\/#primaryimage\"},\"image\":{\"@id\":\"https:\/\/frenchwedding.hu\/en\/anna-and-fabrizio-in-vajdahunyad-castle\/#primaryimage\"},\"thumbnailUrl\":\"https:\/\/frenchwedding.hu\/wp-content\/uploads\/2024\/03\/Anna-Fabrizio-french-wedding-27.jpg\",\"datePublished\":\"2024-03-10T10:59:59+00:00\",\"dateModified\":\"2024-05-07T18:04:53+00:00\",\"description\":\"The tri-national wedding of Anna & Fabrizio in the Cloisters of Vajdahunyad Castle. Hungarian-Belgian-Italian duo, with guests from all over the world. With professional interpreters, I interpreted the civil ceremony, where Anna's personal reflections took everyone by surprise. I told him about the philosophical theses he had written, and Fabrizio's proud and touched smile remains unforgettable.\",\"breadcrumb\":{\"@id\":\"https:\/\/frenchwedding.hu\/en\/anna-and-fabrizio-in-vajdahunyad-castle\/#breadcrumb\"},\"inLanguage\":\"en-US\",\"potentialAction\":[{\"@type\":\"ReadAction\",\"target\":[\"https:\/\/frenchwedding.hu\/en\/anna-and-fabrizio-in-vajdahunyad-castle\/\"]}]},{\"@type\":\"ImageObject\",\"inLanguage\":\"en-US\",\"@id\":\"https:\/\/frenchwedding.hu\/en\/anna-and-fabrizio-in-vajdahunyad-castle\/#primaryimage\",\"url\":\"https:\/\/frenchwedding.hu\/wp-content\/uploads\/2024\/03\/Anna-Fabrizio-french-wedding-27.jpg\",\"contentUrl\":\"https:\/\/frenchwedding.hu\/wp-content\/uploads\/2024\/03\/Anna-Fabrizio-french-wedding-27.jpg\",\"width\":1600,\"height\":1066,\"caption\":\"Anna & Fabrizio French Wedding\"},{\"@type\":\"BreadcrumbList\",\"@id\":\"https:\/\/frenchwedding.hu\/en\/anna-and-fabrizio-in-vajdahunyad-castle\/#breadcrumb\",\"itemListElement\":[{\"@type\":\"ListItem\",\"position\":1,\"name\":\"Kezd\u0151lap\",\"item\":\"https:\/\/frenchwedding.hu\/en\/home\/\"},{\"@type\":\"ListItem\",\"position\":2,\"name\":\"Anna and Fabrizio in Vajdahunyad Castle\"}]},{\"@type\":\"WebSite\",\"@id\":\"https:\/\/frenchwedding.hu\/en\/#website\",\"url\":\"https:\/\/frenchwedding.hu\/en\/\",\"name\":\"French Wedding by Muss\u00f3 Zs\u00f3fi\",\"description\":\"Legyen t\u00f6k\u00e9letes \u00e1lomesk\u00fcv\u0151t\u00f6k, ak\u00e1r francia nyelven is!\",\"publisher\":{\"@id\":\"https:\/\/frenchwedding.hu\/en\/#organization\"},\"potentialAction\":[{\"@type\":\"SearchAction\",\"target\":{\"@type\":\"EntryPoint\",\"urlTemplate\":\"https:\/\/frenchwedding.hu\/en\/?s={search_term_string}\"},\"query-input\":\"required name=search_term_string\"}],\"inLanguage\":\"en-US\"},{\"@type\":\"Organization\",\"@id\":\"https:\/\/frenchwedding.hu\/en\/#organization\",\"name\":\"French Wedding\",\"url\":\"https:\/\/frenchwedding.hu\/en\/\",\"logo\":{\"@type\":\"ImageObject\",\"inLanguage\":\"en-US\",\"@id\":\"https:\/\/frenchwedding.hu\/en\/#\/schema\/logo\/image\/\",\"url\":\"https:\/\/frenchwedding.hu\/wp-content\/uploads\/2024\/02\/french-wedding-logo.png\",\"contentUrl\":\"https:\/\/frenchwedding.hu\/wp-content\/uploads\/2024\/02\/french-wedding-logo.png\",\"width\":419,\"height\":408,\"caption\":\"French Wedding\"},\"image\":{\"@id\":\"https:\/\/frenchwedding.hu\/en\/#\/schema\/logo\/image\/\"},\"sameAs\":[\"https:\/\/www.facebook.com\/frenchweddingbymussozsofi\"]}]}<\/script>\n<!-- \/ Yoast SEO plugin. -->","yoast_head_json":{"title":"Anna and Fabrizio in Vajdahunyad Castle - French Wedding by Muss\u00f3 Zs\u00f3fi","description":"The tri-national wedding of Anna & Fabrizio in the Cloisters of Vajdahunyad Castle. Hungarian-Belgian-Italian duo, with guests from all over the world. With professional interpreters, I interpreted the civil ceremony, where Anna's personal reflections took everyone by surprise. I told him about the philosophical theses he had written, and Fabrizio's proud and touched smile remains unforgettable.","robots":{"index":"index","follow":"follow","max-snippet":"max-snippet:-1","max-image-preview":"max-image-preview:large","max-video-preview":"max-video-preview:-1"},"canonical":"https:\/\/frenchwedding.hu\/en\/anna-and-fabrizio-in-vajdahunyad-castle\/","og_locale":"en_US","og_type":"article","og_title":"Anna and Fabrizio in Vajdahunyad Castle - French Wedding by Muss\u00f3 Zs\u00f3fi","og_description":"The tri-national wedding of Anna & Fabrizio in the Cloisters of Vajdahunyad Castle. Hungarian-Belgian-Italian duo, with guests from all over the world. With professional interpreters, I interpreted the civil ceremony, where Anna's personal reflections took everyone by surprise. I told him about the philosophical theses he had written, and Fabrizio's proud and touched smile remains unforgettable.","og_url":"https:\/\/frenchwedding.hu\/en\/anna-and-fabrizio-in-vajdahunyad-castle\/","og_site_name":"French Wedding by Muss\u00f3 Zs\u00f3fi","article_publisher":"https:\/\/www.facebook.com\/frenchweddingbymussozsofi","article_modified_time":"2024-05-07T18:04:53+00:00","og_image":[{"url":"https:\/\/frenchwedding.hu\/wp-content\/uploads\/2024\/03\/Anna-Fabrizio-french-wedding-27-700x466.jpg"}],"twitter_card":"summary_large_image","twitter_misc":{"Est. reading time":"1 minute"},"schema":{"@context":"https:\/\/schema.org","@graph":[{"@type":"WebPage","@id":"https:\/\/frenchwedding.hu\/en\/anna-and-fabrizio-in-vajdahunyad-castle\/","url":"https:\/\/frenchwedding.hu\/en\/anna-and-fabrizio-in-vajdahunyad-castle\/","name":"Anna and Fabrizio in Vajdahunyad Castle - French Wedding by Muss\u00f3 Zs\u00f3fi","isPartOf":{"@id":"https:\/\/frenchwedding.hu\/en\/#website"},"primaryImageOfPage":{"@id":"https:\/\/frenchwedding.hu\/en\/anna-and-fabrizio-in-vajdahunyad-castle\/#primaryimage"},"image":{"@id":"https:\/\/frenchwedding.hu\/en\/anna-and-fabrizio-in-vajdahunyad-castle\/#primaryimage"},"thumbnailUrl":"https:\/\/frenchwedding.hu\/wp-content\/uploads\/2024\/03\/Anna-Fabrizio-french-wedding-27.jpg","datePublished":"2024-03-10T10:59:59+00:00","dateModified":"2024-05-07T18:04:53+00:00","description":"The tri-national wedding of Anna & Fabrizio in the Cloisters of Vajdahunyad Castle. Hungarian-Belgian-Italian duo, with guests from all over the world. With professional interpreters, I interpreted the civil ceremony, where Anna's personal reflections took everyone by surprise. I told him about the philosophical theses he had written, and Fabrizio's proud and touched smile remains unforgettable.","breadcrumb":{"@id":"https:\/\/frenchwedding.hu\/en\/anna-and-fabrizio-in-vajdahunyad-castle\/#breadcrumb"},"inLanguage":"en-US","potentialAction":[{"@type":"ReadAction","target":["https:\/\/frenchwedding.hu\/en\/anna-and-fabrizio-in-vajdahunyad-castle\/"]}]},{"@type":"ImageObject","inLanguage":"en-US","@id":"https:\/\/frenchwedding.hu\/en\/anna-and-fabrizio-in-vajdahunyad-castle\/#primaryimage","url":"https:\/\/frenchwedding.hu\/wp-content\/uploads\/2024\/03\/Anna-Fabrizio-french-wedding-27.jpg","contentUrl":"https:\/\/frenchwedding.hu\/wp-content\/uploads\/2024\/03\/Anna-Fabrizio-french-wedding-27.jpg","width":1600,"height":1066,"caption":"Anna & Fabrizio French Wedding"},{"@type":"BreadcrumbList","@id":"https:\/\/frenchwedding.hu\/en\/anna-and-fabrizio-in-vajdahunyad-castle\/#breadcrumb","itemListElement":[{"@type":"ListItem","position":1,"name":"Kezd\u0151lap","item":"https:\/\/frenchwedding.hu\/en\/home\/"},{"@type":"ListItem","position":2,"name":"Anna and Fabrizio in Vajdahunyad Castle"}]},{"@type":"WebSite","@id":"https:\/\/frenchwedding.hu\/en\/#website","url":"https:\/\/frenchwedding.hu\/en\/","name":"French Wedding by Muss\u00f3 Zs\u00f3fi","description":"Legyen t\u00f6k\u00e9letes \u00e1lomesk\u00fcv\u0151t\u00f6k, ak\u00e1r francia nyelven is!","publisher":{"@id":"https:\/\/frenchwedding.hu\/en\/#organization"},"potentialAction":[{"@type":"SearchAction","target":{"@type":"EntryPoint","urlTemplate":"https:\/\/frenchwedding.hu\/en\/?s={search_term_string}"},"query-input":"required name=search_term_string"}],"inLanguage":"en-US"},{"@type":"Organization","@id":"https:\/\/frenchwedding.hu\/en\/#organization","name":"French Wedding","url":"https:\/\/frenchwedding.hu\/en\/","logo":{"@type":"ImageObject","inLanguage":"en-US","@id":"https:\/\/frenchwedding.hu\/en\/#\/schema\/logo\/image\/","url":"https:\/\/frenchwedding.hu\/wp-content\/uploads\/2024\/02\/french-wedding-logo.png","contentUrl":"https:\/\/frenchwedding.hu\/wp-content\/uploads\/2024\/02\/french-wedding-logo.png","width":419,"height":408,"caption":"French Wedding"},"image":{"@id":"https:\/\/frenchwedding.hu\/en\/#\/schema\/logo\/image\/"},"sameAs":["https:\/\/www.facebook.com\/frenchweddingbymussozsofi"]}]}},"_links":{"self":[{"href":"https:\/\/frenchwedding.hu\/en\/wp-json\/wp\/v2\/pages\/2593","targetHints":{"allow":["GET"]}}],"collection":[{"href":"https:\/\/frenchwedding.hu\/en\/wp-json\/wp\/v2\/pages"}],"about":[{"href":"https:\/\/frenchwedding.hu\/en\/wp-json\/wp\/v2\/types\/page"}],"author":[{"embeddable":true,"href":"https:\/\/frenchwedding.hu\/en\/wp-json\/wp\/v2\/users\/2"}],"replies":[{"embeddable":true,"href":"https:\/\/frenchwedding.hu\/en\/wp-json\/wp\/v2\/comments?post=2593"}],"version-history":[{"count":3,"href":"https:\/\/frenchwedding.hu\/en\/wp-json\/wp\/v2\/pages\/2593\/revisions"}],"predecessor-version":[{"id":2596,"href":"https:\/\/frenchwedding.hu\/en\/wp-json\/wp\/v2\/pages\/2593\/revisions\/2596"}],"wp:featuredmedia":[{"embeddable":true,"href":"https:\/\/frenchwedding.hu\/en\/wp-json\/wp\/v2\/media\/1442"}],"wp:attachment":[{"href":"https:\/\/frenchwedding.hu\/en\/wp-json\/wp\/v2\/media?parent=2593"}],"curies":[{"name":"wp","href":"https:\/\/api.w.org\/{rel}","templated":true}]}}