{"id":2563,"date":"2024-03-10T12:51:12","date_gmt":"2024-03-10T11:51:12","guid":{"rendered":"https:\/\/frenchwedding.hu\/janka-and-mark-black-tie-wedding-in-a-private-villa-by-lake-balaton\/"},"modified":"2024-06-18T13:27:47","modified_gmt":"2024-06-18T11:27:47","slug":"janka-and-mark-black-tie-wedding-in-a-private-villa-by-lake-balaton","status":"publish","type":"page","link":"https:\/\/frenchwedding.hu\/en\/janka-and-mark-black-tie-wedding-in-a-private-villa-by-lake-balaton\/","title":{"rendered":"Janka and M\u00e1rk &#8211; black tie wedding in a private villa by Lake Balaton"},"content":{"rendered":"\t\t<div data-elementor-type=\"wp-page\" data-elementor-id=\"2563\" class=\"elementor elementor-2563 elementor-382\" data-elementor-post-type=\"page\">\n\t\t\t\t\t\t<section class=\"elementor-section elementor-top-section elementor-element elementor-element-fac96cd elementor-section-height-min-height elementor-section-boxed elementor-section-height-default elementor-section-items-middle\" data-id=\"fac96cd\" data-element_type=\"section\" data-settings=\"{&quot;background_background&quot;:&quot;classic&quot;}\">\n\t\t\t\t\t\t\t<div class=\"elementor-background-overlay\"><\/div>\n\t\t\t\t\t\t\t<div class=\"elementor-container elementor-column-gap-default\">\n\t\t\t\t\t<div class=\"elementor-column elementor-col-100 elementor-top-column elementor-element elementor-element-7941d185\" data-id=\"7941d185\" data-element_type=\"column\">\n\t\t\t<div class=\"elementor-widget-wrap elementor-element-populated\">\n\t\t\t\t\t\t<div class=\"elementor-element elementor-element-35ef7239 elementor-headline--style-highlight elementor-invisible elementor-widget elementor-widget-animated-headline\" data-id=\"35ef7239\" data-element_type=\"widget\" data-settings=\"{&quot;marker&quot;:&quot;underline&quot;,&quot;highlighted_text&quot;:&quot;Janka and Mark&quot;,&quot;_animation&quot;:&quot;fadeIn&quot;,&quot;headline_style&quot;:&quot;highlight&quot;,&quot;loop&quot;:&quot;yes&quot;,&quot;highlight_animation_duration&quot;:1200,&quot;highlight_iteration_delay&quot;:8000}\" data-widget_type=\"animated-headline.default\">\n\t\t\t\t<div class=\"elementor-widget-container\">\n\t\t\t<link rel=\"stylesheet\" href=\"https:\/\/frenchwedding.hu\/wp-content\/plugins\/elementor-pro\/assets\/css\/widget-animated-headline.min.css\">\t\t<h3 class=\"elementor-headline\">\n\t\t\t\t<span class=\"elementor-headline-dynamic-wrapper elementor-headline-text-wrapper\">\n\t\t\t\t\t<span class=\"elementor-headline-dynamic-text elementor-headline-text-active\">Janka and Mark<\/span>\n\t\t\t\t<\/span>\n\t\t\t\t\t<span class=\"elementor-headline-plain-text elementor-headline-text-wrapper\">- black tie wedding in a private villa on the shore of Lake Balaton<\/span>\n\t\t\t\t\t<\/h3>\n\t\t\t\t<\/div>\n\t\t\t\t<\/div>\n\t\t\t\t<div class=\"elementor-element elementor-element-718c502 elementor-widget elementor-widget-text-editor\" data-id=\"718c502\" data-element_type=\"widget\" data-widget_type=\"text-editor.default\">\n\t\t\t\t<div class=\"elementor-widget-container\">\n\t\t\t<style>\/*! elementor - v3.21.0 - 08-05-2024 *\/\n.elementor-widget-text-editor.elementor-drop-cap-view-stacked .elementor-drop-cap{background-color:#69727d;color:#fff}.elementor-widget-text-editor.elementor-drop-cap-view-framed .elementor-drop-cap{color:#69727d;border:3px solid;background-color:transparent}.elementor-widget-text-editor:not(.elementor-drop-cap-view-default) .elementor-drop-cap{margin-top:8px}.elementor-widget-text-editor:not(.elementor-drop-cap-view-default) .elementor-drop-cap-letter{width:1em;height:1em}.elementor-widget-text-editor .elementor-drop-cap{float:left;text-align:center;line-height:1;font-size:50px}.elementor-widget-text-editor .elementor-drop-cap-letter{display:inline-block}<\/style>\t\t\t\t<p>Janka and M\u00e1rk have dreamed up a sophisticated, elegant black tie wedding, where there is no frills, all their guests celebrate elegantly in grand evening gowns and tuxedos. Out of a personal connection, they chose their own parents&#8217; estate as the venue and created an impressive installation for the occasion.<\/p>\n\t\t\t\t\t\t<\/div>\n\t\t\t\t<\/div>\n\t\t\t\t\t<\/div>\n\t\t<\/div>\n\t\t\t\t\t<\/div>\n\t\t<\/section>\n\t\t\t\t<section class=\"elementor-section elementor-top-section elementor-element elementor-element-19c08ab elementor-section-full_width elementor-section-height-default elementor-section-height-default\" data-id=\"19c08ab\" data-element_type=\"section\" id=\"folytatas\" data-settings=\"{&quot;background_background&quot;:&quot;classic&quot;}\">\n\t\t\t\t\t\t<div class=\"elementor-container elementor-column-gap-default\">\n\t\t\t\t\t<div class=\"elementor-column elementor-col-100 elementor-top-column elementor-element elementor-element-4b57604\" data-id=\"4b57604\" data-element_type=\"column\">\n\t\t\t<div class=\"elementor-widget-wrap elementor-element-populated\">\n\t\t\t\t\t\t<div class=\"elementor-element elementor-element-fbde723 elementor-widget elementor-widget-text-editor\" data-id=\"fbde723\" data-element_type=\"widget\" data-widget_type=\"text-editor.default\">\n\t\t\t\t<div class=\"elementor-widget-container\">\n\t\t\t\t\t\t\t<p>I can safely say that a gigantic team of about a hundred people worked on the dream wedding, coordinated by Annam\u00e1ria D\u00e9r, and I joined the team at her request as master of ceremonies and master of ceremonies. So I was given the task of completely orchestrating the Big Day and creating a wonderful, unique dream ceremony. It was a wonderful project!<\/p>\n\t\t\t\t\t\t<\/div>\n\t\t\t\t<\/div>\n\t\t\t\t\t<\/div>\n\t\t<\/div>\n\t\t\t\t\t<\/div>\n\t\t<\/section>\n\t\t<div class=\"elementor-element elementor-element-b80572f e-con-full e-flex e-con e-parent\" data-id=\"b80572f\" data-element_type=\"container\">\n\t\t\t\t<div class=\"elementor-element elementor-element-689dd19 uael-img-grid__column-4 uael-img-grid-tablet__column-3 uael-img-grid-mobile__column-2 uael-ins-normal elementor-widget elementor-widget-uael-image-gallery\" data-id=\"689dd19\" data-element_type=\"widget\" data-settings=\"{&quot;column_gap&quot;:{&quot;unit&quot;:&quot;px&quot;,&quot;size&quot;:10,&quot;sizes&quot;:[]},&quot;row_gap&quot;:{&quot;unit&quot;:&quot;px&quot;,&quot;size&quot;:10,&quot;sizes&quot;:[]},&quot;gallery_columns&quot;:&quot;4&quot;,&quot;gallery_columns_tablet&quot;:&quot;3&quot;,&quot;gallery_columns_mobile&quot;:&quot;2&quot;,&quot;column_gap_tablet&quot;:{&quot;unit&quot;:&quot;px&quot;,&quot;size&quot;:&quot;&quot;,&quot;sizes&quot;:[]},&quot;column_gap_mobile&quot;:{&quot;unit&quot;:&quot;px&quot;,&quot;size&quot;:&quot;&quot;,&quot;sizes&quot;:[]},&quot;row_gap_tablet&quot;:{&quot;unit&quot;:&quot;px&quot;,&quot;size&quot;:&quot;&quot;,&quot;sizes&quot;:[]},&quot;row_gap_mobile&quot;:{&quot;unit&quot;:&quot;px&quot;,&quot;size&quot;:&quot;&quot;,&quot;sizes&quot;:[]}}\" data-widget_type=\"uael-image-gallery.default\">\n\t\t\t\t<div class=\"elementor-widget-container\">\n\t\t\t<div class=\"uael-gallery-parent uael-caption- uael-gallery-unjustified\"><div class=\"uael-img-gallery-wrap uael-img-masonry-wrap uael-img-grid-masonry-wrap uael-masonry uael-image-lightbox-wrap\" data-filter-default=\"All\" data-lightbox_actions=\"[&quot;close&quot;]\" data-lightbox-gallery-loop=\"\"><div class=\"uael-grid-item  uael-img-gallery-item-1\"><div class=\"uael-grid-item-content\"><a class=\"uael-grid-img uael-grid-gallery-img uael-ins-hover elementor-clickable\" data-fancybox=\"uael-gallery\" href=\"https:\/\/frenchwedding.hu\/wp-content\/uploads\/2024\/03\/Janka-Mark-french-wedding-40.jpg\" data-elementor-open-lightbox=\"no\"><div class=\"uael-grid-img-thumbnail uael-ins-target\"><img fetchpriority=\"high\" decoding=\"async\" width=\"682\" height=\"1024\" src=\"https:\/\/frenchwedding.hu\/wp-content\/uploads\/2024\/03\/Janka-Mark-french-wedding-40-682x1024.jpg\" class=\"attachment-large size-large wp-image-422\" alt=\"Janka \u00e9s M\u00e1rk \u2013 black tie esk\u00fcv\u0151 priv\u00e1t vill\u00e1ban a Balaton partj\u00e1n - French Wedding\" srcset=\"https:\/\/frenchwedding.hu\/wp-content\/uploads\/2024\/03\/Janka-Mark-french-wedding-40-682x1024.jpg 682w, https:\/\/frenchwedding.hu\/wp-content\/uploads\/2024\/03\/Janka-Mark-french-wedding-40-466x700.jpg 466w, https:\/\/frenchwedding.hu\/wp-content\/uploads\/2024\/03\/Janka-Mark-french-wedding-40-768x1154.jpg 768w, https:\/\/frenchwedding.hu\/wp-content\/uploads\/2024\/03\/Janka-Mark-french-wedding-40-1022x1536.jpg 1022w, https:\/\/frenchwedding.hu\/wp-content\/uploads\/2024\/03\/Janka-Mark-french-wedding-40.jpg 1065w\" sizes=\"(max-width: 682px) 100vw, 682px\" \/><\/div><div class=\"uael-grid-img-overlay\"><\/div><\/a><\/div><\/div><div class=\"uael-grid-item  uael-img-gallery-item-2\"><div class=\"uael-grid-item-content\"><a class=\"uael-grid-img uael-grid-gallery-img uael-ins-hover elementor-clickable\" data-fancybox=\"uael-gallery\" href=\"https:\/\/frenchwedding.hu\/wp-content\/uploads\/2024\/03\/Janka-Mark-french-wedding-1.jpg\" data-elementor-open-lightbox=\"no\"><div class=\"uael-grid-img-thumbnail uael-ins-target\"><img decoding=\"async\" width=\"800\" height=\"532\" src=\"https:\/\/frenchwedding.hu\/wp-content\/uploads\/2024\/03\/Janka-Mark-french-wedding-1-1024x681.jpg\" class=\"attachment-large size-large wp-image-383\" alt=\"Janka \u00e9s M\u00e1rk \u2013 black tie esk\u00fcv\u0151 priv\u00e1t vill\u00e1ban a Balaton partj\u00e1n - French Wedding\" srcset=\"https:\/\/frenchwedding.hu\/wp-content\/uploads\/2024\/03\/Janka-Mark-french-wedding-1-1024x681.jpg 1024w, https:\/\/frenchwedding.hu\/wp-content\/uploads\/2024\/03\/Janka-Mark-french-wedding-1-700x466.jpg 700w, https:\/\/frenchwedding.hu\/wp-content\/uploads\/2024\/03\/Janka-Mark-french-wedding-1-768x511.jpg 768w, https:\/\/frenchwedding.hu\/wp-content\/uploads\/2024\/03\/Janka-Mark-french-wedding-1-1536x1021.jpg 1536w, https:\/\/frenchwedding.hu\/wp-content\/uploads\/2024\/03\/Janka-Mark-french-wedding-1.jpg 1600w\" sizes=\"(max-width: 800px) 100vw, 800px\" \/><\/div><div class=\"uael-grid-img-overlay\"><\/div><\/a><\/div><\/div><div class=\"uael-grid-item  uael-img-gallery-item-3\"><div class=\"uael-grid-item-content\"><a class=\"uael-grid-img uael-grid-gallery-img uael-ins-hover elementor-clickable\" data-fancybox=\"uael-gallery\" href=\"https:\/\/frenchwedding.hu\/wp-content\/uploads\/2024\/03\/Janka-Mark-french-wedding-39.jpg\" data-elementor-open-lightbox=\"no\"><div class=\"uael-grid-img-thumbnail uael-ins-target\"><img decoding=\"async\" width=\"682\" height=\"1024\" src=\"https:\/\/frenchwedding.hu\/wp-content\/uploads\/2024\/03\/Janka-Mark-french-wedding-39-682x1024.jpg\" class=\"attachment-large size-large wp-image-421\" alt=\"Janka \u00e9s M\u00e1rk \u2013 black tie esk\u00fcv\u0151 priv\u00e1t vill\u00e1ban a Balaton partj\u00e1n - French Wedding\" srcset=\"https:\/\/frenchwedding.hu\/wp-content\/uploads\/2024\/03\/Janka-Mark-french-wedding-39-682x1024.jpg 682w, https:\/\/frenchwedding.hu\/wp-content\/uploads\/2024\/03\/Janka-Mark-french-wedding-39-466x700.jpg 466w, https:\/\/frenchwedding.hu\/wp-content\/uploads\/2024\/03\/Janka-Mark-french-wedding-39-768x1154.jpg 768w, https:\/\/frenchwedding.hu\/wp-content\/uploads\/2024\/03\/Janka-Mark-french-wedding-39-1022x1536.jpg 1022w, https:\/\/frenchwedding.hu\/wp-content\/uploads\/2024\/03\/Janka-Mark-french-wedding-39.jpg 1065w\" sizes=\"(max-width: 682px) 100vw, 682px\" \/><\/div><div class=\"uael-grid-img-overlay\"><\/div><\/a><\/div><\/div><div class=\"uael-grid-item  uael-img-gallery-item-4\"><div class=\"uael-grid-item-content\"><a class=\"uael-grid-img uael-grid-gallery-img uael-ins-hover elementor-clickable\" data-fancybox=\"uael-gallery\" href=\"https:\/\/frenchwedding.hu\/wp-content\/uploads\/2024\/03\/Janka-Mark-french-wedding-38.jpg\" data-elementor-open-lightbox=\"no\"><div class=\"uael-grid-img-thumbnail uael-ins-target\"><img loading=\"lazy\" decoding=\"async\" width=\"800\" height=\"532\" src=\"https:\/\/frenchwedding.hu\/wp-content\/uploads\/2024\/03\/Janka-Mark-french-wedding-38-1024x681.jpg\" class=\"attachment-large size-large wp-image-420\" alt=\"Janka \u00e9s M\u00e1rk \u2013 black tie esk\u00fcv\u0151 priv\u00e1t vill\u00e1ban a Balaton partj\u00e1n - French Wedding\" srcset=\"https:\/\/frenchwedding.hu\/wp-content\/uploads\/2024\/03\/Janka-Mark-french-wedding-38-1024x681.jpg 1024w, https:\/\/frenchwedding.hu\/wp-content\/uploads\/2024\/03\/Janka-Mark-french-wedding-38-700x466.jpg 700w, https:\/\/frenchwedding.hu\/wp-content\/uploads\/2024\/03\/Janka-Mark-french-wedding-38-768x511.jpg 768w, https:\/\/frenchwedding.hu\/wp-content\/uploads\/2024\/03\/Janka-Mark-french-wedding-38-1536x1021.jpg 1536w, https:\/\/frenchwedding.hu\/wp-content\/uploads\/2024\/03\/Janka-Mark-french-wedding-38.jpg 1600w\" sizes=\"(max-width: 800px) 100vw, 800px\" \/><\/div><div class=\"uael-grid-img-overlay\"><\/div><\/a><\/div><\/div><div class=\"uael-grid-item  uael-img-gallery-item-5\"><div class=\"uael-grid-item-content\"><a class=\"uael-grid-img uael-grid-gallery-img uael-ins-hover elementor-clickable\" data-fancybox=\"uael-gallery\" href=\"https:\/\/frenchwedding.hu\/wp-content\/uploads\/2024\/03\/Janka-Mark-french-wedding-37.jpg\" data-elementor-open-lightbox=\"no\"><div class=\"uael-grid-img-thumbnail uael-ins-target\"><img loading=\"lazy\" decoding=\"async\" width=\"800\" height=\"534\" src=\"https:\/\/frenchwedding.hu\/wp-content\/uploads\/2024\/03\/Janka-Mark-french-wedding-37-1024x684.jpg\" class=\"attachment-large size-large wp-image-419\" alt=\"Janka \u00e9s M\u00e1rk \u2013 black tie esk\u00fcv\u0151 priv\u00e1t vill\u00e1ban a Balaton partj\u00e1n - French Wedding\" srcset=\"https:\/\/frenchwedding.hu\/wp-content\/uploads\/2024\/03\/Janka-Mark-french-wedding-37-1024x684.jpg 1024w, https:\/\/frenchwedding.hu\/wp-content\/uploads\/2024\/03\/Janka-Mark-french-wedding-37-700x467.jpg 700w, https:\/\/frenchwedding.hu\/wp-content\/uploads\/2024\/03\/Janka-Mark-french-wedding-37-768x513.jpg 768w, https:\/\/frenchwedding.hu\/wp-content\/uploads\/2024\/03\/Janka-Mark-french-wedding-37-1536x1025.jpg 1536w, https:\/\/frenchwedding.hu\/wp-content\/uploads\/2024\/03\/Janka-Mark-french-wedding-37.jpg 1600w\" sizes=\"(max-width: 800px) 100vw, 800px\" \/><\/div><div class=\"uael-grid-img-overlay\"><\/div><\/a><\/div><\/div><div class=\"uael-grid-item  uael-img-gallery-item-6\"><div class=\"uael-grid-item-content\"><a class=\"uael-grid-img uael-grid-gallery-img uael-ins-hover elementor-clickable\" data-fancybox=\"uael-gallery\" href=\"https:\/\/frenchwedding.hu\/wp-content\/uploads\/2024\/03\/Janka-Mark-french-wedding-36.jpg\" data-elementor-open-lightbox=\"no\"><div class=\"uael-grid-img-thumbnail uael-ins-target\"><img loading=\"lazy\" decoding=\"async\" width=\"800\" height=\"532\" src=\"https:\/\/frenchwedding.hu\/wp-content\/uploads\/2024\/03\/Janka-Mark-french-wedding-36-1024x681.jpg\" class=\"attachment-large size-large wp-image-418\" alt=\"Janka \u00e9s M\u00e1rk \u2013 black tie esk\u00fcv\u0151 priv\u00e1t vill\u00e1ban a Balaton partj\u00e1n - French Wedding\" srcset=\"https:\/\/frenchwedding.hu\/wp-content\/uploads\/2024\/03\/Janka-Mark-french-wedding-36-1024x681.jpg 1024w, https:\/\/frenchwedding.hu\/wp-content\/uploads\/2024\/03\/Janka-Mark-french-wedding-36-700x466.jpg 700w, https:\/\/frenchwedding.hu\/wp-content\/uploads\/2024\/03\/Janka-Mark-french-wedding-36-768x511.jpg 768w, https:\/\/frenchwedding.hu\/wp-content\/uploads\/2024\/03\/Janka-Mark-french-wedding-36-1536x1021.jpg 1536w, https:\/\/frenchwedding.hu\/wp-content\/uploads\/2024\/03\/Janka-Mark-french-wedding-36.jpg 1600w\" sizes=\"(max-width: 800px) 100vw, 800px\" \/><\/div><div class=\"uael-grid-img-overlay\"><\/div><\/a><\/div><\/div><div class=\"uael-grid-item  uael-img-gallery-item-7\"><div class=\"uael-grid-item-content\"><a class=\"uael-grid-img uael-grid-gallery-img uael-ins-hover elementor-clickable\" data-fancybox=\"uael-gallery\" href=\"https:\/\/frenchwedding.hu\/wp-content\/uploads\/2024\/03\/Janka-Mark-french-wedding-35.jpg\" data-elementor-open-lightbox=\"no\"><div class=\"uael-grid-img-thumbnail uael-ins-target\"><img loading=\"lazy\" decoding=\"async\" width=\"682\" height=\"1024\" src=\"https:\/\/frenchwedding.hu\/wp-content\/uploads\/2024\/03\/Janka-Mark-french-wedding-35-682x1024.jpg\" class=\"attachment-large size-large wp-image-417\" alt=\"Janka \u00e9s M\u00e1rk \u2013 black tie esk\u00fcv\u0151 priv\u00e1t vill\u00e1ban a Balaton partj\u00e1n - French Wedding\" srcset=\"https:\/\/frenchwedding.hu\/wp-content\/uploads\/2024\/03\/Janka-Mark-french-wedding-35-682x1024.jpg 682w, https:\/\/frenchwedding.hu\/wp-content\/uploads\/2024\/03\/Janka-Mark-french-wedding-35-466x700.jpg 466w, https:\/\/frenchwedding.hu\/wp-content\/uploads\/2024\/03\/Janka-Mark-french-wedding-35-768x1154.jpg 768w, https:\/\/frenchwedding.hu\/wp-content\/uploads\/2024\/03\/Janka-Mark-french-wedding-35-1022x1536.jpg 1022w, https:\/\/frenchwedding.hu\/wp-content\/uploads\/2024\/03\/Janka-Mark-french-wedding-35.jpg 1065w\" sizes=\"(max-width: 682px) 100vw, 682px\" \/><\/div><div class=\"uael-grid-img-overlay\"><\/div><\/a><\/div><\/div><div class=\"uael-grid-item  uael-img-gallery-item-8\"><div class=\"uael-grid-item-content\"><a class=\"uael-grid-img uael-grid-gallery-img uael-ins-hover elementor-clickable\" data-fancybox=\"uael-gallery\" href=\"https:\/\/frenchwedding.hu\/wp-content\/uploads\/2024\/03\/Janka-Mark-french-wedding-34.jpg\" data-elementor-open-lightbox=\"no\"><div class=\"uael-grid-img-thumbnail uael-ins-target\"><img loading=\"lazy\" decoding=\"async\" width=\"800\" height=\"532\" src=\"https:\/\/frenchwedding.hu\/wp-content\/uploads\/2024\/03\/Janka-Mark-french-wedding-34-1024x681.jpg\" class=\"attachment-large size-large wp-image-416\" alt=\"Janka \u00e9s M\u00e1rk \u2013 black tie esk\u00fcv\u0151 priv\u00e1t vill\u00e1ban a Balaton partj\u00e1n - French Wedding\" srcset=\"https:\/\/frenchwedding.hu\/wp-content\/uploads\/2024\/03\/Janka-Mark-french-wedding-34-1024x681.jpg 1024w, https:\/\/frenchwedding.hu\/wp-content\/uploads\/2024\/03\/Janka-Mark-french-wedding-34-700x466.jpg 700w, https:\/\/frenchwedding.hu\/wp-content\/uploads\/2024\/03\/Janka-Mark-french-wedding-34-768x511.jpg 768w, https:\/\/frenchwedding.hu\/wp-content\/uploads\/2024\/03\/Janka-Mark-french-wedding-34-1536x1021.jpg 1536w, https:\/\/frenchwedding.hu\/wp-content\/uploads\/2024\/03\/Janka-Mark-french-wedding-34.jpg 1600w\" sizes=\"(max-width: 800px) 100vw, 800px\" \/><\/div><div class=\"uael-grid-img-overlay\"><\/div><\/a><\/div><\/div><div class=\"uael-grid-item  uael-img-gallery-item-9\"><div class=\"uael-grid-item-content\"><a class=\"uael-grid-img uael-grid-gallery-img uael-ins-hover elementor-clickable\" data-fancybox=\"uael-gallery\" href=\"https:\/\/frenchwedding.hu\/wp-content\/uploads\/2024\/03\/Janka-Mark-french-wedding-33.jpg\" data-elementor-open-lightbox=\"no\"><div class=\"uael-grid-img-thumbnail uael-ins-target\"><img loading=\"lazy\" decoding=\"async\" width=\"682\" height=\"1024\" src=\"https:\/\/frenchwedding.hu\/wp-content\/uploads\/2024\/03\/Janka-Mark-french-wedding-33-682x1024.jpg\" class=\"attachment-large size-large wp-image-415\" alt=\"Janka \u00e9s M\u00e1rk \u2013 black tie esk\u00fcv\u0151 priv\u00e1t vill\u00e1ban a Balaton partj\u00e1n - French Wedding\" srcset=\"https:\/\/frenchwedding.hu\/wp-content\/uploads\/2024\/03\/Janka-Mark-french-wedding-33-682x1024.jpg 682w, https:\/\/frenchwedding.hu\/wp-content\/uploads\/2024\/03\/Janka-Mark-french-wedding-33-466x700.jpg 466w, https:\/\/frenchwedding.hu\/wp-content\/uploads\/2024\/03\/Janka-Mark-french-wedding-33-768x1154.jpg 768w, https:\/\/frenchwedding.hu\/wp-content\/uploads\/2024\/03\/Janka-Mark-french-wedding-33-1022x1536.jpg 1022w, https:\/\/frenchwedding.hu\/wp-content\/uploads\/2024\/03\/Janka-Mark-french-wedding-33.jpg 1065w\" sizes=\"(max-width: 682px) 100vw, 682px\" \/><\/div><div class=\"uael-grid-img-overlay\"><\/div><\/a><\/div><\/div><div class=\"uael-grid-item  uael-img-gallery-item-10\"><div class=\"uael-grid-item-content\"><a class=\"uael-grid-img uael-grid-gallery-img uael-ins-hover elementor-clickable\" data-fancybox=\"uael-gallery\" href=\"https:\/\/frenchwedding.hu\/wp-content\/uploads\/2024\/03\/Janka-Mark-french-wedding-32.jpg\" data-elementor-open-lightbox=\"no\"><div class=\"uael-grid-img-thumbnail uael-ins-target\"><img loading=\"lazy\" decoding=\"async\" width=\"682\" height=\"1024\" src=\"https:\/\/frenchwedding.hu\/wp-content\/uploads\/2024\/03\/Janka-Mark-french-wedding-32-682x1024.jpg\" class=\"attachment-large size-large wp-image-414\" alt=\"Janka \u00e9s M\u00e1rk \u2013 black tie esk\u00fcv\u0151 priv\u00e1t vill\u00e1ban a Balaton partj\u00e1n - French Wedding\" srcset=\"https:\/\/frenchwedding.hu\/wp-content\/uploads\/2024\/03\/Janka-Mark-french-wedding-32-682x1024.jpg 682w, https:\/\/frenchwedding.hu\/wp-content\/uploads\/2024\/03\/Janka-Mark-french-wedding-32-466x700.jpg 466w, https:\/\/frenchwedding.hu\/wp-content\/uploads\/2024\/03\/Janka-Mark-french-wedding-32-768x1154.jpg 768w, https:\/\/frenchwedding.hu\/wp-content\/uploads\/2024\/03\/Janka-Mark-french-wedding-32-1022x1536.jpg 1022w, https:\/\/frenchwedding.hu\/wp-content\/uploads\/2024\/03\/Janka-Mark-french-wedding-32.jpg 1065w\" sizes=\"(max-width: 682px) 100vw, 682px\" \/><\/div><div class=\"uael-grid-img-overlay\"><\/div><\/a><\/div><\/div><div class=\"uael-grid-item  uael-img-gallery-item-11\"><div class=\"uael-grid-item-content\"><a class=\"uael-grid-img uael-grid-gallery-img uael-ins-hover elementor-clickable\" data-fancybox=\"uael-gallery\" href=\"https:\/\/frenchwedding.hu\/wp-content\/uploads\/2024\/03\/Janka-Mark-french-wedding-31.jpg\" data-elementor-open-lightbox=\"no\"><div class=\"uael-grid-img-thumbnail uael-ins-target\"><img loading=\"lazy\" decoding=\"async\" width=\"682\" height=\"1024\" src=\"https:\/\/frenchwedding.hu\/wp-content\/uploads\/2024\/03\/Janka-Mark-french-wedding-31-682x1024.jpg\" class=\"attachment-large size-large wp-image-413\" alt=\"Janka \u00e9s M\u00e1rk \u2013 black tie esk\u00fcv\u0151 priv\u00e1t vill\u00e1ban a Balaton partj\u00e1n - French Wedding\" srcset=\"https:\/\/frenchwedding.hu\/wp-content\/uploads\/2024\/03\/Janka-Mark-french-wedding-31-682x1024.jpg 682w, https:\/\/frenchwedding.hu\/wp-content\/uploads\/2024\/03\/Janka-Mark-french-wedding-31-466x700.jpg 466w, https:\/\/frenchwedding.hu\/wp-content\/uploads\/2024\/03\/Janka-Mark-french-wedding-31-768x1154.jpg 768w, https:\/\/frenchwedding.hu\/wp-content\/uploads\/2024\/03\/Janka-Mark-french-wedding-31-1022x1536.jpg 1022w, https:\/\/frenchwedding.hu\/wp-content\/uploads\/2024\/03\/Janka-Mark-french-wedding-31.jpg 1065w\" sizes=\"(max-width: 682px) 100vw, 682px\" \/><\/div><div class=\"uael-grid-img-overlay\"><\/div><\/a><\/div><\/div><div class=\"uael-grid-item  uael-img-gallery-item-12\"><div class=\"uael-grid-item-content\"><a class=\"uael-grid-img uael-grid-gallery-img uael-ins-hover elementor-clickable\" data-fancybox=\"uael-gallery\" href=\"https:\/\/frenchwedding.hu\/wp-content\/uploads\/2024\/03\/Janka-Mark-french-wedding-30.jpg\" data-elementor-open-lightbox=\"no\"><div class=\"uael-grid-img-thumbnail uael-ins-target\"><img loading=\"lazy\" decoding=\"async\" width=\"682\" height=\"1024\" src=\"https:\/\/frenchwedding.hu\/wp-content\/uploads\/2024\/03\/Janka-Mark-french-wedding-30-682x1024.jpg\" class=\"attachment-large size-large wp-image-412\" alt=\"Janka \u00e9s M\u00e1rk \u2013 black tie esk\u00fcv\u0151 priv\u00e1t vill\u00e1ban a Balaton partj\u00e1n - French Wedding\" srcset=\"https:\/\/frenchwedding.hu\/wp-content\/uploads\/2024\/03\/Janka-Mark-french-wedding-30-682x1024.jpg 682w, https:\/\/frenchwedding.hu\/wp-content\/uploads\/2024\/03\/Janka-Mark-french-wedding-30-466x700.jpg 466w, https:\/\/frenchwedding.hu\/wp-content\/uploads\/2024\/03\/Janka-Mark-french-wedding-30-768x1154.jpg 768w, https:\/\/frenchwedding.hu\/wp-content\/uploads\/2024\/03\/Janka-Mark-french-wedding-30-1022x1536.jpg 1022w, https:\/\/frenchwedding.hu\/wp-content\/uploads\/2024\/03\/Janka-Mark-french-wedding-30.jpg 1065w\" sizes=\"(max-width: 682px) 100vw, 682px\" \/><\/div><div class=\"uael-grid-img-overlay\"><\/div><\/a><\/div><\/div><div class=\"uael-grid-item  uael-img-gallery-item-13\"><div class=\"uael-grid-item-content\"><a class=\"uael-grid-img uael-grid-gallery-img uael-ins-hover elementor-clickable\" data-fancybox=\"uael-gallery\" href=\"https:\/\/frenchwedding.hu\/wp-content\/uploads\/2024\/03\/Janka-Mark-french-wedding-29.jpg\" data-elementor-open-lightbox=\"no\"><div class=\"uael-grid-img-thumbnail uael-ins-target\"><img loading=\"lazy\" decoding=\"async\" width=\"800\" height=\"534\" src=\"https:\/\/frenchwedding.hu\/wp-content\/uploads\/2024\/03\/Janka-Mark-french-wedding-29-1024x684.jpg\" class=\"attachment-large size-large wp-image-411\" alt=\"Janka \u00e9s M\u00e1rk \u2013 black tie esk\u00fcv\u0151 priv\u00e1t vill\u00e1ban a Balaton partj\u00e1n - French Wedding\" srcset=\"https:\/\/frenchwedding.hu\/wp-content\/uploads\/2024\/03\/Janka-Mark-french-wedding-29-1024x684.jpg 1024w, https:\/\/frenchwedding.hu\/wp-content\/uploads\/2024\/03\/Janka-Mark-french-wedding-29-700x467.jpg 700w, https:\/\/frenchwedding.hu\/wp-content\/uploads\/2024\/03\/Janka-Mark-french-wedding-29-768x513.jpg 768w, https:\/\/frenchwedding.hu\/wp-content\/uploads\/2024\/03\/Janka-Mark-french-wedding-29-1536x1025.jpg 1536w, https:\/\/frenchwedding.hu\/wp-content\/uploads\/2024\/03\/Janka-Mark-french-wedding-29.jpg 1600w\" sizes=\"(max-width: 800px) 100vw, 800px\" \/><\/div><div class=\"uael-grid-img-overlay\"><\/div><\/a><\/div><\/div><div class=\"uael-grid-item  uael-img-gallery-item-14\"><div class=\"uael-grid-item-content\"><a class=\"uael-grid-img uael-grid-gallery-img uael-ins-hover elementor-clickable\" data-fancybox=\"uael-gallery\" href=\"https:\/\/frenchwedding.hu\/wp-content\/uploads\/2024\/03\/Janka-Mark-french-wedding-28.jpg\" data-elementor-open-lightbox=\"no\"><div class=\"uael-grid-img-thumbnail uael-ins-target\"><img loading=\"lazy\" decoding=\"async\" width=\"684\" height=\"1024\" src=\"https:\/\/frenchwedding.hu\/wp-content\/uploads\/2024\/03\/Janka-Mark-french-wedding-28-684x1024.jpg\" class=\"attachment-large size-large wp-image-410\" alt=\"Janka \u00e9s M\u00e1rk \u2013 black tie esk\u00fcv\u0151 priv\u00e1t vill\u00e1ban a Balaton partj\u00e1n - French Wedding\" srcset=\"https:\/\/frenchwedding.hu\/wp-content\/uploads\/2024\/03\/Janka-Mark-french-wedding-28-684x1024.jpg 684w, https:\/\/frenchwedding.hu\/wp-content\/uploads\/2024\/03\/Janka-Mark-french-wedding-28-467x700.jpg 467w, https:\/\/frenchwedding.hu\/wp-content\/uploads\/2024\/03\/Janka-Mark-french-wedding-28-768x1151.jpg 768w, https:\/\/frenchwedding.hu\/wp-content\/uploads\/2024\/03\/Janka-Mark-french-wedding-28-1025x1536.jpg 1025w, https:\/\/frenchwedding.hu\/wp-content\/uploads\/2024\/03\/Janka-Mark-french-wedding-28.jpg 1068w\" sizes=\"(max-width: 684px) 100vw, 684px\" \/><\/div><div class=\"uael-grid-img-overlay\"><\/div><\/a><\/div><\/div><div class=\"uael-grid-item  uael-img-gallery-item-15\"><div class=\"uael-grid-item-content\"><a class=\"uael-grid-img uael-grid-gallery-img uael-ins-hover elementor-clickable\" data-fancybox=\"uael-gallery\" href=\"https:\/\/frenchwedding.hu\/wp-content\/uploads\/2024\/03\/Janka-Mark-french-wedding-27.jpg\" data-elementor-open-lightbox=\"no\"><div class=\"uael-grid-img-thumbnail uael-ins-target\"><img loading=\"lazy\" decoding=\"async\" width=\"684\" height=\"1024\" src=\"https:\/\/frenchwedding.hu\/wp-content\/uploads\/2024\/03\/Janka-Mark-french-wedding-27-684x1024.jpg\" class=\"attachment-large size-large wp-image-409\" alt=\"Janka \u00e9s M\u00e1rk \u2013 black tie esk\u00fcv\u0151 priv\u00e1t vill\u00e1ban a Balaton partj\u00e1n - French Wedding\" srcset=\"https:\/\/frenchwedding.hu\/wp-content\/uploads\/2024\/03\/Janka-Mark-french-wedding-27-684x1024.jpg 684w, https:\/\/frenchwedding.hu\/wp-content\/uploads\/2024\/03\/Janka-Mark-french-wedding-27-467x700.jpg 467w, https:\/\/frenchwedding.hu\/wp-content\/uploads\/2024\/03\/Janka-Mark-french-wedding-27-768x1151.jpg 768w, https:\/\/frenchwedding.hu\/wp-content\/uploads\/2024\/03\/Janka-Mark-french-wedding-27-1025x1536.jpg 1025w, https:\/\/frenchwedding.hu\/wp-content\/uploads\/2024\/03\/Janka-Mark-french-wedding-27.jpg 1068w\" sizes=\"(max-width: 684px) 100vw, 684px\" \/><\/div><div class=\"uael-grid-img-overlay\"><\/div><\/a><\/div><\/div><div class=\"uael-grid-item  uael-img-gallery-item-16\"><div class=\"uael-grid-item-content\"><a class=\"uael-grid-img uael-grid-gallery-img uael-ins-hover elementor-clickable\" data-fancybox=\"uael-gallery\" href=\"https:\/\/frenchwedding.hu\/wp-content\/uploads\/2024\/03\/Janka-Mark-french-wedding-26.jpg\" data-elementor-open-lightbox=\"no\"><div class=\"uael-grid-img-thumbnail uael-ins-target\"><img loading=\"lazy\" decoding=\"async\" width=\"800\" height=\"532\" src=\"https:\/\/frenchwedding.hu\/wp-content\/uploads\/2024\/03\/Janka-Mark-french-wedding-26-1024x681.jpg\" class=\"attachment-large size-large wp-image-408\" alt=\"Janka \u00e9s M\u00e1rk \u2013 black tie esk\u00fcv\u0151 priv\u00e1t vill\u00e1ban a Balaton partj\u00e1n - French Wedding\" srcset=\"https:\/\/frenchwedding.hu\/wp-content\/uploads\/2024\/03\/Janka-Mark-french-wedding-26-1024x681.jpg 1024w, https:\/\/frenchwedding.hu\/wp-content\/uploads\/2024\/03\/Janka-Mark-french-wedding-26-700x466.jpg 700w, https:\/\/frenchwedding.hu\/wp-content\/uploads\/2024\/03\/Janka-Mark-french-wedding-26-768x511.jpg 768w, https:\/\/frenchwedding.hu\/wp-content\/uploads\/2024\/03\/Janka-Mark-french-wedding-26-1536x1021.jpg 1536w, https:\/\/frenchwedding.hu\/wp-content\/uploads\/2024\/03\/Janka-Mark-french-wedding-26.jpg 1600w\" sizes=\"(max-width: 800px) 100vw, 800px\" \/><\/div><div class=\"uael-grid-img-overlay\"><\/div><\/a><\/div><\/div><div class=\"uael-grid-item  uael-img-gallery-item-17\"><div class=\"uael-grid-item-content\"><a class=\"uael-grid-img uael-grid-gallery-img uael-ins-hover elementor-clickable\" data-fancybox=\"uael-gallery\" href=\"https:\/\/frenchwedding.hu\/wp-content\/uploads\/2024\/03\/Janka-Mark-french-wedding-25.jpg\" data-elementor-open-lightbox=\"no\"><div class=\"uael-grid-img-thumbnail uael-ins-target\"><img loading=\"lazy\" decoding=\"async\" width=\"682\" height=\"1024\" src=\"https:\/\/frenchwedding.hu\/wp-content\/uploads\/2024\/03\/Janka-Mark-french-wedding-25-682x1024.jpg\" class=\"attachment-large size-large wp-image-407\" alt=\"Janka \u00e9s M\u00e1rk \u2013 black tie esk\u00fcv\u0151 priv\u00e1t vill\u00e1ban a Balaton partj\u00e1n - French Wedding\" srcset=\"https:\/\/frenchwedding.hu\/wp-content\/uploads\/2024\/03\/Janka-Mark-french-wedding-25-682x1024.jpg 682w, https:\/\/frenchwedding.hu\/wp-content\/uploads\/2024\/03\/Janka-Mark-french-wedding-25-466x700.jpg 466w, https:\/\/frenchwedding.hu\/wp-content\/uploads\/2024\/03\/Janka-Mark-french-wedding-25-768x1154.jpg 768w, https:\/\/frenchwedding.hu\/wp-content\/uploads\/2024\/03\/Janka-Mark-french-wedding-25-1022x1536.jpg 1022w, https:\/\/frenchwedding.hu\/wp-content\/uploads\/2024\/03\/Janka-Mark-french-wedding-25.jpg 1065w\" sizes=\"(max-width: 682px) 100vw, 682px\" \/><\/div><div class=\"uael-grid-img-overlay\"><\/div><\/a><\/div><\/div><div class=\"uael-grid-item  uael-img-gallery-item-18\"><div class=\"uael-grid-item-content\"><a class=\"uael-grid-img uael-grid-gallery-img uael-ins-hover elementor-clickable\" data-fancybox=\"uael-gallery\" href=\"https:\/\/frenchwedding.hu\/wp-content\/uploads\/2024\/03\/Janka-Mark-french-wedding-24.jpg\" data-elementor-open-lightbox=\"no\"><div class=\"uael-grid-img-thumbnail uael-ins-target\"><img loading=\"lazy\" decoding=\"async\" width=\"682\" height=\"1024\" src=\"https:\/\/frenchwedding.hu\/wp-content\/uploads\/2024\/03\/Janka-Mark-french-wedding-24-682x1024.jpg\" class=\"attachment-large size-large wp-image-406\" alt=\"Janka \u00e9s M\u00e1rk \u2013 black tie esk\u00fcv\u0151 priv\u00e1t vill\u00e1ban a Balaton partj\u00e1n - French Wedding\" srcset=\"https:\/\/frenchwedding.hu\/wp-content\/uploads\/2024\/03\/Janka-Mark-french-wedding-24-682x1024.jpg 682w, https:\/\/frenchwedding.hu\/wp-content\/uploads\/2024\/03\/Janka-Mark-french-wedding-24-466x700.jpg 466w, https:\/\/frenchwedding.hu\/wp-content\/uploads\/2024\/03\/Janka-Mark-french-wedding-24-768x1154.jpg 768w, https:\/\/frenchwedding.hu\/wp-content\/uploads\/2024\/03\/Janka-Mark-french-wedding-24-1022x1536.jpg 1022w, https:\/\/frenchwedding.hu\/wp-content\/uploads\/2024\/03\/Janka-Mark-french-wedding-24.jpg 1065w\" sizes=\"(max-width: 682px) 100vw, 682px\" \/><\/div><div class=\"uael-grid-img-overlay\"><\/div><\/a><\/div><\/div><div class=\"uael-grid-item  uael-img-gallery-item-19\"><div class=\"uael-grid-item-content\"><a class=\"uael-grid-img uael-grid-gallery-img uael-ins-hover elementor-clickable\" data-fancybox=\"uael-gallery\" href=\"https:\/\/frenchwedding.hu\/wp-content\/uploads\/2024\/03\/Janka-Mark-french-wedding-23.jpg\" data-elementor-open-lightbox=\"no\"><div class=\"uael-grid-img-thumbnail uael-ins-target\"><img loading=\"lazy\" decoding=\"async\" width=\"682\" height=\"1024\" src=\"https:\/\/frenchwedding.hu\/wp-content\/uploads\/2024\/03\/Janka-Mark-french-wedding-23-682x1024.jpg\" class=\"attachment-large size-large wp-image-405\" alt=\"Janka \u00e9s M\u00e1rk \u2013 black tie esk\u00fcv\u0151 priv\u00e1t vill\u00e1ban a Balaton partj\u00e1n - French Wedding\" srcset=\"https:\/\/frenchwedding.hu\/wp-content\/uploads\/2024\/03\/Janka-Mark-french-wedding-23-682x1024.jpg 682w, https:\/\/frenchwedding.hu\/wp-content\/uploads\/2024\/03\/Janka-Mark-french-wedding-23-466x700.jpg 466w, https:\/\/frenchwedding.hu\/wp-content\/uploads\/2024\/03\/Janka-Mark-french-wedding-23-768x1154.jpg 768w, https:\/\/frenchwedding.hu\/wp-content\/uploads\/2024\/03\/Janka-Mark-french-wedding-23-1022x1536.jpg 1022w, https:\/\/frenchwedding.hu\/wp-content\/uploads\/2024\/03\/Janka-Mark-french-wedding-23.jpg 1065w\" sizes=\"(max-width: 682px) 100vw, 682px\" \/><\/div><div class=\"uael-grid-img-overlay\"><\/div><\/a><\/div><\/div><div class=\"uael-grid-item  uael-img-gallery-item-20\"><div class=\"uael-grid-item-content\"><a class=\"uael-grid-img uael-grid-gallery-img uael-ins-hover elementor-clickable\" data-fancybox=\"uael-gallery\" href=\"https:\/\/frenchwedding.hu\/wp-content\/uploads\/2024\/03\/Janka-Mark-french-wedding-22.jpg\" data-elementor-open-lightbox=\"no\"><div class=\"uael-grid-img-thumbnail uael-ins-target\"><img loading=\"lazy\" decoding=\"async\" width=\"682\" height=\"1024\" src=\"https:\/\/frenchwedding.hu\/wp-content\/uploads\/2024\/03\/Janka-Mark-french-wedding-22-682x1024.jpg\" class=\"attachment-large size-large wp-image-404\" alt=\"Janka \u00e9s M\u00e1rk \u2013 black tie esk\u00fcv\u0151 priv\u00e1t vill\u00e1ban a Balaton partj\u00e1n - French Wedding\" srcset=\"https:\/\/frenchwedding.hu\/wp-content\/uploads\/2024\/03\/Janka-Mark-french-wedding-22-682x1024.jpg 682w, https:\/\/frenchwedding.hu\/wp-content\/uploads\/2024\/03\/Janka-Mark-french-wedding-22-466x700.jpg 466w, https:\/\/frenchwedding.hu\/wp-content\/uploads\/2024\/03\/Janka-Mark-french-wedding-22-768x1154.jpg 768w, https:\/\/frenchwedding.hu\/wp-content\/uploads\/2024\/03\/Janka-Mark-french-wedding-22-1022x1536.jpg 1022w, https:\/\/frenchwedding.hu\/wp-content\/uploads\/2024\/03\/Janka-Mark-french-wedding-22.jpg 1065w\" sizes=\"(max-width: 682px) 100vw, 682px\" \/><\/div><div class=\"uael-grid-img-overlay\"><\/div><\/a><\/div><\/div><div class=\"uael-grid-item  uael-img-gallery-item-21\"><div class=\"uael-grid-item-content\"><a class=\"uael-grid-img uael-grid-gallery-img uael-ins-hover elementor-clickable\" data-fancybox=\"uael-gallery\" href=\"https:\/\/frenchwedding.hu\/wp-content\/uploads\/2024\/03\/Janka-Mark-french-wedding-21.jpg\" data-elementor-open-lightbox=\"no\"><div class=\"uael-grid-img-thumbnail uael-ins-target\"><img loading=\"lazy\" decoding=\"async\" width=\"800\" height=\"532\" src=\"https:\/\/frenchwedding.hu\/wp-content\/uploads\/2024\/03\/Janka-Mark-french-wedding-21-1024x681.jpg\" class=\"attachment-large size-large wp-image-403\" alt=\"Janka \u00e9s M\u00e1rk \u2013 black tie esk\u00fcv\u0151 priv\u00e1t vill\u00e1ban a Balaton partj\u00e1n - French Wedding\" srcset=\"https:\/\/frenchwedding.hu\/wp-content\/uploads\/2024\/03\/Janka-Mark-french-wedding-21-1024x681.jpg 1024w, https:\/\/frenchwedding.hu\/wp-content\/uploads\/2024\/03\/Janka-Mark-french-wedding-21-700x466.jpg 700w, https:\/\/frenchwedding.hu\/wp-content\/uploads\/2024\/03\/Janka-Mark-french-wedding-21-768x511.jpg 768w, https:\/\/frenchwedding.hu\/wp-content\/uploads\/2024\/03\/Janka-Mark-french-wedding-21-1536x1021.jpg 1536w, https:\/\/frenchwedding.hu\/wp-content\/uploads\/2024\/03\/Janka-Mark-french-wedding-21.jpg 1600w\" sizes=\"(max-width: 800px) 100vw, 800px\" \/><\/div><div class=\"uael-grid-img-overlay\"><\/div><\/a><\/div><\/div><div class=\"uael-grid-item  uael-img-gallery-item-22\"><div class=\"uael-grid-item-content\"><a class=\"uael-grid-img uael-grid-gallery-img uael-ins-hover elementor-clickable\" data-fancybox=\"uael-gallery\" href=\"https:\/\/frenchwedding.hu\/wp-content\/uploads\/2024\/03\/Janka-Mark-french-wedding-20.jpg\" data-elementor-open-lightbox=\"no\"><div class=\"uael-grid-img-thumbnail uael-ins-target\"><img loading=\"lazy\" decoding=\"async\" width=\"800\" height=\"532\" src=\"https:\/\/frenchwedding.hu\/wp-content\/uploads\/2024\/03\/Janka-Mark-french-wedding-20-1024x681.jpg\" class=\"attachment-large size-large wp-image-402\" alt=\"Janka \u00e9s M\u00e1rk \u2013 black tie esk\u00fcv\u0151 priv\u00e1t vill\u00e1ban a Balaton partj\u00e1n - French Wedding\" srcset=\"https:\/\/frenchwedding.hu\/wp-content\/uploads\/2024\/03\/Janka-Mark-french-wedding-20-1024x681.jpg 1024w, https:\/\/frenchwedding.hu\/wp-content\/uploads\/2024\/03\/Janka-Mark-french-wedding-20-700x466.jpg 700w, https:\/\/frenchwedding.hu\/wp-content\/uploads\/2024\/03\/Janka-Mark-french-wedding-20-768x511.jpg 768w, https:\/\/frenchwedding.hu\/wp-content\/uploads\/2024\/03\/Janka-Mark-french-wedding-20-1536x1021.jpg 1536w, https:\/\/frenchwedding.hu\/wp-content\/uploads\/2024\/03\/Janka-Mark-french-wedding-20.jpg 1600w\" sizes=\"(max-width: 800px) 100vw, 800px\" \/><\/div><div class=\"uael-grid-img-overlay\"><\/div><\/a><\/div><\/div><div class=\"uael-grid-item  uael-img-gallery-item-23\"><div class=\"uael-grid-item-content\"><a class=\"uael-grid-img uael-grid-gallery-img uael-ins-hover elementor-clickable\" data-fancybox=\"uael-gallery\" href=\"https:\/\/frenchwedding.hu\/wp-content\/uploads\/2024\/03\/Janka-Mark-french-wedding-19.jpg\" data-elementor-open-lightbox=\"no\"><div class=\"uael-grid-img-thumbnail uael-ins-target\"><img loading=\"lazy\" decoding=\"async\" width=\"682\" height=\"1024\" src=\"https:\/\/frenchwedding.hu\/wp-content\/uploads\/2024\/03\/Janka-Mark-french-wedding-19-682x1024.jpg\" class=\"attachment-large size-large wp-image-401\" alt=\"Janka \u00e9s M\u00e1rk \u2013 black tie esk\u00fcv\u0151 priv\u00e1t vill\u00e1ban a Balaton partj\u00e1n - French Wedding\" srcset=\"https:\/\/frenchwedding.hu\/wp-content\/uploads\/2024\/03\/Janka-Mark-french-wedding-19-682x1024.jpg 682w, https:\/\/frenchwedding.hu\/wp-content\/uploads\/2024\/03\/Janka-Mark-french-wedding-19-466x700.jpg 466w, https:\/\/frenchwedding.hu\/wp-content\/uploads\/2024\/03\/Janka-Mark-french-wedding-19-768x1154.jpg 768w, https:\/\/frenchwedding.hu\/wp-content\/uploads\/2024\/03\/Janka-Mark-french-wedding-19-1022x1536.jpg 1022w, https:\/\/frenchwedding.hu\/wp-content\/uploads\/2024\/03\/Janka-Mark-french-wedding-19.jpg 1065w\" sizes=\"(max-width: 682px) 100vw, 682px\" \/><\/div><div class=\"uael-grid-img-overlay\"><\/div><\/a><\/div><\/div><div class=\"uael-grid-item  uael-img-gallery-item-24\"><div class=\"uael-grid-item-content\"><a class=\"uael-grid-img uael-grid-gallery-img uael-ins-hover elementor-clickable\" data-fancybox=\"uael-gallery\" href=\"https:\/\/frenchwedding.hu\/wp-content\/uploads\/2024\/03\/Janka-Mark-french-wedding-18.jpg\" data-elementor-open-lightbox=\"no\"><div class=\"uael-grid-img-thumbnail uael-ins-target\"><img loading=\"lazy\" decoding=\"async\" width=\"800\" height=\"532\" src=\"https:\/\/frenchwedding.hu\/wp-content\/uploads\/2024\/03\/Janka-Mark-french-wedding-18-1024x681.jpg\" class=\"attachment-large size-large wp-image-400\" alt=\"Janka \u00e9s M\u00e1rk \u2013 black tie esk\u00fcv\u0151 priv\u00e1t vill\u00e1ban a Balaton partj\u00e1n - French Wedding\" srcset=\"https:\/\/frenchwedding.hu\/wp-content\/uploads\/2024\/03\/Janka-Mark-french-wedding-18-1024x681.jpg 1024w, https:\/\/frenchwedding.hu\/wp-content\/uploads\/2024\/03\/Janka-Mark-french-wedding-18-700x466.jpg 700w, https:\/\/frenchwedding.hu\/wp-content\/uploads\/2024\/03\/Janka-Mark-french-wedding-18-768x511.jpg 768w, https:\/\/frenchwedding.hu\/wp-content\/uploads\/2024\/03\/Janka-Mark-french-wedding-18-1536x1021.jpg 1536w, https:\/\/frenchwedding.hu\/wp-content\/uploads\/2024\/03\/Janka-Mark-french-wedding-18.jpg 1600w\" sizes=\"(max-width: 800px) 100vw, 800px\" \/><\/div><div class=\"uael-grid-img-overlay\"><\/div><\/a><\/div><\/div><div class=\"uael-grid-item  uael-img-gallery-item-25\"><div class=\"uael-grid-item-content\"><a class=\"uael-grid-img uael-grid-gallery-img uael-ins-hover elementor-clickable\" data-fancybox=\"uael-gallery\" href=\"https:\/\/frenchwedding.hu\/wp-content\/uploads\/2024\/03\/Janka-Mark-french-wedding-17.jpg\" data-elementor-open-lightbox=\"no\"><div class=\"uael-grid-img-thumbnail uael-ins-target\"><img loading=\"lazy\" decoding=\"async\" width=\"682\" height=\"1024\" src=\"https:\/\/frenchwedding.hu\/wp-content\/uploads\/2024\/03\/Janka-Mark-french-wedding-17-682x1024.jpg\" class=\"attachment-large size-large wp-image-399\" alt=\"Janka \u00e9s M\u00e1rk \u2013 black tie esk\u00fcv\u0151 priv\u00e1t vill\u00e1ban a Balaton partj\u00e1n - French Wedding\" srcset=\"https:\/\/frenchwedding.hu\/wp-content\/uploads\/2024\/03\/Janka-Mark-french-wedding-17-682x1024.jpg 682w, https:\/\/frenchwedding.hu\/wp-content\/uploads\/2024\/03\/Janka-Mark-french-wedding-17-466x700.jpg 466w, https:\/\/frenchwedding.hu\/wp-content\/uploads\/2024\/03\/Janka-Mark-french-wedding-17-768x1154.jpg 768w, https:\/\/frenchwedding.hu\/wp-content\/uploads\/2024\/03\/Janka-Mark-french-wedding-17-1022x1536.jpg 1022w, https:\/\/frenchwedding.hu\/wp-content\/uploads\/2024\/03\/Janka-Mark-french-wedding-17.jpg 1065w\" sizes=\"(max-width: 682px) 100vw, 682px\" \/><\/div><div class=\"uael-grid-img-overlay\"><\/div><\/a><\/div><\/div><div class=\"uael-grid-item  uael-img-gallery-item-26\"><div class=\"uael-grid-item-content\"><a class=\"uael-grid-img uael-grid-gallery-img uael-ins-hover elementor-clickable\" data-fancybox=\"uael-gallery\" href=\"https:\/\/frenchwedding.hu\/wp-content\/uploads\/2024\/03\/Janka-Mark-french-wedding-16.jpg\" data-elementor-open-lightbox=\"no\"><div class=\"uael-grid-img-thumbnail uael-ins-target\"><img loading=\"lazy\" decoding=\"async\" width=\"682\" height=\"1024\" src=\"https:\/\/frenchwedding.hu\/wp-content\/uploads\/2024\/03\/Janka-Mark-french-wedding-16-682x1024.jpg\" class=\"attachment-large size-large wp-image-398\" alt=\"Janka \u00e9s M\u00e1rk \u2013 black tie esk\u00fcv\u0151 priv\u00e1t vill\u00e1ban a Balaton partj\u00e1n - French Wedding\" srcset=\"https:\/\/frenchwedding.hu\/wp-content\/uploads\/2024\/03\/Janka-Mark-french-wedding-16-682x1024.jpg 682w, https:\/\/frenchwedding.hu\/wp-content\/uploads\/2024\/03\/Janka-Mark-french-wedding-16-466x700.jpg 466w, https:\/\/frenchwedding.hu\/wp-content\/uploads\/2024\/03\/Janka-Mark-french-wedding-16-768x1154.jpg 768w, https:\/\/frenchwedding.hu\/wp-content\/uploads\/2024\/03\/Janka-Mark-french-wedding-16-1022x1536.jpg 1022w, https:\/\/frenchwedding.hu\/wp-content\/uploads\/2024\/03\/Janka-Mark-french-wedding-16.jpg 1065w\" sizes=\"(max-width: 682px) 100vw, 682px\" \/><\/div><div class=\"uael-grid-img-overlay\"><\/div><\/a><\/div><\/div><div class=\"uael-grid-item  uael-img-gallery-item-27\"><div class=\"uael-grid-item-content\"><a class=\"uael-grid-img uael-grid-gallery-img uael-ins-hover elementor-clickable\" data-fancybox=\"uael-gallery\" href=\"https:\/\/frenchwedding.hu\/wp-content\/uploads\/2024\/03\/Janka-Mark-french-wedding-15.jpg\" data-elementor-open-lightbox=\"no\"><div class=\"uael-grid-img-thumbnail uael-ins-target\"><img loading=\"lazy\" decoding=\"async\" width=\"800\" height=\"532\" src=\"https:\/\/frenchwedding.hu\/wp-content\/uploads\/2024\/03\/Janka-Mark-french-wedding-15-1024x681.jpg\" class=\"attachment-large size-large wp-image-397\" alt=\"Janka \u00e9s M\u00e1rk \u2013 black tie esk\u00fcv\u0151 priv\u00e1t vill\u00e1ban a Balaton partj\u00e1n - French Wedding\" srcset=\"https:\/\/frenchwedding.hu\/wp-content\/uploads\/2024\/03\/Janka-Mark-french-wedding-15-1024x681.jpg 1024w, https:\/\/frenchwedding.hu\/wp-content\/uploads\/2024\/03\/Janka-Mark-french-wedding-15-700x466.jpg 700w, https:\/\/frenchwedding.hu\/wp-content\/uploads\/2024\/03\/Janka-Mark-french-wedding-15-768x511.jpg 768w, https:\/\/frenchwedding.hu\/wp-content\/uploads\/2024\/03\/Janka-Mark-french-wedding-15-1536x1021.jpg 1536w, https:\/\/frenchwedding.hu\/wp-content\/uploads\/2024\/03\/Janka-Mark-french-wedding-15.jpg 1600w\" sizes=\"(max-width: 800px) 100vw, 800px\" \/><\/div><div class=\"uael-grid-img-overlay\"><\/div><\/a><\/div><\/div><div class=\"uael-grid-item  uael-img-gallery-item-28\"><div class=\"uael-grid-item-content\"><a class=\"uael-grid-img uael-grid-gallery-img uael-ins-hover elementor-clickable\" data-fancybox=\"uael-gallery\" href=\"https:\/\/frenchwedding.hu\/wp-content\/uploads\/2024\/03\/Janka-Mark-french-wedding-14.jpg\" data-elementor-open-lightbox=\"no\"><div class=\"uael-grid-img-thumbnail uael-ins-target\"><img loading=\"lazy\" decoding=\"async\" width=\"682\" height=\"1024\" src=\"https:\/\/frenchwedding.hu\/wp-content\/uploads\/2024\/03\/Janka-Mark-french-wedding-14-682x1024.jpg\" class=\"attachment-large size-large wp-image-396\" alt=\"Janka \u00e9s M\u00e1rk \u2013 black tie esk\u00fcv\u0151 priv\u00e1t vill\u00e1ban a Balaton partj\u00e1n - French Wedding\" srcset=\"https:\/\/frenchwedding.hu\/wp-content\/uploads\/2024\/03\/Janka-Mark-french-wedding-14-682x1024.jpg 682w, https:\/\/frenchwedding.hu\/wp-content\/uploads\/2024\/03\/Janka-Mark-french-wedding-14-466x700.jpg 466w, https:\/\/frenchwedding.hu\/wp-content\/uploads\/2024\/03\/Janka-Mark-french-wedding-14-768x1154.jpg 768w, https:\/\/frenchwedding.hu\/wp-content\/uploads\/2024\/03\/Janka-Mark-french-wedding-14-1022x1536.jpg 1022w, https:\/\/frenchwedding.hu\/wp-content\/uploads\/2024\/03\/Janka-Mark-french-wedding-14.jpg 1065w\" sizes=\"(max-width: 682px) 100vw, 682px\" \/><\/div><div class=\"uael-grid-img-overlay\"><\/div><\/a><\/div><\/div><div class=\"uael-grid-item  uael-img-gallery-item-29\"><div class=\"uael-grid-item-content\"><a class=\"uael-grid-img uael-grid-gallery-img uael-ins-hover elementor-clickable\" data-fancybox=\"uael-gallery\" href=\"https:\/\/frenchwedding.hu\/wp-content\/uploads\/2024\/03\/Janka-Mark-french-wedding-13.jpg\" data-elementor-open-lightbox=\"no\"><div class=\"uael-grid-img-thumbnail uael-ins-target\"><img loading=\"lazy\" decoding=\"async\" width=\"684\" height=\"1024\" src=\"https:\/\/frenchwedding.hu\/wp-content\/uploads\/2024\/03\/Janka-Mark-french-wedding-13-684x1024.jpg\" class=\"attachment-large size-large wp-image-395\" alt=\"Janka \u00e9s M\u00e1rk \u2013 black tie esk\u00fcv\u0151 priv\u00e1t vill\u00e1ban a Balaton partj\u00e1n - French Wedding\" srcset=\"https:\/\/frenchwedding.hu\/wp-content\/uploads\/2024\/03\/Janka-Mark-french-wedding-13-684x1024.jpg 684w, https:\/\/frenchwedding.hu\/wp-content\/uploads\/2024\/03\/Janka-Mark-french-wedding-13-467x700.jpg 467w, https:\/\/frenchwedding.hu\/wp-content\/uploads\/2024\/03\/Janka-Mark-french-wedding-13-768x1151.jpg 768w, https:\/\/frenchwedding.hu\/wp-content\/uploads\/2024\/03\/Janka-Mark-french-wedding-13-1025x1536.jpg 1025w, https:\/\/frenchwedding.hu\/wp-content\/uploads\/2024\/03\/Janka-Mark-french-wedding-13.jpg 1068w\" sizes=\"(max-width: 684px) 100vw, 684px\" \/><\/div><div class=\"uael-grid-img-overlay\"><\/div><\/a><\/div><\/div><div class=\"uael-grid-item  uael-img-gallery-item-30\"><div class=\"uael-grid-item-content\"><a class=\"uael-grid-img uael-grid-gallery-img uael-ins-hover elementor-clickable\" data-fancybox=\"uael-gallery\" href=\"https:\/\/frenchwedding.hu\/wp-content\/uploads\/2024\/03\/Janka-Mark-french-wedding-12.jpg\" data-elementor-open-lightbox=\"no\"><div class=\"uael-grid-img-thumbnail uael-ins-target\"><img loading=\"lazy\" decoding=\"async\" width=\"800\" height=\"532\" src=\"https:\/\/frenchwedding.hu\/wp-content\/uploads\/2024\/03\/Janka-Mark-french-wedding-12-1024x681.jpg\" class=\"attachment-large size-large wp-image-394\" alt=\"Janka \u00e9s M\u00e1rk \u2013 black tie esk\u00fcv\u0151 priv\u00e1t vill\u00e1ban a Balaton partj\u00e1n - French Wedding\" srcset=\"https:\/\/frenchwedding.hu\/wp-content\/uploads\/2024\/03\/Janka-Mark-french-wedding-12-1024x681.jpg 1024w, https:\/\/frenchwedding.hu\/wp-content\/uploads\/2024\/03\/Janka-Mark-french-wedding-12-700x466.jpg 700w, https:\/\/frenchwedding.hu\/wp-content\/uploads\/2024\/03\/Janka-Mark-french-wedding-12-768x511.jpg 768w, https:\/\/frenchwedding.hu\/wp-content\/uploads\/2024\/03\/Janka-Mark-french-wedding-12-1536x1021.jpg 1536w, https:\/\/frenchwedding.hu\/wp-content\/uploads\/2024\/03\/Janka-Mark-french-wedding-12.jpg 1600w\" sizes=\"(max-width: 800px) 100vw, 800px\" \/><\/div><div class=\"uael-grid-img-overlay\"><\/div><\/a><\/div><\/div><div class=\"uael-grid-item  uael-img-gallery-item-31\"><div class=\"uael-grid-item-content\"><a class=\"uael-grid-img uael-grid-gallery-img uael-ins-hover elementor-clickable\" data-fancybox=\"uael-gallery\" href=\"https:\/\/frenchwedding.hu\/wp-content\/uploads\/2024\/03\/Janka-Mark-french-wedding-11.jpg\" data-elementor-open-lightbox=\"no\"><div class=\"uael-grid-img-thumbnail uael-ins-target\"><img loading=\"lazy\" decoding=\"async\" width=\"800\" height=\"532\" src=\"https:\/\/frenchwedding.hu\/wp-content\/uploads\/2024\/03\/Janka-Mark-french-wedding-11-1024x681.jpg\" class=\"attachment-large size-large wp-image-393\" alt=\"Janka \u00e9s M\u00e1rk \u2013 black tie esk\u00fcv\u0151 priv\u00e1t vill\u00e1ban a Balaton partj\u00e1n - French Wedding\" srcset=\"https:\/\/frenchwedding.hu\/wp-content\/uploads\/2024\/03\/Janka-Mark-french-wedding-11-1024x681.jpg 1024w, https:\/\/frenchwedding.hu\/wp-content\/uploads\/2024\/03\/Janka-Mark-french-wedding-11-700x466.jpg 700w, https:\/\/frenchwedding.hu\/wp-content\/uploads\/2024\/03\/Janka-Mark-french-wedding-11-768x511.jpg 768w, https:\/\/frenchwedding.hu\/wp-content\/uploads\/2024\/03\/Janka-Mark-french-wedding-11-1536x1021.jpg 1536w, https:\/\/frenchwedding.hu\/wp-content\/uploads\/2024\/03\/Janka-Mark-french-wedding-11.jpg 1600w\" sizes=\"(max-width: 800px) 100vw, 800px\" \/><\/div><div class=\"uael-grid-img-overlay\"><\/div><\/a><\/div><\/div><div class=\"uael-grid-item  uael-img-gallery-item-32\"><div class=\"uael-grid-item-content\"><a class=\"uael-grid-img uael-grid-gallery-img uael-ins-hover elementor-clickable\" data-fancybox=\"uael-gallery\" href=\"https:\/\/frenchwedding.hu\/wp-content\/uploads\/2024\/03\/Janka-Mark-french-wedding-10.jpg\" data-elementor-open-lightbox=\"no\"><div class=\"uael-grid-img-thumbnail uael-ins-target\"><img loading=\"lazy\" decoding=\"async\" width=\"800\" height=\"534\" src=\"https:\/\/frenchwedding.hu\/wp-content\/uploads\/2024\/03\/Janka-Mark-french-wedding-10-1024x684.jpg\" class=\"attachment-large size-large wp-image-392\" alt=\"Janka \u00e9s M\u00e1rk \u2013 black tie esk\u00fcv\u0151 priv\u00e1t vill\u00e1ban a Balaton partj\u00e1n - French Wedding\" srcset=\"https:\/\/frenchwedding.hu\/wp-content\/uploads\/2024\/03\/Janka-Mark-french-wedding-10-1024x684.jpg 1024w, https:\/\/frenchwedding.hu\/wp-content\/uploads\/2024\/03\/Janka-Mark-french-wedding-10-700x468.jpg 700w, https:\/\/frenchwedding.hu\/wp-content\/uploads\/2024\/03\/Janka-Mark-french-wedding-10-768x513.jpg 768w, https:\/\/frenchwedding.hu\/wp-content\/uploads\/2024\/03\/Janka-Mark-french-wedding-10-1536x1026.jpg 1536w, https:\/\/frenchwedding.hu\/wp-content\/uploads\/2024\/03\/Janka-Mark-french-wedding-10.jpg 1600w\" sizes=\"(max-width: 800px) 100vw, 800px\" \/><\/div><div class=\"uael-grid-img-overlay\"><\/div><\/a><\/div><\/div><div class=\"uael-grid-item  uael-img-gallery-item-33\"><div class=\"uael-grid-item-content\"><a class=\"uael-grid-img uael-grid-gallery-img uael-ins-hover elementor-clickable\" data-fancybox=\"uael-gallery\" href=\"https:\/\/frenchwedding.hu\/wp-content\/uploads\/2024\/03\/Janka-Mark-french-wedding-9.jpg\" data-elementor-open-lightbox=\"no\"><div class=\"uael-grid-img-thumbnail uael-ins-target\"><img loading=\"lazy\" decoding=\"async\" width=\"800\" height=\"534\" src=\"https:\/\/frenchwedding.hu\/wp-content\/uploads\/2024\/03\/Janka-Mark-french-wedding-9-1024x684.jpg\" class=\"attachment-large size-large wp-image-391\" alt=\"Janka \u00e9s M\u00e1rk \u2013 black tie esk\u00fcv\u0151 priv\u00e1t vill\u00e1ban a Balaton partj\u00e1n - French Wedding\" srcset=\"https:\/\/frenchwedding.hu\/wp-content\/uploads\/2024\/03\/Janka-Mark-french-wedding-9-1024x684.jpg 1024w, https:\/\/frenchwedding.hu\/wp-content\/uploads\/2024\/03\/Janka-Mark-french-wedding-9-700x467.jpg 700w, https:\/\/frenchwedding.hu\/wp-content\/uploads\/2024\/03\/Janka-Mark-french-wedding-9-768x513.jpg 768w, https:\/\/frenchwedding.hu\/wp-content\/uploads\/2024\/03\/Janka-Mark-french-wedding-9-1536x1025.jpg 1536w, https:\/\/frenchwedding.hu\/wp-content\/uploads\/2024\/03\/Janka-Mark-french-wedding-9.jpg 1600w\" sizes=\"(max-width: 800px) 100vw, 800px\" \/><\/div><div class=\"uael-grid-img-overlay\"><\/div><\/a><\/div><\/div><div class=\"uael-grid-item  uael-img-gallery-item-34\"><div class=\"uael-grid-item-content\"><a class=\"uael-grid-img uael-grid-gallery-img uael-ins-hover elementor-clickable\" data-fancybox=\"uael-gallery\" href=\"https:\/\/frenchwedding.hu\/wp-content\/uploads\/2024\/03\/Janka-Mark-french-wedding-8.jpg\" data-elementor-open-lightbox=\"no\"><div class=\"uael-grid-img-thumbnail uael-ins-target\"><img loading=\"lazy\" decoding=\"async\" width=\"800\" height=\"532\" src=\"https:\/\/frenchwedding.hu\/wp-content\/uploads\/2024\/03\/Janka-Mark-french-wedding-8-1024x681.jpg\" class=\"attachment-large size-large wp-image-390\" alt=\"Janka \u00e9s M\u00e1rk \u2013 black tie esk\u00fcv\u0151 priv\u00e1t vill\u00e1ban a Balaton partj\u00e1n - French Wedding\" srcset=\"https:\/\/frenchwedding.hu\/wp-content\/uploads\/2024\/03\/Janka-Mark-french-wedding-8-1024x681.jpg 1024w, https:\/\/frenchwedding.hu\/wp-content\/uploads\/2024\/03\/Janka-Mark-french-wedding-8-700x466.jpg 700w, https:\/\/frenchwedding.hu\/wp-content\/uploads\/2024\/03\/Janka-Mark-french-wedding-8-768x511.jpg 768w, https:\/\/frenchwedding.hu\/wp-content\/uploads\/2024\/03\/Janka-Mark-french-wedding-8-1536x1021.jpg 1536w, https:\/\/frenchwedding.hu\/wp-content\/uploads\/2024\/03\/Janka-Mark-french-wedding-8.jpg 1600w\" sizes=\"(max-width: 800px) 100vw, 800px\" \/><\/div><div class=\"uael-grid-img-overlay\"><\/div><\/a><\/div><\/div><div class=\"uael-grid-item  uael-img-gallery-item-35\"><div class=\"uael-grid-item-content\"><a class=\"uael-grid-img uael-grid-gallery-img uael-ins-hover elementor-clickable\" data-fancybox=\"uael-gallery\" href=\"https:\/\/frenchwedding.hu\/wp-content\/uploads\/2024\/03\/Janka-Mark-french-wedding-7.jpg\" data-elementor-open-lightbox=\"no\"><div class=\"uael-grid-img-thumbnail uael-ins-target\"><img loading=\"lazy\" decoding=\"async\" width=\"684\" height=\"1024\" src=\"https:\/\/frenchwedding.hu\/wp-content\/uploads\/2024\/03\/Janka-Mark-french-wedding-7-684x1024.jpg\" class=\"attachment-large size-large wp-image-389\" alt=\"Janka \u00e9s M\u00e1rk \u2013 black tie esk\u00fcv\u0151 priv\u00e1t vill\u00e1ban a Balaton partj\u00e1n - French Wedding\" srcset=\"https:\/\/frenchwedding.hu\/wp-content\/uploads\/2024\/03\/Janka-Mark-french-wedding-7-684x1024.jpg 684w, https:\/\/frenchwedding.hu\/wp-content\/uploads\/2024\/03\/Janka-Mark-french-wedding-7-467x700.jpg 467w, https:\/\/frenchwedding.hu\/wp-content\/uploads\/2024\/03\/Janka-Mark-french-wedding-7-768x1151.jpg 768w, https:\/\/frenchwedding.hu\/wp-content\/uploads\/2024\/03\/Janka-Mark-french-wedding-7-1025x1536.jpg 1025w, https:\/\/frenchwedding.hu\/wp-content\/uploads\/2024\/03\/Janka-Mark-french-wedding-7.jpg 1068w\" sizes=\"(max-width: 684px) 100vw, 684px\" \/><\/div><div class=\"uael-grid-img-overlay\"><\/div><\/a><\/div><\/div><div class=\"uael-grid-item  uael-img-gallery-item-36\"><div class=\"uael-grid-item-content\"><a class=\"uael-grid-img uael-grid-gallery-img uael-ins-hover elementor-clickable\" data-fancybox=\"uael-gallery\" href=\"https:\/\/frenchwedding.hu\/wp-content\/uploads\/2024\/03\/Janka-Mark-french-wedding-6.jpg\" data-elementor-open-lightbox=\"no\"><div class=\"uael-grid-img-thumbnail uael-ins-target\"><img loading=\"lazy\" decoding=\"async\" width=\"682\" height=\"1024\" src=\"https:\/\/frenchwedding.hu\/wp-content\/uploads\/2024\/03\/Janka-Mark-french-wedding-6-682x1024.jpg\" class=\"attachment-large size-large wp-image-388\" alt=\"Janka \u00e9s M\u00e1rk \u2013 black tie esk\u00fcv\u0151 priv\u00e1t vill\u00e1ban a Balaton partj\u00e1n - French Wedding\" srcset=\"https:\/\/frenchwedding.hu\/wp-content\/uploads\/2024\/03\/Janka-Mark-french-wedding-6-682x1024.jpg 682w, https:\/\/frenchwedding.hu\/wp-content\/uploads\/2024\/03\/Janka-Mark-french-wedding-6-466x700.jpg 466w, https:\/\/frenchwedding.hu\/wp-content\/uploads\/2024\/03\/Janka-Mark-french-wedding-6-768x1154.jpg 768w, https:\/\/frenchwedding.hu\/wp-content\/uploads\/2024\/03\/Janka-Mark-french-wedding-6-1022x1536.jpg 1022w, https:\/\/frenchwedding.hu\/wp-content\/uploads\/2024\/03\/Janka-Mark-french-wedding-6.jpg 1065w\" sizes=\"(max-width: 682px) 100vw, 682px\" \/><\/div><div class=\"uael-grid-img-overlay\"><\/div><\/a><\/div><\/div><div class=\"uael-grid-item  uael-img-gallery-item-37\"><div class=\"uael-grid-item-content\"><a class=\"uael-grid-img uael-grid-gallery-img uael-ins-hover elementor-clickable\" data-fancybox=\"uael-gallery\" href=\"https:\/\/frenchwedding.hu\/wp-content\/uploads\/2024\/03\/Janka-Mark-french-wedding-5.jpg\" data-elementor-open-lightbox=\"no\"><div class=\"uael-grid-img-thumbnail uael-ins-target\"><img loading=\"lazy\" decoding=\"async\" width=\"800\" height=\"532\" src=\"https:\/\/frenchwedding.hu\/wp-content\/uploads\/2024\/03\/Janka-Mark-french-wedding-5-1024x681.jpg\" class=\"attachment-large size-large wp-image-387\" alt=\"Janka \u00e9s M\u00e1rk \u2013 black tie esk\u00fcv\u0151 priv\u00e1t vill\u00e1ban a Balaton partj\u00e1n - French Wedding\" srcset=\"https:\/\/frenchwedding.hu\/wp-content\/uploads\/2024\/03\/Janka-Mark-french-wedding-5-1024x681.jpg 1024w, https:\/\/frenchwedding.hu\/wp-content\/uploads\/2024\/03\/Janka-Mark-french-wedding-5-700x466.jpg 700w, https:\/\/frenchwedding.hu\/wp-content\/uploads\/2024\/03\/Janka-Mark-french-wedding-5-768x511.jpg 768w, https:\/\/frenchwedding.hu\/wp-content\/uploads\/2024\/03\/Janka-Mark-french-wedding-5-1536x1021.jpg 1536w, https:\/\/frenchwedding.hu\/wp-content\/uploads\/2024\/03\/Janka-Mark-french-wedding-5.jpg 1600w\" sizes=\"(max-width: 800px) 100vw, 800px\" \/><\/div><div class=\"uael-grid-img-overlay\"><\/div><\/a><\/div><\/div><div class=\"uael-grid-item  uael-img-gallery-item-38\"><div class=\"uael-grid-item-content\"><a class=\"uael-grid-img uael-grid-gallery-img uael-ins-hover elementor-clickable\" data-fancybox=\"uael-gallery\" href=\"https:\/\/frenchwedding.hu\/wp-content\/uploads\/2024\/03\/Janka-Mark-french-wedding-4.jpg\" data-elementor-open-lightbox=\"no\"><div class=\"uael-grid-img-thumbnail uael-ins-target\"><img loading=\"lazy\" decoding=\"async\" width=\"682\" height=\"1024\" src=\"https:\/\/frenchwedding.hu\/wp-content\/uploads\/2024\/03\/Janka-Mark-french-wedding-4-682x1024.jpg\" class=\"attachment-large size-large wp-image-386\" alt=\"Janka \u00e9s M\u00e1rk \u2013 black tie esk\u00fcv\u0151 priv\u00e1t vill\u00e1ban a Balaton partj\u00e1n - French Wedding\" srcset=\"https:\/\/frenchwedding.hu\/wp-content\/uploads\/2024\/03\/Janka-Mark-french-wedding-4-682x1024.jpg 682w, https:\/\/frenchwedding.hu\/wp-content\/uploads\/2024\/03\/Janka-Mark-french-wedding-4-466x700.jpg 466w, https:\/\/frenchwedding.hu\/wp-content\/uploads\/2024\/03\/Janka-Mark-french-wedding-4-768x1154.jpg 768w, https:\/\/frenchwedding.hu\/wp-content\/uploads\/2024\/03\/Janka-Mark-french-wedding-4-1022x1536.jpg 1022w, https:\/\/frenchwedding.hu\/wp-content\/uploads\/2024\/03\/Janka-Mark-french-wedding-4.jpg 1065w\" sizes=\"(max-width: 682px) 100vw, 682px\" \/><\/div><div class=\"uael-grid-img-overlay\"><\/div><\/a><\/div><\/div><div class=\"uael-grid-item  uael-img-gallery-item-39\"><div class=\"uael-grid-item-content\"><a class=\"uael-grid-img uael-grid-gallery-img uael-ins-hover elementor-clickable\" data-fancybox=\"uael-gallery\" href=\"https:\/\/frenchwedding.hu\/wp-content\/uploads\/2024\/03\/Janka-Mark-french-wedding-3.jpg\" data-elementor-open-lightbox=\"no\"><div class=\"uael-grid-img-thumbnail uael-ins-target\"><img loading=\"lazy\" decoding=\"async\" width=\"684\" height=\"1024\" src=\"https:\/\/frenchwedding.hu\/wp-content\/uploads\/2024\/03\/Janka-Mark-french-wedding-3-684x1024.jpg\" class=\"attachment-large size-large wp-image-385\" alt=\"Janka \u00e9s M\u00e1rk \u2013 black tie esk\u00fcv\u0151 priv\u00e1t vill\u00e1ban a Balaton partj\u00e1n - French Wedding\" srcset=\"https:\/\/frenchwedding.hu\/wp-content\/uploads\/2024\/03\/Janka-Mark-french-wedding-3-684x1024.jpg 684w, https:\/\/frenchwedding.hu\/wp-content\/uploads\/2024\/03\/Janka-Mark-french-wedding-3-467x700.jpg 467w, https:\/\/frenchwedding.hu\/wp-content\/uploads\/2024\/03\/Janka-Mark-french-wedding-3-768x1151.jpg 768w, https:\/\/frenchwedding.hu\/wp-content\/uploads\/2024\/03\/Janka-Mark-french-wedding-3-1025x1536.jpg 1025w, https:\/\/frenchwedding.hu\/wp-content\/uploads\/2024\/03\/Janka-Mark-french-wedding-3.jpg 1068w\" sizes=\"(max-width: 684px) 100vw, 684px\" \/><\/div><div class=\"uael-grid-img-overlay\"><\/div><\/a><\/div><\/div><div class=\"uael-grid-item  uael-img-gallery-item-40\"><div class=\"uael-grid-item-content\"><a class=\"uael-grid-img uael-grid-gallery-img uael-ins-hover elementor-clickable\" data-fancybox=\"uael-gallery\" href=\"https:\/\/frenchwedding.hu\/wp-content\/uploads\/2024\/03\/Janka-Mark-french-wedding-2.jpg\" data-elementor-open-lightbox=\"no\"><div class=\"uael-grid-img-thumbnail uael-ins-target\"><img loading=\"lazy\" decoding=\"async\" width=\"682\" height=\"1024\" src=\"https:\/\/frenchwedding.hu\/wp-content\/uploads\/2024\/03\/Janka-Mark-french-wedding-2-682x1024.jpg\" class=\"attachment-large size-large wp-image-384\" alt=\"Janka \u00e9s M\u00e1rk \u2013 black tie esk\u00fcv\u0151 priv\u00e1t vill\u00e1ban a Balaton partj\u00e1n - French Wedding\" srcset=\"https:\/\/frenchwedding.hu\/wp-content\/uploads\/2024\/03\/Janka-Mark-french-wedding-2-682x1024.jpg 682w, https:\/\/frenchwedding.hu\/wp-content\/uploads\/2024\/03\/Janka-Mark-french-wedding-2-466x700.jpg 466w, https:\/\/frenchwedding.hu\/wp-content\/uploads\/2024\/03\/Janka-Mark-french-wedding-2-768x1154.jpg 768w, https:\/\/frenchwedding.hu\/wp-content\/uploads\/2024\/03\/Janka-Mark-french-wedding-2-1022x1536.jpg 1022w, https:\/\/frenchwedding.hu\/wp-content\/uploads\/2024\/03\/Janka-Mark-french-wedding-2.jpg 1065w\" sizes=\"(max-width: 682px) 100vw, 682px\" \/><\/div><div class=\"uael-grid-img-overlay\"><\/div><\/a><\/div><\/div><\/div><\/div>\t\t<\/div>\n\t\t\t\t<\/div>\n\t\t\t\t<\/div>\n\t\t\t\t<section class=\"elementor-section elementor-top-section elementor-element elementor-element-04ce1f0 elementor-section-full_width elementor-section-height-default elementor-section-height-default\" data-id=\"04ce1f0\" data-element_type=\"section\" data-settings=\"{&quot;background_background&quot;:&quot;classic&quot;}\">\n\t\t\t\t\t\t<div class=\"elementor-container elementor-column-gap-default\">\n\t\t\t\t\t<div class=\"elementor-column elementor-col-100 elementor-top-column elementor-element elementor-element-e04b288\" data-id=\"e04b288\" data-element_type=\"column\">\n\t\t\t<div class=\"elementor-widget-wrap elementor-element-populated\">\n\t\t\t\t\t\t<div class=\"elementor-element elementor-element-0b52c9c elementor-widget elementor-widget-text-editor\" data-id=\"0b52c9c\" data-element_type=\"widget\" data-widget_type=\"text-editor.default\">\n\t\t\t\t<div class=\"elementor-widget-container\">\n\t\t\t\t\t\t\t<p>Wedding Planner: Icon Wedding Planning<\/p>\n<p>Master of Ceremonies: French Wedding by Muss\u00f3 Zs\u00f3fi<\/p>\n<p>Location:Si\u00f3fok &#8211; private villa on the shore of Lake Balaton<\/p>\n<p>Catering: Kempinski Hotel Budapest<\/p>\n<p>Photo: Teodora Simon wedding photography, Feyer Photography<\/p>\n<p>Sound and lighting, DJ: Eventech Solutions Kft.<\/p>\n<p>Decoration, flower: ViolaVioletta Florals<\/p>\n<p>Film: Plus wedding films<\/p>\n<p>Party band: the PartYssimo band<\/p>\n<p>Dinner with live music by B\u00e1lint G\u00e1jer<\/p>\n<p>Cakes, desserts : Martin&#8217;s Cakes<\/p>\n<p>Event tent: rental B&#8217;Rent Events<\/p>\n<p>Ceremony live music: String Quartet &#8211; Bal\u00e1zs Bujtor<\/p>\n<p>Aperitif Live Music: Something swinging<\/p>\n\t\t\t\t\t\t<\/div>\n\t\t\t\t<\/div>\n\t\t\t\t\t<\/div>\n\t\t<\/div>\n\t\t\t\t\t<\/div>\n\t\t<\/section>\n\t\t\t\t<\/div>\n\t\t","protected":false},"excerpt":{"rendered":"<p>Janka and Mark &#8211; black tie wedding in a private villa on the shore of Lake Balaton Janka and M\u00e1rk have dreamed up a sophisticated, elegant black tie wedding, where there is no frills, all their guests celebrate elegantly in grand evening gowns and tuxedos. Out of a personal connection, they chose their own parents&#8217; [&hellip;]<\/p>\n","protected":false},"author":2,"featured_media":1662,"parent":0,"menu_order":0,"comment_status":"closed","ping_status":"closed","template":"","meta":{"footnotes":""},"class_list":["post-2563","page","type-page","status-publish","has-post-thumbnail","hentry"],"yoast_head":"<!-- This site is optimized with the Yoast SEO plugin v22.7 - https:\/\/yoast.com\/wordpress\/plugins\/seo\/ -->\n<title>Janka and M\u00e1rk - black tie wedding in a private villa by Lake Balaton - French Wedding by Muss\u00f3 Zs\u00f3fi<\/title>\n<meta name=\"description\" content=\"Janka and M\u00e1rk&#039;s black tie wedding on the shore of Lake Balaton, in a private villa. Sophisticated elegance, impressive installations and a crew of 100 people made this a dream wedding. Full range of master of ceremonies and officiating services.\" \/>\n<meta name=\"robots\" content=\"index, follow, max-snippet:-1, max-image-preview:large, max-video-preview:-1\" \/>\n<link rel=\"canonical\" href=\"https:\/\/frenchwedding.hu\/en\/janka-and-mark-black-tie-wedding-in-a-private-villa-by-lake-balaton\/\" \/>\n<meta property=\"og:locale\" content=\"en_US\" \/>\n<meta property=\"og:type\" content=\"article\" \/>\n<meta property=\"og:title\" content=\"Janka and M\u00e1rk - black tie wedding in a private villa by Lake Balaton - French Wedding by Muss\u00f3 Zs\u00f3fi\" \/>\n<meta property=\"og:description\" content=\"Janka and M\u00e1rk&#039;s black tie wedding on the shore of Lake Balaton, in a private villa. Sophisticated elegance, impressive installations and a crew of 100 people made this a dream wedding. Full range of master of ceremonies and officiating services.\" \/>\n<meta property=\"og:url\" content=\"https:\/\/frenchwedding.hu\/en\/janka-and-mark-black-tie-wedding-in-a-private-villa-by-lake-balaton\/\" \/>\n<meta property=\"og:site_name\" content=\"French Wedding by Muss\u00f3 Zs\u00f3fi\" \/>\n<meta property=\"article:publisher\" content=\"https:\/\/www.facebook.com\/frenchweddingbymussozsofi\" \/>\n<meta property=\"article:modified_time\" content=\"2024-06-18T11:27:47+00:00\" \/>\n<meta property=\"og:image\" content=\"https:\/\/frenchwedding.hu\/wp-content\/uploads\/2024\/03\/French-Wedding-Slider-x2-1-700x466.jpg\" \/>\n<meta name=\"twitter:card\" content=\"summary_large_image\" \/>\n<meta name=\"twitter:label1\" content=\"Est. reading time\" \/>\n\t<meta name=\"twitter:data1\" content=\"1 minute\" \/>\n<script type=\"application\/ld+json\" class=\"yoast-schema-graph\">{\"@context\":\"https:\/\/schema.org\",\"@graph\":[{\"@type\":\"WebPage\",\"@id\":\"https:\/\/frenchwedding.hu\/en\/janka-and-mark-black-tie-wedding-in-a-private-villa-by-lake-balaton\/\",\"url\":\"https:\/\/frenchwedding.hu\/en\/janka-and-mark-black-tie-wedding-in-a-private-villa-by-lake-balaton\/\",\"name\":\"Janka and M\u00e1rk - black tie wedding in a private villa by Lake Balaton - French Wedding by Muss\u00f3 Zs\u00f3fi\",\"isPartOf\":{\"@id\":\"https:\/\/frenchwedding.hu\/en\/#website\"},\"primaryImageOfPage\":{\"@id\":\"https:\/\/frenchwedding.hu\/en\/janka-and-mark-black-tie-wedding-in-a-private-villa-by-lake-balaton\/#primaryimage\"},\"image\":{\"@id\":\"https:\/\/frenchwedding.hu\/en\/janka-and-mark-black-tie-wedding-in-a-private-villa-by-lake-balaton\/#primaryimage\"},\"thumbnailUrl\":\"https:\/\/frenchwedding.hu\/wp-content\/uploads\/2024\/03\/Janka-Mark-french-wedding-12.jpg\",\"datePublished\":\"2024-03-10T11:51:12+00:00\",\"dateModified\":\"2024-06-18T11:27:47+00:00\",\"description\":\"Janka and M\u00e1rk's black tie wedding on the shore of Lake Balaton, in a private villa. Sophisticated elegance, impressive installations and a crew of 100 people made this a dream wedding. Full range of master of ceremonies and officiating services.\",\"breadcrumb\":{\"@id\":\"https:\/\/frenchwedding.hu\/en\/janka-and-mark-black-tie-wedding-in-a-private-villa-by-lake-balaton\/#breadcrumb\"},\"inLanguage\":\"en-US\",\"potentialAction\":[{\"@type\":\"ReadAction\",\"target\":[\"https:\/\/frenchwedding.hu\/en\/janka-and-mark-black-tie-wedding-in-a-private-villa-by-lake-balaton\/\"]}]},{\"@type\":\"ImageObject\",\"inLanguage\":\"en-US\",\"@id\":\"https:\/\/frenchwedding.hu\/en\/janka-and-mark-black-tie-wedding-in-a-private-villa-by-lake-balaton\/#primaryimage\",\"url\":\"https:\/\/frenchwedding.hu\/wp-content\/uploads\/2024\/03\/Janka-Mark-french-wedding-12.jpg\",\"contentUrl\":\"https:\/\/frenchwedding.hu\/wp-content\/uploads\/2024\/03\/Janka-Mark-french-wedding-12.jpg\",\"width\":1600,\"height\":1064,\"caption\":\"Janka \u00e9s M\u00e1rk \u2013 black tie esk\u00fcv\u0151 priv\u00e1t vill\u00e1ban a Balaton partj\u00e1n - French Wedding\"},{\"@type\":\"BreadcrumbList\",\"@id\":\"https:\/\/frenchwedding.hu\/en\/janka-and-mark-black-tie-wedding-in-a-private-villa-by-lake-balaton\/#breadcrumb\",\"itemListElement\":[{\"@type\":\"ListItem\",\"position\":1,\"name\":\"Kezd\u0151lap\",\"item\":\"https:\/\/frenchwedding.hu\/en\/home\/\"},{\"@type\":\"ListItem\",\"position\":2,\"name\":\"Janka and M\u00e1rk &#8211; black tie wedding in a private villa by Lake Balaton\"}]},{\"@type\":\"WebSite\",\"@id\":\"https:\/\/frenchwedding.hu\/en\/#website\",\"url\":\"https:\/\/frenchwedding.hu\/en\/\",\"name\":\"French Wedding by Muss\u00f3 Zs\u00f3fi\",\"description\":\"Legyen t\u00f6k\u00e9letes \u00e1lomesk\u00fcv\u0151t\u00f6k, ak\u00e1r francia nyelven is!\",\"publisher\":{\"@id\":\"https:\/\/frenchwedding.hu\/en\/#organization\"},\"potentialAction\":[{\"@type\":\"SearchAction\",\"target\":{\"@type\":\"EntryPoint\",\"urlTemplate\":\"https:\/\/frenchwedding.hu\/en\/?s={search_term_string}\"},\"query-input\":\"required name=search_term_string\"}],\"inLanguage\":\"en-US\"},{\"@type\":\"Organization\",\"@id\":\"https:\/\/frenchwedding.hu\/en\/#organization\",\"name\":\"French Wedding\",\"url\":\"https:\/\/frenchwedding.hu\/en\/\",\"logo\":{\"@type\":\"ImageObject\",\"inLanguage\":\"en-US\",\"@id\":\"https:\/\/frenchwedding.hu\/en\/#\/schema\/logo\/image\/\",\"url\":\"https:\/\/frenchwedding.hu\/wp-content\/uploads\/2024\/02\/french-wedding-logo.png\",\"contentUrl\":\"https:\/\/frenchwedding.hu\/wp-content\/uploads\/2024\/02\/french-wedding-logo.png\",\"width\":419,\"height\":408,\"caption\":\"French Wedding\"},\"image\":{\"@id\":\"https:\/\/frenchwedding.hu\/en\/#\/schema\/logo\/image\/\"},\"sameAs\":[\"https:\/\/www.facebook.com\/frenchweddingbymussozsofi\"]}]}<\/script>\n<!-- \/ Yoast SEO plugin. -->","yoast_head_json":{"title":"Janka and M\u00e1rk - black tie wedding in a private villa by Lake Balaton - French Wedding by Muss\u00f3 Zs\u00f3fi","description":"Janka and M\u00e1rk's black tie wedding on the shore of Lake Balaton, in a private villa. Sophisticated elegance, impressive installations and a crew of 100 people made this a dream wedding. Full range of master of ceremonies and officiating services.","robots":{"index":"index","follow":"follow","max-snippet":"max-snippet:-1","max-image-preview":"max-image-preview:large","max-video-preview":"max-video-preview:-1"},"canonical":"https:\/\/frenchwedding.hu\/en\/janka-and-mark-black-tie-wedding-in-a-private-villa-by-lake-balaton\/","og_locale":"en_US","og_type":"article","og_title":"Janka and M\u00e1rk - black tie wedding in a private villa by Lake Balaton - French Wedding by Muss\u00f3 Zs\u00f3fi","og_description":"Janka and M\u00e1rk's black tie wedding on the shore of Lake Balaton, in a private villa. Sophisticated elegance, impressive installations and a crew of 100 people made this a dream wedding. Full range of master of ceremonies and officiating services.","og_url":"https:\/\/frenchwedding.hu\/en\/janka-and-mark-black-tie-wedding-in-a-private-villa-by-lake-balaton\/","og_site_name":"French Wedding by Muss\u00f3 Zs\u00f3fi","article_publisher":"https:\/\/www.facebook.com\/frenchweddingbymussozsofi","article_modified_time":"2024-06-18T11:27:47+00:00","og_image":[{"url":"https:\/\/frenchwedding.hu\/wp-content\/uploads\/2024\/03\/French-Wedding-Slider-x2-1-700x466.jpg"}],"twitter_card":"summary_large_image","twitter_misc":{"Est. reading time":"1 minute"},"schema":{"@context":"https:\/\/schema.org","@graph":[{"@type":"WebPage","@id":"https:\/\/frenchwedding.hu\/en\/janka-and-mark-black-tie-wedding-in-a-private-villa-by-lake-balaton\/","url":"https:\/\/frenchwedding.hu\/en\/janka-and-mark-black-tie-wedding-in-a-private-villa-by-lake-balaton\/","name":"Janka and M\u00e1rk - black tie wedding in a private villa by Lake Balaton - French Wedding by Muss\u00f3 Zs\u00f3fi","isPartOf":{"@id":"https:\/\/frenchwedding.hu\/en\/#website"},"primaryImageOfPage":{"@id":"https:\/\/frenchwedding.hu\/en\/janka-and-mark-black-tie-wedding-in-a-private-villa-by-lake-balaton\/#primaryimage"},"image":{"@id":"https:\/\/frenchwedding.hu\/en\/janka-and-mark-black-tie-wedding-in-a-private-villa-by-lake-balaton\/#primaryimage"},"thumbnailUrl":"https:\/\/frenchwedding.hu\/wp-content\/uploads\/2024\/03\/Janka-Mark-french-wedding-12.jpg","datePublished":"2024-03-10T11:51:12+00:00","dateModified":"2024-06-18T11:27:47+00:00","description":"Janka and M\u00e1rk's black tie wedding on the shore of Lake Balaton, in a private villa. Sophisticated elegance, impressive installations and a crew of 100 people made this a dream wedding. Full range of master of ceremonies and officiating services.","breadcrumb":{"@id":"https:\/\/frenchwedding.hu\/en\/janka-and-mark-black-tie-wedding-in-a-private-villa-by-lake-balaton\/#breadcrumb"},"inLanguage":"en-US","potentialAction":[{"@type":"ReadAction","target":["https:\/\/frenchwedding.hu\/en\/janka-and-mark-black-tie-wedding-in-a-private-villa-by-lake-balaton\/"]}]},{"@type":"ImageObject","inLanguage":"en-US","@id":"https:\/\/frenchwedding.hu\/en\/janka-and-mark-black-tie-wedding-in-a-private-villa-by-lake-balaton\/#primaryimage","url":"https:\/\/frenchwedding.hu\/wp-content\/uploads\/2024\/03\/Janka-Mark-french-wedding-12.jpg","contentUrl":"https:\/\/frenchwedding.hu\/wp-content\/uploads\/2024\/03\/Janka-Mark-french-wedding-12.jpg","width":1600,"height":1064,"caption":"Janka \u00e9s M\u00e1rk \u2013 black tie esk\u00fcv\u0151 priv\u00e1t vill\u00e1ban a Balaton partj\u00e1n - French Wedding"},{"@type":"BreadcrumbList","@id":"https:\/\/frenchwedding.hu\/en\/janka-and-mark-black-tie-wedding-in-a-private-villa-by-lake-balaton\/#breadcrumb","itemListElement":[{"@type":"ListItem","position":1,"name":"Kezd\u0151lap","item":"https:\/\/frenchwedding.hu\/en\/home\/"},{"@type":"ListItem","position":2,"name":"Janka and M\u00e1rk &#8211; black tie wedding in a private villa by Lake Balaton"}]},{"@type":"WebSite","@id":"https:\/\/frenchwedding.hu\/en\/#website","url":"https:\/\/frenchwedding.hu\/en\/","name":"French Wedding by Muss\u00f3 Zs\u00f3fi","description":"Legyen t\u00f6k\u00e9letes \u00e1lomesk\u00fcv\u0151t\u00f6k, ak\u00e1r francia nyelven is!","publisher":{"@id":"https:\/\/frenchwedding.hu\/en\/#organization"},"potentialAction":[{"@type":"SearchAction","target":{"@type":"EntryPoint","urlTemplate":"https:\/\/frenchwedding.hu\/en\/?s={search_term_string}"},"query-input":"required name=search_term_string"}],"inLanguage":"en-US"},{"@type":"Organization","@id":"https:\/\/frenchwedding.hu\/en\/#organization","name":"French Wedding","url":"https:\/\/frenchwedding.hu\/en\/","logo":{"@type":"ImageObject","inLanguage":"en-US","@id":"https:\/\/frenchwedding.hu\/en\/#\/schema\/logo\/image\/","url":"https:\/\/frenchwedding.hu\/wp-content\/uploads\/2024\/02\/french-wedding-logo.png","contentUrl":"https:\/\/frenchwedding.hu\/wp-content\/uploads\/2024\/02\/french-wedding-logo.png","width":419,"height":408,"caption":"French Wedding"},"image":{"@id":"https:\/\/frenchwedding.hu\/en\/#\/schema\/logo\/image\/"},"sameAs":["https:\/\/www.facebook.com\/frenchweddingbymussozsofi"]}]}},"_links":{"self":[{"href":"https:\/\/frenchwedding.hu\/en\/wp-json\/wp\/v2\/pages\/2563","targetHints":{"allow":["GET"]}}],"collection":[{"href":"https:\/\/frenchwedding.hu\/en\/wp-json\/wp\/v2\/pages"}],"about":[{"href":"https:\/\/frenchwedding.hu\/en\/wp-json\/wp\/v2\/types\/page"}],"author":[{"embeddable":true,"href":"https:\/\/frenchwedding.hu\/en\/wp-json\/wp\/v2\/users\/2"}],"replies":[{"embeddable":true,"href":"https:\/\/frenchwedding.hu\/en\/wp-json\/wp\/v2\/comments?post=2563"}],"version-history":[{"count":5,"href":"https:\/\/frenchwedding.hu\/en\/wp-json\/wp\/v2\/pages\/2563\/revisions"}],"predecessor-version":[{"id":2909,"href":"https:\/\/frenchwedding.hu\/en\/wp-json\/wp\/v2\/pages\/2563\/revisions\/2909"}],"wp:featuredmedia":[{"embeddable":true,"href":"https:\/\/frenchwedding.hu\/en\/wp-json\/wp\/v2\/media\/1662"}],"wp:attachment":[{"href":"https:\/\/frenchwedding.hu\/en\/wp-json\/wp\/v2\/media?parent=2563"}],"curies":[{"name":"wp","href":"https:\/\/api.w.org\/{rel}","templated":true}]}}